{"id":30478,"date":"2025-09-18T10:40:11","date_gmt":"2025-09-18T08:40:11","guid":{"rendered":"https:\/\/serveiseducatius.xtec.cat\/bages\/?page_id=30478"},"modified":"2026-01-27T08:44:39","modified_gmt":"2026-01-27T07:44:39","slug":"maletes-per-primaria","status":"publish","type":"page","link":"https:\/\/serveiseducatius.xtec.cat\/bages\/prestec\/maletes-per-primaria\/","title":{"rendered":"Maletes per prim\u00e0ria"},"content":{"rendered":"\n<div class=\"wp-block-columns is-layout-flex wp-container-core-columns-is-layout-1 wp-block-columns-is-layout-flex\">\n<div class=\"wp-block-column is-layout-flow wp-block-column-is-layout-flow\" style=\"flex-basis:33.33%\">\n<h2 class=\"wp-block-heading has-text-align-center has-white-color has-ast-global-color-1-background-color has-text-color has-background has-link-color has-medium-font-size wp-elements-792bbff99180f83d23fa046b14018a66\" style=\"border-style:none;border-width:0px;border-radius:7px;padding-top:var(--wp--preset--spacing--20);padding-right:var(--wp--preset--spacing--30);padding-bottom:var(--wp--preset--spacing--20);padding-left:var(--wp--preset--spacing--30)\"><em>Men\u00fa per etapes<\/em><\/h2>\n\n\n\n<figure class=\"wp-block-image aligncenter size-large is-resized has-custom-border\" style=\"margin-top:0;margin-right:0;margin-bottom:0;margin-left:0\"><a href=\"https:\/\/serveiseducatius.xtec.cat\/bages\/prestec\/maletes-per-llar-dinfants\/\" target=\"_blank\" rel=\" noreferrer noopener\"><img loading=\"lazy\" decoding=\"async\" width=\"1024\" height=\"512\" src=\"https:\/\/serveiseducatius.xtec.cat\/bages\/wp-content\/uploads\/usu776\/2025\/09\/4-1-1024x512.png\" alt=\"\" class=\"wp-image-30423\" style=\"border-radius:0px;width:140px\" srcset=\"https:\/\/serveiseducatius.xtec.cat\/bages\/wp-content\/uploads\/usu776\/2025\/09\/4-1-1024x512.png 1024w, https:\/\/serveiseducatius.xtec.cat\/bages\/wp-content\/uploads\/usu776\/2025\/09\/4-1-300x150.png 300w, https:\/\/serveiseducatius.xtec.cat\/bages\/wp-content\/uploads\/usu776\/2025\/09\/4-1-768x384.png 768w, https:\/\/serveiseducatius.xtec.cat\/bages\/wp-content\/uploads\/usu776\/2025\/09\/4-1-1536x768.png 1536w, https:\/\/serveiseducatius.xtec.cat\/bages\/wp-content\/uploads\/usu776\/2025\/09\/4-1.png 1600w\" sizes=\"auto, (max-width: 1024px) 100vw, 1024px\" \/><\/a><\/figure>\n\n\n\n<figure class=\"wp-block-image aligncenter size-large is-resized has-custom-border\" style=\"margin-top:0;margin-right:0;margin-bottom:0;margin-left:0\"><a href=\"https:\/\/serveiseducatius.xtec.cat\/bages\/prestec\/maletes-per-infantil\/\" target=\"_blank\" rel=\" noreferrer noopener\"><img loading=\"lazy\" decoding=\"async\" width=\"1024\" height=\"512\" src=\"https:\/\/serveiseducatius.xtec.cat\/bages\/wp-content\/uploads\/usu776\/2025\/09\/5-1-1024x512.png\" alt=\"\" class=\"wp-image-30424\" style=\"border-radius:0px;width:140px\" srcset=\"https:\/\/serveiseducatius.xtec.cat\/bages\/wp-content\/uploads\/usu776\/2025\/09\/5-1-1024x512.png 1024w, https:\/\/serveiseducatius.xtec.cat\/bages\/wp-content\/uploads\/usu776\/2025\/09\/5-1-300x150.png 300w, https:\/\/serveiseducatius.xtec.cat\/bages\/wp-content\/uploads\/usu776\/2025\/09\/5-1-768x384.png 768w, https:\/\/serveiseducatius.xtec.cat\/bages\/wp-content\/uploads\/usu776\/2025\/09\/5-1-1536x768.png 1536w, https:\/\/serveiseducatius.xtec.cat\/bages\/wp-content\/uploads\/usu776\/2025\/09\/5-1.png 1600w\" sizes=\"auto, (max-width: 1024px) 100vw, 1024px\" \/><\/a><\/figure>\n\n\n\n<figure class=\"wp-block-image aligncenter size-large is-resized has-custom-border\" style=\"margin-top:0;margin-right:0;margin-bottom:0;margin-left:0\"><a href=\"https:\/\/serveiseducatius.xtec.cat\/bages\/prestec\/maletes-per-primaria\/\" target=\"_blank\" rel=\" noreferrer noopener\"><img loading=\"lazy\" decoding=\"async\" width=\"1024\" height=\"512\" src=\"https:\/\/serveiseducatius.xtec.cat\/bages\/wp-content\/uploads\/usu776\/2025\/09\/6-1024x512.png\" alt=\"\" class=\"wp-image-30425\" style=\"border-radius:0px;width:140px\" srcset=\"https:\/\/serveiseducatius.xtec.cat\/bages\/wp-content\/uploads\/usu776\/2025\/09\/6-1024x512.png 1024w, https:\/\/serveiseducatius.xtec.cat\/bages\/wp-content\/uploads\/usu776\/2025\/09\/6-300x150.png 300w, https:\/\/serveiseducatius.xtec.cat\/bages\/wp-content\/uploads\/usu776\/2025\/09\/6-768x384.png 768w, https:\/\/serveiseducatius.xtec.cat\/bages\/wp-content\/uploads\/usu776\/2025\/09\/6-1536x768.png 1536w, https:\/\/serveiseducatius.xtec.cat\/bages\/wp-content\/uploads\/usu776\/2025\/09\/6.png 1600w\" sizes=\"auto, (max-width: 1024px) 100vw, 1024px\" \/><\/a><\/figure>\n\n\n\n<figure class=\"wp-block-image aligncenter size-large is-resized has-custom-border\" style=\"margin-top:0;margin-right:0;margin-bottom:0;margin-left:0\"><a href=\"https:\/\/serveiseducatius.xtec.cat\/bages\/prestec\/maletes-per-eso\/\" target=\"_blank\" rel=\" noreferrer noopener\"><img loading=\"lazy\" decoding=\"async\" width=\"1024\" height=\"512\" src=\"https:\/\/serveiseducatius.xtec.cat\/bages\/wp-content\/uploads\/usu776\/2025\/09\/7-1024x512.png\" alt=\"\" class=\"wp-image-30426\" style=\"border-radius:0px;width:140px\" srcset=\"https:\/\/serveiseducatius.xtec.cat\/bages\/wp-content\/uploads\/usu776\/2025\/09\/7-1024x512.png 1024w, https:\/\/serveiseducatius.xtec.cat\/bages\/wp-content\/uploads\/usu776\/2025\/09\/7-300x150.png 300w, https:\/\/serveiseducatius.xtec.cat\/bages\/wp-content\/uploads\/usu776\/2025\/09\/7-768x384.png 768w, https:\/\/serveiseducatius.xtec.cat\/bages\/wp-content\/uploads\/usu776\/2025\/09\/7-1536x768.png 1536w, https:\/\/serveiseducatius.xtec.cat\/bages\/wp-content\/uploads\/usu776\/2025\/09\/7.png 1600w\" sizes=\"auto, (max-width: 1024px) 100vw, 1024px\" \/><\/a><\/figure>\n\n\n\n<figure class=\"wp-block-image aligncenter size-large is-resized has-custom-border\" style=\"margin-top:0;margin-right:0;margin-bottom:0;margin-left:0\"><a href=\"https:\/\/serveiseducatius.xtec.cat\/bages\/prestec\/maletes-per-batxillerat\/\" target=\"_blank\" rel=\" noreferrer noopener\"><img loading=\"lazy\" decoding=\"async\" width=\"1024\" height=\"512\" src=\"https:\/\/serveiseducatius.xtec.cat\/bages\/wp-content\/uploads\/usu776\/2025\/09\/8-1024x512.png\" alt=\"\" class=\"wp-image-30427\" style=\"border-radius:0px;width:140px\" srcset=\"https:\/\/serveiseducatius.xtec.cat\/bages\/wp-content\/uploads\/usu776\/2025\/09\/8-1024x512.png 1024w, https:\/\/serveiseducatius.xtec.cat\/bages\/wp-content\/uploads\/usu776\/2025\/09\/8-300x150.png 300w, https:\/\/serveiseducatius.xtec.cat\/bages\/wp-content\/uploads\/usu776\/2025\/09\/8-768x384.png 768w, https:\/\/serveiseducatius.xtec.cat\/bages\/wp-content\/uploads\/usu776\/2025\/09\/8-1536x768.png 1536w, https:\/\/serveiseducatius.xtec.cat\/bages\/wp-content\/uploads\/usu776\/2025\/09\/8.png 1600w\" sizes=\"auto, (max-width: 1024px) 100vw, 1024px\" \/><\/a><\/figure>\n\n\n\n<figure class=\"wp-block-image aligncenter size-large is-resized has-custom-border\" style=\"margin-top:0;margin-right:0;margin-bottom:0;margin-left:0\"><a href=\"https:\/\/serveiseducatius.xtec.cat\/bages\/prestec\/maletes-per-cicles-formatius\/\" target=\"_blank\" rel=\" noreferrer noopener\"><img loading=\"lazy\" decoding=\"async\" width=\"1024\" height=\"512\" src=\"https:\/\/serveiseducatius.xtec.cat\/bages\/wp-content\/uploads\/usu776\/2025\/09\/9-1024x512.png\" alt=\"\" class=\"wp-image-30428\" style=\"border-radius:0px;width:140px\" srcset=\"https:\/\/serveiseducatius.xtec.cat\/bages\/wp-content\/uploads\/usu776\/2025\/09\/9-1024x512.png 1024w, https:\/\/serveiseducatius.xtec.cat\/bages\/wp-content\/uploads\/usu776\/2025\/09\/9-300x150.png 300w, https:\/\/serveiseducatius.xtec.cat\/bages\/wp-content\/uploads\/usu776\/2025\/09\/9-768x384.png 768w, https:\/\/serveiseducatius.xtec.cat\/bages\/wp-content\/uploads\/usu776\/2025\/09\/9-1536x768.png 1536w, https:\/\/serveiseducatius.xtec.cat\/bages\/wp-content\/uploads\/usu776\/2025\/09\/9.png 1600w\" sizes=\"auto, (max-width: 1024px) 100vw, 1024px\" \/><\/a><\/figure>\n<\/div>\n\n\n\n<div class=\"wp-block-column is-layout-flow wp-block-column-is-layout-flow\" style=\"flex-basis:66.67%\"><figure class=\"wp-block-post-featured-image\"><img loading=\"lazy\" decoding=\"async\" width=\"1200\" height=\"600\" src=\"https:\/\/serveiseducatius.xtec.cat\/bages\/wp-content\/uploads\/usu776\/2025\/09\/4-2.png\" class=\"attachment-post-thumbnail size-post-thumbnail wp-post-image\" alt=\"\" style=\"object-fit:cover;\" srcset=\"https:\/\/serveiseducatius.xtec.cat\/bages\/wp-content\/uploads\/usu776\/2025\/09\/4-2.png 1200w, https:\/\/serveiseducatius.xtec.cat\/bages\/wp-content\/uploads\/usu776\/2025\/09\/4-2-300x150.png 300w, https:\/\/serveiseducatius.xtec.cat\/bages\/wp-content\/uploads\/usu776\/2025\/09\/4-2-1024x512.png 1024w, https:\/\/serveiseducatius.xtec.cat\/bages\/wp-content\/uploads\/usu776\/2025\/09\/4-2-768x384.png 768w\" sizes=\"auto, (max-width: 1200px) 100vw, 1200px\" \/><\/figure>\n\n\n<p><a href=\"https:\/\/serveiseducatius.xtec.cat\/bages\/general\/097-maleta-de-poesia-cicle-inicial-2\/\" data-type=\"post\" data-id=\"29312\">097 Maleta de poesia (cicle inicial)<\/a><\/p>\n\n\n\n<p><a href=\"https:\/\/serveiseducatius.xtec.cat\/bages\/categoria-maletes\/maletesprimaria\/098-maleta-de-poesia-cm-cs\/\" data-type=\"post\" data-id=\"27623\">098 Maleta de poesia Cicle mitj\u00e0 i cicle superior<\/a><\/p>\n\n\n\n<p><a href=\"https:\/\/serveiseducatius.xtec.cat\/bages\/categoria-maletes\/maletesprimaria\/110-jocs-matematics-cicle-superior\/\" data-type=\"post\" data-id=\"28003\">110 Jocs matem\u00e0tics cicle superior<\/a><\/p>\n\n\n\n<p><a href=\"https:\/\/serveiseducatius.xtec.cat\/bages\/general\/111-jocs-matematics-cicle-mitja\/\" data-type=\"post\" data-id=\"27986\">111 Jocs matem\u00e0tics cicle mitj\u00e0<\/a><\/p>\n\n\n\n<p><a href=\"https:\/\/serveiseducatius.xtec.cat\/bages\/general\/112-jocs-matematics-cicle-inicial\/\" data-type=\"post\" data-id=\"27997\">112 Jocs matem\u00e0tics cicle inicial<\/a><\/p>\n\n\n\n<p><a href=\"https:\/\/serveiseducatius.xtec.cat\/bages\/categoria-maletes\/maletesprimaria\/167-llibres-dimaginacio-11-12-anys\/\" data-type=\"post\" data-id=\"26816\">167 Llibres d\u2019imaginaci\u00f3 (11-12 anys)<\/a><\/p>\n\n\n\n<p><a href=\"https:\/\/serveiseducatius.xtec.cat\/bages\/general\/166-llibres-dimaginacio-6-8-anys\/\" data-type=\"post\" data-id=\"26815\">166 Llibres d\u2019imaginaci\u00f3 (6-8 anys)<\/a><\/p>\n\n\n\n<p><a href=\"https:\/\/serveiseducatius.xtec.cat\/bages\/categoria-maletes\/maletesprimaria\/196-makey-makey\/\" data-type=\"post\" data-id=\"26063\">196 Makey-Makey<\/a><\/p>\n\n\n\n<p><a href=\"https:\/\/serveiseducatius.xtec.cat\/bages\/general\/207-llum-ombres-i-projeccions\/\" data-type=\"post\" data-id=\"9434\">207 Llum, ombres i projeccions<\/a><\/p>\n\n\n\n<p><a href=\"https:\/\/serveiseducatius.xtec.cat\/bages\/general\/232-blue-bots\/\" data-type=\"post\" data-id=\"14978\">232 Blue-Bots<\/a><\/p>\n\n\n\n<p><a href=\"https:\/\/serveiseducatius.xtec.cat\/bages\/categoria-maletes\/maletesbatxillerat\/234-cursa-dorientacio\/\" data-type=\"post\" data-id=\"14687\">234 Cursa d\u2019orientaci\u00f3<\/a><\/p>\n\n\n\n<p><a href=\"https:\/\/serveiseducatius.xtec.cat\/bages\/general\/246-els-cinc-sentits-a-la-sequia\/\" data-type=\"post\" data-id=\"18729\">246 Els cinc sentits a la S\u00e9quia<\/a><\/p>\n\n\n\n<p><a href=\"https:\/\/serveiseducatius.xtec.cat\/bages\/general\/249-rodant-per-la-igualtat-educacio-infantil-i-cicle-inicial\/\" data-type=\"post\" data-id=\"29308\">249 Rodant per la igualtat: Educaci\u00f3 Infantil i Cicle inicial<\/a><\/p>\n\n\n\n<p><a href=\"https:\/\/serveiseducatius.xtec.cat\/bages\/general\/251-rodant-per-la-igualtat-infantil-i-inicial\/\" data-type=\"post\" data-id=\"29603\">251 Rodant per la igualtat: infantil i inicial.<\/a><\/p>\n\n\n\n<p><a href=\"https:\/\/serveiseducatius.xtec.cat\/bages\/general\/244-la-bossa-vermella\/\" data-type=\"post\" data-id=\"17101\">244 La bossa vermella<\/a><\/p>\n\n\n\n<p><a href=\"https:\/\/serveiseducatius.xtec.cat\/bages\/general\/250-rodant-per-la-igualtat-cicle-mitja-i-cicle-superior\/\" data-type=\"post\" data-id=\"21524\">250 Rodant per la igualtat: Cicle Mitj\u00e0 i Cicle Superior<\/a><\/p>\n\n\n\n<p><a href=\"https:\/\/serveiseducatius.xtec.cat\/bages\/categoria-maletes\/maletesprimaria\/252-rodant-per-la-igualtat-cicle-mitja-i-cicle-superior-bis\/\" data-type=\"post\" data-id=\"29783\">252 Rodant per la igualtat: Cicle Mitj\u00e0 i Cicle Superior (bis)<\/a><\/p>\n\n\n\n<p><a href=\"https:\/\/serveiseducatius.xtec.cat\/bages\/categoria-maletes\/maletesbatxillerat\/253-les-mini-cupules-de-leonardo\/\" data-type=\"post\" data-id=\"29318\">253 Les Mini C\u00fapules de Leonardo<\/a><\/p>\n\n\n\n<p><a href=\"https:\/\/serveiseducatius.xtec.cat\/bages\/general\/contes-puc-fer-ioga\/\" data-type=\"post\" data-id=\"7907\">261 Contes \u2018Puc fer ioga\u2019<\/a><\/p>\n\n\n\n<p><a href=\"https:\/\/serveiseducatius.xtec.cat\/bages\/categoria-maletes\/maletesprimaria\/266-el-ressorgir-dels-dracs-calendari-poupular\/\" data-type=\"post\" data-id=\"24877\">266 El ressorgir dels dracs: calendari popular<\/a> NOU!<\/p>\n\n\n\n<p><a href=\"https:\/\/serveiseducatius.xtec.cat\/bages\/categoria-maletes\/maletesprimaria\/290-celebrem-els-canvis\/\" data-type=\"post\" data-id=\"29402\">290 Celebrem els canvis<\/a><\/p>\n\n\n\n<p><a href=\"https:\/\/serveiseducatius.xtec.cat\/bages\/general\/291-descobrim-junts-la-diferencia-infantil-inicial\/\" data-type=\"post\" data-id=\"29405\">291 Descobrim junts la difer\u00e8ncia (infantil \u2013 inicial)<\/a><\/p>\n\n\n\n<p><a href=\"https:\/\/serveiseducatius.xtec.cat\/bages\/categoria-maletes\/maletesprimaria\/292-descobrim-junts-la-diferencia-mitja-superior\/\" data-type=\"post\" data-id=\"29409\">292 Descobrim junts la difer\u00e8ncia (mitj\u00e0 \u2013 superior)<\/a><\/p>\n\n\n\n<p><a href=\"https:\/\/serveiseducatius.xtec.cat\/bages\/categoria-maletes\/maletesprimaria\/294-steam-i-energies-per-un-mon-sostenible-habitable-i-mes-just\/\" data-type=\"post\" data-id=\"21547\">294 STEAM i energies per un m\u00f3n sostenible, habitable i m\u00e9s just<\/a><\/p>\n\n\n\n<p> <a href=\"https:\/\/serveiseducatius.xtec.cat\/bages\/categoria-maletes\/296-la-torre-de-frobel-joc-cooperatiu\/\" data-type=\"post\" data-id=\"31366\">296 La torre de Fr\u00f6bel (joc cooperatiu)<\/a> NOU!<\/p>\n\n\n\n<p><a href=\"https:\/\/serveiseducatius.xtec.cat\/bages\/general\/620-mou-te-pel-carrer\/\" data-type=\"post\" data-id=\"1781\">620 Mou-te pel carrer<\/a><\/p>\n<\/div>\n<\/div>\n","protected":false},"excerpt":{"rendered":"<p>Men\u00fa per etapes 097 Maleta de poesia (cicle inicial) 098 Maleta de poesia Cicle mitj\u00e0 i cicle superior 110 Jocs matem\u00e0tics cicle superior 111 Jocs matem\u00e0tics cicle mitj\u00e0 112 Jocs matem\u00e0tics cicle inicial 167 Llibres d\u2019imaginaci\u00f3 (11-12 anys) 166 Llibres d\u2019imaginaci\u00f3 (6-8 anys) 196 Makey-Makey 207 Llum, ombres i projeccions 232 Blue-Bots 234 Cursa d\u2019orientaci\u00f3 [&hellip;]<\/p>\n","protected":false},"author":1,"featured_media":30451,"parent":25082,"menu_order":0,"comment_status":"closed","ping_status":"closed","template":"","meta":{"_bbp_topic_count":0,"_bbp_reply_count":0,"_bbp_total_topic_count":0,"_bbp_total_reply_count":0,"_bbp_voice_count":0,"_bbp_anonymous_reply_count":0,"_bbp_topic_count_hidden":0,"_bbp_reply_count_hidden":0,"_bbp_forum_subforum_count":0,"site-sidebar-layout":"no-sidebar","site-content-layout":"","ast-site-content-layout":"normal-width-container","site-content-style":"default","site-sidebar-style":"default","ast-global-header-display":"","ast-banner-title-visibility":"","ast-main-header-display":"","ast-hfb-above-header-display":"","ast-hfb-below-header-display":"","ast-hfb-mobile-header-display":"","site-post-title":"","ast-breadcrumbs-content":"","ast-featured-img":"","footer-sml-layout":"","theme-transparent-header-meta":"","adv-header-id-meta":"","stick-header-meta":"","header-above-stick-meta":"","header-main-stick-meta":"","header-below-stick-meta":"","astra-migrate-meta-layouts":"set","ast-page-background-enabled":"default","ast-page-background-meta":{"desktop":{"background-color":"var(--ast-global-color-4)","background-image":"","background-repeat":"repeat","background-position":"center center","background-size":"auto","background-attachment":"scroll","background-type":"","background-media":"","overlay-type":"","overlay-color":"","overlay-opacity":"","overlay-gradient":""},"tablet":{"background-color":"","background-image":"","background-repeat":"repeat","background-position":"center center","background-size":"auto","background-attachment":"scroll","background-type":"","background-media":"","overlay-type":"","overlay-color":"","overlay-opacity":"","overlay-gradient":""},"mobile":{"background-color":"","background-image":"","background-repeat":"repeat","background-position":"center center","background-size":"auto","background-attachment":"scroll","background-type":"","background-media":"","overlay-type":"","overlay-color":"","overlay-opacity":"","overlay-gradient":""}},"ast-content-background-meta":{"desktop":{"background-color":"var(--ast-global-color-5)","background-image":"","background-repeat":"repeat","background-position":"center center","background-size":"auto","background-attachment":"scroll","background-type":"","background-media":"","overlay-type":"","overlay-color":"","overlay-opacity":"","overlay-gradient":""},"tablet":{"background-color":"var(--ast-global-color-5)","background-image":"","background-repeat":"repeat","background-position":"center center","background-size":"auto","background-attachment":"scroll","background-type":"","background-media":"","overlay-type":"","overlay-color":"","overlay-opacity":"","overlay-gradient":""},"mobile":{"background-color":"var(--ast-global-color-5)","background-image":"","background-repeat":"repeat","background-position":"center center","background-size":"auto","background-attachment":"scroll","background-type":"","background-media":"","overlay-type":"","overlay-color":"","overlay-opacity":"","overlay-gradient":""}},"footnotes":""},"class_list":["post-30478","page","type-page","status-publish","has-post-thumbnail","hentry"],"post_mailing_queue_ids":[],"_links":{"self":[{"href":"https:\/\/serveiseducatius.xtec.cat\/bages\/wp-json\/wp\/v2\/pages\/30478","targetHints":{"allow":["GET"]}}],"collection":[{"href":"https:\/\/serveiseducatius.xtec.cat\/bages\/wp-json\/wp\/v2\/pages"}],"about":[{"href":"https:\/\/serveiseducatius.xtec.cat\/bages\/wp-json\/wp\/v2\/types\/page"}],"author":[{"embeddable":true,"href":"https:\/\/serveiseducatius.xtec.cat\/bages\/wp-json\/wp\/v2\/users\/1"}],"replies":[{"embeddable":true,"href":"https:\/\/serveiseducatius.xtec.cat\/bages\/wp-json\/wp\/v2\/comments?post=30478"}],"version-history":[{"count":6,"href":"https:\/\/serveiseducatius.xtec.cat\/bages\/wp-json\/wp\/v2\/pages\/30478\/revisions"}],"predecessor-version":[{"id":31923,"href":"https:\/\/serveiseducatius.xtec.cat\/bages\/wp-json\/wp\/v2\/pages\/30478\/revisions\/31923"}],"up":[{"embeddable":true,"href":"https:\/\/serveiseducatius.xtec.cat\/bages\/wp-json\/wp\/v2\/pages\/25082"}],"wp:featuredmedia":[{"embeddable":true,"href":"https:\/\/serveiseducatius.xtec.cat\/bages\/wp-json\/wp\/v2\/media\/30451"}],"wp:attachment":[{"href":"https:\/\/serveiseducatius.xtec.cat\/bages\/wp-json\/wp\/v2\/media?parent=30478"}],"curies":[{"name":"wp","href":"https:\/\/api.w.org\/{rel}","templated":true}]}}