{"id":30474,"date":"2025-09-18T10:40:44","date_gmt":"2025-09-18T08:40:44","guid":{"rendered":"https:\/\/serveiseducatius.xtec.cat\/bages\/?page_id=30474"},"modified":"2025-09-29T08:21:35","modified_gmt":"2025-09-29T06:21:35","slug":"maletes-per-infantil","status":"publish","type":"page","link":"https:\/\/serveiseducatius.xtec.cat\/bages\/prestec\/maletes-per-infantil\/","title":{"rendered":"Maletes per infantil"},"content":{"rendered":"\n<div class=\"wp-block-columns is-layout-flex wp-container-core-columns-is-layout-1 wp-block-columns-is-layout-flex\">\n<div class=\"wp-block-column is-layout-flow wp-block-column-is-layout-flow\" style=\"flex-basis:33.33%\">\n<h2 class=\"wp-block-heading has-text-align-center has-white-color has-ast-global-color-1-background-color has-text-color has-background has-link-color has-medium-font-size wp-elements-792bbff99180f83d23fa046b14018a66\" style=\"border-style:none;border-width:0px;border-radius:7px;padding-top:var(--wp--preset--spacing--20);padding-right:var(--wp--preset--spacing--30);padding-bottom:var(--wp--preset--spacing--20);padding-left:var(--wp--preset--spacing--30)\"><em>Men\u00fa per etapes<\/em><\/h2>\n\n\n\n<figure class=\"wp-block-image aligncenter size-large is-resized has-custom-border\" style=\"margin-top:0;margin-right:0;margin-bottom:0;margin-left:0\"><a href=\"https:\/\/serveiseducatius.xtec.cat\/bages\/prestec\/maletes-per-llar-dinfants\/\" target=\"_blank\" rel=\" noreferrer noopener\"><img loading=\"lazy\" decoding=\"async\" width=\"1024\" height=\"512\" src=\"https:\/\/serveiseducatius.xtec.cat\/bages\/wp-content\/uploads\/usu776\/2025\/09\/4-1-1024x512.png\" alt=\"\" class=\"wp-image-30423\" style=\"border-radius:0px;width:140px\" srcset=\"https:\/\/serveiseducatius.xtec.cat\/bages\/wp-content\/uploads\/usu776\/2025\/09\/4-1-1024x512.png 1024w, https:\/\/serveiseducatius.xtec.cat\/bages\/wp-content\/uploads\/usu776\/2025\/09\/4-1-300x150.png 300w, https:\/\/serveiseducatius.xtec.cat\/bages\/wp-content\/uploads\/usu776\/2025\/09\/4-1-768x384.png 768w, https:\/\/serveiseducatius.xtec.cat\/bages\/wp-content\/uploads\/usu776\/2025\/09\/4-1-1536x768.png 1536w, https:\/\/serveiseducatius.xtec.cat\/bages\/wp-content\/uploads\/usu776\/2025\/09\/4-1.png 1600w\" sizes=\"auto, (max-width: 1024px) 100vw, 1024px\" \/><\/a><\/figure>\n\n\n\n<figure class=\"wp-block-image aligncenter size-large is-resized has-custom-border\" style=\"margin-top:0;margin-right:0;margin-bottom:0;margin-left:0\"><a href=\"https:\/\/serveiseducatius.xtec.cat\/bages\/prestec\/maletes-per-infantil\/\" target=\"_blank\" rel=\" noreferrer noopener\"><img loading=\"lazy\" decoding=\"async\" width=\"1024\" height=\"512\" src=\"https:\/\/serveiseducatius.xtec.cat\/bages\/wp-content\/uploads\/usu776\/2025\/09\/5-1-1024x512.png\" alt=\"\" class=\"wp-image-30424\" style=\"border-radius:0px;width:140px\" srcset=\"https:\/\/serveiseducatius.xtec.cat\/bages\/wp-content\/uploads\/usu776\/2025\/09\/5-1-1024x512.png 1024w, https:\/\/serveiseducatius.xtec.cat\/bages\/wp-content\/uploads\/usu776\/2025\/09\/5-1-300x150.png 300w, https:\/\/serveiseducatius.xtec.cat\/bages\/wp-content\/uploads\/usu776\/2025\/09\/5-1-768x384.png 768w, https:\/\/serveiseducatius.xtec.cat\/bages\/wp-content\/uploads\/usu776\/2025\/09\/5-1-1536x768.png 1536w, https:\/\/serveiseducatius.xtec.cat\/bages\/wp-content\/uploads\/usu776\/2025\/09\/5-1.png 1600w\" sizes=\"auto, (max-width: 1024px) 100vw, 1024px\" \/><\/a><\/figure>\n\n\n\n<figure class=\"wp-block-image aligncenter size-large is-resized has-custom-border\" style=\"margin-top:0;margin-right:0;margin-bottom:0;margin-left:0\"><a href=\"https:\/\/serveiseducatius.xtec.cat\/bages\/prestec\/maletes-per-primaria\/\" target=\"_blank\" rel=\" noreferrer noopener\"><img loading=\"lazy\" decoding=\"async\" width=\"1024\" height=\"512\" src=\"https:\/\/serveiseducatius.xtec.cat\/bages\/wp-content\/uploads\/usu776\/2025\/09\/6-1024x512.png\" alt=\"\" class=\"wp-image-30425\" style=\"border-radius:0px;width:140px\" srcset=\"https:\/\/serveiseducatius.xtec.cat\/bages\/wp-content\/uploads\/usu776\/2025\/09\/6-1024x512.png 1024w, https:\/\/serveiseducatius.xtec.cat\/bages\/wp-content\/uploads\/usu776\/2025\/09\/6-300x150.png 300w, https:\/\/serveiseducatius.xtec.cat\/bages\/wp-content\/uploads\/usu776\/2025\/09\/6-768x384.png 768w, https:\/\/serveiseducatius.xtec.cat\/bages\/wp-content\/uploads\/usu776\/2025\/09\/6-1536x768.png 1536w, https:\/\/serveiseducatius.xtec.cat\/bages\/wp-content\/uploads\/usu776\/2025\/09\/6.png 1600w\" sizes=\"auto, (max-width: 1024px) 100vw, 1024px\" \/><\/a><\/figure>\n\n\n\n<figure class=\"wp-block-image aligncenter size-large is-resized has-custom-border\" style=\"margin-top:0;margin-right:0;margin-bottom:0;margin-left:0\"><a href=\"https:\/\/serveiseducatius.xtec.cat\/bages\/prestec\/maletes-per-eso\/\" target=\"_blank\" rel=\" noreferrer noopener\"><img loading=\"lazy\" decoding=\"async\" width=\"1024\" height=\"512\" src=\"https:\/\/serveiseducatius.xtec.cat\/bages\/wp-content\/uploads\/usu776\/2025\/09\/7-1024x512.png\" alt=\"\" class=\"wp-image-30426\" style=\"border-radius:0px;width:140px\" srcset=\"https:\/\/serveiseducatius.xtec.cat\/bages\/wp-content\/uploads\/usu776\/2025\/09\/7-1024x512.png 1024w, https:\/\/serveiseducatius.xtec.cat\/bages\/wp-content\/uploads\/usu776\/2025\/09\/7-300x150.png 300w, https:\/\/serveiseducatius.xtec.cat\/bages\/wp-content\/uploads\/usu776\/2025\/09\/7-768x384.png 768w, https:\/\/serveiseducatius.xtec.cat\/bages\/wp-content\/uploads\/usu776\/2025\/09\/7-1536x768.png 1536w, https:\/\/serveiseducatius.xtec.cat\/bages\/wp-content\/uploads\/usu776\/2025\/09\/7.png 1600w\" sizes=\"auto, (max-width: 1024px) 100vw, 1024px\" \/><\/a><\/figure>\n\n\n\n<figure class=\"wp-block-image aligncenter size-large is-resized has-custom-border\" style=\"margin-top:0;margin-right:0;margin-bottom:0;margin-left:0\"><a href=\"https:\/\/serveiseducatius.xtec.cat\/bages\/prestec\/maletes-per-batxillerat\/\" target=\"_blank\" rel=\" noreferrer noopener\"><img loading=\"lazy\" decoding=\"async\" width=\"1024\" height=\"512\" src=\"https:\/\/serveiseducatius.xtec.cat\/bages\/wp-content\/uploads\/usu776\/2025\/09\/8-1024x512.png\" alt=\"\" class=\"wp-image-30427\" style=\"border-radius:0px;width:140px\" srcset=\"https:\/\/serveiseducatius.xtec.cat\/bages\/wp-content\/uploads\/usu776\/2025\/09\/8-1024x512.png 1024w, https:\/\/serveiseducatius.xtec.cat\/bages\/wp-content\/uploads\/usu776\/2025\/09\/8-300x150.png 300w, https:\/\/serveiseducatius.xtec.cat\/bages\/wp-content\/uploads\/usu776\/2025\/09\/8-768x384.png 768w, https:\/\/serveiseducatius.xtec.cat\/bages\/wp-content\/uploads\/usu776\/2025\/09\/8-1536x768.png 1536w, https:\/\/serveiseducatius.xtec.cat\/bages\/wp-content\/uploads\/usu776\/2025\/09\/8.png 1600w\" sizes=\"auto, (max-width: 1024px) 100vw, 1024px\" \/><\/a><\/figure>\n\n\n\n<figure class=\"wp-block-image aligncenter size-large is-resized has-custom-border\" style=\"margin-top:0;margin-right:0;margin-bottom:0;margin-left:0\"><a href=\"https:\/\/serveiseducatius.xtec.cat\/bages\/prestec\/maletes-per-cicles-formatius\/\" target=\"_blank\" rel=\" noreferrer noopener\"><img loading=\"lazy\" decoding=\"async\" width=\"1024\" height=\"512\" src=\"https:\/\/serveiseducatius.xtec.cat\/bages\/wp-content\/uploads\/usu776\/2025\/09\/9-1024x512.png\" alt=\"\" class=\"wp-image-30428\" style=\"border-radius:0px;width:140px\" srcset=\"https:\/\/serveiseducatius.xtec.cat\/bages\/wp-content\/uploads\/usu776\/2025\/09\/9-1024x512.png 1024w, https:\/\/serveiseducatius.xtec.cat\/bages\/wp-content\/uploads\/usu776\/2025\/09\/9-300x150.png 300w, https:\/\/serveiseducatius.xtec.cat\/bages\/wp-content\/uploads\/usu776\/2025\/09\/9-768x384.png 768w, https:\/\/serveiseducatius.xtec.cat\/bages\/wp-content\/uploads\/usu776\/2025\/09\/9-1536x768.png 1536w, https:\/\/serveiseducatius.xtec.cat\/bages\/wp-content\/uploads\/usu776\/2025\/09\/9.png 1600w\" sizes=\"auto, (max-width: 1024px) 100vw, 1024px\" \/><\/a><\/figure>\n<\/div>\n\n\n\n<div class=\"wp-block-column is-layout-flow wp-block-column-is-layout-flow\" style=\"flex-basis:66.67%\"><figure class=\"wp-block-post-featured-image\"><img loading=\"lazy\" decoding=\"async\" width=\"1200\" height=\"600\" src=\"https:\/\/serveiseducatius.xtec.cat\/bages\/wp-content\/uploads\/usu776\/2025\/09\/3-1.png\" class=\"attachment-post-thumbnail size-post-thumbnail wp-post-image\" alt=\"\" style=\"object-fit:cover;\" srcset=\"https:\/\/serveiseducatius.xtec.cat\/bages\/wp-content\/uploads\/usu776\/2025\/09\/3-1.png 1200w, https:\/\/serveiseducatius.xtec.cat\/bages\/wp-content\/uploads\/usu776\/2025\/09\/3-1-300x150.png 300w, https:\/\/serveiseducatius.xtec.cat\/bages\/wp-content\/uploads\/usu776\/2025\/09\/3-1-1024x512.png 1024w, https:\/\/serveiseducatius.xtec.cat\/bages\/wp-content\/uploads\/usu776\/2025\/09\/3-1-768x384.png 768w\" sizes=\"auto, (max-width: 1200px) 100vw, 1200px\" \/><\/figure>\n\n\n<p><a href=\"https:\/\/serveiseducatius.xtec.cat\/bages\/general\/113-jocs-matematics-infantil\/\" data-type=\"post\" data-id=\"28000\" target=\"_blank\" rel=\"noreferrer noopener\">113 Jocs matem\u00e0tics infantil<\/a><\/p>\n\n\n\n<p><a href=\"https:\/\/serveiseducatius.xtec.cat\/bages\/general\/207-llum-ombres-i-projeccions\/\" target=\"_blank\" rel=\"noreferrer noopener\">207 Llum, ombres i projeccions<\/a><\/p>\n\n\n\n<p><a href=\"https:\/\/serveiseducatius.xtec.cat\/bages\/categoria-maletes\/maletesinfantil\/220-treballem-la-musica-a-traves-dels-contes-la-granja\/\" data-type=\"post\" data-id=\"28025\" target=\"_blank\" rel=\"noreferrer noopener\">220 Treballem la m\u00fasica a trav\u00e9s dels contes: LA GRANJA D\u2019ANIMALS.<\/a><\/p>\n\n\n\n<p><a href=\"https:\/\/serveiseducatius.xtec.cat\/bages\/categoria-maletes\/maletesinfantil\/221-treballem-la-musica-a-traves-dels-contes-el-gos-den-joanet\/\" data-type=\"post\" data-id=\"28039\" target=\"_blank\" rel=\"noreferrer noopener\">221 Treballem la m\u00fasica a trav\u00e9s dels contes: EL GOS D\u2019EN JOANET.<\/a><\/p>\n\n\n\n<p><a href=\"https:\/\/serveiseducatius.xtec.cat\/bages\/categoria-maletes\/maletesinfantil\/222-treballem-la-musica-a-traves-dels-contes-el-cargol-i-lherba-de-poniol\/\" data-type=\"post\" data-id=\"28048\" target=\"_blank\" rel=\"noreferrer noopener\">222 Treballem la m\u00fasica a trav\u00e9s dels contes: El cargol i l\u2019herba de poniol<\/a><\/p>\n\n\n\n<p><a href=\"https:\/\/serveiseducatius.xtec.cat\/bages\/categoria-maletes\/maletesinfantil\/223-treballem-la-musica-a-traves-dels-contes-el-caragol\/\" data-type=\"post\" data-id=\"28053\" target=\"_blank\" rel=\"noreferrer noopener\">223 Treballem la m\u00fasica a trav\u00e9s dels contes: EL CARGOL.<\/a><\/p>\n\n\n\n<p><a href=\"https:\/\/serveiseducatius.xtec.cat\/bages\/general\/232-blue-bots\/\" data-type=\"post\" data-id=\"14978\" target=\"_blank\" rel=\"noreferrer noopener\">232 Blue-Bots<\/a><\/p>\n\n\n\n<p><a href=\"https:\/\/serveiseducatius.xtec.cat\/bages\/categoria-maletes\/maletesbatxillerat\/238-exposicio-canvia-el-conte\/\" data-type=\"post\" data-id=\"15867\" target=\"_blank\" rel=\"noreferrer noopener\">238 Exposici\u00f3: Canvia el conte<\/a><\/p>\n\n\n\n<p><a href=\"https:\/\/serveiseducatius.xtec.cat\/bages\/categoria-maletes\/maleteseso\/240-laboratori-matematic-ii\/\" data-type=\"post\" data-id=\"29536\" target=\"_blank\" rel=\"noreferrer noopener\">240 Laboratori matem\u00e0tic II<\/a><\/p>\n\n\n\n<p><a href=\"https:\/\/serveiseducatius.xtec.cat\/bages\/categoria-maletes\/maletesbatxillerat\/242-jocs-cooperatius-motrius\/\" data-type=\"post\" data-id=\"29329\" target=\"_blank\" rel=\"noreferrer noopener\">242 Jocs cooperatius motrius<\/a><\/p>\n\n\n\n<p><a href=\"https:\/\/serveiseducatius.xtec.cat\/bages\/categoria-maletes\/maletesbatxillerat\/243-curling-escolar\/\" data-type=\"post\" data-id=\"14902\" target=\"_blank\" rel=\"noreferrer noopener\">243 C\u00farling escolar<\/a><\/p>\n\n\n\n<p><a href=\"https:\/\/serveiseducatius.xtec.cat\/bages\/general\/246-els-cinc-sentits-a-la-sequia\/\" data-type=\"post\" data-id=\"18729\" target=\"_blank\" rel=\"noreferrer noopener\">246 Els cinc sentits a la S\u00e9quia<\/a><\/p>\n\n\n\n<p><a href=\"https:\/\/serveiseducatius.xtec.cat\/bages\/general\/249-rodant-per-la-igualtat-educacio-infantil-i-cicle-inicial\/\" data-type=\"post\" data-id=\"29308\" target=\"_blank\" rel=\"noreferrer noopener\">249 Rodant per la igualtat: Educaci\u00f3 Infantil i Cicle inicial<\/a><\/p>\n\n\n\n<p><a href=\"https:\/\/serveiseducatius.xtec.cat\/bages\/general\/251-rodant-per-la-igualtat-infantil-i-inicial\/\" data-type=\"post\" data-id=\"29603\" target=\"_blank\" rel=\"noreferrer noopener\">251 Rodant per la igualtat: infantil i inicial.<\/a><\/p>\n\n\n\n<p><a href=\"https:\/\/serveiseducatius.xtec.cat\/bages\/categoria-maletes\/maletesinfantil\/257_el_sentit_de_la_vista\/\" data-type=\"post\" data-id=\"29299\" target=\"_blank\" rel=\"noreferrer noopener\">257 El sentit de la vista<\/a><\/p>\n\n\n\n<p><a href=\"https:\/\/serveiseducatius.xtec.cat\/bages\/categoria-maletes\/maletesinfantil\/258-el-sentit-de-loida\/\" data-type=\"post\" data-id=\"29593\" target=\"_blank\" rel=\"noreferrer noopener\">258 El sentit de l\u2019o\u00efda<\/a><\/p>\n\n\n\n<p><a href=\"https:\/\/serveiseducatius.xtec.cat\/bages\/categoria-maletes\/maletesinfantil\/259-el-sentit-del-tacte\/\" data-type=\"post\" data-id=\"29595\" target=\"_blank\" rel=\"noreferrer noopener\">259 El sentit del tacte<\/a><\/p>\n\n\n\n<p><a href=\"https:\/\/serveiseducatius.xtec.cat\/bages\/categoria-maletes\/maletesinfantil\/260-els-sentits-de-lolfacte-i-el-gust\/\" data-type=\"post\" data-id=\"29597\" target=\"_blank\" rel=\"noreferrer noopener\">260 Els sentits de l\u2019olfacte i el gust<\/a><\/p>\n\n\n\n<p><a href=\"https:\/\/serveiseducatius.xtec.cat\/bages\/general\/291-descobrim-junts-la-diferencia-infantil-inicial\/\" data-type=\"post\" data-id=\"29405\" target=\"_blank\" rel=\"noreferrer noopener\">291 Descobrim junts la difer\u00e8ncia (infantil \u2013 inicial)<\/a><\/p>\n<\/div>\n<\/div>\n","protected":false},"excerpt":{"rendered":"<p>Men\u00fa per etapes 113 Jocs matem\u00e0tics infantil 207 Llum, ombres i projeccions 220 Treballem la m\u00fasica a trav\u00e9s dels contes: LA GRANJA D\u2019ANIMALS. 221 Treballem la m\u00fasica a trav\u00e9s dels contes: EL GOS D\u2019EN JOANET. 222 Treballem la m\u00fasica a trav\u00e9s dels contes: El cargol i l\u2019herba de poniol 223 Treballem la m\u00fasica a trav\u00e9s [&hellip;]<\/p>\n","protected":false},"author":1,"featured_media":30450,"parent":25082,"menu_order":0,"comment_status":"closed","ping_status":"closed","template":"","meta":{"_bbp_topic_count":0,"_bbp_reply_count":0,"_bbp_total_topic_count":0,"_bbp_total_reply_count":0,"_bbp_voice_count":0,"_bbp_anonymous_reply_count":0,"_bbp_topic_count_hidden":0,"_bbp_reply_count_hidden":0,"_bbp_forum_subforum_count":0,"site-sidebar-layout":"no-sidebar","site-content-layout":"","ast-site-content-layout":"normal-width-container","site-content-style":"default","site-sidebar-style":"default","ast-global-header-display":"","ast-banner-title-visibility":"","ast-main-header-display":"","ast-hfb-above-header-display":"","ast-hfb-below-header-display":"","ast-hfb-mobile-header-display":"","site-post-title":"disabled","ast-breadcrumbs-content":"","ast-featured-img":"","footer-sml-layout":"","theme-transparent-header-meta":"","adv-header-id-meta":"","stick-header-meta":"","header-above-stick-meta":"","header-main-stick-meta":"","header-below-stick-meta":"","astra-migrate-meta-layouts":"set","ast-page-background-enabled":"default","ast-page-background-meta":{"desktop":{"background-color":"var(--ast-global-color-4)","background-image":"","background-repeat":"repeat","background-position":"center center","background-size":"auto","background-attachment":"scroll","background-type":"","background-media":"","overlay-type":"","overlay-color":"","overlay-opacity":"","overlay-gradient":""},"tablet":{"background-color":"","background-image":"","background-repeat":"repeat","background-position":"center center","background-size":"auto","background-attachment":"scroll","background-type":"","background-media":"","overlay-type":"","overlay-color":"","overlay-opacity":"","overlay-gradient":""},"mobile":{"background-color":"","background-image":"","background-repeat":"repeat","background-position":"center center","background-size":"auto","background-attachment":"scroll","background-type":"","background-media":"","overlay-type":"","overlay-color":"","overlay-opacity":"","overlay-gradient":""}},"ast-content-background-meta":{"desktop":{"background-color":"var(--ast-global-color-5)","background-image":"","background-repeat":"repeat","background-position":"center center","background-size":"auto","background-attachment":"scroll","background-type":"","background-media":"","overlay-type":"","overlay-color":"","overlay-opacity":"","overlay-gradient":""},"tablet":{"background-color":"var(--ast-global-color-5)","background-image":"","background-repeat":"repeat","background-position":"center center","background-size":"auto","background-attachment":"scroll","background-type":"","background-media":"","overlay-type":"","overlay-color":"","overlay-opacity":"","overlay-gradient":""},"mobile":{"background-color":"var(--ast-global-color-5)","background-image":"","background-repeat":"repeat","background-position":"center center","background-size":"auto","background-attachment":"scroll","background-type":"","background-media":"","overlay-type":"","overlay-color":"","overlay-opacity":"","overlay-gradient":""}},"footnotes":""},"class_list":["post-30474","page","type-page","status-publish","has-post-thumbnail","hentry"],"post_mailing_queue_ids":[],"_links":{"self":[{"href":"https:\/\/serveiseducatius.xtec.cat\/bages\/wp-json\/wp\/v2\/pages\/30474","targetHints":{"allow":["GET"]}}],"collection":[{"href":"https:\/\/serveiseducatius.xtec.cat\/bages\/wp-json\/wp\/v2\/pages"}],"about":[{"href":"https:\/\/serveiseducatius.xtec.cat\/bages\/wp-json\/wp\/v2\/types\/page"}],"author":[{"embeddable":true,"href":"https:\/\/serveiseducatius.xtec.cat\/bages\/wp-json\/wp\/v2\/users\/1"}],"replies":[{"embeddable":true,"href":"https:\/\/serveiseducatius.xtec.cat\/bages\/wp-json\/wp\/v2\/comments?post=30474"}],"version-history":[{"count":6,"href":"https:\/\/serveiseducatius.xtec.cat\/bages\/wp-json\/wp\/v2\/pages\/30474\/revisions"}],"predecessor-version":[{"id":30563,"href":"https:\/\/serveiseducatius.xtec.cat\/bages\/wp-json\/wp\/v2\/pages\/30474\/revisions\/30563"}],"up":[{"embeddable":true,"href":"https:\/\/serveiseducatius.xtec.cat\/bages\/wp-json\/wp\/v2\/pages\/25082"}],"wp:featuredmedia":[{"embeddable":true,"href":"https:\/\/serveiseducatius.xtec.cat\/bages\/wp-json\/wp\/v2\/media\/30450"}],"wp:attachment":[{"href":"https:\/\/serveiseducatius.xtec.cat\/bages\/wp-json\/wp\/v2\/media?parent=30474"}],"curies":[{"name":"wp","href":"https:\/\/api.w.org\/{rel}","templated":true}]}}