{"id":26871,"date":"2025-01-23T16:11:01","date_gmt":"2025-01-23T15:11:01","guid":{"rendered":"https:\/\/serveiseducatius.xtec.cat\/bages\/?page_id=26871"},"modified":"2026-01-27T13:00:18","modified_gmt":"2026-01-27T12:00:18","slug":"espai-de-grups-de-treball","status":"publish","type":"page","link":"https:\/\/serveiseducatius.xtec.cat\/bages\/comunitat\/espai-de-grups-de-treball\/","title":{"rendered":"Espai de grups de treball"},"content":{"rendered":"<figure class=\"wp-block-post-featured-image\"><img loading=\"lazy\" decoding=\"async\" width=\"1200\" height=\"600\" src=\"https:\/\/serveiseducatius.xtec.cat\/bages\/wp-content\/uploads\/usu776\/2026\/01\/38.png\" class=\"attachment-post-thumbnail size-post-thumbnail wp-post-image\" alt=\"\" style=\"object-fit:cover;\" srcset=\"https:\/\/serveiseducatius.xtec.cat\/bages\/wp-content\/uploads\/usu776\/2026\/01\/38.png 1200w, https:\/\/serveiseducatius.xtec.cat\/bages\/wp-content\/uploads\/usu776\/2026\/01\/38-300x150.png 300w, https:\/\/serveiseducatius.xtec.cat\/bages\/wp-content\/uploads\/usu776\/2026\/01\/38-1024x512.png 1024w, https:\/\/serveiseducatius.xtec.cat\/bages\/wp-content\/uploads\/usu776\/2026\/01\/38-768x384.png 768w\" sizes=\"auto, (max-width: 1200px) 100vw, 1200px\" \/><\/figure>\n\n\n<h2 class=\"wp-block-heading\">Espais dels grups de treball del Pla de formaci\u00f3 de zona<\/h2>\n\n\n\n<div class=\"wp-block-columns is-layout-flex wp-container-core-columns-is-layout-1 wp-block-columns-is-layout-flex\">\n<div class=\"wp-block-column is-layout-flow wp-block-column-is-layout-flow\">\n<h2 class=\"wp-block-heading\">DEMD Manresa-Mauthausen<\/h2>\n\n\n\n<p>Grup de treball sobre els temes de la Deportaci\u00f3, l&#8217;Exili i l&#8217;Holocaust, reconegut pel Departament d&#8217;Educaci\u00f3 i coordinat amb el Memorial Democr\u00e0tic.<\/p>\n\n\n\n<div class=\"wp-block-buttons is-layout-flex wp-block-buttons-is-layout-flex\">\n<div class=\"wp-block-button\"><a class=\"wp-block-button__link wp-element-button\" href=\"https:\/\/sites.google.com\/inspeguera.cat\/curs-demd-bages?usp=sharing&amp;pli=1\" target=\"_blank\" rel=\"noreferrer noopener\">espai web <\/a><\/div>\n<\/div>\n<\/div>\n\n\n\n<div class=\"wp-block-column is-layout-flow wp-block-column-is-layout-flow\">\n<div class=\"wp-block-cover\"><span aria-hidden=\"true\" class=\"wp-block-cover__background has-background-dim\" style=\"background-color:#7d5744\"><\/span><img loading=\"lazy\" decoding=\"async\" width=\"856\" height=\"567\" class=\"wp-block-cover__image-background wp-image-22709\" alt=\"\" src=\"https:\/\/serveiseducatius.xtec.cat\/bages\/wp-content\/uploads\/usu776\/2023\/12\/Manresa-Mauthausen.png\" data-object-fit=\"cover\" srcset=\"https:\/\/serveiseducatius.xtec.cat\/bages\/wp-content\/uploads\/usu776\/2023\/12\/Manresa-Mauthausen.png 856w, https:\/\/serveiseducatius.xtec.cat\/bages\/wp-content\/uploads\/usu776\/2023\/12\/Manresa-Mauthausen-300x199.png 300w, https:\/\/serveiseducatius.xtec.cat\/bages\/wp-content\/uploads\/usu776\/2023\/12\/Manresa-Mauthausen-768x509.png 768w\" sizes=\"auto, (max-width: 856px) 100vw, 856px\" \/><div class=\"wp-block-cover__inner-container is-layout-constrained wp-block-cover-is-layout-constrained\">\n<p class=\"has-text-align-center has-large-font-size\"><\/p>\n<\/div><\/div>\n<\/div>\n<\/div>\n\n\n\n<div class=\"wp-block-columns is-layout-flex wp-container-core-columns-is-layout-2 wp-block-columns-is-layout-flex\">\n<div class=\"wp-block-column is-layout-flow wp-block-column-is-layout-flow\">\n<h2 class=\"wp-block-heading\">Aquesta m\u00fasica m&#8217;agrada<\/h2>\n\n\n\n<p>Grup de treball de docents de m\u00fasica de prim\u00e0ria i secund\u00e0ria que organitza una jornada anual amb tallers a c\u00e0rrec  d&#8217;experts i ofereix recursos did\u00e0ctics per facilitar la transfer\u00e8ncia a l&#8217;aula.<\/p>\n\n\n\n<div class=\"wp-block-buttons is-layout-flex wp-block-buttons-is-layout-flex\">\n<div class=\"wp-block-button\"><a class=\"wp-block-button__link wp-element-button\">en construcci\u00f3<\/a><\/div>\n<\/div>\n<\/div>\n\n\n\n<div class=\"wp-block-column is-layout-flow wp-block-column-is-layout-flow\">\n<div class=\"wp-block-cover\"><span aria-hidden=\"true\" class=\"wp-block-cover__background has-background-dim\" style=\"background-color:#77645a\"><\/span><img loading=\"lazy\" decoding=\"async\" width=\"768\" height=\"226\" class=\"wp-block-cover__image-background wp-image-31643\" alt=\"\" src=\"https:\/\/serveiseducatius.xtec.cat\/bages\/wp-content\/uploads\/usu776\/2025\/12\/aquesta-musica-magrada.jpg\" data-object-fit=\"cover\" srcset=\"https:\/\/serveiseducatius.xtec.cat\/bages\/wp-content\/uploads\/usu776\/2025\/12\/aquesta-musica-magrada.jpg 768w, https:\/\/serveiseducatius.xtec.cat\/bages\/wp-content\/uploads\/usu776\/2025\/12\/aquesta-musica-magrada-300x88.jpg 300w\" sizes=\"auto, (max-width: 768px) 100vw, 768px\" \/><div class=\"wp-block-cover__inner-container is-layout-constrained wp-block-cover-is-layout-constrained\">\n<p class=\"has-text-align-center has-large-font-size\"><\/p>\n<\/div><\/div>\n<\/div>\n<\/div>\n\n\n\n<div class=\"wp-block-columns is-layout-flex wp-container-core-columns-is-layout-3 wp-block-columns-is-layout-flex\">\n<div class=\"wp-block-column is-layout-flow wp-block-column-is-layout-flow\">\n<h2 class=\"wp-block-heading\"><strong>\u00c0rea de filosofia<\/strong><\/h2>\n\n\n\n<p>El grup de treball es centra a preparar la Jornada filos\u00f2fica de la Catalunya Central, a m\u00e9s de:<\/p>\n\n\n\n<ul class=\"wp-block-list\">\n<li>Debatre i informar sobre novetats en la llei d&#8217;educaci\u00f3 que afecta les mat\u00e8ries afins a l&#8217;especialitat.<\/li>\n\n\n\n<li>Assistir a reunions d&#8217;AD HOC i REF<\/li>\n\n\n\n<li>Vetllar pel compliment en tots els centres de l&#8217;oferta de mat\u00e8ries de l&#8217;especialitat i de professorat especialista en filosofia en cada centre.<\/li>\n\n\n\n<li>Promoci\u00f3 i participaci\u00f3 en Pessics de Saviesa, Cosm\u00f2graf, Calidoscopi (Navarcles) i grups de lectura de filosofia en biblioteques de la Catalunya Central.<\/li>\n<\/ul>\n\n\n\n<div class=\"wp-block-buttons is-layout-flex wp-block-buttons-is-layout-flex\">\n<div class=\"wp-block-button\"><a class=\"wp-block-button__link wp-element-button\" href=\"https:\/\/blocs.xtec.cat\/filocatcentral\/\" target=\"_blank\" rel=\"noreferrer noopener\">espai web<\/a><\/div>\n<\/div>\n<\/div>\n\n\n\n<div class=\"wp-block-column is-layout-flow wp-block-column-is-layout-flow\">\n<div class=\"wp-block-cover is-light\"><span aria-hidden=\"true\" class=\"wp-block-cover__background has-background-dim\" style=\"background-color:#877f74\"><\/span><img loading=\"lazy\" decoding=\"async\" width=\"1000\" height=\"288\" class=\"wp-block-cover__image-background wp-image-31647\" alt=\"\" src=\"https:\/\/serveiseducatius.xtec.cat\/bages\/wp-content\/uploads\/usu776\/2025\/12\/grup-treball-filosofia.jpg\" data-object-fit=\"cover\" srcset=\"https:\/\/serveiseducatius.xtec.cat\/bages\/wp-content\/uploads\/usu776\/2025\/12\/grup-treball-filosofia.jpg 1000w, https:\/\/serveiseducatius.xtec.cat\/bages\/wp-content\/uploads\/usu776\/2025\/12\/grup-treball-filosofia-300x86.jpg 300w, https:\/\/serveiseducatius.xtec.cat\/bages\/wp-content\/uploads\/usu776\/2025\/12\/grup-treball-filosofia-768x221.jpg 768w\" sizes=\"auto, (max-width: 1000px) 100vw, 1000px\" \/><div class=\"wp-block-cover__inner-container is-layout-constrained wp-block-cover-is-layout-constrained\">\n<p class=\"has-text-align-center has-large-font-size\"><\/p>\n<\/div><\/div>\n<\/div>\n<\/div>\n\n\n\n<div class=\"wp-block-columns is-layout-flex wp-container-core-columns-is-layout-4 wp-block-columns-is-layout-flex\">\n<div class=\"wp-block-column is-layout-flow wp-block-column-is-layout-flow\">\n<h2 class=\"wp-block-heading\"><strong>\u00c0rea de lleng\u00fces cl\u00e0ssiques<\/strong><\/h2>\n\n\n\n<p>Grup de treball integrat per professorat de cl\u00e0ssiques de diferents instituts del Bages i del Moian\u00e8s que s&#8217;organitzen per coordinar sortides i activitats de car\u00e0cter pedag\u00f2gic, social i l\u00fadic per a alumnes de 4t ESO i Batxillerat. Tots els materials creats s\u00f3n en suport digital i estan disponibles a la xarxa.<br>L&#8217;organitzaci\u00f3 i participaci\u00f3 a la Jornada de Cl\u00e0ssiques del Bages \u00e9s l&#8217;altre eix vertebrador del grup de treball.<\/p>\n\n\n\n<div class=\"wp-block-buttons is-layout-flex wp-block-buttons-is-layout-flex\">\n<div class=\"wp-block-button\"><a class=\"wp-block-button__link wp-element-button\" href=\"https:\/\/latinitas254181648.wordpress.com\/\" target=\"_blank\" rel=\"noreferrer noopener\">espai web<\/a><\/div>\n<\/div>\n<\/div>\n\n\n\n<div class=\"wp-block-column is-layout-flow wp-block-column-is-layout-flow\">\n<div class=\"wp-block-cover is-light\"><span aria-hidden=\"true\" class=\"wp-block-cover__background has-background-dim\" style=\"background-color:#937f67\"><\/span><img loading=\"lazy\" decoding=\"async\" width=\"1509\" height=\"447\" class=\"wp-block-cover__image-background wp-image-31653\" alt=\"\" src=\"https:\/\/serveiseducatius.xtec.cat\/bages\/wp-content\/uploads\/usu776\/2025\/12\/image.png\" data-object-fit=\"cover\" srcset=\"https:\/\/serveiseducatius.xtec.cat\/bages\/wp-content\/uploads\/usu776\/2025\/12\/image.png 1509w, https:\/\/serveiseducatius.xtec.cat\/bages\/wp-content\/uploads\/usu776\/2025\/12\/image-300x89.png 300w, https:\/\/serveiseducatius.xtec.cat\/bages\/wp-content\/uploads\/usu776\/2025\/12\/image-1024x303.png 1024w, https:\/\/serveiseducatius.xtec.cat\/bages\/wp-content\/uploads\/usu776\/2025\/12\/image-768x227.png 768w\" sizes=\"auto, (max-width: 1509px) 100vw, 1509px\" \/><div class=\"wp-block-cover__inner-container is-layout-constrained wp-block-cover-is-layout-constrained\">\n<p class=\"has-text-align-center has-large-font-size\"><\/p>\n<\/div><\/div>\n<\/div>\n<\/div>\n\n\n\n<div class=\"wp-block-columns is-layout-flex wp-container-core-columns-is-layout-5 wp-block-columns-is-layout-flex\">\n<div class=\"wp-block-column is-layout-flow wp-block-column-is-layout-flow\">\n<h2 class=\"wp-block-heading\"><strong>Coordinaci\u00f3 de mestres de suport a l&#8217;educaci\u00f3 inclusiva (MESI)<\/strong><\/h2>\n\n\n\n<p>Aquest taller de mestres de suport a l&#8217;educaci\u00f3 inclusiva (MESI) pret\u00e9n ser un punt de trobada on compartir experi\u00e8ncies, coneixements, recursos educatius i alhora crear tots aquells materials que ens poden ser \u00fatils tant per treballar a les aules ordin\u00e0ries, com a les aules d&#8217;educaci\u00f3 especial.<\/p>\n\n\n\n<div class=\"wp-block-buttons is-layout-flex wp-block-buttons-is-layout-flex\">\n<div class=\"wp-block-button\"><a class=\"wp-block-button__link wp-element-button\" href=\"https:\/\/blocs.xtec.cat\/elracoespecial\/\" target=\"_blank\" rel=\"noreferrer noopener\">espai web<\/a><\/div>\n<\/div>\n<\/div>\n\n\n\n<div class=\"wp-block-column is-layout-flow wp-block-column-is-layout-flow\">\n<div class=\"wp-block-cover is-light\"><span aria-hidden=\"true\" class=\"wp-block-cover__background has-background-dim\" style=\"background-color:#f4f4f5\"><\/span><img loading=\"lazy\" decoding=\"async\" width=\"980\" height=\"980\" class=\"wp-block-cover__image-background wp-image-31651\" alt=\"\" src=\"https:\/\/serveiseducatius.xtec.cat\/bages\/wp-content\/uploads\/usu776\/2025\/12\/continuous-line-drawing-various-hands-raised-symbol-for-diversity-illustration-isolated-vector.jpg\" data-object-fit=\"cover\" srcset=\"https:\/\/serveiseducatius.xtec.cat\/bages\/wp-content\/uploads\/usu776\/2025\/12\/continuous-line-drawing-various-hands-raised-symbol-for-diversity-illustration-isolated-vector.jpg 980w, https:\/\/serveiseducatius.xtec.cat\/bages\/wp-content\/uploads\/usu776\/2025\/12\/continuous-line-drawing-various-hands-raised-symbol-for-diversity-illustration-isolated-vector-300x300.jpg 300w, https:\/\/serveiseducatius.xtec.cat\/bages\/wp-content\/uploads\/usu776\/2025\/12\/continuous-line-drawing-various-hands-raised-symbol-for-diversity-illustration-isolated-vector-150x150.jpg 150w, https:\/\/serveiseducatius.xtec.cat\/bages\/wp-content\/uploads\/usu776\/2025\/12\/continuous-line-drawing-various-hands-raised-symbol-for-diversity-illustration-isolated-vector-768x768.jpg 768w\" sizes=\"auto, (max-width: 980px) 100vw, 980px\" \/><div class=\"wp-block-cover__inner-container is-layout-constrained wp-block-cover-is-layout-constrained\">\n<p class=\"has-text-align-center has-large-font-size\"><\/p>\n<\/div><\/div>\n<\/div>\n<\/div>\n","protected":false},"excerpt":{"rendered":"<p>Espais dels grups de treball del Pla de formaci\u00f3 de zona DEMD Manresa-Mauthausen Grup de treball sobre els temes de la Deportaci\u00f3, l&#8217;Exili i l&#8217;Holocaust, reconegut pel Departament d&#8217;Educaci\u00f3 i coordinat amb el Memorial Democr\u00e0tic. Aquesta m\u00fasica m&#8217;agrada Grup de treball de docents de m\u00fasica de prim\u00e0ria i secund\u00e0ria que organitza una jornada anual amb [&hellip;]<\/p>\n","protected":false},"author":1,"featured_media":31929,"parent":25726,"menu_order":15,"comment_status":"closed","ping_status":"close","template":"","meta":{"_bbp_topic_count":0,"_bbp_reply_count":0,"_bbp_total_topic_count":0,"_bbp_total_reply_count":0,"_bbp_voice_count":0,"_bbp_anonymous_reply_count":0,"_bbp_topic_count_hidden":0,"_bbp_reply_count_hidden":0,"_bbp_forum_subforum_count":0,"site-sidebar-layout":"default","site-content-layout":"","ast-site-content-layout":"default","site-content-style":"default","site-sidebar-style":"default","ast-global-header-display":"","ast-banner-title-visibility":"","ast-main-header-display":"","ast-hfb-above-header-display":"","ast-hfb-below-header-display":"","ast-hfb-mobile-header-display":"","site-post-title":"disabled","ast-breadcrumbs-content":"","ast-featured-img":"","footer-sml-layout":"","theme-transparent-header-meta":"","adv-header-id-meta":"","stick-header-meta":"","header-above-stick-meta":"","header-main-stick-meta":"","header-below-stick-meta":"","astra-migrate-meta-layouts":"set","ast-page-background-enabled":"default","ast-page-background-meta":{"desktop":{"background-color":"var(--ast-global-color-4)","background-image":"","background-repeat":"repeat","background-position":"center center","background-size":"auto","background-attachment":"scroll","background-type":"","background-media":"","overlay-type":"","overlay-color":"","overlay-opacity":"","overlay-gradient":""},"tablet":{"background-color":"","background-image":"","background-repeat":"repeat","background-position":"center center","background-size":"auto","background-attachment":"scroll","background-type":"","background-media":"","overlay-type":"","overlay-color":"","overlay-opacity":"","overlay-gradient":""},"mobile":{"background-color":"","background-image":"","background-repeat":"repeat","background-position":"center center","background-size":"auto","background-attachment":"scroll","background-type":"","background-media":"","overlay-type":"","overlay-color":"","overlay-opacity":"","overlay-gradient":""}},"ast-content-background-meta":{"desktop":{"background-color":"var(--ast-global-color-5)","background-image":"","background-repeat":"repeat","background-position":"center center","background-size":"auto","background-attachment":"scroll","background-type":"","background-media":"","overlay-type":"","overlay-color":"","overlay-opacity":"","overlay-gradient":""},"tablet":{"background-color":"var(--ast-global-color-5)","background-image":"","background-repeat":"repeat","background-position":"center center","background-size":"auto","background-attachment":"scroll","background-type":"","background-media":"","overlay-type":"","overlay-color":"","overlay-opacity":"","overlay-gradient":""},"mobile":{"background-color":"var(--ast-global-color-5)","background-image":"","background-repeat":"repeat","background-position":"center center","background-size":"auto","background-attachment":"scroll","background-type":"","background-media":"","overlay-type":"","overlay-color":"","overlay-opacity":"","overlay-gradient":""}},"footnotes":""},"class_list":["post-26871","page","type-page","status-publish","has-post-thumbnail","hentry"],"post_mailing_queue_ids":[],"_links":{"self":[{"href":"https:\/\/serveiseducatius.xtec.cat\/bages\/wp-json\/wp\/v2\/pages\/26871","targetHints":{"allow":["GET"]}}],"collection":[{"href":"https:\/\/serveiseducatius.xtec.cat\/bages\/wp-json\/wp\/v2\/pages"}],"about":[{"href":"https:\/\/serveiseducatius.xtec.cat\/bages\/wp-json\/wp\/v2\/types\/page"}],"author":[{"embeddable":true,"href":"https:\/\/serveiseducatius.xtec.cat\/bages\/wp-json\/wp\/v2\/users\/1"}],"replies":[{"embeddable":true,"href":"https:\/\/serveiseducatius.xtec.cat\/bages\/wp-json\/wp\/v2\/comments?post=26871"}],"version-history":[{"count":6,"href":"https:\/\/serveiseducatius.xtec.cat\/bages\/wp-json\/wp\/v2\/pages\/26871\/revisions"}],"predecessor-version":[{"id":31902,"href":"https:\/\/serveiseducatius.xtec.cat\/bages\/wp-json\/wp\/v2\/pages\/26871\/revisions\/31902"}],"up":[{"embeddable":true,"href":"https:\/\/serveiseducatius.xtec.cat\/bages\/wp-json\/wp\/v2\/pages\/25726"}],"wp:featuredmedia":[{"embeddable":true,"href":"https:\/\/serveiseducatius.xtec.cat\/bages\/wp-json\/wp\/v2\/media\/31929"}],"wp:attachment":[{"href":"https:\/\/serveiseducatius.xtec.cat\/bages\/wp-json\/wp\/v2\/media?parent=26871"}],"curies":[{"name":"wp","href":"https:\/\/api.w.org\/{rel}","templated":true}]}}