{"id":25082,"date":"2024-11-13T10:37:08","date_gmt":"2024-11-13T09:37:08","guid":{"rendered":"https:\/\/serveiseducatius.xtec.cat\/bages\/?page_id=25082"},"modified":"2026-03-09T09:35:18","modified_gmt":"2026-03-09T08:35:18","slug":"prestec","status":"publish","type":"page","link":"https:\/\/serveiseducatius.xtec.cat\/bages\/prestec\/","title":{"rendered":"Pr\u00e9stec"},"content":{"rendered":"\n<h2 class=\"wp-block-heading\">Atenci\u00f3! La seu de l&#8217;Extensi\u00f3 de Moi\u00e0 queda tancada fins nou av\u00eds per trasllat. Totes les maletes pedag\u00f2giques s&#8217;han de recollir a Manresa.<\/h2>\n\n\n\n<div class=\"wp-block-columns is-layout-flex wp-container-core-columns-is-layout-1 wp-block-columns-is-layout-flex\">\n<div class=\"wp-block-column is-layout-flow wp-block-column-is-layout-flow\" style=\"flex-basis:33.33%\">\n<h2 class=\"wp-block-heading has-text-align-center has-white-color has-ast-global-color-1-background-color has-text-color has-background has-link-color has-medium-font-size wp-elements-792bbff99180f83d23fa046b14018a66\" style=\"border-style:none;border-width:0px;border-radius:7px;padding-top:var(--wp--preset--spacing--20);padding-right:var(--wp--preset--spacing--30);padding-bottom:var(--wp--preset--spacing--20);padding-left:var(--wp--preset--spacing--30)\"><em>Men\u00fa per etapes<\/em><\/h2>\n\n\n\n<figure class=\"wp-block-image aligncenter size-large is-resized has-custom-border\" style=\"margin-top:0;margin-right:0;margin-bottom:0;margin-left:0\"><a href=\"https:\/\/serveiseducatius.xtec.cat\/bages\/prestec\/maletes-per-llar-dinfants\/\" target=\"_blank\" rel=\" noreferrer noopener\"><img loading=\"lazy\" decoding=\"async\" width=\"1024\" height=\"512\" src=\"https:\/\/serveiseducatius.xtec.cat\/bages\/wp-content\/uploads\/usu776\/2025\/09\/4-1-1024x512.png\" alt=\"\" class=\"wp-image-30423\" style=\"border-radius:0px;width:140px\" srcset=\"https:\/\/serveiseducatius.xtec.cat\/bages\/wp-content\/uploads\/usu776\/2025\/09\/4-1-1024x512.png 1024w, https:\/\/serveiseducatius.xtec.cat\/bages\/wp-content\/uploads\/usu776\/2025\/09\/4-1-300x150.png 300w, https:\/\/serveiseducatius.xtec.cat\/bages\/wp-content\/uploads\/usu776\/2025\/09\/4-1-768x384.png 768w, https:\/\/serveiseducatius.xtec.cat\/bages\/wp-content\/uploads\/usu776\/2025\/09\/4-1-1536x768.png 1536w, https:\/\/serveiseducatius.xtec.cat\/bages\/wp-content\/uploads\/usu776\/2025\/09\/4-1.png 1600w\" sizes=\"auto, (max-width: 1024px) 100vw, 1024px\" \/><\/a><\/figure>\n\n\n\n<figure class=\"wp-block-image aligncenter size-large is-resized has-custom-border\" style=\"margin-top:0;margin-right:0;margin-bottom:0;margin-left:0\"><a href=\"https:\/\/serveiseducatius.xtec.cat\/bages\/prestec\/maletes-per-infantil\/\" target=\"_blank\" rel=\" noreferrer noopener\"><img loading=\"lazy\" decoding=\"async\" width=\"1024\" height=\"512\" src=\"https:\/\/serveiseducatius.xtec.cat\/bages\/wp-content\/uploads\/usu776\/2025\/09\/5-1-1024x512.png\" alt=\"\" class=\"wp-image-30424\" style=\"border-radius:0px;width:140px\" srcset=\"https:\/\/serveiseducatius.xtec.cat\/bages\/wp-content\/uploads\/usu776\/2025\/09\/5-1-1024x512.png 1024w, https:\/\/serveiseducatius.xtec.cat\/bages\/wp-content\/uploads\/usu776\/2025\/09\/5-1-300x150.png 300w, https:\/\/serveiseducatius.xtec.cat\/bages\/wp-content\/uploads\/usu776\/2025\/09\/5-1-768x384.png 768w, https:\/\/serveiseducatius.xtec.cat\/bages\/wp-content\/uploads\/usu776\/2025\/09\/5-1-1536x768.png 1536w, https:\/\/serveiseducatius.xtec.cat\/bages\/wp-content\/uploads\/usu776\/2025\/09\/5-1.png 1600w\" sizes=\"auto, (max-width: 1024px) 100vw, 1024px\" \/><\/a><\/figure>\n\n\n\n<figure class=\"wp-block-image aligncenter size-large is-resized has-custom-border\" style=\"margin-top:0;margin-right:0;margin-bottom:0;margin-left:0\"><a href=\"https:\/\/serveiseducatius.xtec.cat\/bages\/prestec\/maletes-per-primaria\/\" target=\"_blank\" rel=\" noreferrer noopener\"><img loading=\"lazy\" decoding=\"async\" width=\"1024\" height=\"512\" src=\"https:\/\/serveiseducatius.xtec.cat\/bages\/wp-content\/uploads\/usu776\/2025\/09\/6-1024x512.png\" alt=\"\" class=\"wp-image-30425\" style=\"border-radius:0px;width:140px\" srcset=\"https:\/\/serveiseducatius.xtec.cat\/bages\/wp-content\/uploads\/usu776\/2025\/09\/6-1024x512.png 1024w, https:\/\/serveiseducatius.xtec.cat\/bages\/wp-content\/uploads\/usu776\/2025\/09\/6-300x150.png 300w, https:\/\/serveiseducatius.xtec.cat\/bages\/wp-content\/uploads\/usu776\/2025\/09\/6-768x384.png 768w, https:\/\/serveiseducatius.xtec.cat\/bages\/wp-content\/uploads\/usu776\/2025\/09\/6-1536x768.png 1536w, https:\/\/serveiseducatius.xtec.cat\/bages\/wp-content\/uploads\/usu776\/2025\/09\/6.png 1600w\" sizes=\"auto, (max-width: 1024px) 100vw, 1024px\" \/><\/a><\/figure>\n\n\n\n<figure class=\"wp-block-image aligncenter size-large is-resized has-custom-border\" style=\"margin-top:0;margin-right:0;margin-bottom:0;margin-left:0\"><a href=\"https:\/\/serveiseducatius.xtec.cat\/bages\/prestec\/maletes-per-eso\/\" target=\"_blank\" rel=\" noreferrer noopener\"><img loading=\"lazy\" decoding=\"async\" width=\"1024\" height=\"512\" src=\"https:\/\/serveiseducatius.xtec.cat\/bages\/wp-content\/uploads\/usu776\/2025\/09\/7-1024x512.png\" alt=\"\" class=\"wp-image-30426\" style=\"border-radius:0px;width:140px\" srcset=\"https:\/\/serveiseducatius.xtec.cat\/bages\/wp-content\/uploads\/usu776\/2025\/09\/7-1024x512.png 1024w, https:\/\/serveiseducatius.xtec.cat\/bages\/wp-content\/uploads\/usu776\/2025\/09\/7-300x150.png 300w, https:\/\/serveiseducatius.xtec.cat\/bages\/wp-content\/uploads\/usu776\/2025\/09\/7-768x384.png 768w, https:\/\/serveiseducatius.xtec.cat\/bages\/wp-content\/uploads\/usu776\/2025\/09\/7-1536x768.png 1536w, https:\/\/serveiseducatius.xtec.cat\/bages\/wp-content\/uploads\/usu776\/2025\/09\/7.png 1600w\" sizes=\"auto, (max-width: 1024px) 100vw, 1024px\" \/><\/a><\/figure>\n\n\n\n<figure class=\"wp-block-image aligncenter size-large is-resized has-custom-border\" style=\"margin-top:0;margin-right:0;margin-bottom:0;margin-left:0\"><a href=\"https:\/\/serveiseducatius.xtec.cat\/bages\/prestec\/maletes-per-batxillerat\/\" target=\"_blank\" rel=\" noreferrer noopener\"><img loading=\"lazy\" decoding=\"async\" width=\"1024\" height=\"512\" src=\"https:\/\/serveiseducatius.xtec.cat\/bages\/wp-content\/uploads\/usu776\/2025\/09\/8-1024x512.png\" alt=\"\" class=\"wp-image-30427\" style=\"border-radius:0px;width:140px\" srcset=\"https:\/\/serveiseducatius.xtec.cat\/bages\/wp-content\/uploads\/usu776\/2025\/09\/8-1024x512.png 1024w, https:\/\/serveiseducatius.xtec.cat\/bages\/wp-content\/uploads\/usu776\/2025\/09\/8-300x150.png 300w, https:\/\/serveiseducatius.xtec.cat\/bages\/wp-content\/uploads\/usu776\/2025\/09\/8-768x384.png 768w, https:\/\/serveiseducatius.xtec.cat\/bages\/wp-content\/uploads\/usu776\/2025\/09\/8-1536x768.png 1536w, https:\/\/serveiseducatius.xtec.cat\/bages\/wp-content\/uploads\/usu776\/2025\/09\/8.png 1600w\" sizes=\"auto, (max-width: 1024px) 100vw, 1024px\" \/><\/a><\/figure>\n\n\n\n<figure class=\"wp-block-image aligncenter size-large is-resized has-custom-border\" style=\"margin-top:0;margin-right:0;margin-bottom:0;margin-left:0\"><a href=\"https:\/\/serveiseducatius.xtec.cat\/bages\/prestec\/maletes-per-cicles-formatius\/\" target=\"_blank\" rel=\" noreferrer noopener\"><img loading=\"lazy\" decoding=\"async\" width=\"1024\" height=\"512\" src=\"https:\/\/serveiseducatius.xtec.cat\/bages\/wp-content\/uploads\/usu776\/2025\/09\/9-1024x512.png\" alt=\"\" class=\"wp-image-30428\" style=\"border-radius:0px;width:140px\" srcset=\"https:\/\/serveiseducatius.xtec.cat\/bages\/wp-content\/uploads\/usu776\/2025\/09\/9-1024x512.png 1024w, https:\/\/serveiseducatius.xtec.cat\/bages\/wp-content\/uploads\/usu776\/2025\/09\/9-300x150.png 300w, https:\/\/serveiseducatius.xtec.cat\/bages\/wp-content\/uploads\/usu776\/2025\/09\/9-768x384.png 768w, https:\/\/serveiseducatius.xtec.cat\/bages\/wp-content\/uploads\/usu776\/2025\/09\/9-1536x768.png 1536w, https:\/\/serveiseducatius.xtec.cat\/bages\/wp-content\/uploads\/usu776\/2025\/09\/9.png 1600w\" sizes=\"auto, (max-width: 1024px) 100vw, 1024px\" \/><\/a><\/figure>\n<\/div>\n\n\n\n<div class=\"wp-block-column is-layout-flow wp-block-column-is-layout-flow\" style=\"flex-basis:66.67%\"><figure class=\"wp-block-post-featured-image\"><img loading=\"lazy\" decoding=\"async\" width=\"1200\" height=\"600\" src=\"https:\/\/serveiseducatius.xtec.cat\/bages\/wp-content\/uploads\/usu776\/2025\/10\/IMATGE-DESTACADA-ARTICLES-2-4.png\" class=\"attachment-post-thumbnail size-post-thumbnail wp-post-image\" alt=\"\" style=\"object-fit:cover;\" srcset=\"https:\/\/serveiseducatius.xtec.cat\/bages\/wp-content\/uploads\/usu776\/2025\/10\/IMATGE-DESTACADA-ARTICLES-2-4.png 1200w, https:\/\/serveiseducatius.xtec.cat\/bages\/wp-content\/uploads\/usu776\/2025\/10\/IMATGE-DESTACADA-ARTICLES-2-4-300x150.png 300w, https:\/\/serveiseducatius.xtec.cat\/bages\/wp-content\/uploads\/usu776\/2025\/10\/IMATGE-DESTACADA-ARTICLES-2-4-1024x512.png 1024w, https:\/\/serveiseducatius.xtec.cat\/bages\/wp-content\/uploads\/usu776\/2025\/10\/IMATGE-DESTACADA-ARTICLES-2-4-768x384.png 768w\" sizes=\"auto, (max-width: 1200px) 100vw, 1200px\" \/><\/figure>\n\n\n<p>Posem a disposici\u00f3 dels centres materials i recursos perqu\u00e8 l\u2019alumnat pugui aprendre de manera viva, activa i competencial.<\/p>\n<\/div>\n<\/div>\n\n\n\n<div class=\"wp-block-columns is-layout-flex wp-container-core-columns-is-layout-2 wp-block-columns-is-layout-flex\">\n<div class=\"wp-block-column is-layout-flow wp-block-column-is-layout-flow\">\n<figure class=\"wp-block-image size-large\"><img loading=\"lazy\" decoding=\"async\" width=\"1024\" height=\"512\" src=\"https:\/\/serveiseducatius.xtec.cat\/bages\/wp-content\/uploads\/usu776\/2025\/07\/3-1024x512.png\" alt=\"\" class=\"wp-image-29630\" srcset=\"https:\/\/serveiseducatius.xtec.cat\/bages\/wp-content\/uploads\/usu776\/2025\/07\/3-1024x512.png 1024w, https:\/\/serveiseducatius.xtec.cat\/bages\/wp-content\/uploads\/usu776\/2025\/07\/3-300x150.png 300w, https:\/\/serveiseducatius.xtec.cat\/bages\/wp-content\/uploads\/usu776\/2025\/07\/3-768x384.png 768w, https:\/\/serveiseducatius.xtec.cat\/bages\/wp-content\/uploads\/usu776\/2025\/07\/3.png 1200w\" sizes=\"auto, (max-width: 1024px) 100vw, 1024px\" \/><\/figure>\n<\/div>\n\n\n\n<div class=\"wp-block-column is-layout-flow wp-block-column-is-layout-flow\">\n<p><a href=\"https:\/\/serveiseducatius.xtec.cat\/bages\/maletes-pedagogiques\/110-jocs-matematics-cicle-superior\/\" data-type=\"post\" data-id=\"28003\">110 Jocs matem\u00e0tics cicle superior<\/a><\/p>\n\n\n\n<p><a href=\"https:\/\/serveiseducatius.xtec.cat\/bages\/maletes-pedagogiques\/111-jocs-matematics-cicle-mitja\/\" data-type=\"post\" data-id=\"27986\">111 Jocs matem\u00e0tics cicle mitj\u00e0<\/a><\/p>\n\n\n\n<p><a href=\"https:\/\/serveiseducatius.xtec.cat\/bages\/maletes-pedagogiques\/112-jocs-matematics-cicle-inicial\/\" data-type=\"post\" data-id=\"27997\">112 Jocs matem\u00e0tics cicle inicial<\/a><\/p>\n\n\n\n<p><a href=\"https:\/\/serveiseducatius.xtec.cat\/bages\/maletes-pedagogiques\/113-jocs-matematics-infantil\/\" data-type=\"post\" data-id=\"28000\">113 Jocs matem\u00e0tics infantil<\/a><\/p>\n\n\n\n<p><a href=\"https:\/\/serveiseducatius.xtec.cat\/bages\/maletes-pedagogiques\/escacs_gegant_de_jardi\/\" data-type=\"post\" data-id=\"29457\">210 Escacs gegant de jard\u00ed<\/a><\/p>\n\n\n\n<p><a href=\"https:\/\/serveiseducatius.xtec.cat\/bages\/maletes-pedagogiques\/tauler-descacs-i-peces\/\" data-type=\"post\" data-id=\"29456\">212 Tauler d\u2019escacs i peces<\/a><\/p>\n\n\n\n<p><a href=\"https:\/\/serveiseducatius.xtec.cat\/bages\/maletes-pedagogiques\/213-tauler-descacs-vertical\/\" data-type=\"post\" data-id=\"29469\">213 Tauler d\u2019escacs vertical<\/a><\/p>\n\n\n\n<p><a href=\"https:\/\/serveiseducatius.xtec.cat\/bages\/maletes-pedagogiques\/214-jocs-de-taula-descacs\/\" data-type=\"post\" data-id=\"10627\">214 Jocs de taula d\u2019escacs<\/a><\/p>\n\n\n\n<p><a href=\"https:\/\/serveiseducatius.xtec.cat\/bages\/maletes-pedagogiques\/240-laboratori-matematic-ii\/\" data-type=\"post\" data-id=\"29536\">240 Laboratori matem\u00e0tic II<\/a><\/p>\n\n\n\n<p><a href=\"https:\/\/serveiseducatius.xtec.cat\/bages\/maletes-pedagogiques\/253-les-mini-cupules-de-leonardo\/\" data-type=\"post\" data-id=\"29318\">253 Les Mini C\u00fapules de Leonardo<\/a><\/p>\n\n\n\n<p><a href=\"https:\/\/serveiseducatius.xtec.cat\/bages\/maletes-pedagogiques\/cupula-de-leonardo\/\" data-type=\"post\" data-id=\"8491\">198 C\u00fapula de Leonardo<\/a><\/p>\n<\/div>\n<\/div>\n\n\n\n<div class=\"wp-block-columns is-layout-flex wp-container-core-columns-is-layout-3 wp-block-columns-is-layout-flex\">\n<div class=\"wp-block-column is-layout-flow wp-block-column-is-layout-flow\">\n<figure class=\"wp-block-image size-large\"><img loading=\"lazy\" decoding=\"async\" width=\"1024\" height=\"512\" src=\"https:\/\/serveiseducatius.xtec.cat\/bages\/wp-content\/uploads\/usu776\/2025\/07\/11-1024x512.png\" alt=\"\" class=\"wp-image-29638\" srcset=\"https:\/\/serveiseducatius.xtec.cat\/bages\/wp-content\/uploads\/usu776\/2025\/07\/11-1024x512.png 1024w, https:\/\/serveiseducatius.xtec.cat\/bages\/wp-content\/uploads\/usu776\/2025\/07\/11-300x150.png 300w, https:\/\/serveiseducatius.xtec.cat\/bages\/wp-content\/uploads\/usu776\/2025\/07\/11-768x384.png 768w, https:\/\/serveiseducatius.xtec.cat\/bages\/wp-content\/uploads\/usu776\/2025\/07\/11.png 1200w\" sizes=\"auto, (max-width: 1024px) 100vw, 1024px\" \/><\/figure>\n<\/div>\n\n\n\n<div class=\"wp-block-column is-layout-flow wp-block-column-is-layout-flow\">\n<p><a href=\"https:\/\/serveiseducatius.xtec.cat\/bages\/general\/097-maleta-de-poesia-cicle-inicial-2\/\" data-type=\"post\" data-id=\"29312\">097 Maleta de poesia (cicle inicial)<\/a><\/p>\n\n\n\n<p><a href=\"https:\/\/serveiseducatius.xtec.cat\/bages\/maletes-pedagogiques\/098-maleta-de-poesia-cm-cs\/\" data-type=\"post\" data-id=\"27623\">098 Maleta de poesia Cicle mitj\u00e0 i cicle superior<\/a><\/p>\n\n\n\n<p><a href=\"https:\/\/serveiseducatius.xtec.cat\/bages\/maletes-pedagogiques\/099-maleta-de-poesia-primaria\/\" data-type=\"post\" data-id=\"1860\">099 Maleta de poesia (prim\u00e0ria)<\/a><\/p>\n\n\n\n<p><a href=\"https:\/\/serveiseducatius.xtec.cat\/bages\/maletes-pedagogiques\/165-llibres-d-imaginacio-0-6\/\" data-type=\"post\" data-id=\"1876\">165 Llibres d\u2019imaginaci\u00f3 (0-6 anys)<\/a><\/p>\n\n\n\n<p><a href=\"https:\/\/serveiseducatius.xtec.cat\/bages\/maletes-pedagogiques\/166-llibres-dimaginacio-6-8-anys\/\" data-type=\"post\" data-id=\"26815\">166 Llibres d\u2019imaginaci\u00f3 (6-8 anys)<\/a><\/p>\n\n\n\n<p><a href=\"https:\/\/serveiseducatius.xtec.cat\/bages\/maletes-pedagogiques\/167-llibres-dimaginacio-11-12-anys\/\" data-type=\"post\" data-id=\"26816\">167 Llibres d\u2019imaginaci\u00f3 (11-12 anys)<\/a><\/p>\n\n\n\n<p><a href=\"https:\/\/serveiseducatius.xtec.cat\/bages\/maletes-pedagogiques\/190-fes-memoria-jocs-per-treballar-vocabulari\/\" data-type=\"post\" data-id=\"4322\">190 Fes mem\u00f2ria! Jocs per treballar vocabulari<\/a><\/p>\n\n\n\n<p><a href=\"https:\/\/serveiseducatius.xtec.cat\/bages\/maletes-pedagogiques\/229-contes-de-coeducacio-per-a-petits-educacio-infantil\/\" data-type=\"post\" data-id=\"14628\">229 Contes de coeducaci\u00f3 per a petits (educaci\u00f3 Infantil)<\/a><\/p>\n\n\n\n<p><a href=\"https:\/\/serveiseducatius.xtec.cat\/bages\/maletes-pedagogiques\/contes-de-coeducacio-per-a-mitjans-primaria\/\" data-type=\"post\" data-id=\"14635\">230 Contes de coeducaci\u00f3 per a mitjans (prim\u00e0ria)<\/a><\/p>\n\n\n\n<p><a href=\"https:\/\/serveiseducatius.xtec.cat\/bages\/maletes-pedagogiques\/231-llibres-de-coeducacio-per-a-grans-secundaria\/\" data-type=\"post\" data-id=\"14646\">231 Llibres de coeducaci\u00f3 per a grans (secund\u00e0ria)<\/a><\/p>\n\n\n\n<p><a href=\"https:\/\/serveiseducatius.xtec.cat\/bages\/general\/249-rodant-per-la-igualtat-educacio-infantil-i-cicle-inicial\/\" data-type=\"post\" data-id=\"29308\">249 Rodant per la igualtat: Educaci\u00f3 Infantil i Cicle inicial<\/a><\/p>\n\n\n\n<p><a href=\"https:\/\/serveiseducatius.xtec.cat\/bages\/maletes-pedagogiques\/251-rodant-per-la-igualtat-infantil-i-inicial\/\" data-type=\"post\" data-id=\"29603\">251 Rodant per la igualtat: infantil i inicial (bis)<\/a><\/p>\n\n\n\n<p><a href=\"https:\/\/serveiseducatius.xtec.cat\/bages\/general\/250-rodant-per-la-igualtat-cicle-mitja-i-cicle-superior\/\" data-type=\"post\" data-id=\"21524\">250 Rodant per la igualtat: Cicle Mitj\u00e0 i Cicle Superior<\/a><\/p>\n\n\n\n<p><a href=\"https:\/\/serveiseducatius.xtec.cat\/bages\/maletes-pedagogiques\/252-rodant-per-la-igualtat-cicle-mitja-i-cicle-superior-bis\/\" data-type=\"post\" data-id=\"29783\">252 Rodant per la igualtat: Cicle Mitj\u00e0 i Cicle Superior (bis)<\/a><\/p>\n\n\n\n<p><a href=\"https:\/\/serveiseducatius.xtec.cat\/bages\/maletes-pedagogiques\/256-emmirallat\/\" data-type=\"post\" data-id=\"22439\">256 EMMIRALLA\u2019T: prevenci\u00f3 dels trastorns de conducta aliment\u00e0ria<\/a><\/p>\n\n\n\n<p><a href=\"https:\/\/serveiseducatius.xtec.cat\/bages\/portada\/267-juguem-en-catala\/\" data-type=\"post\" data-id=\"30985\">267 Juguem en catal\u00e0<\/a><\/p>\n\n\n\n<p><a href=\"https:\/\/serveiseducatius.xtec.cat\/bages\/portada\/808-aprenem-a-pensar-amb-els-contes-dandersen\/\" data-type=\"post\" data-id=\"1873\">808 Aprenem a pensar amb els contes d\u2019Andersen<\/a><\/p>\n<\/div>\n<\/div>\n\n\n\n<div class=\"wp-block-columns is-layout-flex wp-container-core-columns-is-layout-4 wp-block-columns-is-layout-flex\">\n<div class=\"wp-block-column is-layout-flow wp-block-column-is-layout-flow\">\n<figure class=\"wp-block-image size-large\"><img loading=\"lazy\" decoding=\"async\" width=\"1024\" height=\"512\" src=\"https:\/\/serveiseducatius.xtec.cat\/bages\/wp-content\/uploads\/usu776\/2025\/07\/5-1024x512.png\" alt=\"\" class=\"wp-image-29632\" srcset=\"https:\/\/serveiseducatius.xtec.cat\/bages\/wp-content\/uploads\/usu776\/2025\/07\/5-1024x512.png 1024w, https:\/\/serveiseducatius.xtec.cat\/bages\/wp-content\/uploads\/usu776\/2025\/07\/5-300x150.png 300w, https:\/\/serveiseducatius.xtec.cat\/bages\/wp-content\/uploads\/usu776\/2025\/07\/5-768x384.png 768w, https:\/\/serveiseducatius.xtec.cat\/bages\/wp-content\/uploads\/usu776\/2025\/07\/5.png 1200w\" sizes=\"auto, (max-width: 1024px) 100vw, 1024px\" \/><\/figure>\n<\/div>\n\n\n\n<div class=\"wp-block-column is-layout-flow wp-block-column-is-layout-flow\">\n<p><a href=\"https:\/\/serveiseducatius.xtec.cat\/bages\/maletes-pedagogiques\/tors-anatomic\/\" data-type=\"post\" data-id=\"14343\">226 Tors anat\u00f2mic<\/a><\/p>\n\n\n\n<p><a href=\"https:\/\/serveiseducatius.xtec.cat\/bages\/maletes-pedagogiques\/244-la-bossa-vermella\/\" data-type=\"post\" data-id=\"17101\">244 La bossa vermella<\/a><\/p>\n\n\n\n<p><a href=\"https:\/\/serveiseducatius.xtec.cat\/bages\/maletes-pedagogiques\/246-els-cinc-sentits-a-la-sequia\/\" data-type=\"post\" data-id=\"18729\">246 Els cinc sentits a la S\u00e9quia<\/a><\/p>\n\n\n\n<p><a href=\"https:\/\/serveiseducatius.xtec.cat\/bages\/maletes-pedagogiques\/254-lets-clean-up\/\" data-type=\"post\" data-id=\"22648\">254 Let\u2019s clean up!<\/a><\/p>\n\n\n\n<p><a href=\"https:\/\/serveiseducatius.xtec.cat\/bages\/maletes-pedagogiques\/255-explorem-la-natura-descoberta-de-la-sequia-el-bosc-i-lentorn-de-lescola\/\" data-type=\"post\" data-id=\"24197\">255 Explorem la natura. Descoberta de la S\u00e9quia<\/a><\/p>\n\n\n\n<p><a href=\"https:\/\/serveiseducatius.xtec.cat\/bages\/maletes-pedagogiques\/293renaturalitzacio_can_poc_oli\/\" data-type=\"post\" data-id=\"29454\">293 Renaturalitzaci\u00f3 de Can Poc Oli<\/a><\/p>\n\n\n\n<p><a href=\"https:\/\/serveiseducatius.xtec.cat\/bages\/maletes-pedagogiques\/257_el_sentit_de_la_vista\/\" data-type=\"post\" data-id=\"29299\">257 El sentit de la vista<\/a><\/p>\n\n\n\n<p><a href=\"https:\/\/serveiseducatius.xtec.cat\/bages\/maletes-pedagogiques\/258-el-sentit-de-loida\/\" data-type=\"post\" data-id=\"29593\">258 El sentit de l\u2019o\u00efda<\/a><\/p>\n\n\n\n<p><a href=\"https:\/\/serveiseducatius.xtec.cat\/bages\/maletes-pedagogiques\/259-el-sentit-del-tacte\/\" data-type=\"post\" data-id=\"29595\">259 El sentit del tacte<\/a><\/p>\n\n\n\n<p><a href=\"https:\/\/serveiseducatius.xtec.cat\/bages\/maletes-pedagogiques\/260-els-sentits-de-lolfacte-i-el-gust\/\" data-type=\"post\" data-id=\"29597\">260 Els sentits de l\u2019olfacte i el gust<\/a><\/p>\n\n\n\n<p><a href=\"https:\/\/serveiseducatius.xtec.cat\/bages\/maletes-pedagogiques\/290-celebrem-els-canvis\/\" data-type=\"post\" data-id=\"29402\">290 Celebrem els canvis<\/a><\/p>\n\n\n\n<p><a href=\"https:\/\/serveiseducatius.xtec.cat\/bages\/maletes-pedagogiques\/291-descobrim-junts-la-diferencia-infantil-inicial\/\" data-type=\"post\" data-id=\"29405\">291 Descobrim junts la difer\u00e8ncia (infantil \u2013 inicial)<\/a><\/p>\n\n\n\n<p><a href=\"https:\/\/serveiseducatius.xtec.cat\/bages\/maletes-pedagogiques\/292-descobrim-junts-la-diferencia-mitja-superior\/\" data-type=\"post\" data-id=\"29409\">292 Descobrim junts la difer\u00e8ncia (mitj\u00e0 \u2013 superior)<\/a><\/p>\n<\/div>\n<\/div>\n\n\n\n<div class=\"wp-block-columns is-layout-flex wp-container-core-columns-is-layout-5 wp-block-columns-is-layout-flex\">\n<div class=\"wp-block-column is-layout-flow wp-block-column-is-layout-flow\">\n<figure class=\"wp-block-image size-large\"><img loading=\"lazy\" decoding=\"async\" width=\"1024\" height=\"512\" src=\"https:\/\/serveiseducatius.xtec.cat\/bages\/wp-content\/uploads\/usu776\/2025\/07\/4-1024x512.png\" alt=\"\" class=\"wp-image-29631\" srcset=\"https:\/\/serveiseducatius.xtec.cat\/bages\/wp-content\/uploads\/usu776\/2025\/07\/4-1024x512.png 1024w, https:\/\/serveiseducatius.xtec.cat\/bages\/wp-content\/uploads\/usu776\/2025\/07\/4-300x150.png 300w, https:\/\/serveiseducatius.xtec.cat\/bages\/wp-content\/uploads\/usu776\/2025\/07\/4-768x384.png 768w, https:\/\/serveiseducatius.xtec.cat\/bages\/wp-content\/uploads\/usu776\/2025\/07\/4.png 1200w\" sizes=\"auto, (max-width: 1024px) 100vw, 1024px\" \/><\/figure>\n<\/div>\n\n\n\n<div class=\"wp-block-column is-layout-flow wp-block-column-is-layout-flow\">\n<p><a href=\"https:\/\/serveiseducatius.xtec.cat\/bages\/maletes-pedagogiques\/443_eines_prehistoria_moianes\/\" data-type=\"post\" data-id=\"1810\">443 Eines de la prehist\u00f2ria: El paleol\u00edtic.<\/a><\/p>\n\n\n\n<p><a href=\"https:\/\/serveiseducatius.xtec.cat\/bages\/maletes-pedagogiques\/444-eines-de-la-prehistoria-el-neolitic\/\" data-type=\"post\" data-id=\"27598\">444 Eines de la prehist\u00f2ria: el neol\u00edtic<\/a><\/p>\n\n\n\n<p><a href=\"https:\/\/serveiseducatius.xtec.cat\/bages\/maletes-pedagogiques\/445_la_prehistoria_i_el_moianes\/\" data-type=\"post\" data-id=\"1879\">445 La Prehist\u00f2ria i el Moian\u00e8s<\/a><\/p>\n\n\n\n<p><a href=\"https:\/\/serveiseducatius.xtec.cat\/bages\/general\/266-calendari-popular-el-ressorgir-dels-dracs\/\" data-type=\"post\" data-id=\"24877\">266 El ressorgir dels dracs: calendari popular<\/a> NOU!<\/p>\n<\/div>\n<\/div>\n\n\n\n<div class=\"wp-block-columns is-layout-flex wp-container-core-columns-is-layout-6 wp-block-columns-is-layout-flex\">\n<div class=\"wp-block-column is-layout-flow wp-block-column-is-layout-flow\">\n<figure class=\"wp-block-image size-large\"><img loading=\"lazy\" decoding=\"async\" width=\"1024\" height=\"512\" src=\"https:\/\/serveiseducatius.xtec.cat\/bages\/wp-content\/uploads\/usu776\/2025\/07\/7-1024x512.png\" alt=\"\" class=\"wp-image-29634\" srcset=\"https:\/\/serveiseducatius.xtec.cat\/bages\/wp-content\/uploads\/usu776\/2025\/07\/7-1024x512.png 1024w, https:\/\/serveiseducatius.xtec.cat\/bages\/wp-content\/uploads\/usu776\/2025\/07\/7-300x150.png 300w, https:\/\/serveiseducatius.xtec.cat\/bages\/wp-content\/uploads\/usu776\/2025\/07\/7-768x384.png 768w, https:\/\/serveiseducatius.xtec.cat\/bages\/wp-content\/uploads\/usu776\/2025\/07\/7.png 1200w\" sizes=\"auto, (max-width: 1024px) 100vw, 1024px\" \/><\/figure>\n<\/div>\n\n\n\n<div class=\"wp-block-column is-layout-flow wp-block-column-is-layout-flow\">\n<p><a href=\"https:\/\/serveiseducatius.xtec.cat\/bages\/maletes-pedagogiques\/179-motxilla-bioclimatica\/\" data-type=\"post\" data-id=\"933\">179 La motxilla bioclim\u00e0tica<\/a><\/p>\n\n\n\n<p><a href=\"https:\/\/serveiseducatius.xtec.cat\/bages\/maletes-pedagogiques\/193-nanokit\/\" data-type=\"post\" data-id=\"5272\">193 NanoKit 2.0<\/a> (no disponible fins reposici\u00f3 de materials)<\/p>\n\n\n\n<p><a href=\"https:\/\/serveiseducatius.xtec.cat\/bages\/maletes-pedagogiques\/207-llum-ombres-i-projeccions\/\" data-type=\"post\" data-id=\"9434\">207 Llum, ombres i projeccions<\/a><\/p>\n\n\n\n<p><a href=\"https:\/\/serveiseducatius.xtec.cat\/bages\/maletes-pedagogiques\/235-enginyeria-dastronaus\/\" data-type=\"post\" data-id=\"15160\">235 Enginyeria d\u2019astronaus<\/a><\/p>\n\n\n\n<p><a href=\"https:\/\/serveiseducatius.xtec.cat\/bages\/maletes-pedagogiques\/294-steam-i-energies-per-un-mon-sostenible-habitable-i-mes-just\/\" data-type=\"post\" data-id=\"21547\">294 STEAM i energies per un m\u00f3n sostenible, habitable i m\u00e9s just<\/a><\/p>\n<\/div>\n<\/div>\n\n\n\n<div class=\"wp-block-columns is-layout-flex wp-container-core-columns-is-layout-7 wp-block-columns-is-layout-flex\">\n<div class=\"wp-block-column is-layout-flow wp-block-column-is-layout-flow\">\n<figure class=\"wp-block-image size-large\"><img loading=\"lazy\" decoding=\"async\" width=\"1024\" height=\"512\" src=\"https:\/\/serveiseducatius.xtec.cat\/bages\/wp-content\/uploads\/usu776\/2025\/07\/9-1024x512.png\" alt=\"\" class=\"wp-image-29636\" srcset=\"https:\/\/serveiseducatius.xtec.cat\/bages\/wp-content\/uploads\/usu776\/2025\/07\/9-1024x512.png 1024w, https:\/\/serveiseducatius.xtec.cat\/bages\/wp-content\/uploads\/usu776\/2025\/07\/9-300x150.png 300w, https:\/\/serveiseducatius.xtec.cat\/bages\/wp-content\/uploads\/usu776\/2025\/07\/9-768x384.png 768w, https:\/\/serveiseducatius.xtec.cat\/bages\/wp-content\/uploads\/usu776\/2025\/07\/9.png 1200w\" sizes=\"auto, (max-width: 1024px) 100vw, 1024px\" \/><\/figure>\n<\/div>\n\n\n\n<div class=\"wp-block-column is-layout-flow wp-block-column-is-layout-flow\">\n<p><a href=\"https:\/\/serveiseducatius.xtec.cat\/bages\/maletes-pedagogiques\/196-makey-makey\/\" data-type=\"post\" data-id=\"26063\">196 Makey-Makey<\/a><\/p>\n\n\n\n<p><a href=\"https:\/\/serveiseducatius.xtec.cat\/bages\/maletes-pedagogiques\/232-blue-bots\/\" data-type=\"post\" data-id=\"14978\">232 Blue-Bots<\/a><\/p>\n\n\n\n<p><a href=\"https:\/\/serveiseducatius.xtec.cat\/bages\/maletes-pedagogiques\/wedo-2-0\/\" data-type=\"post\" data-id=\"15038\">233 WeDo 2.0<\/a><\/p>\n\n\n\n<p><a href=\"https:\/\/serveiseducatius.xtec.cat\/bages\/maletes-pedagogiques\/241-microbit\/\" data-type=\"post\" data-id=\"18769\">241 Micro: bit<\/a><\/p>\n<\/div>\n<\/div>\n\n\n\n<div class=\"wp-block-columns is-layout-flex wp-container-core-columns-is-layout-8 wp-block-columns-is-layout-flex\">\n<div class=\"wp-block-column is-layout-flow wp-block-column-is-layout-flow\">\n<figure class=\"wp-block-image size-large\"><img loading=\"lazy\" decoding=\"async\" width=\"1024\" height=\"512\" src=\"https:\/\/serveiseducatius.xtec.cat\/bages\/wp-content\/uploads\/usu776\/2025\/07\/8-1024x512.png\" alt=\"\" class=\"wp-image-29635\" srcset=\"https:\/\/serveiseducatius.xtec.cat\/bages\/wp-content\/uploads\/usu776\/2025\/07\/8-1024x512.png 1024w, https:\/\/serveiseducatius.xtec.cat\/bages\/wp-content\/uploads\/usu776\/2025\/07\/8-300x150.png 300w, https:\/\/serveiseducatius.xtec.cat\/bages\/wp-content\/uploads\/usu776\/2025\/07\/8-768x384.png 768w, https:\/\/serveiseducatius.xtec.cat\/bages\/wp-content\/uploads\/usu776\/2025\/07\/8.png 1200w\" sizes=\"auto, (max-width: 1024px) 100vw, 1024px\" \/><\/figure>\n<\/div>\n\n\n\n<div class=\"wp-block-column is-layout-flow wp-block-column-is-layout-flow\">\n<p><a href=\"https:\/\/serveiseducatius.xtec.cat\/bages\/maletes-pedagogiques\/kit-dorientacio\/\" data-type=\"post\" data-id=\"1813\">139 Kit d\u2019orientaci\u00f3 GPS-2<\/a><\/p>\n\n\n\n<p><a href=\"https:\/\/serveiseducatius.xtec.cat\/bages\/maletes-pedagogiques\/234-cursa-dorientacio\/\" data-type=\"post\" data-id=\"14687\">234 Cursa d\u2019orientaci\u00f3<\/a><\/p>\n\n\n\n<p><a href=\"https:\/\/serveiseducatius.xtec.cat\/bages\/maletes-pedagogiques\/713-tennis-escolar\/\" data-type=\"post\" data-id=\"1803\">713 Tennis escolar<\/a><\/p>\n\n\n\n<p><a href=\"https:\/\/serveiseducatius.xtec.cat\/bages\/maletes-pedagogiques\/paracaigudes\/\" data-type=\"post\" data-id=\"8607\">212 Paracaigudes<\/a><\/p>\n\n\n\n<p><a href=\"https:\/\/serveiseducatius.xtec.cat\/bages\/maletes-pedagogiques\/236-equilibri-i-malabars\/\" data-type=\"post\" data-id=\"14520\">236 Equilibri i Malabars<\/a><\/p>\n\n\n\n<p><a href=\"https:\/\/serveiseducatius.xtec.cat\/bages\/maletes-pedagogiques\/237-boccia\/\" data-type=\"post\" data-id=\"14915\">237 Boccia<\/a><\/p>\n\n\n\n<p><a href=\"https:\/\/serveiseducatius.xtec.cat\/bages\/maletes-pedagogiques\/jocs-cooperatius-motrius\/\" data-type=\"post\" data-id=\"29329\">242 Jocs cooperatius motrius<\/a><\/p>\n\n\n\n<p><a href=\"https:\/\/serveiseducatius.xtec.cat\/bages\/maletes-pedagogiques\/243-curling-escolar\/\" data-type=\"post\" data-id=\"14902\">243 C\u00farling escolar<\/a><\/p>\n<\/div>\n<\/div>\n\n\n\n<div class=\"wp-block-columns is-layout-flex wp-container-core-columns-is-layout-9 wp-block-columns-is-layout-flex\">\n<div class=\"wp-block-column is-layout-flow wp-block-column-is-layout-flow\">\n<figure class=\"wp-block-image size-large\"><img loading=\"lazy\" decoding=\"async\" width=\"1024\" height=\"512\" src=\"https:\/\/serveiseducatius.xtec.cat\/bages\/wp-content\/uploads\/usu776\/2025\/07\/10-1024x512.png\" alt=\"\" class=\"wp-image-29637\" srcset=\"https:\/\/serveiseducatius.xtec.cat\/bages\/wp-content\/uploads\/usu776\/2025\/07\/10-1024x512.png 1024w, https:\/\/serveiseducatius.xtec.cat\/bages\/wp-content\/uploads\/usu776\/2025\/07\/10-300x150.png 300w, https:\/\/serveiseducatius.xtec.cat\/bages\/wp-content\/uploads\/usu776\/2025\/07\/10-768x384.png 768w, https:\/\/serveiseducatius.xtec.cat\/bages\/wp-content\/uploads\/usu776\/2025\/07\/10.png 1200w\" sizes=\"auto, (max-width: 1024px) 100vw, 1024px\" \/><\/figure>\n<\/div>\n\n\n\n<div class=\"wp-block-column is-layout-flow wp-block-column-is-layout-flow\">\n<p><a href=\"https:\/\/serveiseducatius.xtec.cat\/bages\/maletes-pedagogiques\/248-emotions-seguretat-vial-de-les-emocions\/\" data-type=\"post\" data-id=\"19586\">248 EMOTION\u2019S. Seguretat vial de les emocions<\/a><\/p>\n\n\n\n<p><a href=\"https:\/\/serveiseducatius.xtec.cat\/bages\/maletes-pedagogiques\/mou-te-pel-carrer\/\" data-type=\"post\" data-id=\"1781\">620 Mou-te pel carrer<\/a><\/p>\n\n\n\n<p><a href=\"https:\/\/serveiseducatius.xtec.cat\/bages\/maletes-pedagogiques\/pedala-pedala-i-explora-la-ciutat\/\" data-type=\"post\" data-id=\"3832\">189 Pedala, pedala! I explora la ciutat!<\/a><\/p>\n\n\n\n<p><a href=\"https:\/\/serveiseducatius.xtec.cat\/bages\/maletes-pedagogiques\/192-la-mort-i-el-dol\/\" data-type=\"post\" data-id=\"6569\">192 La mort i el dol<\/a><\/p>\n\n\n\n<p><a href=\"https:\/\/serveiseducatius.xtec.cat\/bages\/maletes-pedagogiques\/exposicio-prevencio-de-la-violencia-de-genere\/\" target=\"_blank\" rel=\"noreferrer noopener\">227 Exposici\u00f3: Prevenci\u00f3 viol\u00e8ncies de g\u00e8nere<\/a><\/p>\n\n\n\n<p><a href=\"https:\/\/serveiseducatius.xtec.cat\/bages\/maletes-pedagogiques\/228-jocs-coeducatius-per-la-igualtat-de-genere\/\" data-type=\"post\" data-id=\"14530\">228 Jocs coeducatius per la igualtat de g\u00e8nere<\/a><\/p>\n\n\n\n<p><a href=\"https:\/\/serveiseducatius.xtec.cat\/bages\/maletes-pedagogiques\/238-exposicio-canvia-el-conte\/\" data-type=\"post\" data-id=\"15867\">238 Exposici\u00f3: Canvia el conte<\/a><\/p>\n\n\n\n<p><a href=\"https:\/\/serveiseducatius.xtec.cat\/bages\/categoria-maletes\/296-la-torre-de-frobel-joc-cooperatiu\/\" data-type=\"post\" data-id=\"31366\">296 La torre de Fr\u00f6bel (joc cooperatiu)<\/a> NOU!<\/p>\n<\/div>\n<\/div>\n\n\n\n<div class=\"wp-block-columns is-layout-flex wp-container-core-columns-is-layout-10 wp-block-columns-is-layout-flex\">\n<div class=\"wp-block-column is-layout-flow wp-block-column-is-layout-flow\">\n<figure class=\"wp-block-image size-large\"><img loading=\"lazy\" decoding=\"async\" width=\"1024\" height=\"512\" src=\"https:\/\/serveiseducatius.xtec.cat\/bages\/wp-content\/uploads\/usu776\/2025\/07\/6-1024x512.png\" alt=\"\" class=\"wp-image-29633\" srcset=\"https:\/\/serveiseducatius.xtec.cat\/bages\/wp-content\/uploads\/usu776\/2025\/07\/6-1024x512.png 1024w, https:\/\/serveiseducatius.xtec.cat\/bages\/wp-content\/uploads\/usu776\/2025\/07\/6-300x150.png 300w, https:\/\/serveiseducatius.xtec.cat\/bages\/wp-content\/uploads\/usu776\/2025\/07\/6-768x384.png 768w, https:\/\/serveiseducatius.xtec.cat\/bages\/wp-content\/uploads\/usu776\/2025\/07\/6.png 1200w\" sizes=\"auto, (max-width: 1024px) 100vw, 1024px\" \/><\/figure>\n<\/div>\n\n\n\n<div class=\"wp-block-column is-layout-flow wp-block-column-is-layout-flow\">\n<p><a href=\"https:\/\/serveiseducatius.xtec.cat\/bages\/maletes-pedagogiques\/99220-treballem-la-musica-a-traves-dels-contes-la-granja\/\" data-type=\"post\" data-id=\"28025\">220 Treballem la m\u00fasica a trav\u00e9s dels contes: LA GRANJA D\u2019ANIMALS.<\/a><\/p>\n\n\n\n<p><a href=\"https:\/\/serveiseducatius.xtec.cat\/bages\/maletes-pedagogiques\/221-treballem-la-musica-a-traves-dels-contes-el-gos-den-joanet\/\" data-type=\"post\" data-id=\"28039\">221 Treballem la m\u00fasica a trav\u00e9s dels contes: EL GOS D\u2019EN JOANET.<\/a><\/p>\n\n\n\n<p><a href=\"https:\/\/serveiseducatius.xtec.cat\/bages\/maletes-pedagogiques\/222-treballem-la-musica-a-traves-dels-contes-el-cargol-i-lherba-de-poniol\/\" data-type=\"post\" data-id=\"28048\">222 Treballem la m\u00fasica a trav\u00e9s dels contes: El cargol i l\u2019herba de poniol<\/a><\/p>\n\n\n\n<p><a href=\"https:\/\/serveiseducatius.xtec.cat\/bages\/maletes-pedagogiques\/223-treballem-la-musica-a-traves-dels-contes-el-caragol\/\" data-type=\"post\" data-id=\"28053\">223 Treballem la m\u00fasica a trav\u00e9s dels contes: EL CARGOL.<\/a><\/p>\n\n\n\n<p><a href=\"https:\/\/serveiseducatius.xtec.cat\/bages\/maletes-pedagogiques\/la-mort-digne-i-illustrada\/\" data-type=\"post\" data-id=\"19435\">247 La mort, digna i il\u00b7lustrada<\/a><\/p>\n<\/div>\n<\/div>\n\n\n\n<div class=\"wp-block-columns is-layout-flex wp-container-core-columns-is-layout-11 wp-block-columns-is-layout-flex\">\n<div class=\"wp-block-column is-layout-flow wp-block-column-is-layout-flow\">\n<figure class=\"wp-block-image size-large\"><img loading=\"lazy\" decoding=\"async\" width=\"1024\" height=\"512\" src=\"https:\/\/serveiseducatius.xtec.cat\/bages\/wp-content\/uploads\/usu776\/2025\/09\/AMBITS-MALETES-PEDAGOGIQUES-1024x512.png\" alt=\"\" class=\"wp-image-30179\" srcset=\"https:\/\/serveiseducatius.xtec.cat\/bages\/wp-content\/uploads\/usu776\/2025\/09\/AMBITS-MALETES-PEDAGOGIQUES-1024x512.png 1024w, https:\/\/serveiseducatius.xtec.cat\/bages\/wp-content\/uploads\/usu776\/2025\/09\/AMBITS-MALETES-PEDAGOGIQUES-300x150.png 300w, https:\/\/serveiseducatius.xtec.cat\/bages\/wp-content\/uploads\/usu776\/2025\/09\/AMBITS-MALETES-PEDAGOGIQUES-768x384.png 768w, https:\/\/serveiseducatius.xtec.cat\/bages\/wp-content\/uploads\/usu776\/2025\/09\/AMBITS-MALETES-PEDAGOGIQUES.png 1200w\" sizes=\"auto, (max-width: 1024px) 100vw, 1024px\" \/><\/figure>\n<\/div>\n\n\n\n<div class=\"wp-block-column is-layout-flow wp-block-column-is-layout-flow\">\n<p><a href=\"https:\/\/serveiseducatius.xtec.cat\/bages\/aparells\/altaveu-jbl-flip6\/\" data-type=\"post\" data-id=\"23572\">ap01 Altaveu JBL FLIP6<\/a><\/p>\n\n\n\n<p><a href=\"https:\/\/serveiseducatius.xtec.cat\/bages\/aparells\/altaveu-portatil-combo-15\/\" data-type=\"post\" data-id=\"8093\">ap05 Altaveu port\u00e0til Combo 15<\/a> (no funciona a bateria, nom\u00e9s endollat!)<\/p>\n\n\n\n<p><a href=\"https:\/\/serveiseducatius.xtec.cat\/bages\/aparells\/ap08-camera-de-video-digital-cannon-legria-hf-r306-hd\/\" data-type=\"post\" data-id=\"29478\">ap08 C\u00e0mera de v\u00eddeo digital Cannon Legria HF R306 HD<\/a><\/p>\n\n\n\n<p><a href=\"https:\/\/serveiseducatius.xtec.cat\/bages\/aparells\/microfons-sense-fils-mu-1002\/\" data-type=\"post\" data-id=\"1974\">ap09 Microfon sense fils MU<\/a><\/p>\n\n\n\n<p><a href=\"https:\/\/serveiseducatius.xtec.cat\/bages\/aparells\/panell-expositor\/\" data-type=\"post\" data-id=\"1985\">ap13 Panell expositor<\/a><\/p>\n\n\n\n<p><a href=\"https:\/\/serveiseducatius.xtec.cat\/bages\/aparells\/ap14-projector-multimedia-epson-eb-x8\/\" data-type=\"post\" data-id=\"1952\">ap14 Projector multim\u00e8dia Epson EB-X8<\/a><\/p>\n\n\n\n<p><a href=\"https:\/\/serveiseducatius.xtec.cat\/bages\/aparells\/ap16-retroprojector-3m-2770\/\" data-type=\"post\" data-id=\"1928\">ap16 Retroprojector 3M 2770<\/a><\/p>\n\n\n\n<p><a href=\"https:\/\/serveiseducatius.xtec.cat\/bages\/aparells\/ap17-pantalla-de-projeccio\/\" data-type=\"post\" data-id=\"12323\">ap17 Pantalla de projecci\u00f3<\/a><\/p>\n<\/div>\n<\/div>\n","protected":false},"excerpt":{"rendered":"<p>Atenci\u00f3! La seu de l&#8217;Extensi\u00f3 de Moi\u00e0 queda tancada fins nou av\u00eds per trasllat. Totes les maletes pedag\u00f2giques s&#8217;han de recollir a Manresa. Men\u00fa per etapes Posem a disposici\u00f3 dels centres materials i recursos perqu\u00e8 l\u2019alumnat pugui aprendre de manera viva, activa i competencial. 110 Jocs matem\u00e0tics cicle superior 111 Jocs matem\u00e0tics cicle mitj\u00e0 112 [&hellip;]<\/p>\n","protected":false},"author":1,"featured_media":31010,"parent":0,"menu_order":3,"comment_status":"closed","ping_status":"closed","template":"","meta":{"_bbp_topic_count":0,"_bbp_reply_count":0,"_bbp_total_topic_count":0,"_bbp_total_reply_count":0,"_bbp_voice_count":0,"_bbp_anonymous_reply_count":0,"_bbp_topic_count_hidden":0,"_bbp_reply_count_hidden":0,"_bbp_forum_subforum_count":0,"site-sidebar-layout":"no-sidebar","site-content-layout":"","ast-site-content-layout":"normal-width-container","site-content-style":"default","site-sidebar-style":"default","ast-global-header-display":"","ast-banner-title-visibility":"","ast-main-header-display":"","ast-hfb-above-header-display":"","ast-hfb-below-header-display":"","ast-hfb-mobile-header-display":"","site-post-title":"disabled","ast-breadcrumbs-content":"","ast-featured-img":"","footer-sml-layout":"","theme-transparent-header-meta":"default","adv-header-id-meta":"","stick-header-meta":"","header-above-stick-meta":"","header-main-stick-meta":"","header-below-stick-meta":"","astra-migrate-meta-layouts":"set","ast-page-background-enabled":"default","ast-page-background-meta":{"desktop":{"background-color":"var(--ast-global-color-4)","background-image":"","background-repeat":"repeat","background-position":"center center","background-size":"auto","background-attachment":"scroll","background-type":"","background-media":"","overlay-type":"","overlay-color":"","overlay-opacity":"","overlay-gradient":""},"tablet":{"background-color":"","background-image":"","background-repeat":"repeat","background-position":"center center","background-size":"auto","background-attachment":"scroll","background-type":"","background-media":"","overlay-type":"","overlay-color":"","overlay-opacity":"","overlay-gradient":""},"mobile":{"background-color":"","background-image":"","background-repeat":"repeat","background-position":"center center","background-size":"auto","background-attachment":"scroll","background-type":"","background-media":"","overlay-type":"","overlay-color":"","overlay-opacity":"","overlay-gradient":""}},"ast-content-background-meta":{"desktop":{"background-color":"var(--ast-global-color-5)","background-image":"","background-repeat":"repeat","background-position":"center center","background-size":"auto","background-attachment":"scroll","background-type":"","background-media":"","overlay-type":"","overlay-color":"","overlay-opacity":"","overlay-gradient":""},"tablet":{"background-color":"var(--ast-global-color-5)","background-image":"","background-repeat":"repeat","background-position":"center center","background-size":"auto","background-attachment":"scroll","background-type":"","background-media":"","overlay-type":"","overlay-color":"","overlay-opacity":"","overlay-gradient":""},"mobile":{"background-color":"var(--ast-global-color-5)","background-image":"","background-repeat":"repeat","background-position":"center center","background-size":"auto","background-attachment":"scroll","background-type":"","background-media":"","overlay-type":"","overlay-color":"","overlay-opacity":"","overlay-gradient":""}},"footnotes":""},"class_list":["post-25082","page","type-page","status-publish","has-post-thumbnail","hentry"],"post_mailing_queue_ids":[],"_links":{"self":[{"href":"https:\/\/serveiseducatius.xtec.cat\/bages\/wp-json\/wp\/v2\/pages\/25082","targetHints":{"allow":["GET"]}}],"collection":[{"href":"https:\/\/serveiseducatius.xtec.cat\/bages\/wp-json\/wp\/v2\/pages"}],"about":[{"href":"https:\/\/serveiseducatius.xtec.cat\/bages\/wp-json\/wp\/v2\/types\/page"}],"author":[{"embeddable":true,"href":"https:\/\/serveiseducatius.xtec.cat\/bages\/wp-json\/wp\/v2\/users\/1"}],"replies":[{"embeddable":true,"href":"https:\/\/serveiseducatius.xtec.cat\/bages\/wp-json\/wp\/v2\/comments?post=25082"}],"version-history":[{"count":6,"href":"https:\/\/serveiseducatius.xtec.cat\/bages\/wp-json\/wp\/v2\/pages\/25082\/revisions"}],"predecessor-version":[{"id":32776,"href":"https:\/\/serveiseducatius.xtec.cat\/bages\/wp-json\/wp\/v2\/pages\/25082\/revisions\/32776"}],"wp:featuredmedia":[{"embeddable":true,"href":"https:\/\/serveiseducatius.xtec.cat\/bages\/wp-json\/wp\/v2\/media\/31010"}],"wp:attachment":[{"href":"https:\/\/serveiseducatius.xtec.cat\/bages\/wp-json\/wp\/v2\/media?parent=25082"}],"curies":[{"name":"wp","href":"https:\/\/api.w.org\/{rel}","templated":true}]}}