{"id":9299,"date":"2018-05-16T11:01:38","date_gmt":"2018-05-16T09:01:38","guid":{"rendered":"http:\/\/serveiseducatius.xtec.cat\/badalona\/?page_id=9299"},"modified":"2018-06-28T10:43:30","modified_gmt":"2018-06-28T08:43:30","slug":"4a-jornada-de-biblioteques-escolars-biblioteques-publiques","status":"publish","type":"page","link":"https:\/\/serveiseducatius.xtec.cat\/badalona\/activitats\/pla-de-formacio-de-zona-pfz\/hem-fet\/4a-jornada-de-biblioteques-escolars-biblioteques-publiques\/","title":{"rendered":"4a Jornada de Biblioteques Escolars \u2013 Biblioteques P\u00fabliques"},"content":{"rendered":"<div align=\"left\">\n<p><img loading=\"lazy\" decoding=\"async\" class=\"wp-image-9340 aligncenter\" src=\"http:\/\/serveiseducatius.xtec.cat\/badalona\/wp-content\/uploads\/usu1088\/2018\/05\/4a-Jornada_BiblioBdn_banerbadabibilios.jpg\" alt=\"\" width=\"720\" height=\"303\" \/><\/p>\n<p><strong>4a JORNADA DE BIBLIOTEQUES DE BADALONA<\/strong><\/p>\n<p><span style=\"font-size: 36pt; font-family: verdana, geneva, sans-serif;\"><strong>LLEGIR PER APRENDRE<\/strong><\/span><\/p>\n<div>\n<p>&nbsp;<\/p>\n<p><span style=\"font-family: verdana, geneva, sans-serif; font-size: 10pt;\"><strong>BIBLIOTECA DE CAN CASACUBERTA\/ESPAI BET\u00daLIA<\/strong><\/span><br \/> <span style=\"font-family: verdana, geneva, sans-serif; font-size: 10pt;\"> <em>Carrer Moss\u00e8n Anton, 40-48 \u2013 Badalona<\/em>\u00a0<a title=\"mapa\" href=\"https:\/\/www.google.es\/maps\/place\/Carrer+Moss%C3%A8n+Anton,+40\/@41.4455305,2.2470701,17z\/data=!3m1!4b1!4m2!3m1!1s0x12a4bb13ead03675:0x448f26d3f3af8939\" target=\"_blank\" rel=\"noopener noreferrer\">m<\/a><a title=\"mapa\" href=\"https:\/\/www.google.es\/maps\/place\/Carrer+Moss%C3%A8n+Anton,+40\/@41.4455305,2.2470701,17z\/data=!3m1!4b1!4m2!3m1!1s0x12a4bb13ead03675:0x448f26d3f3af8939\" target=\"_blank\" rel=\"noopener noreferrer\">apa<\/a><\/span><br \/> <span style=\"font-family: verdana, geneva, sans-serif; font-size: 10pt;\"> Dimarts, 26 de juny de 2018<\/span><\/p>\n<\/div>\n<p><span style=\"font-family: verdana, geneva, sans-serif; font-size: 10pt;\">Les <strong>jornades de biblioteques de Badalona<\/strong>\u00a0s\u00f3n iniciativa de\u00a0la\u00a0<a href=\"https:\/\/view.genial.ly\/5926dde38b5b9f4e086bd1b1\/cdlb-una-experiencia-de-treball-\" target=\"_blank\" rel=\"noopener noreferrer\"><b>Comissi\u00f3\u00a0<\/b><b>de dinamitzaci\u00f3 lectora de Badalona,\u00a0<\/b><\/a>\u00a0de la qual formen part el <a href=\"http:\/\/serveiseducatius.xtec.cat\/badalona\" target=\"_blank\" rel=\"noopener noreferrer\">Servei Educatiu Ciutat de Badalona<\/a> del Departament d\u2019Ensenyament, representants de\u00a0l\u2019\u00c0mbit de Badalona Educadora de l\u2019Ajuntament de Badalona, a trav\u00e9s de la <a href=\"http:\/\/badabiblios.cat\/\" target=\"_blank\" rel=\"noopener noreferrer\">Xarxa Municipal de Biblioteques<\/a> del Servei de Cultura i de t\u00e8cnics del servei d\u2019Educaci\u00f3.<\/span><\/p>\n<\/div>\n<p><!--more--><\/p>\n<p align=\"justify\"><span style=\"font-family: verdana, geneva, sans-serif; font-size: 10pt;\">La jornada d\u2019enguany pret\u00e9n\u00a0donar continu\u00eftat a l&#8217;eix tem\u00e0tic iniciat a les dues Jornades anteriors dedicades, respectivament, a la lectura per plaer i a les experi\u00e8ncies de l&#8217;oralitat a partir de la lectura.<\/span><\/p>\n<p align=\"justify\"><span style=\"font-family: verdana, geneva, sans-serif; font-size: 10pt;\">Llegir per aprendre? Redundant s\u00ed! Qu\u00e8 \u00e9s llegir si no?\u00a0<\/span><\/p>\n<p align=\"justify\"><span style=\"font-family: verdana, geneva, sans-serif; font-size: 10pt;\">Amb aquest t\u00edtol hem volgut posar l&#8217;accent en la funci\u00f3 democratitzadora del coneixement que fan les biblioteques\u00a0 i en els llibres informatius o de coneixements i els nous formats que aquests van adoptant.<\/span><\/p>\n<p align=\"justify\"><span style=\"font-family: verdana, geneva, sans-serif; font-size: 10pt;\">En parlem el 26 de juny? Us esperem!<\/span><\/p>\n<p>&nbsp;<\/p>\n<p align=\"justify\"><span style=\"font-family: verdana, geneva, sans-serif; font-size: 10pt;\"><strong>Adre\u00e7ada a:<\/strong><\/span><\/p>\n<p align=\"justify\"><span style=\"font-family: verdana, geneva, sans-serif; font-size: 10pt;\">*\u00a0Professorat en general<\/span><br \/> <span style=\"font-family: verdana, geneva, sans-serif; font-size: 10pt;\"> * Responsables de biblioteques d\u2019escoles i instituts<\/span><br \/> <span style=\"font-family: verdana, geneva, sans-serif; font-size: 10pt;\"> * Monitors de biblioteques escolars<\/span><br \/> <span style=\"font-family: verdana, geneva, sans-serif; font-size: 10pt;\"> * Bibliotecaris i bibliotec\u00e0ries de biblioteques p\u00fabliques<\/span><br \/> <span style=\"font-family: verdana, geneva, sans-serif; font-size: 10pt;\"> * T\u00e8cnics de cultura o de biblioteques<\/span><\/p>\n<p align=\"justify\"><span style=\"font-family: verdana, geneva, sans-serif; font-size: 10pt;\"><strong>Horari:<\/strong><\/span><\/p>\n<table class=\"htmtableborders\" border=\"0\" width=\"776\">\n<tbody>\n<tr style=\"height: 26px;\" align=\"left\" valign=\"middle\">\n<td style=\"height: 26px;\" colspan=\"5\"><span style=\"font-family: verdana, geneva, sans-serif; font-size: 10pt;\"><strong>8:45-9:00<\/strong><strong>h.\u00a0\u00a0<\/strong>\u00a0<strong>Recepci\u00f3 d\u2018assistents<\/strong><\/span><\/td>\n<\/tr>\n<tr style=\"height: 26px;\">\n<td style=\"height: 26px;\" colspan=\"5\" valign=\"middle\"><span style=\"font-family: verdana, geneva, sans-serif; font-size: 10pt;\"><strong>9:00-9:15h.\u00a0 \u00a0<\/strong><strong>Benvinguda institucional i presentaci\u00f3 de la jornada<\/strong><\/span><\/td>\n<\/tr>\n<tr style=\"height: 26px;\">\n<td style=\"height: 26px;\" colspan=\"5\" valign=\"middle\">\n<p><span style=\"font-family: verdana, geneva, sans-serif; font-size: 10pt;\"><strong>9:15-10:15h.<\/strong><strong>\u00a0 \u00a0<\/strong><strong><strong>CONFER\u00c8NCIA:\u00a0<\/strong><\/strong><b>Libros con personalidad propia. La desmasificaci\u00f3n de los saberes, <\/b><span style=\"font-weight: 400;\">a c\u00e0rrec de Ana G. Lartitegui<\/span><strong><strong><br \/><\/strong><\/strong><\/span><\/p>\n<p><strong><a href=\"https:\/\/drive.google.com\/open?id=1GpWpf-n0A9OM9Dwb1eqeg6GJhoUSlyuW\" target=\"_blank\" rel=\"noopener noreferrer\">PRESENTACI\u00d3<\/a><\/strong><\/p>\n<p><strong><a href=\"https:\/\/drive.google.com\/open?id=0B5PkpVPlPO7tN01Pc3Q0UGQxcV9QeG5SODZhdGpIY1pBdFJr\" target=\"_blank\" rel=\"noopener noreferrer\">BIBLIOGRAFIA<\/a><\/strong><\/p>\n<\/td>\n<\/tr>\n<tr style=\"height: 24px;\">\n<td style=\"height: 24px;\" colspan=\"4\" valign=\"middle\" bgcolor=\"#FFFFFF\">\n<p><span style=\"font-family: verdana, geneva, sans-serif; font-size: 10pt;\"><strong>10.15-11.30h. Presentaci\u00f3 d\u2019experi\u00e8ncies: <\/strong><\/span><\/p>\n<p><span style=\"font-family: verdana, geneva, sans-serif; font-size: 10pt;\"><strong>10.15-11h.<\/strong>\u00a0<b>\u00c0lbums il\u00b7lustrats a la classe de ci\u00e8ncies (aplicat a prim\u00e0ria). <\/b><b>\u00a0<\/b><b>La novel\u00b7la com a context en l&#8217;educaci\u00f3 cient\u00edfica (aplicat a secund\u00e0ria)<\/b><b>,<\/b><span style=\"font-weight: 400;\"> a c\u00e0rrec de Neus Ferran,Isabel Pau i Conxita M\u00e1rquez. Departament de Did\u00e0ctica de la Matem\u00e0tica i de les Ci\u00e8ncies Experimentals. UAB.<\/span><\/span><\/p>\n<p><strong><a href=\"https:\/\/drive.google.com\/open?id=0B5PkpVPlPO7taXRNYk4tdjBPSi0zMmxHMFZwRFBydWtIUko0\" target=\"_blank\" rel=\"noopener noreferrer\">PRESENTACI\u00d3<\/a><\/strong><\/p>\n<p><strong><a href=\"https:\/\/drive.google.com\/open?id=0B5PkpVPlPO7tTGh2UEYzQ1FLVXhSWlVzTEgzazBHaHdUQnlj\" target=\"_blank\" rel=\"noopener noreferrer\">BIBLIOGRAFIA \u00c0LBUMS PRIM\u00c0RIA<\/a><\/strong><\/p>\n<p><strong><a href=\"https:\/\/drive.google.com\/open?id=0B5PkpVPlPO7tdlkxejhMTElkalNhMUtwVVdzU2hLVU05cGl3\" target=\"_blank\" rel=\"noopener noreferrer\">BIBLIOGRAFIA NOVEL\u00b7LES SECUND\u00c0RIA (1)<\/a><\/strong><\/p>\n<p><strong><a href=\"https:\/\/drive.google.com\/open?id=0B5PkpVPlPO7tV3R3VHQ3cVJpMVdMSDc1WHFMeDJnZzh2Smhr\" target=\"_blank\" rel=\"noopener noreferrer\">BIBLIOGRAFIA NOVEL\u00b7LES SECUND\u00c0RIA (i\u00a02)<\/a><\/strong><\/p>\n<p><span style=\"font-family: verdana, geneva, sans-serif; font-size: 10pt;\"><strong>11-11.30h.<\/strong>\u00a0<b>Debat a Bat<\/b><span style=\"font-weight: 400;\">, a c\u00e0rrec de Marta Puig, directora de la Biblioteca Santa Oliva d\u2019Olesa de Montserrat i Carla Canongia, directora de la biblioteca municipal l\u2019Ateneu d\u2019Esparraguera<\/span><\/span><\/p>\n<p><strong><a href=\"https:\/\/drive.google.com\/open?id=12-zzMIz_YdZbWjXPYkLO7OKo78L42Eq0\" target=\"_blank\" rel=\"noopener noreferrer\">PRESENTACI\u00d3<\/a><\/strong><\/p>\n<\/td>\n<\/tr>\n<tr style=\"height: 33px;\" align=\"left\" valign=\"top\">\n<td style=\"height: 33px;\" colspan=\"4\" valign=\"middle\"><span style=\"font-family: verdana, geneva, sans-serif; font-size: 10pt;\"><strong>11:30-12:00h.\u00a0 Pausa \/ esmorzar<\/strong><\/span><\/td>\n<\/tr>\n<tr style=\"height: 14px;\" align=\"left\" valign=\"top\">\n<td style=\"height: 14px;\" colspan=\"4\" valign=\"middle\">\n<p><span style=\"font-family: verdana, geneva, sans-serif; font-size: 10pt;\"><strong>12-13h. Presentaci\u00f3 d\u2019experi\u00e8ncies<\/strong> :<\/span><\/p>\n<p><span style=\"font-family: verdana, geneva, sans-serif; font-size: 10pt;\"><strong>12-12.45h.<\/strong>\u00a0<strong>La creaci\u00f3 d&#8217;un entorn col\u00b7lectiu d&#8217;aprenentatge<\/strong>, a c\u00e0rrec de Monica Ricart i Llach i Encarna P\u00e9rez Moreno de l&#8217;Escola Rosa Oriol de Lli\u00e7\u00e0 d\u2019Amunt<\/span><\/p>\n<p><strong><a href=\"https:\/\/drive.google.com\/open?id=0B5PkpVPlPO7tZGFDTmpJUVk0TDVKWndzcUtfYlloM1ppb1Fn\" target=\"_blank\" rel=\"noopener noreferrer\">PRESENTACI\u00d3<\/a><\/strong><\/p>\n<p><span style=\"font-family: verdana, geneva, sans-serif; font-size: 10pt;\"><strong>12.45-13h.<\/strong>\u00a0<b>La nostra Biblioteca : Un projecte compartit<\/b><span style=\"font-weight: 400;\">, a c\u00e0rrec de S\u00edlvia Viladrich, responsable ela biblioteca de l\u2019 Institut La Pineda de Badalona.<\/span><\/span><\/p>\n<p><strong><a href=\"https:\/\/drive.google.com\/open?id=0B5PkpVPlPO7tZ050SFlNUVE2NW1MRTJJM0tKU2s5eEhfcEs4\" target=\"_blank\" rel=\"noopener noreferrer\">PRESENTACI\u00d3<\/a><\/strong><\/p>\n<\/td>\n<\/tr>\n<tr style=\"height: 48px;\" align=\"left\" valign=\"top\">\n<td style=\"height: 48px;\" colspan=\"4\" valign=\"middle\"><span style=\"font-family: verdana, geneva, sans-serif; font-size: 10pt;\"><strong>13-13.15h. Torn obert de debat\/preguntes<\/strong><\/span><\/td>\n<\/tr>\n<tr style=\"height: 48px;\" align=\"left\" valign=\"middle\">\n<td style=\"height: 48px;\" colspan=\"5\">\n<p><span style=\"font-family: verdana, geneva, sans-serif; font-size: 10pt;\"><strong>13.15-13.30h. Bibliografia LIJ de coneixements, <\/strong>a c\u00e0rrec de Cl\u00e0udia Rosa<\/span><\/p>\n<p><strong><a href=\"https:\/\/drive.google.com\/open?id=1JrDwQD-T2Ax1R_U5B6xeqmaXf5Hxw2Fa\" target=\"_blank\" rel=\"noopener noreferrer\">PRESENTACI\u00d3<\/a><\/strong><\/p>\n<p><strong><a href=\"https:\/\/drive.google.com\/open?id=0B5PkpVPlPO7tRzF2a3Q2YVlyaGdJay16bjZNM1JHR2NmWkhj\" target=\"_blank\" rel=\"noopener noreferrer\">BIBLIOGRAFIA<\/a><\/strong><\/p>\n<\/td>\n<\/tr>\n<tr style=\"height: 33px;\" align=\"left\" valign=\"middle\">\n<td style=\"height: 33px;\" colspan=\"5\">\n<p><span style=\"font-family: verdana, geneva, sans-serif; font-size: 10pt;\"><strong><strong>13.30-14.00h.\u00a0<\/strong><\/strong><b>El llibre il\u00b7lustrat, descobrir i con\u00e8ixer,<\/b><span style=\"font-weight: 400;\"> a c\u00e0rrec de Saltamart\u00ed Llibres<\/span><strong><strong><br \/> <\/strong><\/strong>\u00a0a c\u00e0rrec de Saltamart\u00ed Llibres<\/span><\/p>\n<p><strong>PRESENTACI\u00d3<\/strong><\/p>\n<\/td>\n<\/tr>\n<tr style=\"height: 33px;\" align=\"left\" valign=\"middle\">\n<td style=\"height: 33px;\" colspan=\"5\"><span style=\"font-family: verdana, geneva, sans-serif; font-size: 10pt;\"><strong>14.00h.<\/strong>\u00a0<strong>Cloenda de la jornada<\/strong><\/span><\/td>\n<\/tr>\n<\/tbody>\n<\/table>\n<p align=\"justify\">\u00a0<\/p>\n<p align=\"justify\">Ho organitza:<\/p>\n<p align=\"justify\"><img loading=\"lazy\" decoding=\"async\" src=\"https:\/\/lh6.googleusercontent.com\/-_qlod4_cZQ8\/T8ckp1hPFeI\/AAAAAAAABA4\/1ARq29NRrkw\/s302\/Imagen4.jpg\" alt=\"logo ajuntament\" width=\"184\" height=\"34\" \/>\u00a0<img loading=\"lazy\" decoding=\"async\" src=\"https:\/\/lh6.googleusercontent.com\/-rYNgnFmtiJw\/U3mwT8RUqFI\/AAAAAAAADYo\/-TVMvt2BVbg\/w537-h328-no\/LOGO+BIBLIOTEQUES+BDN.jpg\" width=\"79\" height=\"41\" \/>\u00a0<img loading=\"lazy\" decoding=\"async\" src=\"https:\/\/lh6.googleusercontent.com\/-f0uOjaLrX-Q\/U2CYLJ9VVHI\/AAAAAAAAA_k\/onmUL3k8oW0\/s640\/Xarxa%2520Biblioteques%2520-%2520Horitzontal.jpg\" width=\"160\" height=\"26\" \/>\u00a0<img loading=\"lazy\" decoding=\"async\" src=\"https:\/\/lh5.googleusercontent.com\/-WwW0vIANzRg\/T8cruHopk6I\/AAAAAAAABDk\/GTja6icZNv0\/s454\/Dep%2520ensenyament.JPG\" alt=\"logo dep ensenyament\" width=\"130\" height=\"31\" \/>\u00a0<img loading=\"lazy\" decoding=\"async\" src=\"https:\/\/lh6.googleusercontent.com\/-8xMoJBWRC-g\/T8ckaoro-SI\/AAAAAAAABAY\/HeXkVYJi6Qc\/s400\/RGB_SE_ciutat%2520badalona-%2520petita.jpg\" alt=\"logo se badalona\" width=\"63\" height=\"38\" \/><\/p>\n","protected":false},"excerpt":{"rendered":"<p>4a JORNADA DE BIBLIOTEQUES DE BADALONA LLEGIR PER APRENDRE &nbsp; BIBLIOTECA DE CAN CASACUBERTA\/ESPAI BET\u00daLIA Carrer Moss\u00e8n Anton, 40-48 \u2013 [&hellip;]<\/p>\n","protected":false},"author":1,"featured_media":0,"parent":4536,"menu_order":0,"comment_status":"closed","ping_status":"closed","template":"","meta":{"_bbp_topic_count":0,"_bbp_reply_count":0,"_bbp_total_topic_count":0,"_bbp_total_reply_count":0,"_bbp_voice_count":0,"_bbp_anonymous_reply_count":0,"_bbp_topic_count_hidden":0,"_bbp_reply_count_hidden":0,"_bbp_forum_subforum_count":0,"site-sidebar-layout":"default","site-content-layout":"","ast-site-content-layout":"","site-content-style":"default","site-sidebar-style":"default","ast-global-header-display":"","ast-banner-title-visibility":"","ast-main-header-display":"","ast-hfb-above-header-display":"","ast-hfb-below-header-display":"","ast-hfb-mobile-header-display":"","site-post-title":"","ast-breadcrumbs-content":"","ast-featured-img":"","footer-sml-layout":"","theme-transparent-header-meta":"","adv-header-id-meta":"","stick-header-meta":"","header-above-stick-meta":"","header-main-stick-meta":"","header-below-stick-meta":"","astra-migrate-meta-layouts":"default","ast-page-background-enabled":"default","ast-page-background-meta":{"desktop":{"background-color":"var(--ast-global-color-4)","background-image":"","background-repeat":"repeat","background-position":"center center","background-size":"auto","background-attachment":"scroll","background-type":"","background-media":"","overlay-type":"","overlay-color":"","overlay-opacity":"","overlay-gradient":""},"tablet":{"background-color":"","background-image":"","background-repeat":"repeat","background-position":"center center","background-size":"auto","background-attachment":"scroll","background-type":"","background-media":"","overlay-type":"","overlay-color":"","overlay-opacity":"","overlay-gradient":""},"mobile":{"background-color":"","background-image":"","background-repeat":"repeat","background-position":"center center","background-size":"auto","background-attachment":"scroll","background-type":"","background-media":"","overlay-type":"","overlay-color":"","overlay-opacity":"","overlay-gradient":""}},"ast-content-background-meta":{"desktop":{"background-color":"var(--ast-global-color-5)","background-image":"","background-repeat":"repeat","background-position":"center center","background-size":"auto","background-attachment":"scroll","background-type":"","background-media":"","overlay-type":"","overlay-color":"","overlay-opacity":"","overlay-gradient":""},"tablet":{"background-color":"var(--ast-global-color-5)","background-image":"","background-repeat":"repeat","background-position":"center center","background-size":"auto","background-attachment":"scroll","background-type":"","background-media":"","overlay-type":"","overlay-color":"","overlay-opacity":"","overlay-gradient":""},"mobile":{"background-color":"var(--ast-global-color-5)","background-image":"","background-repeat":"repeat","background-position":"center center","background-size":"auto","background-attachment":"scroll","background-type":"","background-media":"","overlay-type":"","overlay-color":"","overlay-opacity":"","overlay-gradient":""}},"footnotes":""},"class_list":["post-9299","page","type-page","status-publish","hentry"],"post_mailing_queue_ids":[],"_links":{"self":[{"href":"https:\/\/serveiseducatius.xtec.cat\/badalona\/wp-json\/wp\/v2\/pages\/9299","targetHints":{"allow":["GET"]}}],"collection":[{"href":"https:\/\/serveiseducatius.xtec.cat\/badalona\/wp-json\/wp\/v2\/pages"}],"about":[{"href":"https:\/\/serveiseducatius.xtec.cat\/badalona\/wp-json\/wp\/v2\/types\/page"}],"author":[{"embeddable":true,"href":"https:\/\/serveiseducatius.xtec.cat\/badalona\/wp-json\/wp\/v2\/users\/1"}],"replies":[{"embeddable":true,"href":"https:\/\/serveiseducatius.xtec.cat\/badalona\/wp-json\/wp\/v2\/comments?post=9299"}],"version-history":[{"count":3,"href":"https:\/\/serveiseducatius.xtec.cat\/badalona\/wp-json\/wp\/v2\/pages\/9299\/revisions"}],"predecessor-version":[{"id":9486,"href":"https:\/\/serveiseducatius.xtec.cat\/badalona\/wp-json\/wp\/v2\/pages\/9299\/revisions\/9486"}],"up":[{"embeddable":true,"href":"https:\/\/serveiseducatius.xtec.cat\/badalona\/wp-json\/wp\/v2\/pages\/4536"}],"wp:attachment":[{"href":"https:\/\/serveiseducatius.xtec.cat\/badalona\/wp-json\/wp\/v2\/media?parent=9299"}],"curies":[{"name":"wp","href":"https:\/\/api.w.org\/{rel}","templated":true}]}}