{"id":6547,"date":"2017-02-13T14:56:10","date_gmt":"2017-02-13T13:56:10","guid":{"rendered":"http:\/\/serveiseducatius.xtec.cat\/badalona\/?page_id=6547"},"modified":"2021-03-10T15:24:52","modified_gmt":"2021-03-10T14:24:52","slug":"tr-enllacos-dinteres","status":"publish","type":"page","link":"https:\/\/serveiseducatius.xtec.cat\/badalona\/jornades-cientifiques-densenyament-secundari\/tr-enllacos-dinteres\/","title":{"rendered":"Treball de Recerca: enlla\u00e7os d&#8217;inter\u00e8s"},"content":{"rendered":"<p>&nbsp;<\/p>\n<table border=\"0\" width=\"75%\">\n<tbody>\n<tr>\n<td rowspan=\"2\" align=\"left\" valign=\"top\" width=\"19%\">\n<div><img loading=\"lazy\" decoding=\"async\" class=\"alignnone  wp-image-15858\" src=\"https:\/\/serveiseducatius.xtec.cat\/badalona\/wp-content\/uploads\/usu1088\/2021\/03\/tr300x300.jpg\" alt=\"\" width=\"208\" height=\"208\" srcset=\"https:\/\/serveiseducatius.xtec.cat\/badalona\/wp-content\/uploads\/usu1088\/2021\/03\/tr300x300.jpg 300w, https:\/\/serveiseducatius.xtec.cat\/badalona\/wp-content\/uploads\/usu1088\/2021\/03\/tr300x300-150x150.jpg 150w\" sizes=\"auto, (max-width: 208px) 100vw, 208px\" \/><\/div>\n<\/td>\n<td colspan=\"2\" align=\"left\" valign=\"top\" bgcolor=\"#87B7ED\"><b><span style=\"color: #cc0000; font-family: Geneva, Arial, Helvetica, san-serif; font-size: medium;\">Enlla\u00e7os d&#8217;inter\u00e8s&#8230;<\/span><\/b><\/td>\n<\/tr>\n<tr>\n<td align=\"left\" valign=\"top\" width=\"43%\" height=\"255\">\n<p><span style=\"font-family: Geneva, Arial, Helvetica, san-serif; font-size: medium;\"><b><a href=\"http:\/\/www.edu365.cat\/batxillerat\/comfer\/recerca\/index.htm\" target=\"_blank\" rel=\"nofollow noopener noreferrer\">El treball de recerca: <\/a><\/b><a href=\"http:\/\/www.edu365.cat\/batxillerat\/comfer\/recerca\/index.htm\" rel=\"nofollow\">El treball de recerca \u00e9s un treball d&#8217;investigaci\u00f3 que ha de realitzar tot l&#8217;alumnat de batxillerat. Aquest treball:<\/a><\/span><\/p>\n<ul>\n<li><a href=\"http:\/\/www.edu365.cat\/batxillerat\/comfer\/recerca\/index.htm\" rel=\"nofollow\"><span style=\"font-family: Geneva, Arial, Helvetica, san-serif;\">\u00c9s una petita investigaci\u00f3.<\/span><\/a><\/li>\n<li><a href=\"http:\/\/www.edu365.cat\/batxillerat\/comfer\/recerca\/index.htm\" rel=\"nofollow\"><span style=\"font-family: Geneva, Arial, Helvetica, san-serif;\">Pot estar emmarcat dins d&#8217;una mat\u00e8ria o pot ser interdisciplinar.<\/span><\/a><\/li>\n<li><a href=\"http:\/\/www.edu365.cat\/batxillerat\/comfer\/recerca\/index.htm\" rel=\"nofollow\"><span style=\"font-family: Geneva, Arial, Helvetica, san-serif;\">Est\u00e0 dirigit per un professor\/a &#8211; tutor\/a.<\/span><\/a><\/li>\n<li><a href=\"http:\/\/www.edu365.cat\/batxillerat\/comfer\/recerca\/index.htm\" rel=\"nofollow\"><span style=\"font-family: Geneva, Arial, Helvetica, san-serif;\">Equival a 2 cr\u00e8dits i representa el 10% de la qualificaci\u00f3 final del batxillerat.<\/span><\/a><\/li>\n<li><a href=\"http:\/\/www.edu365.cat\/batxillerat\/comfer\/recerca\/index.htm\" rel=\"nofollow\"><span style=\"font-family: Geneva, Arial, Helvetica, san-serif;\">Es presenta per escrit i oralment.<\/span><\/a><\/li>\n<li><a href=\"http:\/\/www.edu365.cat\/batxillerat\/comfer\/recerca\/index.htm\" rel=\"nofollow\"><span style=\"font-family: Geneva, Arial, Helvetica, san-serif;\">S&#8217;avalua tenint en compte l&#8217;actuaci\u00f3 durant la realitzaci\u00f3 del treball, l&#8217;informe escrit i la presentaci\u00f3 oral.<\/span><\/a><\/li>\n<\/ul>\n<p align=\"left\"><a href=\"http:\/\/www.edu365.cat\/batxillerat\/comfer\/recerca\/index.htm\" rel=\"nofollow\"><span style=\"font-family: Geneva, Arial, Helvetica, san-serif; font-size: small;\">Exemples, propostes de treball&#8230;..<\/span><\/a><\/p>\n<div>\u00a0<\/div>\n<\/td>\n<td align=\"left\" valign=\"top\" width=\"38%\" height=\"255\">\u00a0<\/td>\n<\/tr>\n<\/tbody>\n<\/table>\n<table border=\"0\">\n<tbody>\n<tr bgcolor=\"#0B245D\">\n<td colspan=\"3\"><b><span style=\"color: #ffffff; font-family: verdana, sans-serif; font-size: small;\">Altres enlla\u00e7os:<\/span><\/b><\/td>\n<\/tr>\n<tr>\n<td align=\"left\" valign=\"top\">\u00a0<\/td>\n<td colspan=\"2\" align=\"left\" valign=\"top\"><span style=\"font-family: verdana, sans-serif; font-size: small;\"><a href=\"http:\/\/www.occ.upf.edu\/img\/imatges_cms\/manualposters.pdf\" target=\"_blank\" rel=\"nofollow noopener noreferrer\">Taller: Els p\u00f2sters cient\u00edfics<\/a><br \/>\n<a href=\"http:\/\/www.recercaenaccio.cat\/agaur_reac\/AppJava\/ca\/index.jsp\" target=\"_blank\" rel=\"nofollow noopener noreferrer\">Recerca en acci\u00f3 <\/a><br \/>\n<a title=\"Al formulari de subscripci\u00f3\" href=\"http:\/\/www.recercaenaccio.cat\/agaur_reac\/AppJava\/ca\/subscripcio.jsp\" rel=\"nofollow\"><b>Subscriu-t&#8217;hi!\u00a0<\/b>Descobreix la recerca, experimenta i participa<\/a><\/span><\/td>\n<\/tr>\n<tr>\n<td>&nbsp;<\/td>\n<td colspan=\"2\"><span style=\"font-family: verdana, sans-serif; font-size: small;\"><a href=\"http:\/\/www.xtec.es\/~fsala\/tr\/iniciar.htm\" target=\"_blank\" rel=\"nofollow noopener noreferrer\">El treball de recerca: guia per orientar-se, quadern de treball, fonts d&#8217;informaci\u00f3..<\/a><\/span><\/td>\n<\/tr>\n<tr>\n<td>&nbsp;<\/td>\n<td colspan=\"2\"><span style=\"font-family: verdana, sans-serif; font-size: small;\"><a href=\"http:\/\/www.xtec.es\/sgfp\/matform\/matrecerca\/\" target=\"_blank\" rel=\"nofollow noopener noreferrer\">Treball de recerca al batxillerat : Materials lliurats en els cursos de formaci\u00f3<\/a><\/span><\/td>\n<\/tr>\n<tr>\n<td>&nbsp;<\/td>\n<td colspan=\"2\"><span style=\"font-family: verdana, sans-serif; font-size: small;\"><a href=\"http:\/\/www.edu365.cat\/aulanet\/comsoc\/\" target=\"_blank\" rel=\"nofollow noopener noreferrer\">Tutories virtuals per a recerques. Laboratori virtual<\/a><\/span><\/td>\n<\/tr>\n<tr>\n<td><span style=\"font-family: verdana, sans-serif; font-size: small;\">\u00a0<\/span><\/td>\n<td colspan=\"2\"><a href=\"http:\/\/www.xtec.cat\/cdec\/recerca\/recerca.htm\" target=\"_blank\" rel=\"nofollow noopener noreferrer\"><span style=\"font-family: verdana, sans-serif; font-size: small;\">Treball de recerca al CDECT<\/span><\/a><\/td>\n<\/tr>\n<tr>\n<td>&nbsp;<\/td>\n<td colspan=\"2\"><a href=\"http:\/\/www10.gencat.net\/dursi\/ca\/re\/premis_cirit.htm\" target=\"_blank\" rel=\"nofollow noopener noreferrer\"><span style=\"font-family: verdana, sans-serif; font-size: small;\">Premis CIRIT<\/span><\/a><\/td>\n<\/tr>\n<tr>\n<td><span style=\"font-family: verdana, sans-serif; font-size: small;\">\u00a0<\/span><\/td>\n<td colspan=\"2\"><a href=\"http:\/\/www.magmarecerca.org\/cat\/exporecerca\/exporecerca.htm\" target=\"_blank\" rel=\"nofollow noopener noreferrer\"><span style=\"font-family: verdana, sans-serif; font-size: small;\">Exporecerca jove<\/span><\/a><\/td>\n<\/tr>\n<tr>\n<td>&nbsp;<\/td>\n<td colspan=\"2\"><a href=\"http:\/\/www.scf-iec.org\/activitats\/conv.htm\" target=\"_blank\" rel=\"nofollow noopener noreferrer\"><span style=\"font-family: verdana, sans-serif; font-size: small;\">Societat Catalana de F\u00edsica. Premi per als treballs de recerca de batxillerat<\/span><\/a><\/td>\n<\/tr>\n<tr>\n<td><span style=\"font-family: verdana, sans-serif; font-size: small;\">\u00a0<\/span><\/td>\n<td colspan=\"2\"><a href=\"http:\/\/www.pcb.ub.es\/homepcb\/live\/ct\/p1926.asp\" target=\"_blank\" rel=\"nofollow noopener noreferrer\"><span style=\"font-family: verdana, sans-serif; font-size: small;\">Programa recerca a secund\u00e0ria<\/span><\/a><\/td>\n<\/tr>\n<tr>\n<td><span style=\"font-family: verdana, sans-serif; font-size: small;\">\u00a0<\/span><\/td>\n<td colspan=\"2\"><a href=\"http:\/\/www.edu365.cat\/eso\/muds\/ciencies\/minut_de_ciencia\/\" target=\"_blank\" rel=\"nofollow noopener noreferrer\"><span style=\"font-family: verdana, sans-serif; font-size: small;\">Un minut de ci\u00e8ncia si-us plau. Col\u00b7lecci\u00f3 de v\u00eddeos de curta durada sobre temes cient\u00edfics<\/span><\/a><\/td>\n<\/tr>\n<tr>\n<td><span style=\"font-family: verdana, sans-serif; font-size: small;\">\u00a0<\/span><\/td>\n<td colspan=\"2\"><a href=\"http:\/\/www.alehoop.info\/\" target=\"_blank\" rel=\"nofollow noopener noreferrer\"><span style=\"font-family: verdana, sans-serif; font-size: small;\">Recursos en l\u00ednia per elaborar treballs de recerca<\/span><\/a><\/td>\n<\/tr>\n<\/tbody>\n<\/table>\n","protected":false},"excerpt":{"rendered":"<p>&nbsp; Enlla\u00e7os d&#8217;inter\u00e8s&#8230; El treball de recerca: El treball de recerca \u00e9s un treball d&#8217;investigaci\u00f3 que ha de realitzar tot [&hellip;]<\/p>\n","protected":false},"author":1,"featured_media":0,"parent":1771,"menu_order":0,"comment_status":"closed","ping_status":"closed","template":"","meta":{"_bbp_topic_count":0,"_bbp_reply_count":0,"_bbp_total_topic_count":0,"_bbp_total_reply_count":0,"_bbp_voice_count":0,"_bbp_anonymous_reply_count":0,"_bbp_topic_count_hidden":0,"_bbp_reply_count_hidden":0,"_bbp_forum_subforum_count":0,"site-sidebar-layout":"default","site-content-layout":"","ast-site-content-layout":"","site-content-style":"default","site-sidebar-style":"default","ast-global-header-display":"","ast-banner-title-visibility":"","ast-main-header-display":"","ast-hfb-above-header-display":"","ast-hfb-below-header-display":"","ast-hfb-mobile-header-display":"","site-post-title":"","ast-breadcrumbs-content":"","ast-featured-img":"","footer-sml-layout":"","theme-transparent-header-meta":"","adv-header-id-meta":"","stick-header-meta":"","header-above-stick-meta":"","header-main-stick-meta":"","header-below-stick-meta":"","astra-migrate-meta-layouts":"default","ast-page-background-enabled":"default","ast-page-background-meta":{"desktop":{"background-color":"var(--ast-global-color-4)","background-image":"","background-repeat":"repeat","background-position":"center center","background-size":"auto","background-attachment":"scroll","background-type":"","background-media":"","overlay-type":"","overlay-color":"","overlay-opacity":"","overlay-gradient":""},"tablet":{"background-color":"","background-image":"","background-repeat":"repeat","background-position":"center center","background-size":"auto","background-attachment":"scroll","background-type":"","background-media":"","overlay-type":"","overlay-color":"","overlay-opacity":"","overlay-gradient":""},"mobile":{"background-color":"","background-image":"","background-repeat":"repeat","background-position":"center center","background-size":"auto","background-attachment":"scroll","background-type":"","background-media":"","overlay-type":"","overlay-color":"","overlay-opacity":"","overlay-gradient":""}},"ast-content-background-meta":{"desktop":{"background-color":"var(--ast-global-color-5)","background-image":"","background-repeat":"repeat","background-position":"center center","background-size":"auto","background-attachment":"scroll","background-type":"","background-media":"","overlay-type":"","overlay-color":"","overlay-opacity":"","overlay-gradient":""},"tablet":{"background-color":"var(--ast-global-color-5)","background-image":"","background-repeat":"repeat","background-position":"center center","background-size":"auto","background-attachment":"scroll","background-type":"","background-media":"","overlay-type":"","overlay-color":"","overlay-opacity":"","overlay-gradient":""},"mobile":{"background-color":"var(--ast-global-color-5)","background-image":"","background-repeat":"repeat","background-position":"center center","background-size":"auto","background-attachment":"scroll","background-type":"","background-media":"","overlay-type":"","overlay-color":"","overlay-opacity":"","overlay-gradient":""}},"footnotes":""},"class_list":["post-6547","page","type-page","status-publish","hentry"],"post_mailing_queue_ids":[],"_links":{"self":[{"href":"https:\/\/serveiseducatius.xtec.cat\/badalona\/wp-json\/wp\/v2\/pages\/6547","targetHints":{"allow":["GET"]}}],"collection":[{"href":"https:\/\/serveiseducatius.xtec.cat\/badalona\/wp-json\/wp\/v2\/pages"}],"about":[{"href":"https:\/\/serveiseducatius.xtec.cat\/badalona\/wp-json\/wp\/v2\/types\/page"}],"author":[{"embeddable":true,"href":"https:\/\/serveiseducatius.xtec.cat\/badalona\/wp-json\/wp\/v2\/users\/1"}],"replies":[{"embeddable":true,"href":"https:\/\/serveiseducatius.xtec.cat\/badalona\/wp-json\/wp\/v2\/comments?post=6547"}],"version-history":[{"count":3,"href":"https:\/\/serveiseducatius.xtec.cat\/badalona\/wp-json\/wp\/v2\/pages\/6547\/revisions"}],"predecessor-version":[{"id":15860,"href":"https:\/\/serveiseducatius.xtec.cat\/badalona\/wp-json\/wp\/v2\/pages\/6547\/revisions\/15860"}],"up":[{"embeddable":true,"href":"https:\/\/serveiseducatius.xtec.cat\/badalona\/wp-json\/wp\/v2\/pages\/1771"}],"wp:attachment":[{"href":"https:\/\/serveiseducatius.xtec.cat\/badalona\/wp-json\/wp\/v2\/media?parent=6547"}],"curies":[{"name":"wp","href":"https:\/\/api.w.org\/{rel}","templated":true}]}}