{"id":6530,"date":"2017-02-13T13:34:49","date_gmt":"2017-02-13T12:34:49","guid":{"rendered":"http:\/\/serveiseducatius.xtec.cat\/badalona\/?page_id=6530"},"modified":"2021-03-10T10:36:12","modified_gmt":"2021-03-10T09:36:12","slug":"conferencies-la-ciencia-en-primera-persona","status":"publish","type":"page","link":"https:\/\/serveiseducatius.xtec.cat\/badalona\/jornades-cientifiques-densenyament-secundari\/conferencies-la-ciencia-en-primera-persona\/","title":{"rendered":"Confer\u00e8ncies: ci\u00e8ncia en primera persona"},"content":{"rendered":"<p style=\"text-align: justify;\"><img loading=\"lazy\" decoding=\"async\" class=\" wp-image-6539 alignright\" src=\"http:\/\/serveiseducatius.xtec.cat\/badalona\/wp-content\/uploads\/usu1088\/2017\/02\/cienciaenprimerapersona-e1486992996942.jpg\" alt=\"cienciaenprimerapersona\" width=\"308\" height=\"174\" \/>El <a href=\"http:\/\/xtec.gencat.cat\/ca\/\" target=\"_blank\" rel=\"noopener noreferrer\">Departament d&#8217;Educaci\u00f3<\/a>, conjuntament amb la <a href=\"http:\/\/www.fundaciorecerca.cat\/ca\/index.asp\" target=\"_blank\" rel=\"noopener noreferrer\">Fundaci\u00f3 Catalana per a la Recerca i la Innovaci\u00f3 (FCRI)<\/a>, vol promoure el <a href=\"http:\/\/www.xtec.cat\/agenda\/diaciencia08\/\" target=\"_blank\" rel=\"nofollow noopener noreferrer\">Dia de la Ci\u00e8ncia<\/a> amb l&#8217;objectiu fonamental de despertar i potenciar l&#8217;inter\u00e8s dels m\u00e9s joves vers la ci\u00e8ncia i la tecnologia.<\/p>\n<p style=\"text-align: justify;\">Cada any, durant la <strong><a href=\"http:\/\/xtec.gencat.cat\/ca\/innovacio\/setmanadelaciencia\/\" target=\"_blank\" rel=\"noopener noreferrer\">Setmana de la Ci\u00e8ncia<\/a><\/strong>\u00a0(al mes de novembre),\u00a0es planifiquen\u00a0m\u00e9s d&#8217;un centenar de <a href=\"http:\/\/srvcnpbs.xtec.cat\/cse\/dia_ciencia_publica\/Conferencies_publiqueslist.php\"><strong>xerrades-col\u00b7loqui<\/strong><\/a> a tot el territori catal\u00e0 adre\u00e7ades a l&#8217;alumnat de <strong>4t d&#8217;ESO<\/strong>. Aquestes sessions van a c\u00e0rrec d&#8217;investigadors i d&#8217;investigadores que expliquen la seva tasca, tant des del vessant del treball cient\u00edfic com hum\u00e0, i s&#8217;emmarquen dins l&#8217;activitat <strong>Ci\u00e8ncia en primera persona<\/strong>.<\/p>\n<p style=\"text-align: justify;\">Les confer\u00e8ncies s&#8217;organitzen\u00a0en l&#8217;\u00e0mbit de cada Servei Educatiu de Zona. Si esteu interessats en acollir alguna de les confer\u00e8ncies que ens concedeixin, contacteu amb el CRP.<\/p>\n<p><strong>Hist\u00f2ric de confer\u00e8ncies realitzades a Badalona:<\/strong><\/p>\n<table style=\"width: 739px;\">\n<tbody>\n<tr style=\"height: 32px;\">\n<td style=\"width: 71px; background-color: #ff7700; height: 32px;\"><span style=\"font-size: 12pt; color: #ffffff;\"><strong>Curs<\/strong><\/span><\/td>\n<td style=\"width: 300px; background-color: #ff7700; height: 32px;\"><span style=\"font-size: 12pt; color: #ffffff;\"><strong>T\u00edtol<\/strong><\/span><\/td>\n<td style=\"width: 135px; background-color: #ff7700; height: 32px;\"><span style=\"font-size: 12pt; color: #ffffff;\"><strong>Ponent<\/strong><\/span><\/td>\n<td style=\"width: 221px; background-color: #ff7700; height: 32px;\"><span style=\"font-size: 12pt; color: #ffffff;\"><strong>Centre on s&#8217;ha realitzat<\/strong><\/span><\/td>\n<\/tr>\n<tr>\n<td style=\"width: 71px; background-color: #ff7700;\"><strong><span style=\"color: #ffffff;\">\u00a0<\/span><\/strong><\/td>\n<td style=\"width: 300px;\">\u00a0<\/td>\n<td style=\"width: 135px;\">\u00a0<\/td>\n<td style=\"width: 221px;\">\u00a0<\/td>\n<\/tr>\n<tr>\n<td style=\"width: 71px; background-color: #ff7700;\"><strong><span style=\"color: #ffffff;\">\u00a0<\/span><\/strong><\/td>\n<td style=\"width: 300px;\">\u00a0<\/td>\n<td style=\"width: 135px;\">\u00a0<\/td>\n<td style=\"width: 221px;\">\u00a0<\/td>\n<\/tr>\n<tr>\n<td style=\"width: 71px; background-color: #ff7700;\"><strong><span style=\"color: #ffffff;\">2018-19<\/span><\/strong><\/td>\n<td style=\"width: 300px;\"><a href=\"http:\/\/srvcnpbs.xtec.cat\/cse\/fitxers\/dia_ciencia\/fitxa_dc2018_i_casanovasst.docx\" target=\"_blank\" rel=\"noopener noreferrer\">Retornant els f\u00f2ssils a la vida\u00a0<\/a><\/td>\n<td style=\"width: 135px;\">\u00a0Isaac Casanovas<\/td>\n<td style=\"width: 221px;\">INS Baetulo<\/td>\n<\/tr>\n<tr>\n<td style=\"width: 71px; background-color: #ff7700;\"><strong><span style=\"color: #ffffff;\">\u00a0<\/span><\/strong><\/td>\n<td style=\"width: 300px;\">\u00a0<\/td>\n<td style=\"width: 135px;\">\u00a0<\/td>\n<td style=\"width: 221px;\">INS Enric Borr\u00e0s<\/td>\n<\/tr>\n<tr>\n<td style=\"width: 71px; background-color: #ff7700;\"><strong><span style=\"color: #ffffff;\">2017-18<\/span><\/strong><\/td>\n<td style=\"width: 300px;\"><a href=\"http:\/\/srvcnpbs.xtec.cat\/cse\/fitxers\/dia_ciencia\/fitxa_dc2017_cb.pdf\" target=\"_blank\" rel=\"noopener noreferrer\">Criptografia. De l&#8217;esc\u00edtala al whatsapp<\/a><\/td>\n<td style=\"width: 135px;\">Carlos Borrego<\/td>\n<td style=\"width: 221px;\">INS Ventura Gassol<\/td>\n<\/tr>\n<tr>\n<td style=\"width: 71px; background-color: #ff7700;\"><strong><span style=\"color: #ffffff;\">\u00a0<\/span><\/strong><\/td>\n<td style=\"width: 300px;\"><a href=\"http:\/\/srvcnpbs.xtec.cat\/cse\/fitxers\/dia_ciencia\/fitxa_dc2017_vg.pdf\" target=\"_blank\" rel=\"noopener noreferrer\">Mecanobiologia: Com senten i responen les c\u00e8l\u00b7lules a la for\u00e7a?<\/a><\/td>\n<td style=\"width: 135px;\">V\u00edctor Gonz\u00e1lez<\/td>\n<td style=\"width: 221px;\">C Garb\u00ed &#8211; Pere Verg\u00e9s<\/td>\n<\/tr>\n<tr style=\"height: 31px;\">\n<td style=\"width: 71px; background-color: #ff7700; height: 31px;\"><strong><span style=\"color: #ffffff;\">2016-17<\/span><\/strong><\/td>\n<td style=\"width: 300px; height: 31px;\"><a href=\"http:\/\/srvcnpbs.xtec.cat\/cse\/fitxers\/dia_ciencia\/fitca_dc16_dr.pdf\" target=\"_blank\" rel=\"noopener noreferrer\">El Universo elegante<\/a><\/td>\n<td style=\"width: 135px; height: 31px;\">Daniel Rivas<\/td>\n<td style=\"width: 221px; height: 31px;\">INS Badalona VII<\/td>\n<\/tr>\n<tr style=\"height: 46px;\">\n<td style=\"width: 71px; background-color: #ff7700; height: 46px;\"><strong><span style=\"color: #ffffff;\">\u00a0<\/span><\/strong><\/td>\n<td style=\"width: 300px; height: 46px;\"><a href=\"http:\/\/srvcnpbs.xtec.cat\/cse\/fitxers\/dia_ciencia\/silvia_fornale_fitxa_dc2016st.docx\" target=\"_blank\" rel=\"noopener noreferrer\">La revoluci\u00f3 verda: plantes mestres, enginyeres i metgesses<\/a><\/td>\n<td style=\"width: 135px; height: 46px;\">Silvia Fornal\u00e8<\/td>\n<td style=\"width: 221px; height: 46px;\">C Maristes Champagnat<\/td>\n<\/tr>\n<tr style=\"height: 31px;\">\n<td style=\"width: 71px; background-color: #ff7700; height: 31px;\"><strong><span style=\"color: #ffffff;\">2015-16<\/span><\/strong><\/td>\n<td style=\"width: 300px; height: 31px;\"><a href=\"http:\/\/srvcnpbs.xtec.cat\/cse\/fitxers\/dia_ciencia\/fitxa_2015(3).docx\" target=\"_blank\" rel=\"noopener noreferrer\">Angelina Jolie, gen\u00e8tica i c\u00e0ncer<\/a><\/td>\n<td style=\"width: 135px; height: 31px;\">Ignacio Blanco<\/td>\n<td style=\"width: 221px; height: 31px;\">INS Pau Casals<\/td>\n<\/tr>\n<tr style=\"height: 31px;\">\n<td style=\"width: 71px; background-color: #ff7700; height: 31px;\"><strong><span style=\"color: #ffffff;\">\u00a0<\/span><\/strong><\/td>\n<td style=\"width: 300px; height: 31px;\"><a href=\"http:\/\/srvcnpbs.xtec.cat\/cse\/fitxers\/dia_ciencia\/fitca_dc16_dr.pdf\" target=\"_blank\" rel=\"noopener noreferrer\">El Universo elegante<\/a><\/td>\n<td style=\"width: 135px; height: 31px;\">Daniel Rivas<\/td>\n<td style=\"width: 221px; height: 31px;\">C Badalon\u00e8s<\/td>\n<\/tr>\n<tr style=\"height: 46px;\">\n<td style=\"width: 71px; background-color: #ff7700; height: 46px;\"><strong><span style=\"color: #ffffff;\">\u00a0<\/span><\/strong><\/td>\n<td style=\"width: 300px; height: 46px;\"><a href=\"http:\/\/srvcnpbs.xtec.cat\/cse\/fitxers\/dia_ciencia\/fitxa_dc2015_corcellas.pdf\" target=\"_blank\" rel=\"noopener noreferrer\">Tecnologia dels aliments, una ci\u00e8ncia d\u2019aplicaci\u00f3 di\u00e0ria<\/a><\/td>\n<td style=\"width: 135px; height: 46px;\">Cayo Corcellas<\/td>\n<td style=\"width: 221px; height: 46px;\">INS Pompeu Fabra<\/td>\n<\/tr>\n<tr style=\"height: 46px;\">\n<td style=\"width: 71px; background-color: #ff7700; height: 46px;\"><strong><span style=\"color: #ffffff;\">2014-15<\/span><\/strong><\/td>\n<td style=\"width: 300px; height: 46px;\"><a href=\"http:\/\/srvcnpbs.xtec.cat\/cse\/fitxers\/dia_ciencia\/jserrallonga_fitxa_2013def(1).doc\" target=\"_blank\" rel=\"noopener noreferrer\">Darwin, Indiana Jones i un cient\u00edfic a l&#8217;\u00c0frica: a la recerca dels nostres or\u00edgens<\/a><\/td>\n<td style=\"width: 135px; height: 46px;\">Jordi Serrallonga<\/td>\n<td style=\"width: 221px; height: 46px;\">INS J\u00falia Minguell<\/td>\n<\/tr>\n<tr style=\"height: 31px;\">\n<td style=\"width: 71px; background-color: #ff7700; height: 31px;\"><strong><span style=\"color: #ffffff;\">\u00a0<\/span><\/strong><\/td>\n<td style=\"width: 300px; height: 31px;\"><a href=\"http:\/\/srvcnpbs.xtec.cat\/cse\/fitxers\/dia_ciencia\/fitxa_2014(2).doc\" target=\"_blank\" rel=\"noopener noreferrer\">Investigaci\u00f3n en c\u00e1ncer<\/a><\/td>\n<td style=\"width: 135px; height: 31px;\">Joaquin Arribas<\/td>\n<td style=\"width: 221px; height: 31px;\">INS Isaac Alb\u00e8niz<\/td>\n<\/tr>\n<tr style=\"height: 46px;\">\n<td style=\"width: 71px; background-color: #ff7700; height: 46px;\"><strong><span style=\"color: #ffffff;\">2013-14<\/span><\/strong><\/td>\n<td style=\"width: 300px; height: 46px;\"><a href=\"http:\/\/srvcnpbs.xtec.cat\/cse\/fitxers\/dia_ciencia\/jserrallonga_fitxa_2013def(1).doc\" target=\"_blank\" rel=\"noopener noreferrer\">Darwin, Indiana Jones i un cient\u00edfic a l&#8217;\u00c0frica: a la recerca dels nostres or\u00edgens<\/a><\/td>\n<td style=\"width: 135px; height: 46px;\">Jordi Serrallonga<\/td>\n<td style=\"width: 221px; height: 46px;\">INS La Pineda<\/td>\n<\/tr>\n<tr style=\"height: 46px;\">\n<td style=\"width: 71px; background-color: #ff7700; height: 46px;\"><strong><span style=\"color: #ffffff;\">\u00a0<\/span><\/strong><\/td>\n<td style=\"width: 300px; height: 46px;\"><a href=\"http:\/\/srvcnpbs.xtec.cat\/cse\/fitxers\/dia_ciencia\/fitxa_2013def_jarbiol2.docx\" target=\"_blank\" rel=\"noopener noreferrer\">Veient els \u00e0toms de prop: un viatge al NanoM\u00f3n<\/a><\/td>\n<td style=\"width: 135px; height: 46px;\">Jordi Arbiol<\/td>\n<td style=\"width: 221px; height: 46px;\">C Sant Andreu<\/td>\n<\/tr>\n<tr style=\"height: 31px;\">\n<td style=\"width: 71px; background-color: #ff7700; height: 31px;\"><strong><span style=\"color: #ffffff;\">\u00a0<\/span><\/strong><\/td>\n<td style=\"width: 300px; height: 31px;\"><a href=\"http:\/\/srvcnpbs.xtec.cat\/cse\/fitxers\/dia_ciencia\/gustaucatalan_fitxa_2013def2.docx\" target=\"_blank\" rel=\"noopener noreferrer\">La mida s\u00ed importa&#8230;<\/a><\/td>\n<td style=\"width: 135px; height: 31px;\">Gustau Catalan<\/td>\n<td style=\"width: 221px; height: 31px;\">INS Barres i Ones<\/td>\n<\/tr>\n<tr style=\"height: 61px;\">\n<td style=\"width: 71px; background-color: #ff7700; height: 61px;\"><strong><span style=\"color: #ffffff;\">2012-13<\/span><\/strong><\/td>\n<td style=\"width: 300px; height: 61px;\"><a href=\"http:\/\/srvcnpbs.xtec.cat\/cse\/fitxers\/dia_ciencia\/fitxa_calicoignasi.doc\" target=\"_blank\" rel=\"noopener noreferrer\">Del laboratori de virologia a les aules<\/a><\/td>\n<td style=\"width: 135px; height: 61px;\">Ignasi Calic\u00f3<\/td>\n<td style=\"width: 221px; height: 61px;\">Museu de Badalona (INS Isaac Alb\u00e8niz, INS La Llauna, Maristes Champagnat)<\/td>\n<\/tr>\n<tr style=\"height: 46px;\">\n<td style=\"width: 71px; background-color: #ff7700; height: 46px;\"><strong><span style=\"color: #ffffff;\">\u00a0<\/span><\/strong><\/td>\n<td style=\"width: 300px; height: 46px;\"><a href=\"http:\/\/srvcnpbs.xtec.cat\/cse\/fitxers\/dia_ciencia\/fitxa_haurielaia.doc\" target=\"_blank\" rel=\"noopener noreferrer\">Comportament dels materials davant del foc<\/a><\/td>\n<td style=\"width: 135px; height: 46px;\">Laia Haurie<\/td>\n<td style=\"width: 221px; height: 46px;\">CC La Salut (C Arrels-Esperan\u00e7a, INS Enric Borr\u00e0s)<\/td>\n<\/tr>\n<tr style=\"height: 46px;\">\n<td style=\"width: 71px; background-color: #ff7700; height: 46px;\"><strong><span style=\"color: #ffffff;\">\u00a0<\/span><\/strong><\/td>\n<td style=\"width: 300px; height: 46px;\"><a href=\"http:\/\/srvcnpbs.xtec.cat\/cse\/fitxers\/dia_ciencia\/fitxa_montalvotomas2.doc\" target=\"_blank\" rel=\"noopener noreferrer\">El mosquit tigre: biologia i mesures de control<\/a><\/td>\n<td style=\"width: 135px; height: 46px;\">Tom\u00e0s Montalvo<\/td>\n<td style=\"width: 221px; height: 46px;\">INS Eugeni d&#8217;Ors (INS Eugeni d&#8217;Ors, C Lestonnac)<\/td>\n<\/tr>\n<tr style=\"height: 31px;\">\n<td style=\"width: 71px; background-color: #ff7700; height: 31px;\"><strong><span style=\"color: #ffffff;\">2011-12<\/span><\/strong><\/td>\n<td style=\"width: 300px; height: 31px;\"><a href=\"http:\/\/srvcnpbs.xtec.cat\/cse\/fitxers\/dia_ciencia\/fitxa_2011_ponsa_fontanals_montserrat.doc\" target=\"_blank\" rel=\"noopener noreferrer\">Investigar l&#8217;evoluci\u00f3 despr\u00e9s de Darwin<\/a><\/td>\n<td style=\"width: 135px; height: 31px;\">Montserrat Pons\u00e0<\/td>\n<td style=\"width: 221px; height: 31px;\">INS Pau Casals<\/td>\n<\/tr>\n<tr style=\"height: 46px;\">\n<td style=\"width: 71px; background-color: #ff7700; height: 46px;\">\u00a0<\/td>\n<td style=\"width: 300px; height: 46px;\"><a href=\"http:\/\/srvcnpbs.xtec.cat\/cse\/fitxers\/dia_ciencia\/fitxa2011arisgiraltanna.doc\" target=\"_blank\" rel=\"noopener noreferrer\">Cerca de nous probi\u00f2tics i prebi\u00f2tics que regulin infeccions intestinals en vedells<\/a><\/td>\n<td style=\"width: 135px; height: 46px;\">Anna Ar\u00eds<\/td>\n<td style=\"width: 221px; height: 46px;\">C Badalon\u00e8s<\/td>\n<\/tr>\n<tr style=\"height: 31px;\">\n<td style=\"width: 71px; background-color: #ff7700; height: 31px;\">\u00a0<\/td>\n<td style=\"width: 300px; height: 31px;\"><a href=\"http:\/\/srvcnpbs.xtec.cat\/cse\/fitxers\/dia_ciencia\/fitxa2011montonsubiassandra.doc\" target=\"_blank\" rel=\"noopener noreferrer\">L&#8217;arqueologia de la mort<\/a><\/td>\n<td style=\"width: 135px; height: 31px;\">Sandra Mont\u00f3n<\/td>\n<td style=\"width: 221px; height: 31px;\">INS J\u00falia Minguell<\/td>\n<\/tr>\n<tr style=\"height: 31px;\">\n<td style=\"width: 71px; background-color: #ff7700; height: 31px;\">\u00a0<\/td>\n<td style=\"width: 300px; height: 31px;\"><a href=\"http:\/\/srvcnpbs.xtec.cat\/cse\/fitxers\/dia_ciencia\/fitxa2011agutbonsfillsmontserrat.pdf\" target=\"_blank\" rel=\"noopener noreferrer\">Floridures perilloses<\/a><\/td>\n<td style=\"width: 135px; height: 31px;\">Montserrat Agut<\/td>\n<td style=\"width: 221px; height: 31px;\">C Sant Andreu<\/td>\n<\/tr>\n<tr style=\"height: 31px;\">\n<td style=\"width: 71px; background-color: #ff7700; height: 31px;\"><span style=\"color: #ffffff;\"><strong>2010-11<\/strong><\/span><\/td>\n<td style=\"width: 300px; height: 31px;\"><a href=\"http:\/\/srvcnpbs.xtec.cat\/cse\/fitxers\/dia_ciencia\/haurie_laia_crp_ciutat_de_badalona.doc\" target=\"_blank\" rel=\"noopener noreferrer\">El foc i els materials. Sistemes de protecci\u00f3<\/a><\/td>\n<td style=\"width: 135px; height: 31px;\">Laia Haurie<\/td>\n<td style=\"width: 221px; height: 31px;\">Maristes Champagnat<\/td>\n<\/tr>\n<tr style=\"height: 46px;\">\n<td style=\"width: 71px; background-color: #ff7700; height: 46px;\">\u00a0<\/td>\n<td style=\"width: 300px; height: 46px;\"><a href=\"http:\/\/srvcnpbs.xtec.cat\/cse\/fitxers\/dia_ciencia\/lecue_juan_manuel_crp_ciutat_de_badalona.doc\" target=\"_blank\" rel=\"noopener noreferrer\">La exploraci\u00f3n del sistema solar<\/a><\/td>\n<td style=\"width: 135px; height: 46px;\">Juan Manuel Lecue<\/td>\n<td style=\"width: 221px; height: 46px;\">INS La\u00a0 Pineda<\/td>\n<\/tr>\n<tr style=\"height: 46px;\">\n<td style=\"width: 71px; background-color: #ff7700; height: 46px;\">\u00a0<\/td>\n<td style=\"width: 300px; height: 46px;\"><a href=\"http:\/\/srvcnpbs.xtec.cat\/cse\/fitxers\/dia_ciencia\/jimenez_laureano_crp_ciutat_de_badalona.doc\" target=\"_blank\" rel=\"noopener noreferrer\">Wolframi, un xicot amb qu\u00edmica (segones parts mai han estat bones)<\/a><\/td>\n<td style=\"width: 135px; height: 46px;\">Laureano Jim\u00e9nez<\/td>\n<td style=\"width: 221px; height: 46px;\">INS La Llauna<\/td>\n<\/tr>\n<tr style=\"height: 46px;\">\n<td style=\"width: 71px; background-color: #ff7700; height: 46px;\"><strong><span style=\"color: #ffffff;\">2009-10<\/span><\/strong><\/td>\n<td style=\"width: 300px; height: 46px;\">LHC: la m\u00e0quina m\u00e9s gran per entendre all\u00f2 m\u00e9s petit<\/td>\n<td style=\"width: 135px; height: 46px;\">Gonzalo Merino<\/td>\n<td style=\"width: 221px; height: 46px;\">INS Badalona VII<\/td>\n<\/tr>\n<tr style=\"height: 46px;\">\n<td style=\"width: 71px; background-color: #ff7700; height: 46px;\">\u00a0<\/td>\n<td style=\"width: 300px; height: 46px;\">De les aules al treball de l&#8217;Hospital: la meva experi\u00e8ncia en el m\u00f3n de la virologia<\/td>\n<td style=\"width: 135px; height: 46px;\">Ignasi Calic\u00f3<\/td>\n<td style=\"width: 221px; height: 46px;\">C Arrels-Esperan\u00e7a<\/td>\n<\/tr>\n<tr style=\"height: 31px;\">\n<td style=\"width: 71px; background-color: #ff7700; height: 31px;\">\u00a0<\/td>\n<td style=\"width: 300px; height: 31px;\">Les gelatines dels oceans<\/td>\n<td style=\"width: 135px; height: 31px;\">Alicia Dur\u00f3<\/td>\n<td style=\"width: 221px; height: 31px;\">INS J\u00falia Minguell<\/td>\n<\/tr>\n<tr style=\"height: 46px;\">\n<td style=\"width: 71px; background-color: #ff7700; height: 46px;\"><span style=\"color: #ffffff;\"><strong>2008-09<\/strong><\/span><\/td>\n<td style=\"width: 300px; height: 46px;\">El mundo de las estructuras de prote\u00efnas y sus aplicaciones biom\u00e9dicas\u00a0<\/td>\n<td style=\"width: 135px; height: 46px;\">Mar\u00eda Macias\u00a0<\/td>\n<td style=\"width: 221px; height: 46px;\">INS La Llauna\u00a0<\/td>\n<\/tr>\n<tr style=\"height: 31px;\">\n<td style=\"width: 71px; background-color: #ff7700; height: 31px;\">\u00a0<\/td>\n<td style=\"width: 300px; height: 31px;\">Qu\u00e8 ens ensenyen els meteorits?\u00a0<\/td>\n<td style=\"width: 135px; height: 31px;\">Jordi Llorca\u00a0<\/td>\n<td style=\"width: 221px; height: 31px;\">INS Barres i Ones\u00a0<\/td>\n<\/tr>\n<tr style=\"height: 31px;\">\n<td style=\"width: 71px; background-color: #ff7700; height: 31px;\">\u00a0<\/td>\n<td style=\"width: 300px; height: 31px;\">Creaci\u00f3 de personatges virtuals realistes\u00a0<\/td>\n<td style=\"width: 135px; height: 31px;\">Javier Melenchon\u00a0<\/td>\n<td style=\"width: 221px; height: 31px;\">C Sant Andreu\u00a0<\/td>\n<\/tr>\n<tr style=\"height: 46px;\">\n<td style=\"width: 71px; background-color: #ff7700; height: 46px;\"><span style=\"color: #ffffff;\"><strong>2007-08<\/strong><\/span><\/td>\n<td style=\"width: 300px; height: 46px;\">La exploraci\u00f3n del espacio con vuelos tripulados\u00a0<\/td>\n<td style=\"width: 135px; height: 46px;\">Jose Maria Urdiales\u00a0<\/td>\n<td style=\"width: 221px; height: 46px;\">INS Pau Casals\u00a0<\/td>\n<\/tr>\n<tr style=\"height: 46px;\">\n<td style=\"width: 71px; background-color: #ff7700; height: 46px;\">\u00a0<\/td>\n<td style=\"width: 300px; height: 46px;\">Com es fa per inventar nous medicaments pels trastorns mentals\u00a0<\/td>\n<td style=\"width: 135px; height: 46px;\">Sergi Erill\u00a0<\/td>\n<td style=\"width: 221px; height: 46px;\">INS Ventura Gassol\u00a0<\/td>\n<\/tr>\n<tr style=\"height: 61px;\">\n<td style=\"width: 71px; background-color: #ff7700; height: 61px;\">\u00a0<\/td>\n<td style=\"width: 300px; height: 61px;\">Desarrollo tecnol\u00f3gico como base para el avance de la ciencia y soporte para la investigaci\u00f3n b\u00e1sica\u00a0<\/td>\n<td style=\"width: 135px; height: 61px;\">Carmen L\u00f3pez Iglesias\u00a0<\/td>\n<td style=\"width: 221px; height: 61px;\">INS Pompeu Fabra\u00a0<\/td>\n<\/tr>\n<tr style=\"height: 31px;\">\n<td style=\"width: 71px; background-color: #ff7700; height: 31px;\"><span style=\"color: #ffffff;\"><strong>2006-07<\/strong><\/span><\/td>\n<td style=\"width: 300px; height: 31px;\">La lluita contra la mal\u00e0ria\u00a0<\/td>\n<td style=\"width: 135px; height: 31px;\">Elisa Serra\u00a0<\/td>\n<td style=\"width: 221px; height: 31px;\">INS Eugeni d&#8217;Ors\u00a0<\/td>\n<\/tr>\n<tr style=\"height: 31px;\">\n<td style=\"width: 71px; background-color: #ff7700; height: 31px;\">\u00a0<\/td>\n<td style=\"width: 300px; height: 31px;\">El clima i l&#8217;escalfament global<\/td>\n<td style=\"width: 135px; height: 31px;\">Antoni Rosell<\/td>\n<td style=\"width: 221px; height: 31px;\">INS La\u00a0 Pineda<\/td>\n<\/tr>\n<tr style=\"height: 31px;\">\n<td style=\"width: 71px; background-color: #ff7700; height: 31px;\">\u00a0<\/td>\n<td style=\"width: 300px; height: 31px;\">Els aliments funcionals<\/td>\n<td style=\"width: 135px; height: 31px;\">Abel Marin\u00e9<\/td>\n<td style=\"width: 221px; height: 31px;\">INS Enric Borr\u00e0s<\/td>\n<\/tr>\n<tr style=\"height: 31px;\">\n<td style=\"width: 71px; background-color: #ff7700; height: 31px;\">\u00a0<\/td>\n<td style=\"width: 300px; height: 31px;\">L&#8217;estudi dels sistemes marins<\/td>\n<td style=\"width: 135px; height: 31px;\">Jaume Piera<\/td>\n<td style=\"width: 221px; height: 31px;\">\u00a0<\/td>\n<\/tr>\n<tr style=\"height: 31px;\">\n<td style=\"width: 71px; background-color: #ff7700; height: 31px;\"><span style=\"color: #ffffff;\"><strong>2005-06<\/strong><\/span><\/td>\n<td style=\"width: 300px; height: 31px;\">Els aliments funcionals\u00a0<\/td>\n<td style=\"width: 135px; height: 31px;\">Abel Marin\u00e9\u00a0<\/td>\n<td style=\"width: 221px; height: 31px;\">INS Eugeni d&#8217;Ors\u00a0\u00a0<\/td>\n<\/tr>\n<tr style=\"height: 61px;\">\n<td style=\"width: 71px; background-color: #ff7700; height: 61px;\">\u00a0<\/td>\n<td style=\"width: 300px; height: 61px;\">Vint anys de jornades de ci\u00e8ncia a Badalona. Som m\u00e9s cient\u00edfics ara que abans?\u00a0<\/td>\n<td style=\"width: 135px; height: 61px;\">Claudi Mans\u00a0<\/td>\n<td style=\"width: 221px; height: 61px;\">Museu Municipal\u00a0<\/td>\n<\/tr>\n<\/tbody>\n<\/table>\n","protected":false},"excerpt":{"rendered":"<p>El Departament d&#8217;Educaci\u00f3, conjuntament amb la Fundaci\u00f3 Catalana per a la Recerca i la Innovaci\u00f3 (FCRI), vol promoure el Dia [&hellip;]<\/p>\n","protected":false},"author":1,"featured_media":0,"parent":1771,"menu_order":0,"comment_status":"closed","ping_status":"closed","template":"","meta":{"_bbp_topic_count":0,"_bbp_reply_count":0,"_bbp_total_topic_count":0,"_bbp_total_reply_count":0,"_bbp_voice_count":0,"_bbp_anonymous_reply_count":0,"_bbp_topic_count_hidden":0,"_bbp_reply_count_hidden":0,"_bbp_forum_subforum_count":0,"site-sidebar-layout":"default","site-content-layout":"","ast-site-content-layout":"","site-content-style":"default","site-sidebar-style":"default","ast-global-header-display":"","ast-banner-title-visibility":"","ast-main-header-display":"","ast-hfb-above-header-display":"","ast-hfb-below-header-display":"","ast-hfb-mobile-header-display":"","site-post-title":"","ast-breadcrumbs-content":"","ast-featured-img":"","footer-sml-layout":"","theme-transparent-header-meta":"","adv-header-id-meta":"","stick-header-meta":"","header-above-stick-meta":"","header-main-stick-meta":"","header-below-stick-meta":"","astra-migrate-meta-layouts":"default","ast-page-background-enabled":"default","ast-page-background-meta":{"desktop":{"background-color":"var(--ast-global-color-4)","background-image":"","background-repeat":"repeat","background-position":"center center","background-size":"auto","background-attachment":"scroll","background-type":"","background-media":"","overlay-type":"","overlay-color":"","overlay-opacity":"","overlay-gradient":""},"tablet":{"background-color":"","background-image":"","background-repeat":"repeat","background-position":"center center","background-size":"auto","background-attachment":"scroll","background-type":"","background-media":"","overlay-type":"","overlay-color":"","overlay-opacity":"","overlay-gradient":""},"mobile":{"background-color":"","background-image":"","background-repeat":"repeat","background-position":"center center","background-size":"auto","background-attachment":"scroll","background-type":"","background-media":"","overlay-type":"","overlay-color":"","overlay-opacity":"","overlay-gradient":""}},"ast-content-background-meta":{"desktop":{"background-color":"var(--ast-global-color-5)","background-image":"","background-repeat":"repeat","background-position":"center center","background-size":"auto","background-attachment":"scroll","background-type":"","background-media":"","overlay-type":"","overlay-color":"","overlay-opacity":"","overlay-gradient":""},"tablet":{"background-color":"var(--ast-global-color-5)","background-image":"","background-repeat":"repeat","background-position":"center center","background-size":"auto","background-attachment":"scroll","background-type":"","background-media":"","overlay-type":"","overlay-color":"","overlay-opacity":"","overlay-gradient":""},"mobile":{"background-color":"var(--ast-global-color-5)","background-image":"","background-repeat":"repeat","background-position":"center center","background-size":"auto","background-attachment":"scroll","background-type":"","background-media":"","overlay-type":"","overlay-color":"","overlay-opacity":"","overlay-gradient":""}},"footnotes":""},"class_list":["post-6530","page","type-page","status-publish","hentry"],"post_mailing_queue_ids":[],"_links":{"self":[{"href":"https:\/\/serveiseducatius.xtec.cat\/badalona\/wp-json\/wp\/v2\/pages\/6530","targetHints":{"allow":["GET"]}}],"collection":[{"href":"https:\/\/serveiseducatius.xtec.cat\/badalona\/wp-json\/wp\/v2\/pages"}],"about":[{"href":"https:\/\/serveiseducatius.xtec.cat\/badalona\/wp-json\/wp\/v2\/types\/page"}],"author":[{"embeddable":true,"href":"https:\/\/serveiseducatius.xtec.cat\/badalona\/wp-json\/wp\/v2\/users\/1"}],"replies":[{"embeddable":true,"href":"https:\/\/serveiseducatius.xtec.cat\/badalona\/wp-json\/wp\/v2\/comments?post=6530"}],"version-history":[{"count":4,"href":"https:\/\/serveiseducatius.xtec.cat\/badalona\/wp-json\/wp\/v2\/pages\/6530\/revisions"}],"predecessor-version":[{"id":15839,"href":"https:\/\/serveiseducatius.xtec.cat\/badalona\/wp-json\/wp\/v2\/pages\/6530\/revisions\/15839"}],"up":[{"embeddable":true,"href":"https:\/\/serveiseducatius.xtec.cat\/badalona\/wp-json\/wp\/v2\/pages\/1771"}],"wp:attachment":[{"href":"https:\/\/serveiseducatius.xtec.cat\/badalona\/wp-json\/wp\/v2\/media?parent=6530"}],"curies":[{"name":"wp","href":"https:\/\/api.w.org\/{rel}","templated":true}]}}