{"id":2789,"date":"2014-03-11T08:51:37","date_gmt":"2014-03-11T07:51:37","guid":{"rendered":"http:\/\/serveiseducatius.xtec.cat\/badalona\/intraweb\/2a-jornada-de-biblioteques-escolars-2014\/"},"modified":"2016-09-14T12:10:27","modified_gmt":"2016-09-14T11:10:27","slug":"2a-jornada-de-biblioteques-escolars-2014","status":"publish","type":"page","link":"https:\/\/serveiseducatius.xtec.cat\/badalona\/activitats\/pla-de-formacio-de-zona-pfz\/hem-fet\/2a-jornada-de-biblioteques-escolars-2014\/","title":{"rendered":"2\u00aa Jornada de Biblioteques escolars 2014"},"content":{"rendered":"<table class=\"htmtableborders\" style=\"display: table;\" border=\"0\" width=\"779\">\n<tbody>\n<tr>\n<td width=\"64%\"><\/td>\n<td width=\"36%\"><\/td>\n<\/tr>\n<tr>\n<td><\/td>\n<td><\/td>\n<\/tr>\n<tr valign=\"top\" bgcolor=\"#FAA505\">\n<td style=\"text-align: center; height: 123px; background-color: #ffffff;\" colspan=\"2\"><img loading=\"lazy\" decoding=\"async\" src=\"http:\/\/serveiseducatius.xtec.cat\/badalona\/wp-content\/uploads\/usu1088\/2016\/07\/BANER_JORNADES.jpg\" alt=\"\" width=\"769\" height=\"200\" \/><\/td>\n<\/tr>\n<tr bgcolor=\"#FFFFFF\">\n<td>\n<div align=\"left\">\n<p><span style=\"font-family: verdana, arial, helvetica, sans-serif; font-size: large;\"><span style=\"color: #ff5f10;\">2a JORNADA DE BIBLIOTEQUES DE BADALONA<\/span><\/span><span style=\"font-family: impact; font-size: xx-large;\"><span style=\"color: #ff691f;\"><span style=\"line-height: 115%;\"><br \/>\nBIBLIOTECA P\u00daBLICA<\/span><\/span><span style=\"line-height: 115%; color: #692c0d;\">+<\/span><span style=\"color: #ff691f;\"><span style=\"line-height: 115%;\">ESCOLA<\/span><\/span><span style=\"line-height: 115%; color: #692c0d;\">=<\/span><span style=\"color: #ff691f;\"><span style=\"line-height: 115%;\"><br \/>\nUNA OPORTUNITAT EDUCATIVA<\/span><\/span><\/span><\/p>\n<div style=\"text-align: left;\">\n<p><span style=\"font-family: verdana, arial, helvetica, sans-serif;\"><strong><span style=\"color: #692c0d;\">BIBLIOTECA CAN CASACUBERTA<\/span><\/strong><br \/>\n<em><span style=\"color: #692c0d; font-style: normal;\"><span style=\"font-size: small;\">Carrer Moss\u00e8n Anton, 40-48 &#8211; Badalona<\/span><\/span><\/em><span style=\"font-size: small;\"><span style=\"color: #692c0d;\"> <a title=\"mapa\" href=\"https:\/\/www.google.es\/maps\/place\/Carrer+Moss%C3%A8n+Anton,+40\/@41.4455305,2.2470701,17z\/data=!3m1!4b1!4m2!3m1!1s0x12a4bb13ead03675:0x448f26d3f3af8939\" target=\"_blank\">m<\/a><\/span><a title=\"mapa\" href=\"https:\/\/www.google.es\/maps\/place\/Carrer+Moss%C3%A8n+Anton,+40\/@41.4455305,2.2470701,17z\/data=!3m1!4b1!4m2!3m1!1s0x12a4bb13ead03675:0x448f26d3f3af8939\" target=\"_blank\">apa<\/a><\/span><br \/>\n<span style=\"color: #692c0d;\">Divendres, 27 de juny de 2014<\/span><\/span><\/p>\n<\/div>\n<p><span style=\"font-family: verdana, arial, helvetica, sans-serif; font-size: small;\">Aque<span style=\"font-size: small;\">s<\/span>ta iniciativa sorgeix a proposta del grup de treball de dinamitzaci\u00f3 lectora del qual formen part el Servei Educatiu Ciutat de Badalona i el Servei Educatiu de Sant Adri\u00e0 de Bes\u00f2s del Departament d&#8217;Ensenyament; representants de l&#8217;\u00c0rea de Cultura i Ciutadania mitjan\u00e7ant Xarxa Municipal de Biblioteques i t\u00e8cnics de\u00a0<\/span><span style=\"font-family: Geneva, Arial, Helvetica, sans-serif; font-size: small;\"><span style=\"font-family: verdana, arial, helvetica, sans-serif;\">\u00c0rea d&#8217;Educaci\u00f3, <span style=\"font-size: small;\">E<\/span>sports i <span style=\"font-size: small;\">J<\/span>oventut de l&#8217;Ajuntament de Badalona.<\/span><\/span><\/p>\n<\/div>\n<p align=\"justify\"><span style=\"font-family: verdana, arial, helvetica, sans-serif;\"><span style=\"font-size: small;\">La jornada pret\u00e9n ser un punt de trobada del professorat, bibliotecaris i altres professionals interessats per trobar un espai on debatre sobre la situaci\u00f3 actual de la relaci\u00f3 entre la biblioteca p\u00fablica i la comunitat educativa per tal de compartir experi\u00e8ncies i arribar a col\u00b7laboracions en l&#8217;objectiu com\u00fa del foment de la lectura.<br \/>\n<\/span><\/span><\/p>\n<\/td>\n<td align=\"right\" valign=\"top\"><iframe loading=\"lazy\" src=\"http:\/\/xtec.cat\/crp-badalona\/tuit2.htm\" width=\"200px\" height=\"440px\" marginwidth=\"0px\" marginheight=\"0px\" scrolling=\"no\">&amp;amp;amp;amp;amp;amp;amp;amp;amp;amp;amp;amp;amp;amp;amp;amp;amp;lt;span id=&amp;amp;amp;amp;amp;amp;amp;amp;amp;amp;amp;amp;amp;amp;amp;amp;amp;quot;XinhaEditingPostion&amp;amp;amp;amp;amp;amp;amp;amp;amp;amp;amp;amp;amp;amp;amp;amp;amp;quot;&amp;amp;amp;amp;amp;amp;amp;amp;amp;amp;amp;amp;amp;amp;amp;amp;amp;gt;&amp;amp;amp;amp;amp;amp;amp;amp;amp;amp;amp;amp;amp;amp;amp;amp;amp;lt;\/span&amp;amp;amp;amp;amp;amp;amp;amp;amp;amp;amp;amp;amp;amp;amp;amp;amp;gt;<\/iframe><\/td>\n<\/tr>\n<\/tbody>\n<\/table>\n<table class=\"htmtableborders\" style=\"display: table;\" border=\"0\" width=\"776\">\n<tbody>\n<tr align=\"left\" valign=\"top\">\n<td colspan=\"5\" bgcolor=\"#FAA505\" height=\"21\"><strong><span style=\"color: #ffffff; font-family: tahoma, arial, helvetica, sans-serif; font-size: medium;\">Adre\u00e7ada a<\/span><\/strong><\/td>\n<\/tr>\n<tr align=\"left\" valign=\"top\">\n<td colspan=\"5\" bgcolor=\"#FFFFFF\" height=\"90\"><span style=\"font-family: verdana, arial, helvetica, sans-serif; font-size: small;\">* Responsables de biblioteques d&#8217;escoles i instituts<\/span><span style=\"font-family: verdana, arial, helvetica, sans-serif; font-size: small;\"><span style=\"font-family: verdana, arial, helvetica, sans-serif; font-size: small;\"><span style=\"font-family: verdana, arial, helvetica, sans-serif; font-size: small;\"><br \/>\n<\/span><\/span><\/span><span style=\"font-family: verdana, arial, helvetica, sans-serif; font-size: small;\"><span style=\"font-family: verdana, arial, helvetica, sans-serif; font-size: small;\"><span style=\"font-family: verdana, arial, helvetica, sans-serif; font-size: small;\"><span style=\"font-family: verdana, arial, helvetica, sans-serif; font-size: small;\">* <\/span>Monitors de biblioteques escolars<\/span><span style=\"font-size: small;\"><br \/>\n* <\/span>Bibliotec<span style=\"font-size: small;\">a<\/span>ri<span style=\"font-size: small;\">s<\/span> <span style=\"font-size: small;\">i bibliotec\u00e0ries<\/span> de bibli<span style=\"font-size: small;\">ote<span style=\"font-size: small;\">ques<\/span><\/span> p\u00fabli<span style=\"font-size: small;\">ques<\/span><\/span><br \/>\n* Membres de les AMPAS que col\u00b7laboren en biblioteques escolars<br \/>\n* Professorat en general<\/span><br \/>\n<span style=\"font-family: verdana, arial, helvetica, sans-serif; font-size: small;\">* <\/span><span style=\"font-family: verdana, arial, helvetica, sans-serif; font-size: small;\">Estudiants<\/span><br \/>\n<span style=\"font-family: verdana, arial, helvetica, sans-serif; font-size: small;\"><span style=\"font-size: small;\"><span style=\"font-family: verdana, arial, helvetica, sans-serif; font-size: small;\">* T\u00e8cnics de cultura o de biblioteques<br \/>\n<\/span><\/span><\/span><\/td>\n<\/tr>\n<tr>\n<td colspan=\"5\" bgcolor=\"#FAA505\" height=\"21\"><strong><span style=\"color: #ffffff; font-family: tahoma, arial, helvetica, sans-serif; font-size: medium;\">Horar<span style=\"font-size: medium;\">i<\/span><\/span><\/strong><\/td>\n<\/tr>\n<tr style=\"background-color: #ffffff;\" align=\"left\" valign=\"middle\">\n<td colspan=\"5\" height=\"26\"><span style=\"font-family: verdana, arial, helvetica, sans-serif; font-size: small;\"> <span style=\"font-size: small;\"> <strong><span style=\"color: #ff5500;\">8:45<\/span><\/strong><\/span><strong><span style=\"color: #ff5500;\"> h<\/span><\/strong><\/span> <strong><span style=\"font-family: verdana, arial, helvetica, sans-serif; font-size: small;\">Recepci\u00f3 d<span style=\"font-size: small;\">&#8216;<\/span>assistents<\/span><\/strong><\/td>\n<\/tr>\n<tr style=\"background-color: #ffffff;\">\n<td colspan=\"5\" valign=\"middle\" height=\"26\"><strong> <span style=\"color: #ff5500;\"><span style=\"font-family: verdana, arial, helvetica, sans-serif; font-size: small;\">9.<span style=\"font-size: small;\">0<\/span>0 h<\/span> <\/span><\/strong><strong><span style=\"font-family: verdana, arial, helvetica, sans-serif; font-size: small;\"><span style=\"font-size: small;\">Benvinguda i p<\/span>resentaci\u00f3 de la jornada<\/span><\/strong><\/td>\n<\/tr>\n<tr>\n<td colspan=\"5\" valign=\"middle\" height=\"26\"><span style=\"font-family: verdana, arial, helvetica, sans-serif; font-size: small;\"> <span style=\"color: #ff5500;\"><strong>9.30 h<\/strong><\/span><\/span> <strong><span style=\"font-family: verdana, arial, helvetica, sans-serif; font-size: small;\">CONFER\u00c8NCIA<span style=\"font-size: small;\"><span style=\"font-size: small;\">: <\/span><\/span><\/span><\/strong><span style=\"font-family: verdana, arial, helvetica, sans-serif; font-size: small;\"><span style=\"font-size: small;\"><span style=\"font-size: small;\"><span style=\"font-family: verdana, arial, helvetica, sans-serif; font-size: small;\"><strong>Biblioteca P\u00fablic<\/strong><span style=\"font-weight: bold; font-size: small;\">a <\/span><strong>i escola: un m\u00f3n de possibilitats<\/strong>, <\/span><\/span><\/span><\/span><span style=\"font-family: verdana, arial, helvetica, sans-serif; font-size: small;\"><span style=\"font-size: small;\"><span style=\"font-size: small;\">\u00c0lex Cosials<span style=\"font-size: small;\">, <\/span><\/span><\/span><\/span><span style=\"font-family: verdana, arial, helvetica, sans-serif; font-size: small;\"><span style=\"font-size: small;\"><span style=\"font-size: small;\">Fundaci\u00f3 Jaume Bofill<\/span><\/span><\/span><strong> <a href=\"https:\/\/drive.google.com\/file\/d\/0B8iO_h_UisQheElBSzM2aUdqNjQ\/edit?usp=sharing\" target=\"_blank\"><span style=\"color: #d20000;\"><span style=\"font-family: verdana, arial, helvetica, sans-serif; font-size: small;\"><span style=\"font-size: small;\"><span style=\"font-size: small;\">(veure presentaci\u00f3)<\/span><\/span><\/span><\/span><\/a><span style=\"font-family: verdana, arial, helvetica, sans-serif; font-size: small;\"><span style=\"font-size: small;\"><span style=\"font-size: small;\"><br \/>\n<\/span><\/span><\/span><\/strong><\/td>\n<\/tr>\n<tr style=\"background-color: #ffffff;\">\n<td colspan=\"4\" valign=\"middle\" bgcolor=\"#FFFFFF\" height=\"24\"><span style=\"color: #ff5500;\"><strong><span style=\"font-family: verdana,arial,helvetica,sans-serif; font-size: small;\"><span style=\"font-family: verdana, arial, helvetica, sans-serif; font-size: small;\"><span style=\"font-size: small;\">10<span style=\"font-size: small;\">.<\/span><\/span>30 <span style=\"font-size: small;\">h <\/span><\/span><\/span><\/strong><\/span><strong style=\"font-family: verdana,arial,helvetica,sans-serif; font-size: small;\"><span style=\"font-family: verdana, arial, helvetica, sans-serif; font-size: small;\"><span style=\"font-size: small;\">Presentaci<span style=\"font-size: small;\">\u00f3 <\/span>d&#8217;experi\u00e8ncies<\/span><\/span><\/strong><\/td>\n<\/tr>\n<tr align=\"left\" valign=\"top\">\n<td valign=\"middle\" width=\"51\"><\/td>\n<td colspan=\"3\" valign=\"middle\"><span style=\"font-family: verdana, arial, helvetica, sans-serif; font-size: small;\">1<span style=\"font-size: small;\">0<\/span>.<span style=\"font-size: small;\">3<\/span>0 h<\/span> <span style=\"font-family: verdana, arial, helvetica, sans-serif; font-size: small;\"><em><span style=\"font-family: verdana, arial, helvetica, sans-serif; font-size: small;\"><em>Montse Espuga, Georgina Orselli<span style=\"font-size: small;\">, <\/span><\/em><\/span>Biblioteca Font de la Mina. <\/em><a href=\"https:\/\/docs.google.com\/document\/d\/19kCZka5431GAqq2gW_j0IdGsnxlGIf-Pg98vEMMbOgM\/edit?usp=sharing\" target=\"_blank\"><span style=\"color: #d20000;\"><strong>(veure presentaci\u00f3)<\/strong><\/span><\/a><em><br \/>\n<\/em><\/span><\/td>\n<\/tr>\n<tr align=\"left\" valign=\"middle\">\n<td><\/td>\n<td colspan=\"3\"><span style=\"font-family: verdana, arial, helvetica, sans-serif; font-size: small;\">1<span style=\"font-size: small;\">0<\/span>.<span style=\"font-size: small;\">45<\/span><\/span><span style=\"font-size: small;\"><span style=\"font-family: verdana, arial, helvetica, sans-serif;\"> h<\/span><\/span> <span style=\"font-family: verdana, arial, helvetica, sans-serif; font-size: small;\"><em><span style=\"font-family: verdana, arial, helvetica, sans-serif; font-size: small;\"><em><span style=\"font-size: small;\">Cristina Torremorell i Susana Peix<span style=\"font-size: small;\">, <\/span><\/span><\/em><\/span>Bibliot<span style=\"font-size: small;\">eques de <span style=\"font-size: small;\">Vilanova <\/span>i la Geltr\u00fa<span style=\"font-size: small;\">. <\/span><\/span><\/em><a href=\"http:\/\/prezi.com\/1nbbmvi3sb7i\/?utm_campaign=share&amp;utm_medium=copy&amp;rc=ex0share\" target=\"_blank\"><span style=\"color: #d20000;\"><strong><span style=\"font-size: small;\"><span style=\"font-size: small;\">(veure presentaci\u00f3)<\/span><\/span><\/strong><\/span><\/a><em><span style=\"font-size: small;\"><br \/>\n<\/span><\/em><\/span><\/td>\n<\/tr>\n<tr align=\"left\" valign=\"top\">\n<td colspan=\"4\" valign=\"middle\"><strong><span style=\"color: #ff5500;\"><span style=\"font-family: verdana, arial, helvetica, sans-serif; font-size: small;\">11.00 h\u00a0<\/span><\/span><span style=\"font-family: verdana, arial, helvetica, sans-serif; font-size: small;\"> Pausa \/ esmorzar<\/span><\/strong><\/td>\n<\/tr>\n<tr style=\"background-color: #ffffff;\" align=\"left\" valign=\"top\">\n<td colspan=\"4\" valign=\"middle\"><strong><span style=\"font-family: verdana, arial, helvetica, sans-serif; font-size: small;\"><strong><span style=\"color: #ff5500;\"><span style=\"font-family: verdana, arial, helvetica, sans-serif; font-size: small;\">11.30 h\u00a0<\/span><\/span><\/strong><\/span> <\/strong><span style=\"font-family: verdana, arial, helvetica, sans-serif; font-size: small;\"><strong><span style=\"font-family: verdana, arial, helvetica, sans-serif; font-size: small;\"><span style=\"font-size: small;\">Presentaci<span style=\"font-size: small;\">\u00f3 <\/span>d&#8217;experi\u00e8ncies<\/span><\/span><\/strong><\/span><\/td>\n<\/tr>\n<tr align=\"left\" valign=\"top\">\n<td colspan=\"2\" valign=\"middle\"><\/td>\n<td valign=\"middle\"><span style=\"font-family: verdana, arial, helvetica, sans-serif; font-size: small;\">11<span style=\"font-size: small;\">.<\/span>30-11.<span style=\"font-size: small;\">4<\/span>5 h<\/span> <em><span style=\"font-family: verdana, arial, helvetica, sans-serif; font-size: small;\">Jordi Artigal,<\/span><\/em> <span style=\"font-family: verdana, arial, helvetica, sans-serif; font-size: small;\"><em>Bibliot<span style=\"font-size: small;\">eca<\/span> Infantil i Juvenil d&#8217;<span style=\"font-size: small;\">e<\/span>n Massagran, de Salt <\/em><a href=\"https:\/\/docs.google.com\/document\/d\/1sBRsQQTIbA9ZUvAQy_UaKLmxqGtFMK5e88gOZtMG95E\/edit?usp=sharing\" target=\"_blank\"><span style=\"color: #d20000;\"><strong>(veure presentaci\u00f3)<\/strong><\/span><\/a><em><br \/>\n<\/em><\/span><\/td>\n<\/tr>\n<tr align=\"left\" valign=\"top\">\n<td colspan=\"2\" valign=\"middle\"><\/td>\n<td valign=\"middle\"><span style=\"font-family: verdana, arial, helvetica, sans-serif; font-size: small;\">11<span style=\"font-size: small;\">.45<\/span>-12<span style=\"font-size: small;\"><em>.00 h <\/em><\/span><\/span><span style=\"font-family: verdana, arial, helvetica, sans-serif; font-size: small;\"><span style=\"font-size: small;\"><em><span style=\"font-family: verdana, arial, helvetica, sans-serif; font-size: small;\"><span style=\"font-size: small;\"><em>Dolors Zamora<span style=\"font-size: small;\">, <\/span><\/em><\/span><\/span>Grup de Treball de Dinamitzaci\u00f3 lect<span style=\"font-size: small;\">o<\/span>ra de Badalona. <\/em><a href=\"https:\/\/docs.google.com\/document\/d\/1iNQMTwTmmuC_BIW8KElJykM6gL_LtkzYxbDCE2If5O8\/edit?usp=sharing\" target=\"_blank\"><span style=\"color: #d20000;\"><strong>(veure presentaci\u00f3)<\/strong><\/span><\/a><em><br \/>\n<\/em><\/span><\/span><\/td>\n<\/tr>\n<tr align=\"left\" valign=\"top\">\n<td colspan=\"4\" valign=\"middle\"><span style=\"font-family: verdana, arial, helvetica, sans-serif; font-size: small;\"><strong><span style=\"color: #ff5500;\">1<span style=\"font-size: small;\">2<\/span>.<span style=\"font-size: small;\">15<\/span> h<\/span><\/strong> <\/span><strong><span style=\"font-family: verdana, arial, helvetica, sans-serif; font-size: small;\">Taula Rodona<span style=\"font-size: small;\">. <\/span><\/span><\/strong><br \/>\n<span style=\"font-family: verdana, arial, helvetica, sans-serif; font-size: small;\">Comptar\u00e0 amb la participaci\u00f3 d<span style=\"font-size: small;\"><em>&#8216;\u00c0lex Cosials<\/em><\/span><\/span><span style=\"font-family: verdana, arial, helvetica, sans-serif; font-size: small;\"><em><span style=\"font-size: small;\"> de la Fundaci\u00f3 Jaume Bofill, Anna Pruneda<span style=\"font-size: small;\">, de l&#8217;Escola <\/span>Bet\u00falia i del GTBE, <\/span>Marta Roig, especialista en lectura, inf\u00e0ncia i biblioteques<\/em><\/span>, <span style=\"font-family: verdana, arial, helvetica, sans-serif; font-size: small;\"><em>Montserrat Gabarr\u00f3, t\u00e8cnic<span style=\"font-size: small;\">a <\/span>del CRP de Sant Andreu<\/em><\/span><br \/>\n<span style=\"font-family: verdana, arial, helvetica, sans-serif; font-size: small;\">Conducci\u00f3 a c\u00e0rrec d<em>e Merc\u00e8 Rivas del Grup de treball<span style=\"font-size: small;\"> de Biblioteques Escolars <\/span>de Badalona<br \/>\n<\/em><\/span><\/p>\n<blockquote><p><span style=\"font-family: verdana, arial, helvetica, sans-serif; font-size: small;\"><em>*<strong><a title=\"Consulta de preguntes a la taula rodona\" href=\"https:\/\/docs.google.com\/a\/xtec.cat\/spreadsheet\/lv?key=0AsiO_h_UisQhdG0yVlN0Sm8tTWVqX2wzNDd0eXlObGc&amp;usp=drive_web&amp;rm=full#gid=0\" target=\"_blank\"> Consulta<\/a><\/strong> les preguntes <span style=\"font-size: small;\">enviades a la taula rodona.<br \/>\n<\/span><\/em><\/span><span style=\"font-family: verdana, arial, helvetica, sans-serif; font-size: small;\"><em><span style=\"font-size: small;\"><span style=\"font-family: verdana, arial, helvetica, sans-serif; font-size: small;\"><em>* <\/em><\/span>Escriu <\/span>la teva pregunta des d&#8217;<strong><a title=\"Enviar pregunta a la taula rodona\" href=\"https:\/\/docs.google.com\/a\/xtec.cat\/forms\/d\/1qHMEV2tuTr38nlaM7ukTqfQ0gQP2LAop1HaElAv-FYc\/viewform\" target=\"_blank\">aqu\u00ed<\/a><\/strong><br \/>\n<\/em><\/span><\/p><\/blockquote>\n<\/td>\n<\/tr>\n<tr align=\"left\" valign=\"middle\">\n<td colspan=\"5\"><strong><span style=\"color: #ff5500;\"><span style=\"font-family: verdana, arial, helvetica, sans-serif; font-size: small;\">1<span style=\"font-size: small;\">3<span style=\"font-size: small;\">.<\/span>45<\/span> h<\/span><\/span> <\/strong><span style=\"font-family: verdana, arial, helvetica, sans-serif; font-size: small;\">Recursos per a infants i educadors al portal<\/span><span style=\"font-family: verdana, arial, helvetica, sans-serif; font-size: small;\"><span style=\"font-size: small;\"> infantil <\/span><\/span><strong><span style=\"font-family: verdana, arial, helvetica, sans-serif; font-size: small;\"><span style=\"font-size: small;\"><a title=\"Genius\" href=\"http:\/\/genius.diba.cat\/\" target=\"_blank\">G\u00e8nius<\/a><\/span><\/span><\/strong><span style=\"font-family: verdana, arial, helvetica, sans-serif; font-size: small;\">, Ger\u00e8ncia de Serveis de Biblioteques de la <span style=\"font-size: small;\">D<\/span>iputaci\u00f3 de Barcelona<\/span>. <span style=\"font-family: verdana, arial, helvetica, sans-serif; font-size: small;\"><em>(Esperan\u00e7a Pa\u00f1os i Paula Rosales)<\/em><\/span><\/p>\n<p><strong><span style=\"color: #ff5500;\"><span style=\"font-family: verdana, arial, helvetica, sans-serif; font-size: small;\"><span style=\"font-size: small;\"><span style=\"font-size: small;\">1<\/span>4<\/span>.00 h<\/span><\/span><\/strong> <strong><span style=\"font-family: verdana, arial, helvetica, sans-serif; font-size: small;\">Cloenda de la jornada<\/span><\/strong><\/td>\n<\/tr>\n<tr align=\"left\" valign=\"top\" bgcolor=\"#FAA505\">\n<td colspan=\"5\" height=\"21\"><span style=\"color: #ffffff; font-family: tahoma, arial, helvetica, sans-serif; font-size: medium;\"><strong>Viv\u00e8ncies a la Jornada<\/strong> <\/span><\/td>\n<\/tr>\n<tr align=\"left\" valign=\"top\">\n<td colspan=\"5\" height=\"89\">&nbsp;<\/p>\n<table border=\"0\" width=\"75%\">\n<tbody>\n<tr align=\"center\" valign=\"top\">\n<td width=\"6%\" height=\"102\"><a href=\"https:\/\/www.youtube.com\/watch?v=ozZI--ge000&amp;feature=youtu.be\" target=\"_blank\"><img loading=\"lazy\" decoding=\"async\" src=\"https:\/\/lh3.googleusercontent.com\/9tUB2Y5-eSQudKUgoNJORTTMVbKGaq4xSLeU46bT93s=w276-h199-p-no\" width=\"138\" height=\"100\" border=\"0\" \/><\/a><\/td>\n<td width=\"71%\"><a href=\"https:\/\/www.youtube.com\/watch?v=ozZI--ge000&amp;feature=youtu.be\" target=\"_blank\"><img loading=\"lazy\" decoding=\"async\" src=\"https:\/\/lh3.googleusercontent.com\/6Figncf4WGfpeS-bfoJpadXm3ao3x-O4EkPKc7U9ueg=w275-h200-p-no\" width=\"138\" height=\"100\" border=\"0\" \/><\/a><\/td>\n<td width=\"11%\"><a href=\"https:\/\/www.youtube.com\/watch?v=ozZI--ge000&amp;feature=youtu.be\" target=\"_blank\"><img loading=\"lazy\" decoding=\"async\" src=\"https:\/\/lh5.googleusercontent.com\/hf8kcTNF7BEuNJdNtPvAPFGRrnONOJH4NUfBHm4Om-s=w278-h200-p-no\" width=\"138\" height=\"100\" border=\"0\" \/><\/a><\/td>\n<td width=\"12%\"><a href=\"https:\/\/www.youtube.com\/watch?v=ozZI--ge000&amp;feature=youtu.be\" target=\"_blank\"><img loading=\"lazy\" decoding=\"async\" src=\"https:\/\/lh5.googleusercontent.com\/lTEczRlHelUzHYUbCujkftp-rHnuofgJuNdA7ytuMy4=w273-h204-p-no\" width=\"138\" height=\"100\" border=\"0\" \/><\/a><\/td>\n<\/tr>\n<\/tbody>\n<\/table>\n<\/td>\n<\/tr>\n<tr align=\"left\" valign=\"top\" bgcolor=\"#FAA505\">\n<td colspan=\"5\" height=\"15\"><strong><span style=\"color: #ffffff; font-family: tahoma, arial, helvetica, sans-serif;\">Ho organitza<\/span><\/strong><\/td>\n<\/tr>\n<tr align=\"left\" valign=\"top\">\n<td colspan=\"3\" valign=\"middle\" height=\"58\"><img loading=\"lazy\" decoding=\"async\" src=\"https:\/\/lh6.googleusercontent.com\/-_qlod4_cZQ8\/T8ckp1hPFeI\/AAAAAAAABA4\/1ARq29NRrkw\/s302\/Imagen4.jpg\" alt=\"logo ajuntament\" width=\"184\" height=\"34\" \/> <img loading=\"lazy\" decoding=\"async\" src=\"https:\/\/lh6.googleusercontent.com\/-rYNgnFmtiJw\/U3mwT8RUqFI\/AAAAAAAADYo\/-TVMvt2BVbg\/w537-h328-no\/LOGO+BIBLIOTEQUES+BDN.jpg\" width=\"79\" height=\"41\" \/> <img loading=\"lazy\" decoding=\"async\" src=\"https:\/\/lh6.googleusercontent.com\/-f0uOjaLrX-Q\/U2CYLJ9VVHI\/AAAAAAAAA_k\/onmUL3k8oW0\/s640\/Xarxa%2520Biblioteques%2520-%2520Horitzontal.jpg\" width=\"160\" height=\"26\" \/> <img loading=\"lazy\" decoding=\"async\" src=\"https:\/\/lh5.googleusercontent.com\/-WwW0vIANzRg\/T8cruHopk6I\/AAAAAAAABDk\/GTja6icZNv0\/s454\/Dep%2520ensenyament.JPG\" alt=\"logo dep ensenyament\" width=\"130\" height=\"31\" \/> <img loading=\"lazy\" decoding=\"async\" src=\"https:\/\/lh6.googleusercontent.com\/-8xMoJBWRC-g\/T8ckaoro-SI\/AAAAAAAABAY\/HeXkVYJi6Qc\/s400\/RGB_SE_ciutat%2520badalona-%2520petita.jpg\" alt=\"logo se badalona\" width=\"63\" height=\"38\" \/> <img loading=\"lazy\" decoding=\"async\" src=\"https:\/\/lh6.googleusercontent.com\/-lVlfhsUFTMc\/U151SLpXiAI\/AAAAAAAAAR0\/JnK4wdCHG88\/s576\/logo%2520se%2520sant%2520adria.jpg\" alt=\"SE Sant Adri\u00e0 del Bes\u00f2s\" width=\"52\" height=\"36\" \/><\/td>\n<\/tr>\n<\/tbody>\n<\/table>\n<p>&nbsp;<\/p>\n","protected":false},"excerpt":{"rendered":"<p>2a JORNADA DE BIBLIOTEQUES DE BADALONA BIBLIOTECA P\u00daBLICA+ESCOLA= UNA OPORTUNITAT EDUCATIVA BIBLIOTECA CAN CASACUBERTA Carrer Moss\u00e8n Anton, 40-48 &#8211; Badalona [&hellip;]<\/p>\n","protected":false},"author":1,"featured_media":0,"parent":4536,"menu_order":0,"comment_status":"closed","ping_status":"closed","template":"page-templates\/side-menu.php","meta":{"_bbp_topic_count":0,"_bbp_reply_count":0,"_bbp_total_topic_count":0,"_bbp_total_reply_count":0,"_bbp_voice_count":0,"_bbp_anonymous_reply_count":0,"_bbp_topic_count_hidden":0,"_bbp_reply_count_hidden":0,"_bbp_forum_subforum_count":0,"site-sidebar-layout":"default","site-content-layout":"","ast-site-content-layout":"","site-content-style":"default","site-sidebar-style":"default","ast-global-header-display":"","ast-banner-title-visibility":"","ast-main-header-display":"","ast-hfb-above-header-display":"","ast-hfb-below-header-display":"","ast-hfb-mobile-header-display":"","site-post-title":"","ast-breadcrumbs-content":"","ast-featured-img":"","footer-sml-layout":"","theme-transparent-header-meta":"","adv-header-id-meta":"","stick-header-meta":"","header-above-stick-meta":"","header-main-stick-meta":"","header-below-stick-meta":"","astra-migrate-meta-layouts":"default","ast-page-background-enabled":"default","ast-page-background-meta":{"desktop":{"background-color":"var(--ast-global-color-4)","background-image":"","background-repeat":"repeat","background-position":"center center","background-size":"auto","background-attachment":"scroll","background-type":"","background-media":"","overlay-type":"","overlay-color":"","overlay-opacity":"","overlay-gradient":""},"tablet":{"background-color":"","background-image":"","background-repeat":"repeat","background-position":"center center","background-size":"auto","background-attachment":"scroll","background-type":"","background-media":"","overlay-type":"","overlay-color":"","overlay-opacity":"","overlay-gradient":""},"mobile":{"background-color":"","background-image":"","background-repeat":"repeat","background-position":"center center","background-size":"auto","background-attachment":"scroll","background-type":"","background-media":"","overlay-type":"","overlay-color":"","overlay-opacity":"","overlay-gradient":""}},"ast-content-background-meta":{"desktop":{"background-color":"var(--ast-global-color-5)","background-image":"","background-repeat":"repeat","background-position":"center center","background-size":"auto","background-attachment":"scroll","background-type":"","background-media":"","overlay-type":"","overlay-color":"","overlay-opacity":"","overlay-gradient":""},"tablet":{"background-color":"var(--ast-global-color-5)","background-image":"","background-repeat":"repeat","background-position":"center center","background-size":"auto","background-attachment":"scroll","background-type":"","background-media":"","overlay-type":"","overlay-color":"","overlay-opacity":"","overlay-gradient":""},"mobile":{"background-color":"var(--ast-global-color-5)","background-image":"","background-repeat":"repeat","background-position":"center center","background-size":"auto","background-attachment":"scroll","background-type":"","background-media":"","overlay-type":"","overlay-color":"","overlay-opacity":"","overlay-gradient":""}},"footnotes":""},"class_list":["post-2789","page","type-page","status-publish","hentry"],"post_mailing_queue_ids":[],"_links":{"self":[{"href":"https:\/\/serveiseducatius.xtec.cat\/badalona\/wp-json\/wp\/v2\/pages\/2789","targetHints":{"allow":["GET"]}}],"collection":[{"href":"https:\/\/serveiseducatius.xtec.cat\/badalona\/wp-json\/wp\/v2\/pages"}],"about":[{"href":"https:\/\/serveiseducatius.xtec.cat\/badalona\/wp-json\/wp\/v2\/types\/page"}],"author":[{"embeddable":true,"href":"https:\/\/serveiseducatius.xtec.cat\/badalona\/wp-json\/wp\/v2\/users\/1"}],"replies":[{"embeddable":true,"href":"https:\/\/serveiseducatius.xtec.cat\/badalona\/wp-json\/wp\/v2\/comments?post=2789"}],"version-history":[{"count":3,"href":"https:\/\/serveiseducatius.xtec.cat\/badalona\/wp-json\/wp\/v2\/pages\/2789\/revisions"}],"predecessor-version":[{"id":4541,"href":"https:\/\/serveiseducatius.xtec.cat\/badalona\/wp-json\/wp\/v2\/pages\/2789\/revisions\/4541"}],"up":[{"embeddable":true,"href":"https:\/\/serveiseducatius.xtec.cat\/badalona\/wp-json\/wp\/v2\/pages\/4536"}],"wp:attachment":[{"href":"https:\/\/serveiseducatius.xtec.cat\/badalona\/wp-json\/wp\/v2\/media?parent=2789"}],"curies":[{"name":"wp","href":"https:\/\/api.w.org\/{rel}","templated":true}]}}