{"id":2756,"date":"2012-06-29T14:16:24","date_gmt":"2012-06-29T13:16:24","guid":{"rendered":"http:\/\/serveiseducatius.xtec.cat\/badalona\/intraweb\/jornada-badalona-educacio-i-entorn-espai-de-posters\/"},"modified":"2016-09-14T12:22:06","modified_gmt":"2016-09-14T11:22:06","slug":"jornada-badalona-educacio-i-entorn-espai-de-posters","status":"publish","type":"page","link":"https:\/\/serveiseducatius.xtec.cat\/badalona\/activitats\/pla-de-formacio-de-zona-pfz\/hem-fet\/jornada-badalona-educacio-i-entorn\/jornada-badalona-educacio-i-entorn-espai-de-posters\/","title":{"rendered":"Jornada: &#8220;Badalona, educaci\u00f3 i entorn&#8221; &#8211; Espai de p\u00f2sters"},"content":{"rendered":"<table border=\"0\" width=\"84%\">\n<tbody>\n<tr>\n<td colspan=\"2\" bgcolor=\"#E9E9D1\"><span style=\"font-family: verdana, arial, helvetica, sans-serif;\"><strong><span style=\"color: #000099; font-size: x-large;\">Jornada<br \/>\nBadalona, educaci\u00f3 i entorn<br \/>\nEspai p\u00f2sters d&#8217;experi\u00e8ncies<\/span><\/strong><\/span><\/p>\n<div align=\"right\"><\/div>\n<\/td>\n<\/tr>\n<tr>\n<td align=\"left\" valign=\"top\" width=\"551\"><span style=\"color: #000099;\"><strong><a href=\"\/se-badalona\/intranet\/index.php?module=Downloads&amp;func=prep_hand_out&amp;lid=34\" target=\"_blank\"><img loading=\"lazy\" decoding=\"async\" src=\"https:\/\/lh5.googleusercontent.com\/-okQjtAjsTBg\/T6KavnRwp6I\/AAAAAAAAA68\/7JZbkHVX4Tc\/h120\/primera.jpg\" width=\"172\" height=\"244\" border=\"0\" \/><\/a><\/strong><\/span><\/td>\n<td align=\"center\" valign=\"middle\" width=\"300\" height=\"246\">\n<table style=\"width: auto;\">\n<tbody>\n<tr>\n<td>\n<div align=\"center\"><a href=\"https:\/\/picasaweb.google.com\/lh\/photo\/tVkmGsIvjbfktuLJ50v6MdMTjNZETYmyPJy0liipFm0?feat=embedwebsite\"><img loading=\"lazy\" decoding=\"async\" src=\"https:\/\/lh3.googleusercontent.com\/-A8BOliPcrKo\/T_NGPBnXmXI\/AAAAAAAAF_c\/9rfKsGiD6pE\/s288\/P1200678.JPG\" width=\"288\" height=\"210\" \/><\/a><\/div>\n<\/td>\n<\/tr>\n<\/tbody>\n<\/table>\n<\/td>\n<\/tr>\n<tr bgcolor=\"#F9F9F2\">\n<td colspan=\"2\"><strong><span style=\"color: #000099; font-family: Geneva, Arial, Helvetica, sans-serif; font-size: large;\">P\u00f2sters<br \/>\nd&#8217;experi\u00e8ncies:<\/span><\/strong><\/td>\n<\/tr>\n<tr align=\"left\" valign=\"top\">\n<td colspan=\"2\">\n<div align=\"left\"><span style=\"font-family: Geneva, Arial, Helvetica, sans-serif; font-size: small;\"><img loading=\"lazy\" decoding=\"async\" src=\"https:\/\/lh5.googleusercontent.com\/-i3wFWLHi3Hw\/T-2UXqM5noI\/AAAAAAAABeM\/co_tf8cJkg4\/s20\/boto.jpg\" width=\"20\" height=\"14\" \/> <strong> Activa&#8217;t a l&#8217;estudi.<\/strong> Associaci\u00f3 La Mussara. Comissi\u00f3<br \/>\nd&#8217;inf\u00e0ncia de Sant Crist.(<a href=\"href=%22www.associaciomussarablocspot.com\" target=\"_blank\">Web<\/a>)<br \/>\n(<a href=\"\/se-badalona\/intranet\/index.php?module=Downloads&amp;func=prep_hand_out&amp;lid=48\" target=\"_blank\">P\u00f2ster<\/a>)<br \/>\n<\/span><\/div>\n<\/td>\n<\/tr>\n<tr align=\"left\" valign=\"top\">\n<td colspan=\"2\"><span style=\"font-family: Geneva, Arial, Helvetica, sans-serif; font-size: small;\"><img loading=\"lazy\" decoding=\"async\" src=\"https:\/\/lh5.googleusercontent.com\/-i3wFWLHi3Hw\/T-2UXqM5noI\/AAAAAAAABeM\/co_tf8cJkg4\/s20\/boto.jpg\" width=\"20\" height=\"14\" \/> <strong>Activitats extraescolars a Sant Roc. <\/strong>Consorci Badalona<br \/>\nSud. (<a href=\"\/se-badalona\/intranet\/index.php?module=Downloads&amp;func=prep_hand_out&amp;lid=49\" target=\"_blank\">P\u00f2ster<\/a>)<\/span><\/td>\n<\/tr>\n<tr align=\"left\" valign=\"top\">\n<td colspan=\"2\" height=\"16\"><span style=\"font-family: Geneva, Arial, Helvetica, sans-serif; font-size: small;\"><img loading=\"lazy\" decoding=\"async\" src=\"https:\/\/lh5.googleusercontent.com\/-i3wFWLHi3Hw\/T-2UXqM5noI\/AAAAAAAABeM\/co_tf8cJkg4\/s20\/boto.jpg\" width=\"20\" height=\"14\" \/> <strong>Arrelarreu. <\/strong>Comissi\u00f3 educativa de la Pau. (<a href=\"\/se-badalona\/intranet\/index.php?module=Downloads&amp;func=prep_hand_out&amp;lid=50\" target=\"_blank\">P\u00f2ster<\/a>)<\/span><\/td>\n<\/tr>\n<tr align=\"left\" valign=\"top\">\n<td colspan=\"2\" height=\"16\"><span style=\"font-family: Geneva, Arial, Helvetica, sans-serif; font-size: small;\"><img loading=\"lazy\" decoding=\"async\" src=\"https:\/\/lh5.googleusercontent.com\/-i3wFWLHi3Hw\/T-2UXqM5noI\/AAAAAAAABeM\/co_tf8cJkg4\/s20\/boto.jpg\" width=\"20\" height=\"14\" \/> <strong>Aula de formaci\u00f3 social d&#8217;amics de La Salut. <\/strong>Associaci\u00f3<br \/>\nAmics de La Salut.(<a href=\"www.amicssalut.entitatbadalona.net\" target=\"_blank\">Web<\/a>)<br \/>\n(<a href=\"\/se-badalona\/intranet\/index.php?module=Downloads&amp;func=prep_hand_out&amp;lid=51\" target=\"_blank\">P\u00f2ster<\/a>)<\/span><\/td>\n<\/tr>\n<tr align=\"left\" valign=\"top\">\n<td colspan=\"2\" height=\"18\"><span style=\"font-family: Geneva, Arial, Helvetica, sans-serif; font-size: small;\"><img loading=\"lazy\" decoding=\"async\" src=\"https:\/\/lh5.googleusercontent.com\/-i3wFWLHi3Hw\/T-2UXqM5noI\/AAAAAAAABeM\/co_tf8cJkg4\/s20\/boto.jpg\" width=\"20\" height=\"14\" \/> <strong>Baetulonis Schola<\/strong>. INS Isaac Alb\u00e8niz. (<a href=\"www.amicssalut.entitatbadalona.net\" target=\"_blank\">Web)<\/a><br \/>\n(<a href=\"\/se-badalona\/intranet\/index.php?module=Downloads&amp;func=prep_hand_out&amp;lid=52\" target=\"_blank\">P\u00f2ster<\/a>)<\/span><\/td>\n<\/tr>\n<tr align=\"left\" valign=\"top\">\n<td colspan=\"2\"><span style=\"font-family: Geneva, Arial, Helvetica, sans-serif; font-size: small;\"> <img loading=\"lazy\" decoding=\"async\" src=\"https:\/\/lh5.googleusercontent.com\/-i3wFWLHi3Hw\/T-2UXqM5noI\/AAAAAAAABeM\/co_tf8cJkg4\/s20\/boto.jpg\" width=\"20\" height=\"14\" \/> <strong>Bon dia Llefi\u00e0 &#8211; La Salut<\/strong>. Servei B\u00e0sic<br \/>\nd&#8217;Atenci\u00f3 Social 4.<\/span><\/td>\n<\/tr>\n<tr align=\"left\" valign=\"top\">\n<td colspan=\"2\"><span style=\"color: #ffffff; font-family: Geneva, Arial, Helvetica, sans-serif; font-size: small;\">__<br \/>\n_<\/span><span style=\"font-family: Geneva, Arial, Helvetica, sans-serif; font-size: small;\">Comissi\u00f3<br \/>\nd&#8217;inf\u00e0ncia i joventut de Llefi\u00e0-La Salut. (<a href=\"\/se-badalona\/intranet\/index.php?module=Downloads&amp;func=prep_hand_out&amp;lid=53\" target=\"_blank\">P\u00f2ster<\/a>)<\/span><\/td>\n<\/tr>\n<tr align=\"left\" valign=\"top\">\n<td colspan=\"2\"><span style=\"font-family: Geneva, Arial, Helvetica, sans-serif; font-size: small;\"><strong><img loading=\"lazy\" decoding=\"async\" src=\"https:\/\/lh5.googleusercontent.com\/-i3wFWLHi3Hw\/T-2UXqM5noI\/AAAAAAAABeM\/co_tf8cJkg4\/s20\/boto.jpg\" width=\"20\" height=\"14\" \/><br \/>\nCantada de nadales. <\/strong>Comissi\u00f3 educativa de la Pau<span style=\"color: #000099;\">.<br \/>\n<\/span>(<a href=\"\/se-badalona\/intranet\/index.php?module=Downloads&amp;func=prep_hand_out&amp;lid=54\" target=\"_blank\">P\u00f2ster<\/a>)<\/span><\/td>\n<\/tr>\n<tr align=\"left\" valign=\"top\">\n<td colspan=\"2\" height=\"16\"><span style=\"font-family: Geneva, Arial, Helvetica, sans-serif; font-size: small;\"><strong><img loading=\"lazy\" decoding=\"async\" src=\"https:\/\/lh5.googleusercontent.com\/-i3wFWLHi3Hw\/T-2UXqM5noI\/AAAAAAAABeM\/co_tf8cJkg4\/s20\/boto.jpg\" width=\"20\" height=\"14\" \/><br \/>\nCultura emprenedora a l\u00e2??escola<\/strong>. ESC Planas i Casals. (<a href=\"\/ceipplanasicasals\/intranet\/index.php%20\" target=\"_blank\">Web<\/a>)<br \/>\n(<a href=\"\/se-badalona\/intranet\/index.php?module=Downloads&amp;func=prep_hand_out&amp;lid=55\" target=\"_blank\">P\u00f2ster<\/a>)<\/span><\/td>\n<\/tr>\n<tr align=\"left\" valign=\"top\">\n<td colspan=\"2\"><span style=\"font-family: Geneva, Arial, Helvetica, sans-serif; font-size: small;\"><strong><img loading=\"lazy\" decoding=\"async\" src=\"https:\/\/lh5.googleusercontent.com\/-i3wFWLHi3Hw\/T-2UXqM5noI\/AAAAAAAABeM\/co_tf8cJkg4\/s20\/boto.jpg\" width=\"20\" height=\"14\" \/><br \/>\nDinamitzaci\u00f3 juvenil als barris de Llefi\u00e0 i La Salut. <\/strong>Associaci\u00f3<br \/>\nla Rotllana.<\/span><\/td>\n<\/tr>\n<tr align=\"left\" valign=\"top\">\n<td colspan=\"2\"><span style=\"color: #ffffff; font-family: Geneva, Arial, Helvetica, sans-serif; font-size: small;\">___<\/span><span style=\"font-family: Geneva, Arial, Helvetica, sans-serif; font-size: small;\">Comissi\u00f3<br \/>\nd&#8217;inf\u00e0ncia i joventut de Llefi\u00e0-La Salut. (<a href=\"www.rotllana.cat\" target=\"_blank\">Web)<\/a><br \/>\n(<a href=\"\/se-badalona\/intranet\/index.php?module=Downloads&amp;func=prep_hand_out&amp;lid=59\" target=\"_blank\">P\u00f2ster<\/a>)<\/span><\/td>\n<\/tr>\n<tr align=\"left\" valign=\"top\">\n<td colspan=\"2\"><span style=\"font-family: Geneva, Arial, Helvetica, sans-serif; font-size: small;\"><strong><img loading=\"lazy\" decoding=\"async\" src=\"https:\/\/lh5.googleusercontent.com\/-i3wFWLHi3Hw\/T-2UXqM5noI\/AAAAAAAABeM\/co_tf8cJkg4\/s20\/boto.jpg\" width=\"20\" height=\"14\" \/><br \/>\nDinamitzaci\u00f3 de la lectura. Badalopesia. <\/strong>Pla Educatiu d&#8217;Entorn<br \/>\nde Sant Roc<strong>. <\/strong>(<a href=\"\/se-badalona\/intranet\/index.php?module=Downloads&amp;func=prep_hand_out&amp;lid=56\" target=\"_blank\">P\u00f2ster<\/a>)<\/span><\/td>\n<\/tr>\n<tr align=\"left\" valign=\"top\">\n<td colspan=\"2\" height=\"16\"><span style=\"font-family: Geneva, Arial, Helvetica, sans-serif; font-size: small;\"><strong><img loading=\"lazy\" decoding=\"async\" src=\"https:\/\/lh5.googleusercontent.com\/-i3wFWLHi3Hw\/T-2UXqM5noI\/AAAAAAAABeM\/co_tf8cJkg4\/s20\/boto.jpg\" width=\"20\" height=\"14\" \/><br \/>\nDinamitzaci\u00f3 de la lectura. Maletes i motxilles viatgeres. <\/strong><\/span><\/td>\n<\/tr>\n<tr align=\"left\" valign=\"top\">\n<td colspan=\"2\" height=\"16\"><span style=\"color: #ffffff; font-family: Geneva, Arial, Helvetica, sans-serif; font-size: small;\">___<br \/>\n<\/span><span style=\"font-family: Geneva, Arial, Helvetica, sans-serif; font-size: small;\">Pla<br \/>\nEducatiu d&#8217;Entorn de Sant Roc<strong>. <\/strong>(<a href=\"\/se-badalona\/intranet\/index.php?module=Downloads&amp;func=prep_hand_out&amp;lid=57\" target=\"_blank\">P\u00f2ster<\/a>)<\/span><\/td>\n<\/tr>\n<tr align=\"left\" valign=\"top\">\n<td colspan=\"2\" height=\"16\"><span style=\"font-family: Geneva, Arial, Helvetica, sans-serif; font-size: small;\"><strong><img loading=\"lazy\" decoding=\"async\" src=\"https:\/\/lh5.googleusercontent.com\/-i3wFWLHi3Hw\/T-2UXqM5noI\/AAAAAAAABeM\/co_tf8cJkg4\/s20\/boto.jpg\" width=\"20\" height=\"14\" \/><br \/>\nDinamitzaci\u00f3 de la lectura. Sant Jordi. <\/strong>Pla Educatiu d&#8217;Entorn<br \/>\nde Sant Roc<strong>. <\/strong>(<a href=\"\/se-badalona\/intranet\/index.php?module=Downloads&amp;func=prep_hand_out&amp;lid=58\" target=\"_blank\">P\u00f2ster<\/a>)<\/span><\/td>\n<\/tr>\n<tr align=\"left\" valign=\"top\">\n<td colspan=\"2\" height=\"16\"><span style=\"font-family: Geneva, Arial, Helvetica, sans-serif; font-size: small;\"><strong><img loading=\"lazy\" decoding=\"async\" src=\"https:\/\/lh5.googleusercontent.com\/-i3wFWLHi3Hw\/T-2UXqM5noI\/AAAAAAAABeM\/co_tf8cJkg4\/s20\/boto.jpg\" width=\"20\" height=\"14\" \/><br \/>\nEscola oberta al barri. <\/strong>ESC Antoni Botey<strong>. <\/strong>(<a href=\"www.xtec.cat\/ceipantonibotey\/\" target=\"_blank\">Web<\/a>)<br \/>\n(<a href=\"\/se-badalona\/intranet\/index.php?module=Downloads&amp;func=prep_hand_out&amp;lid=60\" target=\"_blank\">P\u00f2ster<\/a>)<\/span><\/td>\n<\/tr>\n<tr align=\"left\" valign=\"top\">\n<td colspan=\"2\" height=\"16\"><span style=\"font-family: Geneva, Arial, Helvetica, sans-serif; font-size: small;\"><strong><img loading=\"lazy\" decoding=\"async\" src=\"https:\/\/lh5.googleusercontent.com\/-i3wFWLHi3Hw\/T-2UXqM5noI\/AAAAAAAABeM\/co_tf8cJkg4\/s20\/botoA?%C2%B6?r?%C3%80??????.jpg\" width=\"20\" height=\"14\" \/><br \/>\nEspai pares. <\/strong>Ajuntament de Badalona. Comissi\u00f3<br \/>\nd&#8217;inf\u00e0ncia i joventut de Llefi\u00e0-La Salut. (<a href=\"\/se-badalona\/intranet\/index.php?module=Downloads&amp;func=prep_hand_out&amp;lid=61\" target=\"_blank\">P\u00f2ster<\/a>)<\/span><\/td>\n<\/tr>\n<tr align=\"left\" valign=\"top\">\n<td colspan=\"2\" height=\"16\"><span style=\"font-family: Geneva, Arial, Helvetica, sans-serif; font-size: small;\"><strong><img loading=\"lazy\" decoding=\"async\" src=\"https:\/\/lh5.googleusercontent.com\/-i3wFWLHi3Hw\/T-2UXqM5noI\/AAAAAAAABeM\/co_tf8cJkg4\/s20\/boto.jpg\" width=\"20\" height=\"14\" \/><br \/>\nFormaci\u00f3 i dinamitzaci\u00f3 de les AMPA. <\/strong>Plans educatius d&#8217;entorn<br \/>\nde Badalona. <\/span><\/td>\n<\/tr>\n<tr align=\"left\" valign=\"top\">\n<td colspan=\"2\" height=\"16\"><span style=\"color: #ffffff; font-family: Geneva, Arial, Helvetica, sans-serif; font-size: small;\">___<\/span><span style=\"font-family: Geneva, Arial, Helvetica, sans-serif; font-size: small;\"><br \/>\nAjuntament de Badalona. (<a href=\"\/se-badalona\/intranet\/index.php?module=Downloads&amp;func=prep_hand_out&amp;lid=62\" target=\"_blank\">P\u00f2ster<\/a>)<\/span><\/td>\n<\/tr>\n<tr align=\"left\" valign=\"top\">\n<td colspan=\"2\" height=\"16\"><span style=\"font-family: Geneva, Arial, Helvetica, sans-serif; font-size: small;\"><strong><img loading=\"lazy\" decoding=\"async\" src=\"https:\/\/lh5.googleusercontent.com\/-i3wFWLHi3Hw\/T-2UXqM5noI\/AAAAAAAABeM\/co_tf8cJkg4\/s20\/boto.jpg\" width=\"20\" height=\"14\" \/><br \/>\nGrup de treball Aprenentatge-Servei. <\/strong>SI Badalona. Pla de Formaci\u00f3<br \/>\nde Badalona. (<a href=\"https:\/\/sites.google.com\/a\/xtec.cat\/aps\" target=\"_blank\">Web<\/a>)<br \/>\n(<a href=\"\/se-badalona\/intranet\/index.php?module=Downloads&amp;func=prep_hand_out&amp;lid=63\" target=\"_blank\">P\u00f2ster<\/a>)<\/span><\/td>\n<\/tr>\n<tr align=\"left\" valign=\"top\">\n<td colspan=\"2\" height=\"16\"><span style=\"font-family: Geneva, Arial, Helvetica, sans-serif; font-size: small;\"><strong><img loading=\"lazy\" decoding=\"async\" src=\"https:\/\/lh5.googleusercontent.com\/-i3wFWLHi3Hw\/T-2UXqM5noI\/AAAAAAAABeM\/co_tf8cJkg4\/s20\/boto.jpg\" width=\"20\" height=\"14\" \/><br \/>\nHort urb\u00e0 comunitari. Badalona Sud. <\/strong>Servei de dinamitzaci\u00f3 i<br \/>\nintervenci\u00f3 comunit\u00e0ria<strong>. <\/strong> <\/span><\/td>\n<\/tr>\n<tr align=\"left\" valign=\"top\">\n<td colspan=\"2\" height=\"16\"><span style=\"color: #ffffff; font-family: Geneva, Arial, Helvetica, sans-serif; font-size: small;\">___\u00a0<\/span><span style=\"font-family: Geneva, Arial, Helvetica, sans-serif; font-size: small;\">Consorci<br \/>\nBadalona-Sud. (<a href=\"http:\/\/icomunitariacbs.wordpress.com\/\" target=\"_blank\">Web<\/a>)<br \/>\n(<a href=\"\/se-badalona\/intranet\/index.php?module=Downloads&amp;func=prep_hand_out&amp;lid=63\" target=\"_blank\">P\u00f2ster<\/a>)<\/span><\/td>\n<\/tr>\n<tr align=\"left\" valign=\"top\">\n<td colspan=\"2\" height=\"16\"><span style=\"font-family: Geneva, Arial, Helvetica, sans-serif; font-size: small;\"><strong><img loading=\"lazy\" decoding=\"async\" src=\"https:\/\/lh5.googleusercontent.com\/-i3wFWLHi3Hw\/T-2UXqM5noI\/AAAAAAAABeM\/co_tf8cJkg4\/s20\/boto.jpg\" width=\"20\" height=\"14\" \/><br \/>\nInstitut obert al barri. Entorn educador.<\/strong> Secci\u00f3 d&#8217;Institut Badalona<br \/>\n<strong>. <\/strong>(<a href=\"http:\/\/sesbadalona.blogspot.com\" target=\"_blank\">Web<\/a>)<br \/>\n(<a href=\"\/se-badalona\/intranet\/index.php?module=Downloads&amp;func=prep_hand_out&amp;lid=65\" target=\"_blank\">P\u00f2ster<\/a>)<\/span><\/td>\n<\/tr>\n<tr align=\"left\" valign=\"top\">\n<td colspan=\"2\" height=\"16\"><span style=\"font-family: Geneva, Arial, Helvetica, sans-serif; font-size: small;\"><strong><img loading=\"lazy\" decoding=\"async\" src=\"https:\/\/lh5.googleusercontent.com\/-i3wFWLHi3Hw\/T-2UXqM5noI\/AAAAAAAABeM\/co_tf8cJkg4\/s20\/boto.jpg\" width=\"20\" height=\"14\" \/><br \/>\nJornades culturals.<\/strong> Secci\u00f3 d&#8217;Institut Badalona <strong>. <\/strong>(<a href=\"http:\/\/sesbadalona.blogspot.com\" target=\"_blank\">Web<\/a>)<br \/>\n(<a href=\"\/se-badalona\/intranet\/index.php?module=Downloads&amp;func=prep_hand_out&amp;lid=66\" target=\"_blank\">P\u00f2ster<\/a>)<\/span><\/td>\n<\/tr>\n<tr align=\"left\" valign=\"top\">\n<td colspan=\"2\" height=\"16\"><span style=\"font-family: Geneva, Arial, Helvetica, sans-serif; font-size: small;\"><strong><img loading=\"lazy\" decoding=\"async\" src=\"https:\/\/lh5.googleusercontent.com\/-i3wFWLHi3Hw\/T-2UXqM5noI\/AAAAAAAABeM\/co_tf8cJkg4\/s20\/boto.jpg\" width=\"20\" height=\"14\" \/><br \/>\nJoves per a la conviv\u00e8ncia. <\/strong>Ajuntament de Badalona.<br \/>\n(<a href=\"\/se-badalona\/intranet\/index.php?module=Downloads&amp;func=prep_hand_out&amp;lid=67\" target=\"_blank\">P\u00f2ster<\/a>)<\/span><\/td>\n<\/tr>\n<tr align=\"left\" valign=\"top\">\n<td colspan=\"2\"><span style=\"font-family: Geneva, Arial, Helvetica, sans-serif; font-size: small;\"><strong><img loading=\"lazy\" decoding=\"async\" src=\"https:\/\/lh5.googleusercontent.com\/-i3wFWLHi3Hw\/T-2UXqM5noI\/AAAAAAAABeM\/co_tf8cJkg4\/s20\/boto.jpg\" width=\"20\" height=\"14\" \/><br \/>\nKm 0. Projectes de participaci\u00f3 juvenil. <\/strong>Associaci\u00f3 Casal La<br \/>\nFormiga.<\/span><\/td>\n<\/tr>\n<tr align=\"left\" valign=\"top\">\n<td colspan=\"2\" height=\"18\"><span style=\"color: #ffffff; font-family: Geneva, Arial, Helvetica, sans-serif; font-size: small;\">___\u00a0<\/span><span style=\"color: #000000; font-family: Geneva, Arial, Helvetica, sans-serif; font-size: small;\">Pla<br \/>\nEducatiu d&#8217;Entorn de Sant Roc<strong>. <\/strong>(<a href=\"www.casalaformiga.org\" target=\"_blank\">Web<\/a>)<br \/>\n(<a href=\"\/se-badalona\/intranet\/index.php?module=Downloads&amp;func=prep_hand_out&amp;lid=68\" target=\"_blank\">P\u00f2ster<\/a>) <\/span><\/td>\n<\/tr>\n<tr align=\"left\" valign=\"top\">\n<td colspan=\"2\" height=\"14\"><span style=\"font-family: Geneva, Arial, Helvetica, sans-serif; font-size: small;\"><strong><img loading=\"lazy\" decoding=\"async\" src=\"https:\/\/lh5.googleusercontent.com\/-i3wFWLHi3Hw\/T-2UXqM5noI\/AAAAAAAABeM\/co_tf8cJkg4\/s20\/boto.jpg\" width=\"20\" height=\"14\" \/><br \/>\nLligueta del Bes\u00f2s. <\/strong>Comissi\u00f3 educativa de la Pau. (<a href=\"\/se-badalona\/intranet\/index.php?module=Downloads&amp;func=prep_hand_out&amp;lid=69\" target=\"_blank\">P\u00f2ster<\/a>)<\/span><\/td>\n<\/tr>\n<tr align=\"left\" valign=\"top\">\n<td colspan=\"2\" height=\"16\"><span style=\"font-family: Geneva, Arial, Helvetica, sans-serif; font-size: small;\"><strong><img loading=\"lazy\" decoding=\"async\" src=\"https:\/\/lh5.googleusercontent.com\/-i3wFWLHi3Hw\/T-2UXqM5noI\/AAAAAAAABeM\/co_tf8cJkg4\/s20\/boto.jpg\" width=\"20\" height=\"14\" \/><br \/>\nOlimp\u00edades escolars. <\/strong>Comissi\u00f3 educativa de la Pau. (<a href=\"\/se-badalona\/intranet\/index.php?module=Downloads&amp;func=prep_hand_out&amp;lid=70\" target=\"_blank\">P\u00f2ster<\/a>)<\/span><\/td>\n<\/tr>\n<tr align=\"left\" valign=\"top\">\n<td colspan=\"2\" height=\"16\"><span style=\"font-family: Geneva, Arial, Helvetica, sans-serif; font-size: small;\"><strong><img loading=\"lazy\" decoding=\"async\" src=\"https:\/\/lh5.googleusercontent.com\/-i3wFWLHi3Hw\/T-2UXqM5noI\/AAAAAAAABeM\/co_tf8cJkg4\/s20\/boto.jpg\" width=\"20\" height=\"14\" \/><br \/>\nPati obert Nero-Nas. <\/strong>Escola Bressol Mpal. Nero Nas. Com. d&#8217;Inf\u00e0ncia<br \/>\ni Joventut Llefi\u00e0-La Salut<\/span><\/td>\n<\/tr>\n<tr align=\"left\" valign=\"top\">\n<td colspan=\"2\" height=\"16\"><span style=\"color: #ffffff; font-size: small;\">_<br \/>\n_ <\/span><span style=\"font-family: Geneva, Arial, Helvetica, sans-serif; font-size: small;\">Pla<br \/>\nde Desenvolupament Comunitari de La Salut-Llefi\u00e0<span style=\"color: #000000;\">.<br \/>\n(<a href=\"\/se-badalona\/intranet\/index.php?module=Downloads&amp;func=prep_hand_out&amp;lid=71\" target=\"_blank\">P\u00f2ster<\/a>) <\/span><\/span><\/td>\n<\/tr>\n<tr align=\"left\" valign=\"top\">\n<td colspan=\"2\" height=\"16\"><span style=\"font-family: Geneva, Arial, Helvetica, sans-serif; font-size: small;\"><strong><img loading=\"lazy\" decoding=\"async\" src=\"https:\/\/lh5.googleusercontent.com\/-i3wFWLHi3Hw\/T-2UXqM5noI\/AAAAAAAABeM\/co_tf8cJkg4\/s20\/boto.jpg\" width=\"20\" height=\"14\" \/><br \/>\nPatis oberts. <\/strong>Comissi\u00f3 educativa de la Pau. (<a href=\"\/se-badalona\/intranet\/index.php?module=Downloads&amp;func=prep_hand_out&amp;lid=72\" target=\"_blank\">P\u00f2ster<\/a>)<\/span><\/td>\n<\/tr>\n<tr align=\"left\" valign=\"top\">\n<td colspan=\"2\" height=\"16\"><span style=\"font-family: Geneva, Arial, Helvetica, sans-serif; font-size: small;\"><strong><img loading=\"lazy\" decoding=\"async\" src=\"https:\/\/lh5.googleusercontent.com\/-i3wFWLHi3Hw\/T-2UXqM5noI\/AAAAAAAABeM\/co_tf8cJkg4\/s20\/boto.jpg\" width=\"20\" height=\"14\" \/><br \/>\nPediatria social. <\/strong>Ajuntament de Badalona. (<a href=\"\/se-badalona\/intranet\/index.php?module=Downloads&amp;func=prep_hand_out&amp;lid=73\" target=\"_blank\">P\u00f2ster<\/a>)<\/span><\/td>\n<\/tr>\n<tr align=\"left\" valign=\"top\">\n<td colspan=\"2\" height=\"16\"><span style=\"font-family: Geneva, Arial, Helvetica, sans-serif; font-size: small;\"><strong><img loading=\"lazy\" decoding=\"async\" src=\"https:\/\/lh5.googleusercontent.com\/-i3wFWLHi3Hw\/T-2UXqM5noI\/AAAAAAAABeM\/co_tf8cJkg4\/s20\/boto.jpg\" width=\"20\" height=\"14\" \/><br \/>\nPrograma de dinamitzaci\u00f3 lectora. <\/strong>Xarxa Mpal. de Biblioteques<br \/>\nde Badalona<\/span><\/td>\n<\/tr>\n<tr align=\"left\" valign=\"top\">\n<td colspan=\"2\" height=\"16\"><span style=\"color: #ffffff; font-family: Geneva, Arial, Helvetica, sans-serif; font-size: small;\">___<\/span><span style=\"font-family: Geneva, Arial, Helvetica, sans-serif; font-size: small;\">\u00a0Comissi\u00f3<br \/>\nPla Lector de Badalona. (<a href=\"\/se-badalona\/intranet\/index.php?module=Downloads&amp;func=prep_hand_out&amp;lid=74\" target=\"_blank\">P\u00f2ster<\/a>)<\/span><\/td>\n<\/tr>\n<tr align=\"left\" valign=\"top\">\n<td colspan=\"2\" height=\"16\"><span style=\"font-family: Geneva, Arial, Helvetica, sans-serif; font-size: small;\"><img loading=\"lazy\" decoding=\"async\" src=\"https:\/\/lh5.googleusercontent.com\/-i3wFWLHi3Hw\/T-2UXqM5noI\/AAAAAAAABeM\/co_tf8cJkg4\/s20\/boto.jpg\" width=\"20\" height=\"14\" \/> <strong>Programa de suport a l&#8217;escolaritzaci\u00f3<\/strong>. Centre Sant Jaume.<br \/>\nConsorci Badalona-Sud<\/span><\/td>\n<\/tr>\n<tr align=\"left\" valign=\"top\">\n<td colspan=\"2\" height=\"16\"><span style=\"color: #ffffff; font-family: Geneva, Arial, Helvetica, sans-serif; font-size: small;\">___<\/span><span style=\"font-family: Geneva, Arial, Helvetica, sans-serif; font-size: small;\"><br \/>\nPla Educatiu d&#8217;Entorn de Sant Roc<strong>. <\/strong>(<a href=\"\/se-badalona\/intranet\/index.php?module=Downloads&amp;func=prep_hand_out&amp;lid=75\" target=\"_blank\">P\u00f2ster<\/a>)<\/span><\/td>\n<\/tr>\n<tr align=\"left\" valign=\"top\">\n<td colspan=\"2\" height=\"16\"><span style=\"font-family: Geneva, Arial, Helvetica, sans-serif; font-size: small;\"><strong><img loading=\"lazy\" decoding=\"async\" src=\"https:\/\/lh5.googleusercontent.com\/-i3wFWLHi3Hw\/T-2UXqM5noI\/AAAAAAAABeM\/co_tf8cJkg4\/s20\/boto.jpg\" width=\"20\" height=\"14\" \/><br \/>\nProjecte Aprenijoc. <\/strong>Fundaci\u00f3 privda la Salut Alta.<\/span><\/td>\n<\/tr>\n<tr align=\"left\" valign=\"top\">\n<td colspan=\"2\" height=\"16\"><span style=\"color: #ffffff; font-family: Geneva, Arial, Helvetica, sans-serif; font-size: small;\">___<\/span><span style=\"font-family: Geneva, Arial, Helvetica, sans-serif; font-size: small;\">\u00a0Comissi\u00f3<br \/>\nd&#8217;inf\u00e0ncia i joventut de Llefi\u00e0-La Salut. (<a href=\"\/se-badalona\/intranet\/index.php?module=Downloads&amp;func=prep_hand_out&amp;lid=76\" target=\"_blank\">P\u00f2ster<\/a>)<\/span><\/td>\n<\/tr>\n<tr align=\"left\" valign=\"top\">\n<td colspan=\"2\" height=\"16\"><span style=\"font-family: Geneva, Arial, Helvetica, sans-serif; font-size: small;\"><strong><img loading=\"lazy\" decoding=\"async\" src=\"https:\/\/lh5.googleusercontent.com\/-i3wFWLHi3Hw\/T-2UXqM5noI\/AAAAAAAABeM\/co_tf8cJkg4\/s20\/boto.jpg\" width=\"20\" height=\"14\" \/><br \/>\nProjecte Petita Inf\u00e0ncia. <\/strong>Ajuntament de Badalona.<\/span><\/td>\n<\/tr>\n<tr align=\"left\" valign=\"top\">\n<td colspan=\"2\" height=\"16\"><span style=\"color: #ffffff; font-family: Geneva, Arial, Helvetica, sans-serif; font-size: small;\">___<\/span><span style=\"font-family: Geneva, Arial, Helvetica, sans-serif; font-size: small;\">\u00a0Programa<br \/>\nThao. (<a href=\"\/se-badalona\/intranet\/index.php?module=Downloads&amp;func=prep_hand_out&amp;lid=77\" target=\"_blank\">P\u00f2ster<\/a>)<\/span><\/td>\n<\/tr>\n<tr align=\"left\" valign=\"top\">\n<td colspan=\"2\" height=\"16\"><strong><img loading=\"lazy\" decoding=\"async\" src=\"https:\/\/lh5.googleusercontent.com\/-i3wFWLHi3Hw\/T-2UXqM5noI\/AAAAAAAABeM\/co_tf8cJkg4\/s20\/boto.jpg\" width=\"20\" height=\"14\" \/> <span style=\"font-family: Geneva, Arial, Helvetica, sans-serif; font-size: small;\"> Siklavipen<br \/>\nSavoren\u00e7a. (Educaci\u00f3 amb Tothom)<\/span>. <\/strong><span style=\"font-family: Geneva, Arial, Helvetica, sans-serif; font-size: small;\">Fundaci\u00f3<br \/>\nprivada Pere Closa<\/span><\/td>\n<\/tr>\n<tr align=\"left\" valign=\"top\">\n<td colspan=\"2\" height=\"16\"><span style=\"color: #ffffff; font-family: Geneva, Arial, Helvetica, sans-serif; font-size: small;\">___<\/span><span style=\"font-family: Geneva, Arial, Helvetica, sans-serif; font-size: small;\"><br \/>\nPla Educatiu d&#8217;Entorn de Sant Roc<strong>. <\/strong>Consorci Badalona<br \/>\nSud. (<a href=\"\/se-badalona\/intranet\/index.php?module=Downloads&amp;func=prep_hand_out&amp;lid=77\" target=\"_blank\">P\u00f2ster<\/a>)<\/span><\/td>\n<\/tr>\n<tr align=\"left\" valign=\"top\">\n<td colspan=\"2\" height=\"16\"><span style=\"font-family: Geneva, Arial, Helvetica, sans-serif; font-size: small;\"><strong><img loading=\"lazy\" decoding=\"async\" src=\"https:\/\/lh5.googleusercontent.com\/-i3wFWLHi3Hw\/T-2UXqM5noI\/AAAAAAAABeM\/co_tf8cJkg4\/s20\/boto.jpg\" width=\"20\" height=\"14\" \/><br \/>\nTahira. <\/strong>Instituts Llefi\u00e0-La Salut. Projecte Convivim<\/span><\/td>\n<\/tr>\n<tr align=\"left\" valign=\"top\">\n<td colspan=\"2\" height=\"16\"><span style=\"color: #ffffff; font-family: Geneva, Arial, Helvetica, sans-serif; font-size: small;\">___<br \/>\n<\/span><span style=\"font-family: Geneva, Arial, Helvetica, sans-serif; font-size: small;\">Comissi\u00f3<br \/>\nd&#8217;inf\u00e0ncia i joventut de Llefi\u00e0-La Salut. (<a href=\"\/se-badalona\/intranet\/index.php?module=Downloads&amp;func=prep_hand_out&amp;lid=79\" target=\"_blank\">P\u00f2ster<\/a>)<\/span><\/td>\n<\/tr>\n<tr align=\"left\" valign=\"top\">\n<td colspan=\"2\" height=\"16\"><span style=\"font-family: Geneva, Arial, Helvetica, sans-serif; font-size: small;\"><strong><img loading=\"lazy\" decoding=\"async\" src=\"https:\/\/lh5.googleusercontent.com\/-i3wFWLHi3Hw\/T-2UXqM5noI\/AAAAAAAABeM\/co_tf8cJkg4\/s20\/boto.jpg\" width=\"20\" height=\"14\" \/><br \/>\nTaller intergeneracional. <\/strong>Secci\u00f3 d&#8217;Institut Badalona <strong>.<br \/>\n<\/strong>(<a href=\"http:\/\/sesbadalona.blogspot.com\" target=\"_blank\">Web<\/a>)<br \/>\n(<a href=\"\/se-badalona\/intranet\/index.php?module=Downloads&amp;func=prep_hand_out&amp;lid=80\" target=\"_blank\">P\u00f2ster<\/a>)<\/span><\/td>\n<\/tr>\n<tr align=\"left\" valign=\"top\">\n<td colspan=\"2\" height=\"16\"><span style=\"font-family: Geneva, Arial, Helvetica, sans-serif; font-size: small;\"><strong><img loading=\"lazy\" decoding=\"async\" src=\"https:\/\/lh5.googleusercontent.com\/-i3wFWLHi3Hw\/T-2UXqM5noI\/AAAAAAAABeM\/co_tf8cJkg4\/s20\/boto.jpg\" width=\"20\" height=\"14\" \/><br \/>\nXarxa de ve\u00efns que donen suport a les comunitats de La Pau, Puigfred i<br \/>\nLloreda. <\/strong><\/span><\/td>\n<\/tr>\n<tr align=\"left\" valign=\"top\">\n<td colspan=\"2\" height=\"16\"><span style=\"color: #ffffff; font-family: Geneva, Arial, Helvetica, sans-serif; font-size: small;\">___<\/span><span style=\"font-family: Geneva, Arial, Helvetica, sans-serif; font-size: small;\"><br \/>\nAjuntamenet de Badalona. Ve\u00efns i ve\u00efnes dels barris de la Pau, Puigfred,<br \/>\nLloreda i Montigal\u00e0. (<a href=\"\/se-badalona\/intranet\/index.php?module=Downloads&amp;func=prep_hand_out&amp;lid=81\" target=\"_blank\">P\u00f2ster<\/a>)<\/span><\/td>\n<\/tr>\n<tr align=\"left\" valign=\"top\">\n<td colspan=\"2\" height=\"16\"><span style=\"font-family: Geneva, Arial, Helvetica, sans-serif; font-size: small;\"><strong><img loading=\"lazy\" decoding=\"async\" src=\"https:\/\/lh5.googleusercontent.com\/-i3wFWLHi3Hw\/T-2UXqM5noI\/AAAAAAAABeM\/co_tf8cJkg4\/s20\/boto.jpg\" width=\"20\" height=\"14\" \/><br \/>\nXin\u00e8s a l&#8217;abast de tothom. <\/strong>ESC Miguel Hern\u00e1ndez. (<a href=\"www.blocs.xtec.cat\/escolamiguelhern\" target=\"_blank\">Web<\/a>)<br \/>\n(<a href=\"\/se-badalona\/intranet\/index.php?module=Downloads&amp;func=prep_hand_out&amp;lid=82\" target=\"_blank\">P\u00f2ster<\/a>)<\/span><\/td>\n<\/tr>\n<tr align=\"left\" valign=\"top\">\n<td colspan=\"2\" height=\"25\"><strong><span style=\"color: #000099; font-family: Geneva, Arial, Helvetica, sans-serif; font-size: large;\">Secretaria<br \/>\nde les Jornades:<\/span><\/strong><\/td>\n<\/tr>\n<tr align=\"left\" valign=\"top\">\n<td colspan=\"2\" height=\"18\"><span style=\"font-family: Geneva, Arial, Helvetica, sans-serif; font-size: small;\">Tel:93<br \/>\n483 2775 <\/span><\/td>\n<\/tr>\n<tr align=\"left\" valign=\"top\">\n<td colspan=\"2\" height=\"18\"><span style=\"font-family: Geneva, Arial, Helvetica, sans-serif; font-size: small;\">Correu<br \/>\nelectr\u00f2nic: <a href=\"mailto:badalonaeduca@badalona.cat\">badalonaeduca@badalona.cat<\/a><\/span><\/td>\n<\/tr>\n<tr align=\"left\" valign=\"top\">\n<td colspan=\"2\" height=\"18\"><strong><span style=\"color: #000099; font-family: Geneva, Arial, Helvetica, sans-serif; font-size: large;\">Organitza:<\/span><\/strong><\/td>\n<\/tr>\n<tr>\n<td colspan=\"2\" height=\"18\"><span style=\"font-family: Geneva, Arial, Helvetica, sans-serif; font-size: small;\">Ajuntament<br \/>\nde Badalona <\/span><\/td>\n<\/tr>\n<tr>\n<td colspan=\"2\" height=\"18\"><span style=\"font-family: Geneva, Arial, Helvetica, sans-serif; font-size: small;\">Servei<br \/>\nEducatiu de Badalona. Departament d&#8217;Ensenyament. Generalitat de Catalunya<\/span><\/td>\n<\/tr>\n<tr align=\"left\" valign=\"top\">\n<td colspan=\"2\" height=\"18\"><strong><span style=\"color: #000099; font-family: Geneva, Arial, Helvetica, sans-serif; font-size: large;\">Col\u00b7labora:<\/span><\/strong><\/td>\n<\/tr>\n<tr align=\"left\" valign=\"top\">\n<td colspan=\"2\" height=\"18\"><span style=\"font-family: Geneva, Arial, Helvetica, sans-serif; font-size: small;\">Consorci<br \/>\nBadalona Sud<\/span><\/td>\n<\/tr>\n<tr align=\"left\" valign=\"top\">\n<td colspan=\"2\" height=\"18\">\n<div align=\"right\"><a href=\"\/se-badalona\/intranet\/index.php?module=pagines&amp;func=display&amp;pageid=114\" target=\"_blank\"><span style=\"font-family: Geneva, Arial, Helvetica, sans-serif; font-size: small;\">Tornar<br \/>\np\u00e0gina inicial<\/span><\/a><\/div>\n<\/td>\n<\/tr>\n<\/tbody>\n<\/table>\n<p>&nbsp;<\/p>\n","protected":false},"excerpt":{"rendered":"<p>Jornada Badalona, educaci\u00f3 i entorn Espai p\u00f2sters d&#8217;experi\u00e8ncies P\u00f2sters d&#8217;experi\u00e8ncies: Activa&#8217;t a l&#8217;estudi. Associaci\u00f3 La Mussara. Comissi\u00f3 d&#8217;inf\u00e0ncia de Sant [&hellip;]<\/p>\n","protected":false},"author":1,"featured_media":0,"parent":2714,"menu_order":0,"comment_status":"closed","ping_status":"closed","template":"page-templates\/side-menu.php","meta":{"_bbp_topic_count":0,"_bbp_reply_count":0,"_bbp_total_topic_count":0,"_bbp_total_reply_count":0,"_bbp_voice_count":0,"_bbp_anonymous_reply_count":0,"_bbp_topic_count_hidden":0,"_bbp_reply_count_hidden":0,"_bbp_forum_subforum_count":0,"site-sidebar-layout":"default","site-content-layout":"","ast-site-content-layout":"","site-content-style":"default","site-sidebar-style":"default","ast-global-header-display":"","ast-banner-title-visibility":"","ast-main-header-display":"","ast-hfb-above-header-display":"","ast-hfb-below-header-display":"","ast-hfb-mobile-header-display":"","site-post-title":"","ast-breadcrumbs-content":"","ast-featured-img":"","footer-sml-layout":"","theme-transparent-header-meta":"","adv-header-id-meta":"","stick-header-meta":"","header-above-stick-meta":"","header-main-stick-meta":"","header-below-stick-meta":"","astra-migrate-meta-layouts":"default","ast-page-background-enabled":"default","ast-page-background-meta":{"desktop":{"background-color":"var(--ast-global-color-4)","background-image":"","background-repeat":"repeat","background-position":"center center","background-size":"auto","background-attachment":"scroll","background-type":"","background-media":"","overlay-type":"","overlay-color":"","overlay-opacity":"","overlay-gradient":""},"tablet":{"background-color":"","background-image":"","background-repeat":"repeat","background-position":"center center","background-size":"auto","background-attachment":"scroll","background-type":"","background-media":"","overlay-type":"","overlay-color":"","overlay-opacity":"","overlay-gradient":""},"mobile":{"background-color":"","background-image":"","background-repeat":"repeat","background-position":"center center","background-size":"auto","background-attachment":"scroll","background-type":"","background-media":"","overlay-type":"","overlay-color":"","overlay-opacity":"","overlay-gradient":""}},"ast-content-background-meta":{"desktop":{"background-color":"var(--ast-global-color-5)","background-image":"","background-repeat":"repeat","background-position":"center center","background-size":"auto","background-attachment":"scroll","background-type":"","background-media":"","overlay-type":"","overlay-color":"","overlay-opacity":"","overlay-gradient":""},"tablet":{"background-color":"var(--ast-global-color-5)","background-image":"","background-repeat":"repeat","background-position":"center center","background-size":"auto","background-attachment":"scroll","background-type":"","background-media":"","overlay-type":"","overlay-color":"","overlay-opacity":"","overlay-gradient":""},"mobile":{"background-color":"var(--ast-global-color-5)","background-image":"","background-repeat":"repeat","background-position":"center center","background-size":"auto","background-attachment":"scroll","background-type":"","background-media":"","overlay-type":"","overlay-color":"","overlay-opacity":"","overlay-gradient":""}},"footnotes":""},"class_list":["post-2756","page","type-page","status-publish","hentry"],"post_mailing_queue_ids":[],"_links":{"self":[{"href":"https:\/\/serveiseducatius.xtec.cat\/badalona\/wp-json\/wp\/v2\/pages\/2756","targetHints":{"allow":["GET"]}}],"collection":[{"href":"https:\/\/serveiseducatius.xtec.cat\/badalona\/wp-json\/wp\/v2\/pages"}],"about":[{"href":"https:\/\/serveiseducatius.xtec.cat\/badalona\/wp-json\/wp\/v2\/types\/page"}],"author":[{"embeddable":true,"href":"https:\/\/serveiseducatius.xtec.cat\/badalona\/wp-json\/wp\/v2\/users\/1"}],"replies":[{"embeddable":true,"href":"https:\/\/serveiseducatius.xtec.cat\/badalona\/wp-json\/wp\/v2\/comments?post=2756"}],"version-history":[{"count":2,"href":"https:\/\/serveiseducatius.xtec.cat\/badalona\/wp-json\/wp\/v2\/pages\/2756\/revisions"}],"predecessor-version":[{"id":4550,"href":"https:\/\/serveiseducatius.xtec.cat\/badalona\/wp-json\/wp\/v2\/pages\/2756\/revisions\/4550"}],"up":[{"embeddable":true,"href":"https:\/\/serveiseducatius.xtec.cat\/badalona\/wp-json\/wp\/v2\/pages\/2714"}],"wp:attachment":[{"href":"https:\/\/serveiseducatius.xtec.cat\/badalona\/wp-json\/wp\/v2\/media?parent=2756"}],"curies":[{"name":"wp","href":"https:\/\/api.w.org\/{rel}","templated":true}]}}