{"id":2749,"date":"2012-06-17T16:51:45","date_gmt":"2012-06-17T15:51:45","guid":{"rendered":"http:\/\/serveiseducatius.xtec.cat\/badalona\/intraweb\/la-vida-de-pau-casals-activitats\/"},"modified":"2016-12-13T17:10:15","modified_gmt":"2016-12-13T16:10:15","slug":"la-vida-de-pau-casals-activitats","status":"publish","type":"page","link":"https:\/\/serveiseducatius.xtec.cat\/badalona\/recursos\/llibres-de-text-lectures-a-leso-premis-ciutat-de-badalona\/la-vida-de-pau-casals-activitats\/","title":{"rendered":"La vida de Pau Casals"},"content":{"rendered":"<table border=\"0\" width=\"94%\">\n<tbody>\n<tr style=\"background-color: #ffffff;\" align=\"left\" valign=\"top\" bgcolor=\"#E3E3C4\">\n<td colspan=\"3\"><span style=\"color: #ff6600;\"><strong><span style=\"font-family: Geneva, Arial, Helvetica, sans-serif; font-size: x-large;\">La vida de Pau Casals<\/span><\/strong><\/span><\/td>\n<\/tr>\n<tr style=\"background-color: #ffffff;\">\n<td align=\"center\" valign=\"middle\" width=\"31%\"><img loading=\"lazy\" decoding=\"async\" class=\"alignnone size-full wp-image-5522\" src=\"http:\/\/serveiseducatius.xtec.cat\/badalona\/wp-content\/uploads\/usu1088\/2012\/06\/paucasals.jpg\" alt=\"paucasals\" width=\"416\" height=\"500\" \/><\/td>\n<td align=\"left\" valign=\"top\" width=\"69%\"><span style=\"font-family: Geneva, Arial, Helvetica, sans-serif; font-size: small;\">Una obra\u00a0per con\u00e8ixer millor Pau Casals: Pau Casals va ser un dels millors m\u00fasics\u00a0de violoncel del segle XX. L&#8217;obra explica pas a pas com era, qu\u00e8 volia<br \/>\ni qu\u00e8 feia aquest violoncel\u00b7lista catal\u00e0 i universal. Tamb\u00e9 parla de\u00a0diversos fets hist\u00f2rics que van afectar la vida i la m\u00fasica d&#8217;un dels\u00a0grans defensors de la pau al m\u00f3n.<\/span><span style=\"font-family: Geneva, Arial, Helvetica, sans-serif; font-size: small;\"><strong>Activitats:<\/strong><\/span><\/p>\n<ul>\n<li><span style=\"font-family: Geneva, Arial, Helvetica, sans-serif; font-size: small;\">Presentaci\u00f3<br \/>\ndel m\u00fasic a c\u00e0rrec de la Fundaci\u00f3 Pau Casals: (<a href=\"http:\/\/www.youtube.com\/watch?v=2C0S9hXGyss\" target=\"_blank\">enlla\u00e7<\/a>)<br \/>\n; durada: 2:45 min.<\/span><\/li>\n<li><span style=\"font-family: Geneva, Arial, Helvetica, sans-serif; font-size: small;\"><span style=\"font-family: Geneva, Arial, Helvetica, sans-serif; font-size: small;\">Discurs<br \/>\nde Pau Casals a l&#8217;ONU (24 d&#8217;octubre de 1971); durada: 1:56 min (<a href=\"http:\/\/www.youtube.com\/watch?v=6KVX6fKxojk&amp;feature=related\" target=\"_blank\">enlla\u00e7<\/a>)<\/span><\/span><span style=\"font-family: Geneva, Arial, Helvetica, sans-serif; font-size: small;\"><span style=\"font-family: Geneva, Arial, Helvetica, sans-serif; font-size: small;\">En<br \/>\nreconeixement a l&#8217;actitud de Pau Casals en defensa de la pau, els<br \/>\nDrets humans i la identitat dels pobles, el 1971 el secretari general<br \/>\nde les Nacions Unides, U Thant, li va lliurar la Medalla de la Pau.<br \/>\nEl discurs que Pau Casals va fer en agra\u00efment a aquesta distinci\u00f3<br \/>\ni la seva posterior interpretaci\u00f3 del cant dels ocells consten com<br \/>\nun dels testimonis m\u00e9s impressionants de la seva dimensi\u00f3 humana.<\/span><\/span><span style=\"font-family: Geneva, Arial, Helvetica, sans-serif; font-size: small;\">Text<br \/>\ndel discurs: (<a href=\"http:\/\/www.paucasals.org\/ca\/PAU-CASALS-discurs-a-la-ONU\/\" target=\"_blank\">enlla\u00e7<\/a>).<br \/>\n<\/span><\/li>\n<li><span style=\"font-family: Geneva, Arial, Helvetica, sans-serif; font-size: small;\">Interpretaci\u00f3<br \/>\ndel <em>Cant dels ocells<\/em> pel propi Pau Casals; durada: 2:35 min:<br \/>\n(<a href=\"http:\/\/www.youtube.com\/watch?v=COR3lMXKAfg\" target=\"_blank\">enlla\u00e7<\/a>)<br \/>\n<\/span><\/li>\n<li><span style=\"font-family: Geneva, Arial, Helvetica, sans-serif; font-size: small;\">DVD:<br \/>\n<em>Casals, una batuta per la pau<\/em>.<br \/>\n<\/span><span style=\"font-family: Geneva, Arial, Helvetica, sans-serif; font-size: small;\">Documental<br \/>\nsobre la vida del m\u00fasic; durada: 42 min.<\/span><\/li>\n<li><span style=\"font-family: Geneva, Arial, Helvetica, sans-serif; font-size: small;\">Xerrada<br \/>\na c\u00e0rrec d&#8217;un professor d&#8217;Hist\u00f2ria i music\u00f2leg destacant altres aspectes<br \/>\nrellevants de la traject\u00f2ria musical de Pau Casals: l&#8217;orquestra.<\/span><\/li>\n<\/ul>\n<\/td>\n<\/tr>\n<tr style=\"background-color: #ffffff;\" align=\"left\" valign=\"top\" bgcolor=\"#E3E3C4\">\n<td colspan=\"3\" height=\"18\"><span style=\"color: #ff6600;\"><strong><span style=\"font-family: Geneva, Arial, Helvetica, sans-serif; font-size: large;\">Per\u00a0a m\u00e9s informaci\u00f3:<\/span><\/strong><\/span><\/td>\n<\/tr>\n<tr style=\"background-color: #ffffff;\" align=\"left\" valign=\"top\">\n<td colspan=\"3\" height=\"20\"><span style=\"font-family: Geneva, Arial, Helvetica, sans-serif; font-size: small;\">Pots\u00a0contactar amb: <span style=\"color: #ff6600;\">CRP de Badalona &#8211; 934602226<\/span><\/span><\/td>\n<\/tr>\n<tr align=\"left\" valign=\"top\">\n<td colspan=\"3\" height=\"21\"><span style=\"font-family: Geneva, Arial, Helvetica, sans-serif; font-size: small;\">Correu\u00a0electr\u00f2nic: <span style=\"color: #ff6600;\">crp-badalona@xtec.cat<\/span><\/span><\/td>\n<\/tr>\n<tr style=\"background-color: #ffffff;\" align=\"left\" valign=\"top\" bgcolor=\"#E3E3C4\">\n<td colspan=\"3\" height=\"18\"><span style=\"color: #ff6600;\"><strong><span style=\"font-family: Geneva, Arial, Helvetica, sans-serif; font-size: large;\">Organitza:<\/span><\/strong><\/span><\/td>\n<\/tr>\n<tr align=\"left\" valign=\"top\">\n<td colspan=\"3\" height=\"18\"><span style=\"font-family: verdana, geneva, sans-serif; font-size: 10pt;\">Ajuntament de Badalona. \u00c0rea d&#8217;Educaci\u00f3. \u00c0rea de Cultura mitjan\u00e7ant la Xarxa Municipal de Biblioteques<\/span><\/td>\n<\/tr>\n<tr style=\"background-color: #ffffff;\" align=\"left\" valign=\"top\">\n<td colspan=\"3\" height=\"18\"><span style=\"font-family: verdana, geneva, sans-serif; font-size: 10pt;\">Servei Educatiu Ciutat de Badalona. Departament d&#8217;Ensenyament. Generalitat de Catalunya<\/span><\/td>\n<\/tr>\n<\/tbody>\n<\/table>\n<p>&nbsp;<\/p>\n","protected":false},"excerpt":{"rendered":"<p>La vida de Pau Casals Una obra\u00a0per con\u00e8ixer millor Pau Casals: Pau Casals va ser un dels millors m\u00fasics\u00a0de violoncel [&hellip;]<\/p>\n","protected":false},"author":1,"featured_media":0,"parent":2737,"menu_order":0,"comment_status":"closed","ping_status":"closed","template":"page-templates\/side-menu.php","meta":{"_bbp_topic_count":0,"_bbp_reply_count":0,"_bbp_total_topic_count":0,"_bbp_total_reply_count":0,"_bbp_voice_count":0,"_bbp_anonymous_reply_count":0,"_bbp_topic_count_hidden":0,"_bbp_reply_count_hidden":0,"_bbp_forum_subforum_count":0,"site-sidebar-layout":"default","site-content-layout":"","ast-site-content-layout":"","site-content-style":"default","site-sidebar-style":"default","ast-global-header-display":"","ast-banner-title-visibility":"","ast-main-header-display":"","ast-hfb-above-header-display":"","ast-hfb-below-header-display":"","ast-hfb-mobile-header-display":"","site-post-title":"","ast-breadcrumbs-content":"","ast-featured-img":"","footer-sml-layout":"","theme-transparent-header-meta":"","adv-header-id-meta":"","stick-header-meta":"","header-above-stick-meta":"","header-main-stick-meta":"","header-below-stick-meta":"","astra-migrate-meta-layouts":"default","ast-page-background-enabled":"default","ast-page-background-meta":{"desktop":{"background-color":"var(--ast-global-color-4)","background-image":"","background-repeat":"repeat","background-position":"center center","background-size":"auto","background-attachment":"scroll","background-type":"","background-media":"","overlay-type":"","overlay-color":"","overlay-opacity":"","overlay-gradient":""},"tablet":{"background-color":"","background-image":"","background-repeat":"repeat","background-position":"center center","background-size":"auto","background-attachment":"scroll","background-type":"","background-media":"","overlay-type":"","overlay-color":"","overlay-opacity":"","overlay-gradient":""},"mobile":{"background-color":"","background-image":"","background-repeat":"repeat","background-position":"center center","background-size":"auto","background-attachment":"scroll","background-type":"","background-media":"","overlay-type":"","overlay-color":"","overlay-opacity":"","overlay-gradient":""}},"ast-content-background-meta":{"desktop":{"background-color":"var(--ast-global-color-5)","background-image":"","background-repeat":"repeat","background-position":"center center","background-size":"auto","background-attachment":"scroll","background-type":"","background-media":"","overlay-type":"","overlay-color":"","overlay-opacity":"","overlay-gradient":""},"tablet":{"background-color":"var(--ast-global-color-5)","background-image":"","background-repeat":"repeat","background-position":"center center","background-size":"auto","background-attachment":"scroll","background-type":"","background-media":"","overlay-type":"","overlay-color":"","overlay-opacity":"","overlay-gradient":""},"mobile":{"background-color":"var(--ast-global-color-5)","background-image":"","background-repeat":"repeat","background-position":"center center","background-size":"auto","background-attachment":"scroll","background-type":"","background-media":"","overlay-type":"","overlay-color":"","overlay-opacity":"","overlay-gradient":""}},"footnotes":""},"class_list":["post-2749","page","type-page","status-publish","hentry"],"post_mailing_queue_ids":[],"_links":{"self":[{"href":"https:\/\/serveiseducatius.xtec.cat\/badalona\/wp-json\/wp\/v2\/pages\/2749","targetHints":{"allow":["GET"]}}],"collection":[{"href":"https:\/\/serveiseducatius.xtec.cat\/badalona\/wp-json\/wp\/v2\/pages"}],"about":[{"href":"https:\/\/serveiseducatius.xtec.cat\/badalona\/wp-json\/wp\/v2\/types\/page"}],"author":[{"embeddable":true,"href":"https:\/\/serveiseducatius.xtec.cat\/badalona\/wp-json\/wp\/v2\/users\/1"}],"replies":[{"embeddable":true,"href":"https:\/\/serveiseducatius.xtec.cat\/badalona\/wp-json\/wp\/v2\/comments?post=2749"}],"version-history":[{"count":0,"href":"https:\/\/serveiseducatius.xtec.cat\/badalona\/wp-json\/wp\/v2\/pages\/2749\/revisions"}],"up":[{"embeddable":true,"href":"https:\/\/serveiseducatius.xtec.cat\/badalona\/wp-json\/wp\/v2\/pages\/2737"}],"wp:attachment":[{"href":"https:\/\/serveiseducatius.xtec.cat\/badalona\/wp-json\/wp\/v2\/media?parent=2749"}],"curies":[{"name":"wp","href":"https:\/\/api.w.org\/{rel}","templated":true}]}}