{"id":2714,"date":"2012-03-25T16:51:02","date_gmt":"2012-03-25T15:51:02","guid":{"rendered":"http:\/\/serveiseducatius.xtec.cat\/badalona\/intraweb\/jornada-badalona-educacio-i-entorn\/"},"modified":"2016-09-14T12:27:13","modified_gmt":"2016-09-14T11:27:13","slug":"jornada-badalona-educacio-i-entorn","status":"publish","type":"page","link":"https:\/\/serveiseducatius.xtec.cat\/badalona\/activitats\/pla-de-formacio-de-zona-pfz\/hem-fet\/jornada-badalona-educacio-i-entorn\/","title":{"rendered":"Jornada: &#8220;Badalona, educaci\u00f3 i entorn&#8221;"},"content":{"rendered":"<table border=\"0\" width=\"84%\">\n<tbody>\n<tr>\n<td colspan=\"3\" bgcolor=\"#E9E9D1\"><span style=\"font-family: verdana, arial, helvetica, sans-serif;\"><strong><span style=\"color: #000099; font-size: x-large;\">Jornada<br \/>\nBadalona, educaci\u00f3 i entorn<\/span><\/strong><\/span><\/p>\n<div align=\"right\"><\/div>\n<\/td>\n<\/tr>\n<tr>\n<td align=\"left\" valign=\"top\" width=\"295\" height=\"246\"><span style=\"color: #000099;\"><strong><a href=\"\/se-badalona\/intranet\/index.php?module=Downloads&amp;func=prep_hand_out&amp;lid=34\" target=\"_blank\"><img loading=\"lazy\" decoding=\"async\" src=\"https:\/\/lh5.googleusercontent.com\/-okQjtAjsTBg\/T6KavnRwp6I\/AAAAAAAAA68\/7JZbkHVX4Tc\/h120\/primera.jpg\" width=\"172\" height=\"244\" border=\"0\" \/><\/a><\/strong><\/span><\/td>\n<td align=\"left\" valign=\"top\" width=\"251\"><span style=\"color: #000099; font-family: verdana, arial, helvetica, sans-serif;\"><strong><span style=\"font-family: Verdana, Arial, Helvetica, sans-serif; font-size: medium;\">27<br \/>\nde juny de 2012<br \/>\nde 15:30 a 20 h<br \/>\nLloc: Casinet de l&#8217;antic Escorxador municipal<br \/>\n<\/span><\/strong><\/span><span style=\"font-family: Verdana, Arial, Helvetica, sans-serif; font-size: medium;\"><strong><span style=\"color: #000099;\">C\/Arquitecte<br \/>\nFradera s\/n<\/span><\/strong><\/span><span style=\"color: #000099; font-family: Verdana, Arial, Helvetica, sans-serif; font-size: medium;\"><strong><br \/>\n<\/strong><\/span><span style=\"color: #000099; font-family: Verdana, Arial, Helvetica, sans-serif; font-size: medium;\"><strong><br \/>\n<\/strong><\/span><\/p>\n<p align=\"right\">\n<\/td>\n<td align=\"center\" valign=\"middle\" width=\"301\" height=\"221\">\n<table style=\"width: 194px;\">\n<tbody>\n<tr>\n<td style=\"height: 194px; background: url('https:\/\/picasaweb.google.com\/s\/c\/transparent_album_background.gif') 0% 50% no-repeat scroll transparent;\" align=\"center\"><a href=\"https:\/\/picasaweb.google.com\/117649541697426252112\/JBEE27DeJunioDe2012?authuser=0&amp;feat=directlink\"><img loading=\"lazy\" decoding=\"async\" style=\"margin: 1px 0px 0px 4px;\" src=\"https:\/\/lh4.googleusercontent.com\/-ExJHdtoI_I8\/T-w9SxBkioI\/AAAAAAAABZI\/yS9LfB0UM_k\/s128\/P1040476.JPG\" width=\"160\" height=\"160\" \/><\/a><\/td>\n<\/tr>\n<tr>\n<td style=\"text-align: center; font-family: arial, sans-serif; font-size: 11px;\"><a style=\"color: #4d4d4d; font-weight: bold; text-decoration: none;\" href=\"https:\/\/picasaweb.google.com\/crpbadalona\/20120627JornadaBadalonaEducacioIEntorn?authuser=0&amp;feat=embedwebsite\"><br \/>\nJornada Badalona, Educaci\u00f3 i Entorn<\/a>. 27 de juny de 2012<\/td>\n<\/tr>\n<\/tbody>\n<\/table>\n<\/td>\n<\/tr>\n<tr bgcolor=\"#F9F9F2\">\n<td colspan=\"3\"><strong><span style=\"color: #000099; font-family: Geneva, Arial, Helvetica, sans-serif; font-size: large;\">Presenta<\/span><span style=\"color: #000099; font-family: Geneva, Arial, Helvetica, sans-serif; font-size: large;\">ci\u00f3:<\/span><\/strong><\/td>\n<\/tr>\n<tr align=\"left\" valign=\"top\">\n<td colspan=\"3\">\n<div align=\"left\"><span style=\"font-family: Geneva, Arial, Helvetica, sans-serif; font-size: small;\">Els<br \/>\ndarrers anys s&#8217;han desenvolupat a diferents territoris de la nostra<br \/>\nciutat, diversos plans, programes i projectes, que han tingut una important<br \/>\nincid\u00e8ncia en l&#8217;\u00e0mbit educatiu i social. Els Plans educatius d&#8217;entorn,<br \/>\nels Plans de desenvolupament comunitari, el Programa Convivim, i l&#8217;aplicaci\u00f3<br \/>\nde la Llei de Barris, en s\u00f3n alguns exemples. <\/span><\/div>\n<\/td>\n<\/tr>\n<tr align=\"left\" valign=\"top\">\n<td colspan=\"3\"><span style=\"font-family: Geneva, Arial, Helvetica, sans-serif; font-size: small;\">La<br \/>\nJornada Badalona, educaci\u00f3 i entorn ha afavorit el coneixement i el debat<br \/>\na l&#8217;entorn de les experi\u00e8ncies de treball en xarxa portades a terme i<br \/>\nen les quals hi han participat escoles, instituts, entitats d&#8217;educaci\u00f3<br \/>\nen el lleure, esportives i culturals, com tamb\u00e9 diferents serveis de l&#8217;administraci\u00f3.<br \/>\nAquesta jornada ha contribuit, tamb\u00e9, a la construcci\u00f3 de noves l\u00ednies<br \/>\nestrat\u00e8giques per a la millora de l&#8217;educaci\u00f3, en el marc i el proc\u00e9s de<br \/>\nBadalona, com a ciutat educadora. (Veure: <a href=\"agora.xtec.cat\/se-badalona\/intranet\/index.php?module=Downloads&amp;func=prep_hand_out&amp;lid=84\" target=\"_blank\">Dades per a l&#8217;avaluaci\u00f3 de la jornada<\/a>)<br \/>\n<\/span><\/td>\n<\/tr>\n<tr bgcolor=\"#F9F9F2\">\n<td colspan=\"3\"><strong><span style=\"color: #000099; font-family: Geneva, Arial, Helvetica, sans-serif; font-size: large;\">A<br \/>\nqui s&#8217;ha adre\u00e7at:<\/span><\/strong><\/td>\n<\/tr>\n<tr align=\"left\" valign=\"top\">\n<td colspan=\"3\" height=\"50\"><span style=\"font-family: Geneva, Arial, Helvetica, sans-serif; font-size: small;\">Al<br \/>\nprofessorat i als centres de tots els nivells educatius, a les AMPA i<br \/>\na les entitats i associacions socioeducatives de la ciutat, i tamb\u00e9 als<br \/>\nmonitors i monitores de les activitats que es fan i als t\u00e8cnics i t\u00e8cniques<br \/>\nde l&#8217;Ajuntament, de la Generalitat i de les empreses de serveis que treballen<br \/>\nen els \u00e0mbits d&#8217;educaci\u00f3, salut, serveis socials, cultura, esports, inf\u00e0ncia,<br \/>\njoventut, participaci\u00f3 i conviv\u00e8ncia. <\/span><\/td>\n<\/tr>\n<tr>\n<td colspan=\"3\" bgcolor=\"#F9F9F2\"><strong><span style=\"color: #000099; font-family: Geneva, Arial, Helvetica, sans-serif; font-size: large;\">Programa:<\/span><\/strong><\/td>\n<\/tr>\n<tr>\n<td colspan=\"3\"><span style=\"font-family: Geneva, Arial, Helvetica, sans-serif; font-size: small;\">15:30<br \/>\nh Lliurament de la documentaci\u00f3 (<\/span><span style=\"font-family: Geneva, Arial, Helvetica, sans-serif; font-size: small;\"><a href=\"https:\/\/picasaweb.google.com\/117649541697426252112\/JBEE27DeJunioDe2012?authuser=0&amp;feat=directlink\" target=\"_blank\">\u00c0lbum de fotos<\/a>)<br \/>\n<\/span><\/td>\n<\/tr>\n<tr>\n<td colspan=\"3\"><span style=\"font-family: Geneva, Arial, Helvetica, sans-serif; font-size: small;\">16:00<br \/>\nh Presentaci\u00f3 de la jornada<\/span><\/td>\n<\/tr>\n<tr align=\"left\" valign=\"top\">\n<td colspan=\"3\" height=\"18\"><span style=\"font-family: Geneva, Arial, Helvetica, sans-serif; font-size: small;\">16:15<br \/>\nh Pon\u00e8ncia. &#8220;Des del lloc, pr\u00e0ctica art\u00edstica i context. AlA portal<br \/>\nde casa_ i els constructors_<\/span><\/td>\n<\/tr>\n<tr>\n<td colspan=\"3\" height=\"18\"><span style=\"color: #ffffff; font-family: Geneva, Arial, Helvetica, sans-serif; font-size: small;\">_______<\/span><span style=\"font-size: small;\">barri<br \/>\ndel Remei de Vic&#8221;. Jordi Canudas, artista visual i professor de l&#8217;Escola<br \/>\nMassana <\/span><\/td>\n<\/tr>\n<tr align=\"left\" valign=\"top\">\n<td colspan=\"3\" height=\"18\"><span style=\"color: #ffffff; font-family: Geneva, Arial, Helvetica, sans-serif; font-size: small;\">_______<\/span><span style=\"font-family: Geneva, Arial, Helvetica, sans-serif; font-size: small;\">Centre<br \/>\nd&#8217;Art i Disseny-UAB. (<a href=\"https:\/\/docs.google.com\/open?id=0B9dpJLI23JItZHcyNHRiYWJkQTQ\" target=\"_blank\">Presentaci\u00f3<\/a>)<br \/>\n(<a href=\"https:\/\/vimeo.com\/44915073\" target=\"_blank\">V\u00eddeo 1<\/a>)<br \/>\n(<a href=\"https:\/\/vimeo.com\/44915072\" target=\"_blank\">V\u00eddeo 2<\/a>)<br \/>\n(<a href=\"https:\/\/vimeo.com\/44915074\" target=\"_blank\">V\u00eddeo 3<\/a>)<br \/>\n(<a href=\"https:\/\/vimeo.com\/44915075\" target=\"_blank\">V\u00eddeo 4<\/a>)<\/span><\/td>\n<\/tr>\n<tr align=\"left\" valign=\"top\">\n<td colspan=\"3\"><span style=\"font-family: Geneva, Arial, Helvetica, sans-serif; font-size: small;\">17:00<br \/>\nh Presentaci\u00f3 d&#8217;experi\u00e8ncies I. Espai de p\u00f2sters (<a href=\"http:\/\/serveiseducatius.xtec.cat\/badalona\/formacio\/pla-de-formacio-de-zona-pfz\/hem-fet\/jornada-badalona-educacio-i-entorn\/jornada-badalona-educacio-i-entorn-espai-de-posters\/\" target=\"_blank\">P\u00f2sters<\/a>)<\/span><\/td>\n<\/tr>\n<tr align=\"left\" valign=\"top\">\n<td colspan=\"3\" height=\"21\"><span style=\"font-family: Geneva, Arial, Helvetica, sans-serif; font-size: small;\">17:30<br \/>\nh Presentaci\u00f3 d&#8217;experi\u00e8ncies II.Taula<\/span><\/td>\n<\/tr>\n<tr align=\"left\" valign=\"top\">\n<td colspan=\"3\" height=\"51\"><span style=\"color: #ffffff; font-family: Geneva, Arial, Helvetica, sans-serif; font-size: small;\">______<br \/>\n<\/span><span style=\"color: #000000; font-family: Geneva, Arial, Helvetica, sans-serif; font-size: small;\">1a.<br \/>\nEscola oberta al barri, entorn educador: Escola Antoni Botey i Secci\u00f3<br \/>\nA d&#8217;Institut Badalona<\/span><span style=\"font-family: Geneva, Arial, Helvetica, sans-serif; font-size: small;\"><br \/>\n<\/span><span style=\"color: #ffffff; font-family: Geneva, Arial, Helvetica, sans-serif; font-size: small;\">_________<br \/>\n<\/span><span style=\"font-size: small;\">(<a href=\"agora.xtec.cat\/se-badalona\/intranet\/index.php?module=Downloads&amp;func=prep_hand_out&amp;lid=36\" target=\"_blank\">Presentaci\u00f3<\/a>)<\/span> <span style=\"font-family: Geneva, Arial, Helvetica, sans-serif; font-size: small;\"><br \/>\n<\/span><span style=\"color: #ffffff; font-family: Geneva, Arial, Helvetica, sans-serif; font-size: small;\">______<br \/>\n<\/span><span style=\"color: #000000; font-family: Geneva, Arial, Helvetica, sans-serif; font-size: small;\">2a.<br \/>\nFormaci\u00f3 i Dinamitzaci\u00f3 de les AMPA.<\/span><span style=\"font-family: Geneva, Arial, Helvetica, sans-serif; font-size: small;\">(<a href=\"https:\/\/picasaweb.google.com\/117649541697426252112\/Fotosampa?authuser=0&amp;feat=directlink#\" target=\"_blank\">\u00c0lbum<br \/>\nde fotos<\/a>)<\/span> <span style=\"font-family: Geneva, Arial, Helvetica, sans-serif; font-size: small;\"><br \/>\n<span style=\"color: #ffffff;\">______ <\/span><\/span><span style=\"color: #000000; font-family: Geneva, Arial, Helvetica, sans-serif; font-size: small;\">3a.<br \/>\nGrup de Treball Aprenentatge Servei a Badalona; Km0 &#8211; Projectes de participaci\u00f3<br \/>\njuvenil;<br \/>\n<\/span><span style=\"font-family: Geneva, Arial, Helvetica, sans-serif; font-size: small;\"><span style=\"color: #ffffff;\">_________<br \/>\n<\/span><\/span><span style=\"color: #000000; font-family: Geneva, Arial, Helvetica, sans-serif; font-size: small;\">Activa&#8217;t<br \/>\na l&#8217;estudi.<\/span><\/td>\n<\/tr>\n<tr align=\"left\" valign=\"top\">\n<td colspan=\"3\" height=\"21\"><span style=\"font-family: Geneva, Arial, Helvetica, sans-serif; font-size: small;\">18:45<br \/>\nh Espai de debat. (<a href=\"\/se-badalona\/intranet\/index.php?module=Downloads&amp;func=prep_hand_out&amp;lid=83\" target=\"_blank\">Conclusions<\/a>)<br \/>\n<\/span><\/td>\n<\/tr>\n<tr align=\"left\" valign=\"top\">\n<td colspan=\"3\"><span style=\"font-family: Geneva, Arial, Helvetica, sans-serif; font-size: small;\">19:30<br \/>\nh Pon\u00e8ncia de cloenda.&#8221;La intel\u00b7lig\u00e8ncia de les xarxes: reptes i<br \/>\noportunitats&#8221;. Quim Brugu\u00e9. <\/span><\/td>\n<\/tr>\n<tr align=\"left\" valign=\"top\">\n<td colspan=\"3\" height=\"18\"><span style=\"color: #ffffff; font-size: small;\">__A____<br \/>\n<\/span><span style=\"font-family: Geneva, Arial, Helvetica, sans-serif; font-size: small;\">Catedr\u00e0tic de Ci\u00e8ncia Pol\u00edtica, director de l&#8217;IGOP (Institut de Govern i Pol\u00edtiques<br \/>\nP\u00fabliques), UAB<\/span><\/td>\n<\/tr>\n<tr align=\"left\" valign=\"top\">\n<td colspan=\"3\" height=\"25\"><strong><span style=\"color: #000099; font-family: Geneva, Arial, Helvetica, sans-serif; font-size: large;\">Secretaria<br \/>\nde les Jornades:<\/span><\/strong><\/td>\n<\/tr>\n<tr align=\"left\" valign=\"top\">\n<td colspan=\"3\" height=\"18\"><span style=\"font-family: Geneva, Arial, Helvetica, sans-serif; font-size: small;\">Tel:93<br \/>\n483 2775 <\/span><\/td>\n<\/tr>\n<tr align=\"left\" valign=\"top\">\n<td colspan=\"3\" height=\"18\"><span style=\"font-family: Geneva, Arial, Helvetica, sans-serif; font-size: small;\">Correu<br \/>\nelectr\u00f2nic: <a href=\"mailto:badalonaeduca@badalona.cat\">badalonaeduca@badalona.cat<\/a><\/span><\/td>\n<\/tr>\n<tr align=\"left\" valign=\"top\">\n<td colspan=\"3\" height=\"18\"><strong><span style=\"color: #000099; font-family: Geneva, Arial, Helvetica, sans-serif; font-size: large;\">Organitza:<\/span><\/strong><\/td>\n<\/tr>\n<tr align=\"left\" valign=\"top\">\n<td colspan=\"3\" height=\"18\"><span style=\"font-family: Geneva, Arial, Helvetica, sans-serif; font-size: small;\">Ajuntament<br \/>\nde Badalona <\/span><\/td>\n<\/tr>\n<tr align=\"left\" valign=\"top\">\n<td colspan=\"3\" height=\"18\"><span style=\"font-family: Geneva, Arial, Helvetica, sans-serif; font-size: small;\">Servei<br \/>\nEducatiu de Badalona. Departament d&#8217;Ensenyament. Generalitat de Catalunya<br \/>\n<\/span><\/td>\n<\/tr>\n<tr align=\"left\" valign=\"top\">\n<td colspan=\"3\" height=\"18\"><strong><span style=\"color: #000099; font-family: Geneva, Arial, Helvetica, sans-serif; font-size: large;\">Col\u00b7labora:<\/span><\/strong><\/td>\n<\/tr>\n<tr align=\"left\" valign=\"top\">\n<td colspan=\"3\" height=\"18\"><span style=\"font-family: Geneva, Arial, Helvetica, sans-serif; font-size: small;\">Consorci<br \/>\nBadalona Sud<\/span><\/td>\n<\/tr>\n<\/tbody>\n<\/table>\n<p>&nbsp;<\/p>\n","protected":false},"excerpt":{"rendered":"<p>Jornada Badalona, educaci\u00f3 i entorn 27 de juny de 2012 de 15:30 a 20 h Lloc: Casinet de l&#8217;antic Escorxador [&hellip;]<\/p>\n","protected":false},"author":1,"featured_media":0,"parent":4536,"menu_order":0,"comment_status":"closed","ping_status":"closed","template":"page-templates\/side-menu.php","meta":{"_bbp_topic_count":0,"_bbp_reply_count":0,"_bbp_total_topic_count":0,"_bbp_total_reply_count":0,"_bbp_voice_count":0,"_bbp_anonymous_reply_count":0,"_bbp_topic_count_hidden":0,"_bbp_reply_count_hidden":0,"_bbp_forum_subforum_count":0,"site-sidebar-layout":"default","site-content-layout":"","ast-site-content-layout":"","site-content-style":"default","site-sidebar-style":"default","ast-global-header-display":"","ast-banner-title-visibility":"","ast-main-header-display":"","ast-hfb-above-header-display":"","ast-hfb-below-header-display":"","ast-hfb-mobile-header-display":"","site-post-title":"","ast-breadcrumbs-content":"","ast-featured-img":"","footer-sml-layout":"","theme-transparent-header-meta":"","adv-header-id-meta":"","stick-header-meta":"","header-above-stick-meta":"","header-main-stick-meta":"","header-below-stick-meta":"","astra-migrate-meta-layouts":"default","ast-page-background-enabled":"default","ast-page-background-meta":{"desktop":{"background-color":"var(--ast-global-color-4)","background-image":"","background-repeat":"repeat","background-position":"center center","background-size":"auto","background-attachment":"scroll","background-type":"","background-media":"","overlay-type":"","overlay-color":"","overlay-opacity":"","overlay-gradient":""},"tablet":{"background-color":"","background-image":"","background-repeat":"repeat","background-position":"center center","background-size":"auto","background-attachment":"scroll","background-type":"","background-media":"","overlay-type":"","overlay-color":"","overlay-opacity":"","overlay-gradient":""},"mobile":{"background-color":"","background-image":"","background-repeat":"repeat","background-position":"center center","background-size":"auto","background-attachment":"scroll","background-type":"","background-media":"","overlay-type":"","overlay-color":"","overlay-opacity":"","overlay-gradient":""}},"ast-content-background-meta":{"desktop":{"background-color":"var(--ast-global-color-5)","background-image":"","background-repeat":"repeat","background-position":"center center","background-size":"auto","background-attachment":"scroll","background-type":"","background-media":"","overlay-type":"","overlay-color":"","overlay-opacity":"","overlay-gradient":""},"tablet":{"background-color":"var(--ast-global-color-5)","background-image":"","background-repeat":"repeat","background-position":"center center","background-size":"auto","background-attachment":"scroll","background-type":"","background-media":"","overlay-type":"","overlay-color":"","overlay-opacity":"","overlay-gradient":""},"mobile":{"background-color":"var(--ast-global-color-5)","background-image":"","background-repeat":"repeat","background-position":"center center","background-size":"auto","background-attachment":"scroll","background-type":"","background-media":"","overlay-type":"","overlay-color":"","overlay-opacity":"","overlay-gradient":""}},"footnotes":""},"class_list":["post-2714","page","type-page","status-publish","hentry"],"post_mailing_queue_ids":[],"_links":{"self":[{"href":"https:\/\/serveiseducatius.xtec.cat\/badalona\/wp-json\/wp\/v2\/pages\/2714","targetHints":{"allow":["GET"]}}],"collection":[{"href":"https:\/\/serveiseducatius.xtec.cat\/badalona\/wp-json\/wp\/v2\/pages"}],"about":[{"href":"https:\/\/serveiseducatius.xtec.cat\/badalona\/wp-json\/wp\/v2\/types\/page"}],"author":[{"embeddable":true,"href":"https:\/\/serveiseducatius.xtec.cat\/badalona\/wp-json\/wp\/v2\/users\/1"}],"replies":[{"embeddable":true,"href":"https:\/\/serveiseducatius.xtec.cat\/badalona\/wp-json\/wp\/v2\/comments?post=2714"}],"version-history":[{"count":3,"href":"https:\/\/serveiseducatius.xtec.cat\/badalona\/wp-json\/wp\/v2\/pages\/2714\/revisions"}],"predecessor-version":[{"id":4552,"href":"https:\/\/serveiseducatius.xtec.cat\/badalona\/wp-json\/wp\/v2\/pages\/2714\/revisions\/4552"}],"up":[{"embeddable":true,"href":"https:\/\/serveiseducatius.xtec.cat\/badalona\/wp-json\/wp\/v2\/pages\/4536"}],"wp:attachment":[{"href":"https:\/\/serveiseducatius.xtec.cat\/badalona\/wp-json\/wp\/v2\/media?parent=2714"}],"curies":[{"name":"wp","href":"https:\/\/api.w.org\/{rel}","templated":true}]}}