{"id":10864,"date":"2026-03-18T14:23:29","date_gmt":"2026-03-18T13:23:29","guid":{"rendered":"https:\/\/serveiseducatius.xtec.cat\/apa\/?page_id=10864"},"modified":"2026-03-18T14:23:29","modified_gmt":"2026-03-18T13:23:29","slug":"llibres-del-primer-trimestre-del-curs-2025-2026-pirineu-lector","status":"publish","type":"page","link":"https:\/\/serveiseducatius.xtec.cat\/apa\/pirineu-lector\/llibres-del-primer-trimestre-del-curs-2025-2026-pirineu-lector\/","title":{"rendered":"Llibres del primer trimestre del curs 2025\/2026 &#8211; Pirineu Lector"},"content":{"rendered":"<p data-start=\"1477\" data-end=\"1607\">Cada trimestre, els\u00a0<strong data-start=\"1497\" data-end=\"1549\">centres educatius i les biblioteques del Pirineu<\/strong>\u00a0proposen una selecci\u00f3 de llibres per llegir en fam\u00edlia.<\/p>\n<p data-start=\"1614\" data-end=\"1778\">S\u00f3n hist\u00f2ries que parlen de la natura, dels pobles i de la gent del nostre territori, per\u00f2 tamb\u00e9 d\u2019aventures, somnis i emocions que poden passar a qualsevol lloc.<\/p>\n<p data-start=\"1785\" data-end=\"1911\">Clicant sobre cada portada, accedireu a la fitxa del llibre amb la seva descripci\u00f3 i una\u00a0<strong data-start=\"1874\" data-end=\"1908\">activitat per fer junts a casa<\/strong>.<\/p>\n<p data-start=\"1785\" data-end=\"1911\">En aquest apartat hi trobareu aquelles lectures, i les seves activitats, recomanades pel 1r trimestre del curs 2025\/2026.<\/p>\n<h4 data-start=\"1918\" data-end=\"2012\">Infantil<\/h4>\n<table style=\"width: 47.2122%; border-collapse: collapse; border-style: none; border-color: #ffffff; background-color: #ffffff;\">\n<tbody>\n<tr>\n<td style=\"width: 23.7147%; border-style: none;\"><a href=\"https:\/\/serveiseducatius.xtec.cat\/apa\/wp-content\/uploads\/usu2951\/2025\/12\/1r-T-INFANTIL.png\" target=\"_blank\" rel=\"noopener\"><img loading=\"lazy\" decoding=\"async\" class=\"alignnone wp-image-10647 size-medium\" src=\"https:\/\/serveiseducatius.xtec.cat\/apa\/wp-content\/uploads\/usu2951\/2025\/11\/9788412197891-300x300.jpg\" alt=\"\" width=\"300\" height=\"300\" srcset=\"https:\/\/serveiseducatius.xtec.cat\/apa\/wp-content\/uploads\/usu2951\/2025\/11\/9788412197891-300x300.jpg 300w, https:\/\/serveiseducatius.xtec.cat\/apa\/wp-content\/uploads\/usu2951\/2025\/11\/9788412197891-150x150.jpg 150w, https:\/\/serveiseducatius.xtec.cat\/apa\/wp-content\/uploads\/usu2951\/2025\/11\/9788412197891.jpg 552w\" sizes=\"auto, (max-width: 300px) 100vw, 300px\" \/><\/a><\/td>\n<td style=\"width: 23.3526%; border-style: none;\"><a href=\"https:\/\/serveiseducatius.xtec.cat\/apa\/wp-content\/uploads\/usu2951\/2025\/11\/Imatge1.png\">\u00a0 \u00a0 \u00a0 \u00a0 \u00a0 \u00a0 \u00a0 \u00a0 <\/a><a href=\"https:\/\/serveiseducatius.xtec.cat\/apa\/wp-content\/uploads\/usu2951\/2025\/12\/1rT-INFANTIL-ARANES.png\" target=\"_blank\" rel=\"noopener\"><img loading=\"lazy\" decoding=\"async\" class=\"alignnone wp-image-10654 size-full\" src=\"https:\/\/serveiseducatius.xtec.cat\/apa\/wp-content\/uploads\/usu2951\/2025\/11\/Imatge1.png\" alt=\"\" width=\"203\" height=\"280\" \/><\/a><\/td>\n<\/tr>\n<\/tbody>\n<\/table>\n<h4 data-start=\"858\" data-end=\"907\">1r cicle de prim\u00e0ria (1r i 2n)<\/h4>\n<table style=\"width: 47.2122%; border-collapse: collapse; border-style: none;\">\n<tbody>\n<tr>\n<td style=\"width: 23.8595%; border-style: none;\"><a href=\"https:\/\/serveiseducatius.xtec.cat\/apa\/wp-content\/uploads\/usu2951\/2025\/12\/1r-CICLE-1rT.png\" target=\"_blank\" rel=\"noopener\"><img loading=\"lazy\" decoding=\"async\" class=\"alignnone wp-image-10653 size-medium\" src=\"https:\/\/serveiseducatius.xtec.cat\/apa\/wp-content\/uploads\/usu2951\/2025\/11\/coberta-minairons2-300x300.jpg\" alt=\"\" width=\"300\" height=\"300\" srcset=\"https:\/\/serveiseducatius.xtec.cat\/apa\/wp-content\/uploads\/usu2951\/2025\/11\/coberta-minairons2-300x300.jpg 300w, https:\/\/serveiseducatius.xtec.cat\/apa\/wp-content\/uploads\/usu2951\/2025\/11\/coberta-minairons2-150x150.jpg 150w, https:\/\/serveiseducatius.xtec.cat\/apa\/wp-content\/uploads\/usu2951\/2025\/11\/coberta-minairons2-768x768.jpg 768w, https:\/\/serveiseducatius.xtec.cat\/apa\/wp-content\/uploads\/usu2951\/2025\/11\/coberta-minairons2.jpg 1000w\" sizes=\"auto, (max-width: 300px) 100vw, 300px\" \/><\/a><\/td>\n<td style=\"width: 23.3527%; border-style: none;\"><a href=\"https:\/\/serveiseducatius.xtec.cat\/apa\/wp-content\/uploads\/usu2951\/2025\/12\/1r-CICLE-1rT-ARANES.png\" target=\"_blank\" rel=\"noopener\"><img loading=\"lazy\" decoding=\"async\" class=\"alignnone wp-image-10655 size-medium\" src=\"https:\/\/serveiseducatius.xtec.cat\/apa\/wp-content\/uploads\/usu2951\/2025\/11\/Imatge4-300x296.png\" alt=\"\" width=\"300\" height=\"296\" srcset=\"https:\/\/serveiseducatius.xtec.cat\/apa\/wp-content\/uploads\/usu2951\/2025\/11\/Imatge4-300x296.png 300w, https:\/\/serveiseducatius.xtec.cat\/apa\/wp-content\/uploads\/usu2951\/2025\/11\/Imatge4.png 383w\" sizes=\"auto, (max-width: 300px) 100vw, 300px\" \/><\/a><\/td>\n<\/tr>\n<\/tbody>\n<\/table>\n<h4 data-start=\"858\" data-end=\"907\">2n cicle de prim\u00e0ria (3r i 4t)<\/h4>\n<table style=\"width: 23.6823%; border-collapse: collapse; border-style: none;\">\n<tbody>\n<tr>\n<td style=\"width: 100%; border-style: none;\"><a href=\"https:\/\/serveiseducatius.xtec.cat\/apa\/wp-content\/uploads\/usu2951\/2025\/12\/2N-CICLE-1rT.png\" target=\"_blank\" rel=\"noopener\"><img loading=\"lazy\" decoding=\"async\" class=\"aligncenter wp-image-10652 size-full\" src=\"https:\/\/serveiseducatius.xtec.cat\/apa\/wp-content\/uploads\/usu2951\/2025\/11\/9788412184785.jpg\" alt=\"\" width=\"229\" height=\"225\" \/><\/a><\/td>\n<\/tr>\n<\/tbody>\n<\/table>\n<h4 data-start=\"858\" data-end=\"907\">3r cicle de prim\u00e0ria (5\u00e8 i 6\u00e8)<\/h4>\n<table style=\"width: 23.8946%; border-collapse: collapse; border-style: none;\">\n<tbody>\n<tr>\n<td style=\"width: 100%; border-style: none;\"><a href=\"https:\/\/serveiseducatius.xtec.cat\/apa\/wp-content\/uploads\/usu2951\/2025\/12\/3R-CICLE-1r-T.png\" target=\"_blank\" rel=\"noopener\"><img loading=\"lazy\" decoding=\"async\" class=\"aligncenter wp-image-10651 size-full\" src=\"https:\/\/serveiseducatius.xtec.cat\/apa\/wp-content\/uploads\/usu2951\/2025\/11\/9788492671144.jpg\" alt=\"\" width=\"143\" height=\"215\" \/><\/a><\/td>\n<\/tr>\n<\/tbody>\n<\/table>\n","protected":false},"excerpt":{"rendered":"<p>Cada trimestre, els\u00a0centres educatius i les biblioteques del Pirineu\u00a0proposen una selecci\u00f3 de llibres per llegir en fam\u00edlia.<br \/>\nS\u00f3n hist\u00f2ries que parlen de la natura, dels pobles i de la gent del nostre territori, per\u00f2 tamb\u00e9 d\u2019aventures, somnis i emocions que poden passar a qualsevol lloc.<br \/>\nClicant sobre&hellip;  <a href=\"https:\/\/serveiseducatius.xtec.cat\/apa\/pirineu-lector\/llibres-del-primer-trimestre-del-curs-2025-2026-pirineu-lector\/\" title=\"Read Llibres del primer trimestre del curs 2025\/2026 &#8211; Pirineu Lector\">Llegeix m\u00e9s\u00bb<\/a><\/p>\n","protected":false},"author":1,"featured_media":0,"parent":10609,"menu_order":0,"comment_status":"closed","ping_status":"closed","template":"","meta":{"_bbp_topic_count":0,"_bbp_reply_count":0,"_bbp_total_topic_count":0,"_bbp_total_reply_count":0,"_bbp_voice_count":0,"_bbp_anonymous_reply_count":0,"_bbp_topic_count_hidden":0,"_bbp_reply_count_hidden":0,"_bbp_forum_subforum_count":0,"footnotes":""},"class_list":["post-10864","page","type-page","status-publish","hentry"],"post_mailing_queue_ids":[],"_links":{"self":[{"href":"https:\/\/serveiseducatius.xtec.cat\/apa\/wp-json\/wp\/v2\/pages\/10864","targetHints":{"allow":["GET"]}}],"collection":[{"href":"https:\/\/serveiseducatius.xtec.cat\/apa\/wp-json\/wp\/v2\/pages"}],"about":[{"href":"https:\/\/serveiseducatius.xtec.cat\/apa\/wp-json\/wp\/v2\/types\/page"}],"author":[{"embeddable":true,"href":"https:\/\/serveiseducatius.xtec.cat\/apa\/wp-json\/wp\/v2\/users\/1"}],"replies":[{"embeddable":true,"href":"https:\/\/serveiseducatius.xtec.cat\/apa\/wp-json\/wp\/v2\/comments?post=10864"}],"version-history":[{"count":1,"href":"https:\/\/serveiseducatius.xtec.cat\/apa\/wp-json\/wp\/v2\/pages\/10864\/revisions"}],"predecessor-version":[{"id":10865,"href":"https:\/\/serveiseducatius.xtec.cat\/apa\/wp-json\/wp\/v2\/pages\/10864\/revisions\/10865"}],"up":[{"embeddable":true,"href":"https:\/\/serveiseducatius.xtec.cat\/apa\/wp-json\/wp\/v2\/pages\/10609"}],"wp:attachment":[{"href":"https:\/\/serveiseducatius.xtec.cat\/apa\/wp-json\/wp\/v2\/media?parent=10864"}],"curies":[{"name":"wp","href":"https:\/\/api.w.org\/{rel}","templated":true}]}}