{"id":379,"date":"2015-11-25T14:19:13","date_gmt":"2015-11-25T13:19:13","guid":{"rendered":"http:\/\/serveiseducatius.xtec.cat\/se-altpenedes\/?page_id=379"},"modified":"2025-05-23T14:09:45","modified_gmt":"2025-05-23T12:09:45","slug":"educacio-infantil-i-primaria","status":"publish","type":"page","link":"https:\/\/serveiseducatius.xtec.cat\/altpenedes\/comunitat\/centres-educatius-mapa\/educacio-infantil-i-primaria\/","title":{"rendered":"Educaci\u00f3 infantil i prim\u00e0ria"},"content":{"rendered":"<table style=\"height: 4625px; width: 100%;\">\n<tbody>\n<tr style=\"height: 136px;\">\n<td style=\"width: 2.73037%; height: 136px;\">01<\/td>\n<td style=\"width: 21.5377%; height: 136px;\"><img loading=\"lazy\" decoding=\"async\" class=\"aligncenter size-full wp-image-9609\" src=\"https:\/\/serveiseducatius.xtec.cat\/altpenedes\/wp-content\/uploads\/usu763\/2020\/03\/1-Escola-Avinyonet-1.jpg\" alt=\"\" width=\"197\" height=\"137\" srcset=\"https:\/\/serveiseducatius.xtec.cat\/altpenedes\/wp-content\/uploads\/usu763\/2020\/03\/1-Escola-Avinyonet-1.jpg 197w, https:\/\/serveiseducatius.xtec.cat\/altpenedes\/wp-content\/uploads\/usu763\/2020\/03\/1-Escola-Avinyonet-1-150x104.jpg 150w\" sizes=\"auto, (max-width: 197px) 100vw, 197px\" \/><\/td>\n<td style=\"width: 75.3907%; height: 136px;\"><strong>Escola d&#8217;Avinyonet del Pened\u00e8s <\/strong><\/p>\n<blockquote><p>Pg. de la Grava, s\/n 08793 Aviny\u00f3 Nou (Avinyonet del Pened\u00e8s)<br \/>\nTel\u00e8fon\/Fax: 93 897 04 43 \u2013 608 10 64 00<br \/>\nCorreu electr\u00f2nic: a8000347@xtec.cat | escolaavinyonet@gmail.com<\/p><\/blockquote>\n<p>Web: <a href=\"http:\/\/www.escolaavinyonet.org\" target=\"_blank\" rel=\"noopener noreferrer\">http:\/\/www.escolaavinyonet.org<\/a><\/td>\n<\/tr>\n<tr style=\"height: 158px;\">\n<td style=\"width: 2.73037%; height: 158px;\">02<\/td>\n<td style=\"width: 21.5377%; height: 158px;\"><img loading=\"lazy\" decoding=\"async\" class=\"aligncenter size-medium wp-image-9561\" src=\"https:\/\/serveiseducatius.xtec.cat\/altpenedes\/wp-content\/uploads\/usu763\/2020\/03\/2-Escola-Montanyans-300x216.jpg\" alt=\"\" width=\"300\" height=\"216\" srcset=\"https:\/\/serveiseducatius.xtec.cat\/altpenedes\/wp-content\/uploads\/usu763\/2020\/03\/2-Escola-Montanyans-300x216.jpg 300w, https:\/\/serveiseducatius.xtec.cat\/altpenedes\/wp-content\/uploads\/usu763\/2020\/03\/2-Escola-Montanyans-150x108.jpg 150w, https:\/\/serveiseducatius.xtec.cat\/altpenedes\/wp-content\/uploads\/usu763\/2020\/03\/2-Escola-Montanyans-768x552.jpg 768w, https:\/\/serveiseducatius.xtec.cat\/altpenedes\/wp-content\/uploads\/usu763\/2020\/03\/2-Escola-Montanyans-1024x736.jpg 1024w\" sizes=\"auto, (max-width: 300px) 100vw, 300px\" \/><\/td>\n<td style=\"width: 75.3907%; height: 158px;\"><strong>Escola Montanyans <\/strong><\/p>\n<blockquote><p>C. Montserrat, 17-1908732 Sant Mar\u00e7al (Castellet i la Gornal)<br \/>\nTel\u00e8fon\/Fax: 93 891 84 86<br \/>\nCorreu electr\u00f2nic: a8016033@xtec.cat<\/p><\/blockquote>\n<ul>\n<li>Nodes: <a href=\"https:\/\/agora.xtec.cat\/ceipmontanyans\/\" target=\"_blank\" rel=\"noopener noreferrer\">https:\/\/agora.xtec.cat\/ceipmontanyans\/<\/a> | Web: http:\/\/www.xtec.cat\/centres\/a8016033 | Wix: http:\/\/a8016033.wixsite.com\/montanyans<\/li>\n<li>Moodle: <a href=\"http:\/\/educaciodigital.cat\/ceipmontanyans\/moodle\" target=\"_blank\" rel=\"noopener noreferrer\">educaciodigital.cat\/ceipmontanyans\/moodle<\/a><\/li>\n<\/ul>\n<\/td>\n<\/tr>\n<tr style=\"height: 104px;\">\n<td style=\"width: 2.73037%; height: 104px;\">03<\/td>\n<td style=\"width: 21.5377%; height: 104px;\"><img loading=\"lazy\" decoding=\"async\" class=\"aligncenter size-full wp-image-9562\" src=\"https:\/\/serveiseducatius.xtec.cat\/altpenedes\/wp-content\/uploads\/usu763\/2020\/03\/3-Escola-El-Castellot.png\" alt=\"\" width=\"241\" height=\"235\" srcset=\"https:\/\/serveiseducatius.xtec.cat\/altpenedes\/wp-content\/uploads\/usu763\/2020\/03\/3-Escola-El-Castellot.png 241w, https:\/\/serveiseducatius.xtec.cat\/altpenedes\/wp-content\/uploads\/usu763\/2020\/03\/3-Escola-El-Castellot-150x146.png 150w\" sizes=\"auto, (max-width: 241px) 100vw, 241px\" \/><\/td>\n<td style=\"width: 75.3907%; height: 104px;\"><strong>Escola El Castellot <\/strong><\/p>\n<blockquote><p>C. dels Esports, 1 08732 La M\u00fania (Castellv\u00ed de la Marca)<br \/>\nTel\u00e8fon: 93 891 83 01 | Fax: 93 891 90 67<br \/>\nCorreu electr\u00f2nic: a8016161@xtec.cat<\/p><\/blockquote>\n<ul>\n<li>Nodes:\u00a0<a href=\"http:\/\/agora.xtec.cat\/ceipelcastellot\" target=\"_blank\" rel=\"noopener noreferrer\">http:\/\/agora.xtec.cat\/ceipelcastellot<\/a> | Web: https:\/\/sites.google.com\/site\/escolaelcastellot2<\/li>\n<li>Moodle: <a href=\"https:\/\/educaciodigital.cat\/ceipelcastellot\/moodle\" target=\"_blank\" rel=\"noopener noreferrer\">https:\/\/educaciodigital.cat\/ceipelcastellot\/moodle<\/a><\/li>\n<\/ul>\n<\/td>\n<\/tr>\n<tr style=\"height: 118px;\">\n<td style=\"width: 2.73037%; height: 118px;\">04<\/td>\n<td style=\"width: 21.5377%; height: 118px;\"><img loading=\"lazy\" decoding=\"async\" class=\"aligncenter size-full wp-image-15141\" src=\"https:\/\/serveiseducatius.xtec.cat\/altpenedes\/wp-content\/uploads\/usu763\/2025\/05\/logo-color.png\" alt=\"\" width=\"300\" height=\"137\" srcset=\"https:\/\/serveiseducatius.xtec.cat\/altpenedes\/wp-content\/uploads\/usu763\/2025\/05\/logo-color.png 300w, https:\/\/serveiseducatius.xtec.cat\/altpenedes\/wp-content\/uploads\/usu763\/2025\/05\/logo-color-150x69.png 150w\" sizes=\"auto, (max-width: 300px) 100vw, 300px\" \/><\/td>\n<td style=\"width: 75.3907%; height: 118px;\"><strong>Escola Sants Abd\u00f3 i Sen\u00e9n<\/strong><\/p>\n<blockquote><p>C. Sants Abd\u00f3 i Sen\u00e9n, 708733 El Pla del Pened\u00e8s<br \/>\nTel\u00e8fons: 93 898 82 57 (Ed. Infantil) 93 898 82 89 (Ed. Prim\u00e0ria)<br \/>\nFax: 93 898 82 89 Correu electr\u00f2nic: a8022847@xtec.cat<\/p><\/blockquote>\n<ul>\n<li>Nodes:\u00a0<a href=\"http:\/\/agora.xtec.cat\/escsantsabdoisenen\/\" target=\"_blank\" rel=\"noopener noreferrer\">http:\/\/agora.xtec.cat\/escsantsabdoisenen\/<\/a> | Web: https:\/\/www.sites.google.com\/site\/escolasantsabdoisenen\/<\/li>\n<li>Moodle: <a href=\"http:\/\/educaciodigital.cat\/escsantsabdoisenen\/moodle\" target=\"_blank\" rel=\"noopener noreferrer\">educaciodigital.cat\/escsantsabdoisenen\/moodle<\/a><\/li>\n<\/ul>\n<\/td>\n<\/tr>\n<tr style=\"height: 135px;\">\n<td style=\"width: 2.73037%; height: 135px;\">05<\/td>\n<td style=\"width: 21.5377%; height: 135px;\"><img loading=\"lazy\" decoding=\"async\" class=\"aligncenter size-full wp-image-15144\" src=\"https:\/\/serveiseducatius.xtec.cat\/altpenedes\/wp-content\/uploads\/usu763\/2025\/05\/font-rubia.webp\" alt=\"\" width=\"216\" height=\"216\" srcset=\"https:\/\/serveiseducatius.xtec.cat\/altpenedes\/wp-content\/uploads\/usu763\/2025\/05\/font-rubia.webp 216w, https:\/\/serveiseducatius.xtec.cat\/altpenedes\/wp-content\/uploads\/usu763\/2025\/05\/font-rubia-150x150.webp 150w\" sizes=\"auto, (max-width: 216px) 100vw, 216px\" \/><\/td>\n<td style=\"width: 75.3907%; height: 135px;\"><strong>Escola Font-R\u00fabia<\/strong><\/p>\n<blockquote><p>C. De les Escoles, 1 08736 Guardiola de Font-rub\u00ed<br \/>\nTel\u00e8fon: 93 897 93 27<br \/>\nCorreu electr\u00f2nic: a8017244@xtec.cat<\/p><\/blockquote>\n<p>Web: <a href=\"http:\/\/www.escolafontrubia.cat\" target=\"_blank\" rel=\"noopener noreferrer\">http:\/\/www.escolafontrubia.cat<\/a><\/p>\n<ul>\n<li>Moodle: <a href=\"http:\/\/agora.xtec.cat\/ceipfont-rubia\/moodle\" target=\"_blank\" rel=\"noopener noreferrer\">agora.xtec.cat\/ceipfont-rubia\/moodle<\/a><\/li>\n<\/ul>\n<\/td>\n<\/tr>\n<tr style=\"height: 157px;\">\n<td style=\"width: 2.73037%; height: 157px;\">06<\/td>\n<td style=\"width: 21.5377%; height: 157px;\"><img loading=\"lazy\" decoding=\"async\" class=\"aligncenter size-full wp-image-15146\" src=\"https:\/\/serveiseducatius.xtec.cat\/altpenedes\/wp-content\/uploads\/usu763\/2025\/05\/logo-escola.png\" alt=\"\" width=\"600\" height=\"280\" srcset=\"https:\/\/serveiseducatius.xtec.cat\/altpenedes\/wp-content\/uploads\/usu763\/2025\/05\/logo-escola.png 600w, https:\/\/serveiseducatius.xtec.cat\/altpenedes\/wp-content\/uploads\/usu763\/2025\/05\/logo-escola-300x140.png 300w, https:\/\/serveiseducatius.xtec.cat\/altpenedes\/wp-content\/uploads\/usu763\/2025\/05\/logo-escola-150x70.png 150w\" sizes=\"auto, (max-width: 600px) 100vw, 600px\" \/><\/td>\n<td style=\"width: 75.3907%; height: 157px;\"><strong>Escola Montcau<\/strong><\/p>\n<blockquote><p>Pg. Circumval\u2022laci\u00f3, 72 08790 Gelida<br \/>\nTel\u00e8fon: 93 779 00 86 | Fax: 93 779 23 15<br \/>\nCorreu electr\u00f2nic: a8017611@xtec.cat<\/p><\/blockquote>\n<ul>\n<li>Nodes: <a href=\"https:\/\/agora.xtec.cat\/ceipmontcau-gelida\/\" target=\"_blank\" rel=\"noopener noreferrer\">https:\/\/agora.xtec.cat\/ceipmontcau-gelida\/\u00a0<\/a>| Web: https:\/\/sites.google.com\/a\/xtec.cat\/escola-montcau-gelida | Bloc: http:\/\/blocs.xtec.cat\/escolamontcaugelida\/<\/li>\n<li>Moodle: https:\/\/educaciodigital.cat\/ceipmontcau-gelida\/moodle<\/li>\n<\/ul>\n<\/td>\n<\/tr>\n<tr style=\"height: 135px;\">\n<td style=\"width: 2.73037%; height: 135px;\">07<\/td>\n<td style=\"width: 21.5377%; height: 135px;\"><img loading=\"lazy\" decoding=\"async\" class=\"aligncenter size-full wp-image-9566\" src=\"https:\/\/serveiseducatius.xtec.cat\/altpenedes\/wp-content\/uploads\/usu763\/2020\/03\/7-Escola-Les-Fonts.png\" alt=\"\" width=\"173\" height=\"100\" srcset=\"https:\/\/serveiseducatius.xtec.cat\/altpenedes\/wp-content\/uploads\/usu763\/2020\/03\/7-Escola-Les-Fonts.png 173w, https:\/\/serveiseducatius.xtec.cat\/altpenedes\/wp-content\/uploads\/usu763\/2020\/03\/7-Escola-Les-Fonts-150x87.png 150w\" sizes=\"auto, (max-width: 173px) 100vw, 173px\" \/><\/td>\n<td style=\"width: 75.3907%; height: 135px;\"><strong>Escola Les Fonts<\/strong><\/p>\n<blockquote><p>C. Enric Prat de la Riba, 9 08790 Gelida<br \/>\nTel\u00e8fon: 93 779 33 34 | Fax: 93 779 39 54<br \/>\nCorreu electr\u00f2nic: a8062754@xtec.cat<\/p><\/blockquote>\n<p>Web: <a href=\"http:\/\/www.escolalesfontsgelida.cat\/lescola\" target=\"_blank\" rel=\"noopener noreferrer\">http:\/\/www.escolalesfontsgelida.cat\/lescola<\/a> | Bloc: http:\/\/escolalesfontsgelida.blogspot.com.es\/<\/p>\n<ul>\n<li>Moodle: <a href=\"http:\/\/agora.xtec.cat\/ceiplesfontsgelida\/moodle\" target=\"_blank\" rel=\"noopener noreferrer\">agora.xtec.cat\/ceiplesfontsgelida\/moodle<\/a><\/li>\n<\/ul>\n<\/td>\n<\/tr>\n<tr style=\"height: 110px;\">\n<td style=\"width: 2.73037%; height: 110px;\">08<\/td>\n<td style=\"width: 21.5377%; height: 110px;\"><img loading=\"lazy\" decoding=\"async\" class=\"aligncenter size-medium wp-image-9567\" src=\"https:\/\/serveiseducatius.xtec.cat\/altpenedes\/wp-content\/uploads\/usu763\/2020\/03\/8-Escola-Jacint-Verdaguer-300x284.jpg\" alt=\"\" width=\"300\" height=\"284\" srcset=\"https:\/\/serveiseducatius.xtec.cat\/altpenedes\/wp-content\/uploads\/usu763\/2020\/03\/8-Escola-Jacint-Verdaguer-300x284.jpg 300w, https:\/\/serveiseducatius.xtec.cat\/altpenedes\/wp-content\/uploads\/usu763\/2020\/03\/8-Escola-Jacint-Verdaguer-150x142.jpg 150w, https:\/\/serveiseducatius.xtec.cat\/altpenedes\/wp-content\/uploads\/usu763\/2020\/03\/8-Escola-Jacint-Verdaguer.jpg 400w\" sizes=\"auto, (max-width: 300px) 100vw, 300px\" \/><\/td>\n<td style=\"width: 75.3907%; height: 110px;\"><strong>Escola Jacint Verdaguer<\/strong><\/p>\n<blockquote><p>C. Sant Crist\u00f2for, 15 08792 La Granada<br \/>\nTel\u00e8fon\/Fax: 93 897 43 26<br \/>\nCorreu electr\u00f2nic: a8017682@xtec.cat | escolajave@gmail.com<\/p><\/blockquote>\n<ul>\n<li>Nodes:\u00a0<a href=\"http:\/\/agora.xtec.cat\/escolajave\/\" target=\"_blank\" rel=\"noopener noreferrer\">http:\/\/agora.xtec.cat\/escolajave\/<\/a> | Bloc: http:\/\/blocs.xtec.cat\/escolajacintverdaguer\/<\/li>\n<li>Moodle: <a href=\"https:\/\/educaciodigital.cat\/escolajave\/moodle\/\" target=\"_blank\" rel=\"noopener noreferrer\">https:\/\/educaciodigital.cat\/escolajave\/moodle\/<\/a><\/li>\n<\/ul>\n<\/td>\n<\/tr>\n<tr style=\"height: 110px;\">\n<td style=\"width: 2.73037%; height: 110px;\">09<\/td>\n<td style=\"width: 21.5377%; height: 110px;\"><img loading=\"lazy\" decoding=\"async\" class=\"aligncenter size-medium wp-image-9569\" src=\"https:\/\/serveiseducatius.xtec.cat\/altpenedes\/wp-content\/uploads\/usu763\/2020\/03\/9-Escola-La-Cabana-300x300.jpg\" alt=\"\" width=\"300\" height=\"300\" srcset=\"https:\/\/serveiseducatius.xtec.cat\/altpenedes\/wp-content\/uploads\/usu763\/2020\/03\/9-Escola-La-Cabana-300x300.jpg 300w, https:\/\/serveiseducatius.xtec.cat\/altpenedes\/wp-content\/uploads\/usu763\/2020\/03\/9-Escola-La-Cabana-150x150.jpg 150w, https:\/\/serveiseducatius.xtec.cat\/altpenedes\/wp-content\/uploads\/usu763\/2020\/03\/9-Escola-La-Cabana.jpg 709w\" sizes=\"auto, (max-width: 300px) 100vw, 300px\" \/><\/td>\n<td style=\"width: 75.3907%; height: 110px;\"><strong>Escola La Cabana<\/strong><\/p>\n<blockquote><p>C. Vint-i-sis, 2 08739 Les Cabanyes<br \/>\nTel\u00e8fon: 93 818 02 28<br \/>\nCorreu electr\u00f2nic: a8062705@xtec.cat<\/p><\/blockquote>\n<ul>\n<li>Nodes: <a href=\"http:\/\/agora.xtec.cat\/esc-la-cabana\/\" target=\"_blank\" rel=\"noopener noreferrer\">http:\/\/agora.xtec.cat\/esc-la-cabana\/<\/a><\/li>\n<li>Moodle: https:\/\/educaciodigital.cat\/esc-la-cabana\/moodle<\/li>\n<\/ul>\n<\/td>\n<\/tr>\n<tr style=\"height: 110px;\">\n<td style=\"width: 2.73037%; height: 110px;\">10<\/td>\n<td style=\"width: 21.5377%; height: 110px;\"><img loading=\"lazy\" decoding=\"async\" class=\"aligncenter size-full wp-image-9570\" src=\"https:\/\/serveiseducatius.xtec.cat\/altpenedes\/wp-content\/uploads\/usu763\/2020\/03\/10-Escola-La-Fassina.jpg\" alt=\"\" width=\"195\" height=\"232\" srcset=\"https:\/\/serveiseducatius.xtec.cat\/altpenedes\/wp-content\/uploads\/usu763\/2020\/03\/10-Escola-La-Fassina.jpg 195w, https:\/\/serveiseducatius.xtec.cat\/altpenedes\/wp-content\/uploads\/usu763\/2020\/03\/10-Escola-La-Fassina-126x150.jpg 126w\" sizes=\"auto, (max-width: 195px) 100vw, 195px\" \/><\/td>\n<td style=\"width: 75.3907%; height: 110px;\"><strong>Escola La Fassina<\/strong><\/p>\n<blockquote><p>C. Escoles, 41 08773 Sant Joan de Mediona<br \/>\nTel\u00e8fon \/ Fax: 93 8985079<br \/>\nCorreu electr\u00f2nic: a8021326@xtec.cat<\/p><\/blockquote>\n<ul>\n<li>Nodes: <a href=\"https:\/\/agora.xtec.cat\/ceiplafassina\/\" target=\"_blank\" rel=\"noopener noreferrer\">https:\/\/agora.xtec.cat\/ceiplafassina\/<\/a> | Web: https:\/\/sites.google.com\/a\/xtec.cat\/escolalafassina\/<\/li>\n<li>Moodle: <a href=\"http:\/\/educaciodigital.cat\/ceiplafassina\/moodle\" target=\"_blank\" rel=\"noopener noreferrer\">educaciodigital.cat\/ceiplafassina\/moodle<\/a><\/li>\n<\/ul>\n<\/td>\n<\/tr>\n<tr style=\"height: 110px;\">\n<td style=\"width: 2.73037%; height: 110px;\">11<\/td>\n<td style=\"width: 21.5377%; height: 110px;\"><img loading=\"lazy\" decoding=\"async\" class=\"alignright size-medium wp-image-13364\" src=\"https:\/\/serveiseducatius.xtec.cat\/altpenedes\/wp-content\/uploads\/usu763\/2024\/03\/LOGO-Escola-8-300x134.png\" alt=\"\" width=\"300\" height=\"134\" srcset=\"https:\/\/serveiseducatius.xtec.cat\/altpenedes\/wp-content\/uploads\/usu763\/2024\/03\/LOGO-Escola-8-300x134.png 300w, https:\/\/serveiseducatius.xtec.cat\/altpenedes\/wp-content\/uploads\/usu763\/2024\/03\/LOGO-Escola-8-150x67.png 150w, https:\/\/serveiseducatius.xtec.cat\/altpenedes\/wp-content\/uploads\/usu763\/2024\/03\/LOGO-Escola-8.png 325w\" sizes=\"auto, (max-width: 300px) 100vw, 300px\" \/><\/td>\n<td style=\"width: 75.3907%; height: 110px;\"><strong>Escola Renaixen\u00e7a<\/strong><\/p>\n<blockquote><p>C. Escoles, s\/n 08773 Sant Pere Sacarrera (Mediona)<br \/>\nTel\u00e8fon\/Fax: 93 817 80 13<br \/>\nCorreu electr\u00f2nic: a8039288@xtec.cat<\/p><\/blockquote>\n<ul>\n<li>Nodes:\u00a0<a href=\"http:\/\/agora.xtec.cat\/esc-renaixenca\/\" target=\"_blank\" rel=\"noopener noreferrer\">http:\/\/agora.xtec.cat\/esc-renaixenca\/<\/a> | Bloc: http:\/\/blocs.xtec.cat\/escolarenaixenca\/<\/li>\n<li>Moodle: https:\/\/educaciodigital.cat\/esc-renaixenca\/moodle<\/li>\n<\/ul>\n<\/td>\n<\/tr>\n<tr style=\"height: 110px;\">\n<td style=\"width: 2.73037%; height: 110px;\">12<\/td>\n<td style=\"width: 21.5377%; height: 110px;\"><img loading=\"lazy\" decoding=\"async\" class=\"aligncenter size-full wp-image-15150\" src=\"https:\/\/serveiseducatius.xtec.cat\/altpenedes\/wp-content\/uploads\/usu763\/2025\/05\/LOGO-escola-circell_reduit-1.png\" alt=\"\" width=\"300\" height=\"253\" srcset=\"https:\/\/serveiseducatius.xtec.cat\/altpenedes\/wp-content\/uploads\/usu763\/2025\/05\/LOGO-escola-circell_reduit-1.png 300w, https:\/\/serveiseducatius.xtec.cat\/altpenedes\/wp-content\/uploads\/usu763\/2025\/05\/LOGO-escola-circell_reduit-1-150x127.png 150w\" sizes=\"auto, (max-width: 300px) 100vw, 300px\" \/><\/td>\n<td style=\"width: 75.3907%; height: 110px;\"><strong>Escola Circell<\/strong><\/p>\n<blockquote><p>C. de Rafael Casanovas, s\/n 08734 Moja (Ol\u00e8rdola)<br \/>\nTel\u00e8fon: 93 817 14 52<br \/>\nCorreu electr\u00f2nic: a8022343@xtec.cat<\/p><\/blockquote>\n<ul>\n<li>Nodes: <a href=\"https:\/\/agora.xtec.cat\/ceip-circell\/\" target=\"_blank\" rel=\"noopener noreferrer\">https:\/\/agora.xtec.cat\/ceip-circell\/<\/a><\/li>\n<li>Moodle: <a href=\"https:\/\/educaciodigital.cat\/ceip-circell\/moodle\" target=\"_blank\" rel=\"noopener noreferrer\">https:\/\/educaciodigital.cat\/ceip-circell\/moodle<\/a><\/li>\n<\/ul>\n<\/td>\n<\/tr>\n<tr style=\"height: 110px;\">\n<td style=\"width: 2.73037%; height: 81px;\">13<\/td>\n<td style=\"width: 21.5377%; height: 81px;\"><img loading=\"lazy\" decoding=\"async\" class=\"aligncenter size-large wp-image-15152\" src=\"https:\/\/serveiseducatius.xtec.cat\/altpenedes\/wp-content\/uploads\/usu763\/2025\/05\/RossendMontane_Logo-2-1024x718.jpg\" alt=\"\" width=\"1024\" height=\"718\" srcset=\"https:\/\/serveiseducatius.xtec.cat\/altpenedes\/wp-content\/uploads\/usu763\/2025\/05\/RossendMontane_Logo-2-1024x718.jpg 1024w, https:\/\/serveiseducatius.xtec.cat\/altpenedes\/wp-content\/uploads\/usu763\/2025\/05\/RossendMontane_Logo-2-300x210.jpg 300w, https:\/\/serveiseducatius.xtec.cat\/altpenedes\/wp-content\/uploads\/usu763\/2025\/05\/RossendMontane_Logo-2-150x105.jpg 150w, https:\/\/serveiseducatius.xtec.cat\/altpenedes\/wp-content\/uploads\/usu763\/2025\/05\/RossendMontane_Logo-2-768x539.jpg 768w, https:\/\/serveiseducatius.xtec.cat\/altpenedes\/wp-content\/uploads\/usu763\/2025\/05\/RossendMontane_Logo-2-1536x1078.jpg 1536w, https:\/\/serveiseducatius.xtec.cat\/altpenedes\/wp-content\/uploads\/usu763\/2025\/05\/RossendMontane_Logo-2.jpg 1890w\" sizes=\"auto, (max-width: 1024px) 100vw, 1024px\" \/><\/td>\n<td style=\"width: 75.3907%; height: 81px;\"><strong>Escola Rossend Montan\u00e9<\/strong><\/p>\n<blockquote><p>C. Wilson, s\/n 08799 Sant Pere Molanta (Ol\u00e8rdola)<br \/>\nTel\u00e8fon: 93 818 18 44 | Fax: 93 892 49 11<br \/>\nCorreu electr\u00f2nic: a8022367@xtec.cat<\/p><\/blockquote>\n<p>Web:\u00a0 <a href=\"http:\/\/agora.xtec.cat\/ceiprossendmontane\">agora.xtec.cat\/ceiprossendmontane<\/a><\/p>\n<ul>\n<li>Moodle: <a href=\"http:\/\/educaciodigital.cat\/ceiprossendmontane\/moodle\" target=\"_blank\" rel=\"noopener noreferrer\">educaciodigital.cat\/ceiprossendmontane\/moodle<\/a><\/li>\n<\/ul>\n<\/td>\n<\/tr>\n<tr style=\"height: 126px;\">\n<td style=\"width: 2.73037%; height: 126px;\">14<\/td>\n<td style=\"width: 21.5377%; height: 126px;\"><img loading=\"lazy\" decoding=\"async\" class=\"aligncenter size-full wp-image-9576\" src=\"https:\/\/serveiseducatius.xtec.cat\/altpenedes\/wp-content\/uploads\/usu763\/2020\/03\/14-Escola-Pont-de-lArcada.jpg\" alt=\"\" width=\"130\" height=\"130\" \/><\/td>\n<td style=\"width: 75.3907%; height: 126px;\"><strong>Escola Pont de l&#8217;Arcada<\/strong>Av. Hospital, 25 08795 Olesa de Bonesvalls<br \/>\nTel\u00e8fon: 93 898 41 01<br \/>\nCorreu electr\u00f2nic: a8022379@xtec.cat<\/p>\n<ul>\n<li>Nodes: <a href=\"https:\/\/agora.xtec.cat\/ceippontdelarcada\" target=\"_blank\" rel=\"noopener noreferrer\">https:\/\/agora.xtec.cat\/ceippontdelarcada<\/a>\/ | Bloc: http:\/\/comsomquefem.blogspot.com.es\/<\/li>\n<li>Moodle: <a href=\"http:\/\/agora.xtec.cat\/ceippontdelarcada\/moodle\" target=\"_blank\" rel=\"noopener noreferrer\">agora.xtec.cat\/ceippontdelarcada\/moodle<\/a><\/li>\n<\/ul>\n<\/td>\n<\/tr>\n<tr style=\"height: 110px;\">\n<td style=\"width: 2.73037%; height: 110px;\">15<\/td>\n<td style=\"width: 21.5377%; height: 110px;\"><img loading=\"lazy\" decoding=\"async\" class=\"aligncenter size-full wp-image-9577\" src=\"https:\/\/serveiseducatius.xtec.cat\/altpenedes\/wp-content\/uploads\/usu763\/2020\/03\/15-Escola-El-Drac.jpg\" alt=\"\" width=\"186\" height=\"103\" srcset=\"https:\/\/serveiseducatius.xtec.cat\/altpenedes\/wp-content\/uploads\/usu763\/2020\/03\/15-Escola-El-Drac.jpg 186w, https:\/\/serveiseducatius.xtec.cat\/altpenedes\/wp-content\/uploads\/usu763\/2020\/03\/15-Escola-El-Drac-150x83.jpg 150w\" sizes=\"auto, (max-width: 186px) 100vw, 186px\" \/><\/td>\n<td style=\"width: 75.3907%; height: 110px;\"><strong>Escola El Drac<\/strong><\/p>\n<blockquote><p>Av. Diputaci\u00f3, 11 08796 Pacs del Pened\u00e8s<br \/>\nTel\u00e8fon: 93 817 11 97<br \/>\nCorreu electr\u00f2nic: a8022586@xtec.cat<\/p><\/blockquote>\n<ul>\n<li>Nodes: <a href=\"https:\/\/agora.xtec.cat\/ceip-eldrac\/\" target=\"_blank\" rel=\"noopener noreferrer\">https:\/\/agora.xtec.cat\/ceip-eldrac\/<\/a> | Web: https:\/\/www.escolaeldrac.org\/ | Bloc: http:\/\/escoladepacs.blogspot.com.es<\/li>\n<li>Moodle: <a href=\"http:\/\/educaciodigital.cat\/escolaeldrac\/moodle\" target=\"_blank\" rel=\"noopener noreferrer\">educaciodigital.cat\/escolaeldrac\/moodle<\/a><\/li>\n<\/ul>\n<\/td>\n<\/tr>\n<tr style=\"height: 110px;\">\n<td style=\"width: 2.73037%; height: 110px;\">16<\/td>\n<td style=\"width: 21.5377%; height: 110px;\"><img loading=\"lazy\" decoding=\"async\" class=\"aligncenter size-medium wp-image-9578\" src=\"https:\/\/serveiseducatius.xtec.cat\/altpenedes\/wp-content\/uploads\/usu763\/2020\/03\/16-Escola-El-Roure-300x275.png\" alt=\"\" width=\"300\" height=\"275\" srcset=\"https:\/\/serveiseducatius.xtec.cat\/altpenedes\/wp-content\/uploads\/usu763\/2020\/03\/16-Escola-El-Roure-300x275.png 300w, https:\/\/serveiseducatius.xtec.cat\/altpenedes\/wp-content\/uploads\/usu763\/2020\/03\/16-Escola-El-Roure-150x138.png 150w, https:\/\/serveiseducatius.xtec.cat\/altpenedes\/wp-content\/uploads\/usu763\/2020\/03\/16-Escola-El-Roure.png 433w\" sizes=\"auto, (max-width: 300px) 100vw, 300px\" \/><\/td>\n<td style=\"width: 75.3907%; height: 110px;\"><strong>Escola El Roure<\/strong><\/p>\n<blockquote><p>C. Camp de Futbol, s\/n 08738 Pontons<br \/>\nTel\u00e8fon: 93 898 78 83 | Fax: 93 898 78 86<br \/>\nCorreu electr\u00f2nic: a8053431@xtec.cat<\/p><\/blockquote>\n<ul>\n<li>Nodes: <a href=\"http:\/\/agora.xtec.cat\/escolaelrouredepontons\/\" target=\"_blank\" rel=\"noopener noreferrer\">http:\/\/agora.xtec.cat\/escolaelrouredepontons\/<\/a> | Web: https:\/\/sites.google.com\/a\/xtec.cat\/escola-el-roure\/<\/li>\n<li>Moodle: <a href=\"http:\/\/educaciodigital.cat\/escolaelrourepontons\/moodle\" target=\"_blank\" rel=\"noopener noreferrer\">educaciodigital.cat\/escolaelrourepontons\/moodle<\/a><\/li>\n<\/ul>\n<\/td>\n<\/tr>\n<tr style=\"height: 110px;\">\n<td style=\"width: 2.73037%; height: 110px;\">17<\/td>\n<td style=\"width: 21.5377%; height: 110px;\"><img loading=\"lazy\" decoding=\"async\" class=\"aligncenter size-full wp-image-9580\" src=\"https:\/\/serveiseducatius.xtec.cat\/altpenedes\/wp-content\/uploads\/usu763\/2020\/03\/17-Escola-Virolai-1.jpg\" alt=\"\" width=\"154\" height=\"84\" srcset=\"https:\/\/serveiseducatius.xtec.cat\/altpenedes\/wp-content\/uploads\/usu763\/2020\/03\/17-Escola-Virolai-1.jpg 154w, https:\/\/serveiseducatius.xtec.cat\/altpenedes\/wp-content\/uploads\/usu763\/2020\/03\/17-Escola-Virolai-1-150x82.jpg 150w\" sizes=\"auto, (max-width: 154px) 100vw, 154px\" \/><\/td>\n<td style=\"width: 75.3907%; height: 110px;\"><strong>Escola Virolai | ZER Cep de Sis<\/strong><\/p>\n<blockquote><p>Av. Catalunya, s\/n 08797 Puigd\u00e0lber<br \/>\nTel\u00e8fon\/Fax: 93 898 85 35<br \/>\nCorreu electr\u00f2nic: a8023359@xtec.cat<\/p><\/blockquote>\n<ul>\n<li>Nodes: <a href=\"https:\/\/agora.xtec.cat\/zercepdesis\/\" target=\"_blank\" rel=\"noopener noreferrer\">https:\/\/agora.xtec.cat\/zercepdesis\/<\/a><\/li>\n<\/ul>\n<p>Bloc: <a href=\"http:\/\/escoladepuigdalber.blogspot.com.es\/\" target=\"_blank\" rel=\"noopener noreferrer\">http:\/\/escoladepuigdalber.blogspot.com.es\/<\/a><\/td>\n<\/tr>\n<tr style=\"height: 110px;\">\n<td style=\"width: 2.73037%; height: 110px;\">18<\/td>\n<td style=\"width: 21.5377%; height: 110px;\"><img loading=\"lazy\" decoding=\"async\" class=\"aligncenter size-full wp-image-9581\" src=\"https:\/\/serveiseducatius.xtec.cat\/altpenedes\/wp-content\/uploads\/usu763\/2020\/03\/18-Escola-Les-Vinyes.jpg\" alt=\"\" width=\"212\" height=\"230\" srcset=\"https:\/\/serveiseducatius.xtec.cat\/altpenedes\/wp-content\/uploads\/usu763\/2020\/03\/18-Escola-Les-Vinyes.jpg 212w, https:\/\/serveiseducatius.xtec.cat\/altpenedes\/wp-content\/uploads\/usu763\/2020\/03\/18-Escola-Les-Vinyes-138x150.jpg 138w\" sizes=\"auto, (max-width: 212px) 100vw, 212px\" \/><\/td>\n<td style=\"width: 75.3907%; height: 110px;\"><strong>Escola Les Vinyes<\/strong><\/p>\n<blockquote><p>C. La Masia, s\/n 08798 Sant Cugat Sesgarrigues<br \/>\nTel\u00e8fon\/Fax: 93 897 05 49<br \/>\nCorreu electr\u00f2nic: a8026099@xtec.cat<\/p><\/blockquote>\n<p>Bloc: http:\/\/escolalesvinyes.blogspot.com.es\/<\/p>\n<ul>\n<li>Nodes: <a href=\"https:\/\/agora.xtec.cat\/escolalesvinyes\/\" target=\"_blank\" rel=\"noopener noreferrer\">https:\/\/agora.xtec.cat\/escolalesvinyes\/<\/a><\/li>\n<li>Moodle: <a href=\"https:\/\/educaciodigital.cat\/escolalesvinyes\/moodle\/\" target=\"_blank\" rel=\"noopener noreferrer\">https:\/\/educaciodigital.cat\/escolalesvinyes\/moodle\/<\/a><\/li>\n<\/ul>\n<\/td>\n<\/tr>\n<tr style=\"height: 126px;\">\n<td style=\"width: 2.73037%; height: 126px;\">19<\/td>\n<td style=\"width: 21.5377%; height: 126px;\"><img loading=\"lazy\" decoding=\"async\" class=\"aligncenter size-full wp-image-15156\" src=\"https:\/\/serveiseducatius.xtec.cat\/altpenedes\/wp-content\/uploads\/usu763\/2025\/05\/LOGOescolasensefons-4.png\" alt=\"\" width=\"580\" height=\"581\" srcset=\"https:\/\/serveiseducatius.xtec.cat\/altpenedes\/wp-content\/uploads\/usu763\/2025\/05\/LOGOescolasensefons-4.png 580w, https:\/\/serveiseducatius.xtec.cat\/altpenedes\/wp-content\/uploads\/usu763\/2025\/05\/LOGOescolasensefons-4-300x300.png 300w, https:\/\/serveiseducatius.xtec.cat\/altpenedes\/wp-content\/uploads\/usu763\/2025\/05\/LOGOescolasensefons-4-150x150.png 150w\" sizes=\"auto, (max-width: 580px) 100vw, 580px\" \/><\/td>\n<td style=\"width: 75.3907%; height: 126px;\"><strong>Escola Pau Casals<\/strong><\/p>\n<blockquote><p>C. Pau Casals, 12 08791 Sant Lloren\u00e7 d&#8217;Hortons<br \/>\nTel\u00e8fon\/Fax: 93 771 63 02<br \/>\nCorreu electr\u00f2nic: a8026907@xtec.cat<\/p><\/blockquote>\n<ul>\n<li>Nodes: <a href=\"http:\/\/agora.xtec.cat\/escpaucasals\/\" target=\"_blank\" rel=\"noopener noreferrer\">http:\/\/agora.xtec.cat\/escpaucasals\/<\/a> | Web: http:\/\/www.xtec.cat\/centres\/a8026907\/<\/li>\n<li>Moodle: https:\/\/educaciodigital.cat\/escpaucasals\/moodle<\/li>\n<\/ul>\n<\/td>\n<\/tr>\n<tr style=\"height: 126px;\">\n<td style=\"width: 2.73037%; height: 126px;\">20<\/td>\n<td style=\"width: 21.5377%; height: 126px;\"><img loading=\"lazy\" decoding=\"async\" class=\"aligncenter size-medium wp-image-9584\" src=\"https:\/\/serveiseducatius.xtec.cat\/altpenedes\/wp-content\/uploads\/usu763\/2020\/03\/20-Escola-Jaume-Balmes-300x218.jpg\" alt=\"\" width=\"300\" height=\"218\" srcset=\"https:\/\/serveiseducatius.xtec.cat\/altpenedes\/wp-content\/uploads\/usu763\/2020\/03\/20-Escola-Jaume-Balmes-300x218.jpg 300w, https:\/\/serveiseducatius.xtec.cat\/altpenedes\/wp-content\/uploads\/usu763\/2020\/03\/20-Escola-Jaume-Balmes-150x109.jpg 150w, https:\/\/serveiseducatius.xtec.cat\/altpenedes\/wp-content\/uploads\/usu763\/2020\/03\/20-Escola-Jaume-Balmes-768x559.jpg 768w, https:\/\/serveiseducatius.xtec.cat\/altpenedes\/wp-content\/uploads\/usu763\/2020\/03\/20-Escola-Jaume-Balmes-1024x745.jpg 1024w, https:\/\/serveiseducatius.xtec.cat\/altpenedes\/wp-content\/uploads\/usu763\/2020\/03\/20-Escola-Jaume-Balmes.jpg 1054w\" sizes=\"auto, (max-width: 300px) 100vw, 300px\" \/><\/td>\n<td style=\"width: 75.3907%; height: 126px;\"><strong>Escola Jaume Balmes<\/strong><\/p>\n<blockquote><p>C. Verge de Montserrat, 12 08731 Sant Mart\u00ed Sarroca<br \/>\nTel\u00e8fon\/Fax: 93 899 12 54<br \/>\nCorreu electr\u00f2nic: a8027018@xtec.cat<\/p><\/blockquote>\n<ul>\n<li>Nodes: <a href=\"http:\/\/agora.xtec.cat\/escolajaumebalmes\/\" target=\"_blank\" rel=\"noopener noreferrer\">http:\/\/agora.xtec.cat\/escolajaumebalmes\/<\/a> | Web: http:\/\/www.xtec.cat\/escolajaumebalmes\/<\/li>\n<li>Moodle: <a href=\"http:\/\/educaciodigital.cat\/escolajaumebalmes\/moodle\" target=\"_blank\" rel=\"noopener noreferrer\">educaciodigital.cat\/escolajaumebalmes\/moodle<\/a><\/li>\n<\/ul>\n<\/td>\n<\/tr>\n<tr style=\"height: 110px;\">\n<td style=\"width: 2.73037%; height: 110px;\">21<\/td>\n<td style=\"width: 21.5377%; height: 110px;\"><img loading=\"lazy\" decoding=\"async\" class=\"aligncenter size-medium wp-image-9585\" src=\"https:\/\/serveiseducatius.xtec.cat\/altpenedes\/wp-content\/uploads\/usu763\/2020\/03\/21-Escola-Sant-Jeroni-300x93.png\" alt=\"\" width=\"300\" height=\"93\" srcset=\"https:\/\/serveiseducatius.xtec.cat\/altpenedes\/wp-content\/uploads\/usu763\/2020\/03\/21-Escola-Sant-Jeroni-300x93.png 300w, https:\/\/serveiseducatius.xtec.cat\/altpenedes\/wp-content\/uploads\/usu763\/2020\/03\/21-Escola-Sant-Jeroni-150x46.png 150w, https:\/\/serveiseducatius.xtec.cat\/altpenedes\/wp-content\/uploads\/usu763\/2020\/03\/21-Escola-Sant-Jeroni.png 632w\" sizes=\"auto, (max-width: 300px) 100vw, 300px\" \/><\/td>\n<td style=\"width: 75.3907%; height: 110px;\"><strong>Escola Sant Jeroni<\/strong><\/p>\n<blockquote><p>C. del Call, 70 08776 Sant Pere de Riudebitlles<br \/>\nTel\u00e8fons: 93 899 78 49 &#8211; 93 899 78 57 | Fax: 93 899 78 59<br \/>\nCorreu electr\u00f2nic: a8027146@xtec.cat<\/p><\/blockquote>\n<ul>\n<li>Nodes:\u00a0<a href=\"http:\/\/agora.xtec.cat\/ceip-santjeroni\" target=\"_blank\" rel=\"noopener noreferrer\">http:\/\/agora.xtec.cat\/ceip-santjeroni<\/a> | Web: http:\/\/www.santjeroni.org\/<\/li>\n<li>Moodle: <a href=\"http:\/\/educaciodigital.cat\/ceip-santjeroni\/moodle\" target=\"_blank\" rel=\"noopener noreferrer\">educaciodigital.cat\/ceip-santjeroni\/moodle<\/a><\/li>\n<\/ul>\n<\/td>\n<\/tr>\n<tr style=\"height: 110px;\">\n<td style=\"width: 2.73037%; height: 110px;\">22<\/td>\n<td style=\"width: 21.5377%; height: 110px;\"><img loading=\"lazy\" decoding=\"async\" class=\"aligncenter size-full wp-image-11202\" src=\"https:\/\/serveiseducatius.xtec.cat\/altpenedes\/wp-content\/uploads\/usu763\/2021\/09\/logo_8_color.png\" alt=\"\" width=\"170\" height=\"133\" srcset=\"https:\/\/serveiseducatius.xtec.cat\/altpenedes\/wp-content\/uploads\/usu763\/2021\/09\/logo_8_color.png 170w, https:\/\/serveiseducatius.xtec.cat\/altpenedes\/wp-content\/uploads\/usu763\/2021\/09\/logo_8_color-150x117.png 150w\" sizes=\"auto, (max-width: 170px) 100vw, 170px\" \/><\/td>\n<td style=\"width: 75.3907%; height: 110px;\"><b>I-E Sant Quint\u00ed de Mediona<\/b><\/p>\n<blockquote><p>Passeig de Les Deus, 17 08777 Sant Quint\u00ed de Mediona<br \/>\nTel\u00e8fon: 93 899 84 54<br \/>\nCorreu electr\u00f2nic: a8076479@xtec.cat<\/p><\/blockquote>\n<ul>\n<li>Nodes: <a href=\"https:\/\/agora.xtec.cat\/iesantquinti\/\" target=\"_blank\" rel=\"noopener noreferrer\">https:\/\/agora.xtec.cat\/iesantquinti\/<\/a><\/li>\n<li>Moodle: <a href=\"https:\/\/agora.xtec.cat\/iesantquinti\/moodle\/\" target=\"_blank\" rel=\"noopener noreferrer\">https:\/\/agora.xtec.cat\/iesantquinti\/moodle\/<\/a><\/li>\n<\/ul>\n<\/td>\n<\/tr>\n<tr style=\"height: 110px;\">\n<td style=\"width: 2.73037%; height: 110px;\">23<\/td>\n<td style=\"width: 21.5377%; height: 110px;\"><img loading=\"lazy\" decoding=\"async\" class=\"aligncenter size-medium wp-image-9587\" src=\"https:\/\/serveiseducatius.xtec.cat\/altpenedes\/wp-content\/uploads\/usu763\/2020\/03\/23-Escola-La-Pau-300x217.jpg\" alt=\"\" width=\"300\" height=\"217\" srcset=\"https:\/\/serveiseducatius.xtec.cat\/altpenedes\/wp-content\/uploads\/usu763\/2020\/03\/23-Escola-La-Pau-300x217.jpg 300w, https:\/\/serveiseducatius.xtec.cat\/altpenedes\/wp-content\/uploads\/usu763\/2020\/03\/23-Escola-La-Pau-150x108.jpg 150w, https:\/\/serveiseducatius.xtec.cat\/altpenedes\/wp-content\/uploads\/usu763\/2020\/03\/23-Escola-La-Pau-768x556.jpg 768w, https:\/\/serveiseducatius.xtec.cat\/altpenedes\/wp-content\/uploads\/usu763\/2020\/03\/23-Escola-La-Pau-1024x741.jpg 1024w\" sizes=\"auto, (max-width: 300px) 100vw, 300px\" \/><\/td>\n<td style=\"width: 75.3907%; height: 110px;\"><strong>Escola La Pau<\/strong><\/p>\n<blockquote><p>C. de Salvador Espriu, s\/n 08770 Sant Sadurn\u00ed d&#8217;Anoia<br \/>\nTel\u00e8fon: 93 891 32 40 | Fax: 93 818 41 62<br \/>\nCorreu electr\u00f2nic: a8059998@xtec.cat<\/p><\/blockquote>\n<ul>\n<li>Nodes:\u00a0<a href=\"http:\/\/agora.xtec.cat\/ceiplapau\" target=\"_blank\" rel=\"noopener noreferrer\">http:\/\/agora.xtec.cat\/ceiplapau<\/a> | Web: http:\/\/escolalapau.com\/<\/li>\n<li>Moodle: https:\/\/educaciodigital.cat\/ceiplapau\/moodle<\/li>\n<\/ul>\n<\/td>\n<\/tr>\n<tr style=\"height: 110px;\">\n<td style=\"width: 2.73037%; height: 110px;\">24<\/td>\n<td style=\"width: 21.5377%; height: 110px;\"><img loading=\"lazy\" decoding=\"async\" class=\"aligncenter size-full wp-image-9588\" src=\"https:\/\/serveiseducatius.xtec.cat\/altpenedes\/wp-content\/uploads\/usu763\/2020\/03\/24-I-E-Jacint-Verdaguer.jpg\" alt=\"\" width=\"134\" height=\"78\" \/><\/td>\n<td style=\"width: 75.3907%; height: 110px;\"><strong>I-E Jacint Verdaguer<\/strong><\/p>\n<blockquote><p>C. Gelida, s\/n 08770 Sant Sadurn\u00ed d&#8217;Anoia<br \/>\nTel\u00e8fons: 93 891 39 52 (EI i PRI) | 93 891 03 54 (ESO) |\u00a0Fax: 938 914 972 &#8211; 938 910 853<br \/>\nCorreu electr\u00f2nic: a8071238@xtec.cat<\/p><\/blockquote>\n<p>Web:\u00a0 <a href=\"http:\/\/agora.xtec.cat\/iejacintverdaguer\">agora.xtec.cat\/iejacintverdaguer<\/a><\/p>\n<ul>\n<li>Moodle: <a href=\"https:\/\/educaciodigital.cat\/iejacintverdaguer\/moodle\/\" target=\"_blank\" rel=\"noopener noreferrer\">https:\/\/educaciodigital.cat\/iejacintverdaguer\/moodle\/<\/a><\/li>\n<\/ul>\n<\/td>\n<\/tr>\n<tr style=\"height: 110px;\">\n<td style=\"width: 2.73037%; height: 110px;\">25<\/td>\n<td style=\"width: 21.5377%; height: 110px;\"><img loading=\"lazy\" decoding=\"async\" class=\"aligncenter size-medium wp-image-9589\" src=\"https:\/\/serveiseducatius.xtec.cat\/altpenedes\/wp-content\/uploads\/usu763\/2020\/03\/25-Escola-Les-Moreres-300x163.jpg\" alt=\"\" width=\"300\" height=\"163\" srcset=\"https:\/\/serveiseducatius.xtec.cat\/altpenedes\/wp-content\/uploads\/usu763\/2020\/03\/25-Escola-Les-Moreres-300x163.jpg 300w, https:\/\/serveiseducatius.xtec.cat\/altpenedes\/wp-content\/uploads\/usu763\/2020\/03\/25-Escola-Les-Moreres-150x81.jpg 150w, https:\/\/serveiseducatius.xtec.cat\/altpenedes\/wp-content\/uploads\/usu763\/2020\/03\/25-Escola-Les-Moreres.jpg 317w\" sizes=\"auto, (max-width: 300px) 100vw, 300px\" \/><\/td>\n<td style=\"width: 75.3907%; height: 110px;\"><strong>Escola Les Moreres | ZER Cep de Sis<\/strong><\/p>\n<blockquote><p>C. Les Escoles, 3 08792 Santa Fe del Pened\u00e8s<br \/>\nTel\u00e8fon\/Fax: 93 897 50 95<br \/>\nCorreu electr\u00f2nic: a8028151@xtec.cat<\/p><\/blockquote>\n<ul>\n<li>Nodes: <a href=\"https:\/\/agora.xtec.cat\/zercepdesis\/\" target=\"_blank\" rel=\"noopener noreferrer\">https:\/\/agora.xtec.cat\/zercepdesis\/<\/a><\/li>\n<\/ul>\n<p>Bloc: <a href=\"http:\/\/escoladesantafe.blogspot.com.es\/\" target=\"_blank\" rel=\"noopener noreferrer\">http:\/\/escoladesantafe.blogspot.com.es\/<\/a><\/td>\n<\/tr>\n<tr style=\"height: 110px;\">\n<td style=\"width: 2.73037%; height: 110px;\">26<\/td>\n<td style=\"width: 21.5377%; height: 110px;\"><img loading=\"lazy\" decoding=\"async\" class=\"aligncenter size-medium wp-image-9590\" src=\"https:\/\/serveiseducatius.xtec.cat\/altpenedes\/wp-content\/uploads\/usu763\/2020\/03\/26-Escola-Samaranch-i-Fina-300x300.jpg\" alt=\"\" width=\"300\" height=\"300\" srcset=\"https:\/\/serveiseducatius.xtec.cat\/altpenedes\/wp-content\/uploads\/usu763\/2020\/03\/26-Escola-Samaranch-i-Fina-300x300.jpg 300w, https:\/\/serveiseducatius.xtec.cat\/altpenedes\/wp-content\/uploads\/usu763\/2020\/03\/26-Escola-Samaranch-i-Fina-150x150.jpg 150w, https:\/\/serveiseducatius.xtec.cat\/altpenedes\/wp-content\/uploads\/usu763\/2020\/03\/26-Escola-Samaranch-i-Fina.jpg 696w\" sizes=\"auto, (max-width: 300px) 100vw, 300px\" \/><\/td>\n<td style=\"width: 75.3907%; height: 110px;\"><strong>Escola Doctor Samaranch i Fina<\/strong><\/p>\n<blockquote><p>Av. Mas Catarro, 1 08730 Santa Margarida i els Monjos<br \/>\nTel\u00e8fon: 93 898 02 81<br \/>\nCorreu electr\u00f2nic: a8028217@xtec.cat<\/p><\/blockquote>\n<ul>\n<li>Nodes: <a href=\"http:\/\/agora.xtec.cat\/escolasamaranch\/\" target=\"_blank\" rel=\"noopener noreferrer\">http:\/\/agora.xtec.cat\/escolasamaranch\/<\/a><\/li>\n<li>Moodle: <a href=\"http:\/\/agora.xtec.cat\/escolasamaranch\/moodle\" target=\"_blank\" rel=\"noopener noreferrer\">agora.xtec.cat\/escolasamaranch\/moodle<\/a><\/li>\n<\/ul>\n<\/td>\n<\/tr>\n<tr style=\"height: 126px;\">\n<td style=\"width: 2.73037%; height: 126px;\">27<\/td>\n<td style=\"width: 21.5377%; height: 126px;\"><img loading=\"lazy\" decoding=\"async\" class=\"aligncenter wp-image-11576 size-full\" src=\"https:\/\/serveiseducatius.xtec.cat\/altpenedes\/wp-content\/uploads\/usu763\/2022\/04\/logo-sant-domenec.jpg\" alt=\"\" width=\"203\" height=\"178\" srcset=\"https:\/\/serveiseducatius.xtec.cat\/altpenedes\/wp-content\/uploads\/usu763\/2022\/04\/logo-sant-domenec.jpg 203w, https:\/\/serveiseducatius.xtec.cat\/altpenedes\/wp-content\/uploads\/usu763\/2022\/04\/logo-sant-domenec-150x132.jpg 150w\" sizes=\"auto, (max-width: 203px) 100vw, 203px\" \/><\/td>\n<td style=\"width: 75.3907%; height: 126px;\"><strong>Escola Sant Dom\u00e8nec<\/strong><\/p>\n<blockquote><p>C. Montanyans, 4 08730 La R\u00e0pita (Santa Margarida i els Monjos)<br \/>\nTel\u00e8fon\/Fax: 93 898 04 00<br \/>\nCorreu electr\u00f2nic: a8037528@xtec.cat<\/p><\/blockquote>\n<ul>\n<li>Nodes: <a href=\"https:\/\/agora.xtec.cat\/ceip-sant-domenec-la-rapita\/\" target=\"_blank\" rel=\"noopener noreferrer\">http:\/\/agora.xtec.cat\/ceip-sant-domenec-la-rapita\/<\/a><\/li>\n<li>Moodle: <a href=\"https:\/\/educaciodigital.cat\/ceip-sant-domenec-la-rapita\/moodle\/\" target=\"_blank\" rel=\"noopener noreferrer\">https:\/\/educaciodigital.cat\/ceip-sant-domenec-la-rapita\/moodle\/<\/a><\/li>\n<\/ul>\n<\/td>\n<\/tr>\n<tr style=\"height: 110px;\">\n<td style=\"width: 2.73037%; height: 110px;\">28<\/td>\n<td style=\"width: 21.5377%; height: 110px;\"><img loading=\"lazy\" decoding=\"async\" class=\"aligncenter wp-image-11487 size-full\" src=\"https:\/\/serveiseducatius.xtec.cat\/altpenedes\/wp-content\/uploads\/usu763\/2022\/02\/Escola-Arrels.jpg\" alt=\"\" width=\"262\" height=\"265\" srcset=\"https:\/\/serveiseducatius.xtec.cat\/altpenedes\/wp-content\/uploads\/usu763\/2022\/02\/Escola-Arrels.jpg 262w, https:\/\/serveiseducatius.xtec.cat\/altpenedes\/wp-content\/uploads\/usu763\/2022\/02\/Escola-Arrels-148x150.jpg 148w\" sizes=\"auto, (max-width: 262px) 100vw, 262px\" \/><\/td>\n<td style=\"width: 75.3907%; height: 110px;\"><strong>Escola Arrels<\/strong><\/p>\n<blockquote><p>C. del Cam\u00ed Fondo, 25-27 08730 Santa Margarida i els Monjos<br \/>\nTel\u00e8fon: 93 898 32 23 | Fax: 93 898 33 01<br \/>\nCorreu electr\u00f2nic: a8063886@xtec.cat<\/p><\/blockquote>\n<p>Web: <a href=\"http:\/\/escolaarrelsmonjos.com\/\" target=\"_blank\" rel=\"noopener noreferrer\">http:\/\/escolaarrelsmonjos.com\/<\/a><\/p>\n<ul>\n<li>Moodle: <a href=\"http:\/\/educaciodigital.cat\/escolaarrels\/moodle\" target=\"_blank\" rel=\"noopener noreferrer\">educaciodigital.cat\/escolaarrels\/moodle<\/a><\/li>\n<\/ul>\n<\/td>\n<\/tr>\n<tr style=\"height: 110px;\">\n<td style=\"width: 2.73037%; height: 110px;\">29<\/td>\n<td style=\"width: 21.5377%; height: 110px;\"><img loading=\"lazy\" decoding=\"async\" class=\"alignright size-medium wp-image-13366\" src=\"https:\/\/serveiseducatius.xtec.cat\/altpenedes\/wp-content\/uploads\/usu763\/2024\/03\/Logo_El_Serral-252x300.jpg\" alt=\"\" width=\"252\" height=\"300\" srcset=\"https:\/\/serveiseducatius.xtec.cat\/altpenedes\/wp-content\/uploads\/usu763\/2024\/03\/Logo_El_Serral-252x300.jpg 252w, https:\/\/serveiseducatius.xtec.cat\/altpenedes\/wp-content\/uploads\/usu763\/2024\/03\/Logo_El_Serral-126x150.jpg 126w, https:\/\/serveiseducatius.xtec.cat\/altpenedes\/wp-content\/uploads\/usu763\/2024\/03\/Logo_El_Serral.jpg 761w\" sizes=\"auto, (max-width: 252px) 100vw, 252px\" \/><\/td>\n<td style=\"width: 75.3907%; height: 110px;\"><strong>Escola El Serral | ZER Subirats<\/strong><\/p>\n<blockquote><p>C. Bosc, s\/n 08739 Lavern (Subirats)<br \/>\nTel\u00e8fon: 93 899 33 02 | Fax: 93 899 46 06<br \/>\nCorreu electr\u00f2nic: a8029143@xtec.cat<\/p><\/blockquote>\n<ul>\n<li>Nodes: <a href=\"http:\/\/agora.xtec.cat\/ceip-subirats-lavern-subirats\/\" target=\"_blank\" rel=\"noopener noreferrer\">http:\/\/agora.xtec.cat\/ceip-subirats-lavern-subirats\/<\/a> | Web: https:\/\/sites.google.com\/a\/xtec.cat\/escola-subirats_lavern\/<\/li>\n<li>Moodle: https:\/\/educaciodigital.cat\/ceip-subirats-lavern-subirats\/moodle<\/li>\n<\/ul>\n<\/td>\n<\/tr>\n<tr style=\"height: 95px;\">\n<td style=\"width: 2.73037%; height: 95px;\">30<\/td>\n<td style=\"width: 21.5377%; height: 95px;\"><img loading=\"lazy\" decoding=\"async\" class=\"aligncenter size-medium wp-image-9595\" src=\"https:\/\/serveiseducatius.xtec.cat\/altpenedes\/wp-content\/uploads\/usu763\/2020\/03\/30-Escola-El-Montcau-ZER-Subirats-300x208.jpg\" alt=\"\" width=\"300\" height=\"208\" srcset=\"https:\/\/serveiseducatius.xtec.cat\/altpenedes\/wp-content\/uploads\/usu763\/2020\/03\/30-Escola-El-Montcau-ZER-Subirats-300x208.jpg 300w, https:\/\/serveiseducatius.xtec.cat\/altpenedes\/wp-content\/uploads\/usu763\/2020\/03\/30-Escola-El-Montcau-ZER-Subirats-150x104.jpg 150w, https:\/\/serveiseducatius.xtec.cat\/altpenedes\/wp-content\/uploads\/usu763\/2020\/03\/30-Escola-El-Montcau-ZER-Subirats-768x532.jpg 768w, https:\/\/serveiseducatius.xtec.cat\/altpenedes\/wp-content\/uploads\/usu763\/2020\/03\/30-Escola-El-Montcau-ZER-Subirats-1024x709.jpg 1024w\" sizes=\"auto, (max-width: 300px) 100vw, 300px\" \/><\/td>\n<td style=\"width: 75.3907%; height: 95px;\"><strong>Escola El Montcau | ZER Subirats<\/strong><\/p>\n<blockquote><p>C. del Parc, s\/n 08739 Ordal (Subirats)<br \/>\nTel\u00e8fon\/Fax: 93 817 91 32<br \/>\nCorreu electr\u00f2nic: a8029155@xtec.cat<\/p><\/blockquote>\n<ul>\n<li>Nodes: <a href=\"http:\/\/agora.xtec.cat\/ceip-montcau-ordal-subirats\/\" target=\"_blank\" rel=\"noopener noreferrer\">http:\/\/agora.xtec.cat\/ceip-montcau-ordal-subirats\/<\/a><\/li>\n<li>Moodle: https:\/\/educaciodigital.cat\/ceip-montcau-ordal-subirats\/moodle\/<\/li>\n<\/ul>\n<\/td>\n<\/tr>\n<tr style=\"height: 126px;\">\n<td style=\"width: 2.73037%; height: 126px;\">31<\/td>\n<td style=\"width: 21.5377%; height: 126px;\"><img loading=\"lazy\" decoding=\"async\" class=\"aligncenter size-full wp-image-15165\" src=\"https:\/\/serveiseducatius.xtec.cat\/altpenedes\/wp-content\/uploads\/usu763\/2025\/05\/logo_web.png\" alt=\"\" width=\"572\" height=\"513\" srcset=\"https:\/\/serveiseducatius.xtec.cat\/altpenedes\/wp-content\/uploads\/usu763\/2025\/05\/logo_web.png 572w, https:\/\/serveiseducatius.xtec.cat\/altpenedes\/wp-content\/uploads\/usu763\/2025\/05\/logo_web-300x269.png 300w, https:\/\/serveiseducatius.xtec.cat\/altpenedes\/wp-content\/uploads\/usu763\/2025\/05\/logo_web-150x135.png 150w\" sizes=\"auto, (max-width: 572px) 100vw, 572px\" \/><\/td>\n<td style=\"width: 75.3907%; height: 126px;\"><strong>Escola Sant Jordi<\/strong><\/p>\n<blockquote><p>C. Ponent, 17 08739 Sant Pau d&#8217;Ordal (Subirats)<br \/>\nTel\u00e8fon: 93 899 47 23<br \/>\nCorreu electr\u00f2nic: a8029192@xtec.cat<\/p><\/blockquote>\n<ul>\n<li>Nodes:\u00a0<a href=\"http:\/\/agora.xtec.cat\/ceip-sjordi-santpau-subirats\/\" target=\"_blank\" rel=\"noopener noreferrer\">http:\/\/agora.xtec.cat\/ceip-sjordi-santpau-subirats\/<\/a> | Web: https:\/\/www.sites.google.com\/a\/xtec.cat\/escola-sant-jordi-zer-subirats\/<\/li>\n<li>Moodle: <a href=\"http:\/\/educaciodigital.cat\/ceip-sjordi-santpau-subirats\/moodle\" target=\"_blank\" rel=\"noopener noreferrer\">educaciodigital.cat\/ceip-sjordi-santpau-subirats\/moodle<\/a><\/li>\n<\/ul>\n<\/td>\n<\/tr>\n<tr style=\"height: 110px;\">\n<td style=\"width: 2.73037%; height: 110px;\">32<\/td>\n<td style=\"width: 21.5377%; height: 110px;\"><img loading=\"lazy\" decoding=\"async\" class=\"aligncenter size-medium wp-image-9597\" src=\"https:\/\/serveiseducatius.xtec.cat\/altpenedes\/wp-content\/uploads\/usu763\/2020\/03\/32-Escola-R\u00e0fols-300x195.jpg\" alt=\"\" width=\"300\" height=\"195\" srcset=\"https:\/\/serveiseducatius.xtec.cat\/altpenedes\/wp-content\/uploads\/usu763\/2020\/03\/32-Escola-R\u00e0fols-300x195.jpg 300w, https:\/\/serveiseducatius.xtec.cat\/altpenedes\/wp-content\/uploads\/usu763\/2020\/03\/32-Escola-R\u00e0fols-150x98.jpg 150w, https:\/\/serveiseducatius.xtec.cat\/altpenedes\/wp-content\/uploads\/usu763\/2020\/03\/32-Escola-R\u00e0fols.jpg 467w\" sizes=\"auto, (max-width: 300px) 100vw, 300px\" \/><\/td>\n<td style=\"width: 75.3907%; height: 110px;\"><strong>Escola JJ R\u00e0fols<\/strong><\/p>\n<blockquote><p>C. De les Escoles, s\/n 08775 Torrelavit<br \/>\nTel\u00e8fon\/Fax: 93 899 59 74 | M\u00f2bil: 607 03 21 57<br \/>\nCorreu electr\u00f2nic: a8030613@xtec.cat<\/p><\/blockquote>\n<ul>\n<li>Nodes: <a href=\"https:\/\/agora.xtec.cat\/escolajjrafols\/\" target=\"_blank\" rel=\"noopener noreferrer\">https:\/\/agora.xtec.cat\/escolajjrafols\/<\/a> | Web: https:\/\/sites.google.com\/site\/escolajjrafols\/<\/li>\n<li>Moodle: https:\/\/educaciodigital.cat\/escolajjrafols\/moodle\/<\/li>\n<\/ul>\n<\/td>\n<\/tr>\n<tr style=\"height: 110px;\">\n<td style=\"width: 2.73037%; height: 110px;\">33<\/td>\n<td style=\"width: 21.5377%; height: 110px;\"><img loading=\"lazy\" decoding=\"async\" class=\"aligncenter size-large wp-image-15168\" src=\"https:\/\/serveiseducatius.xtec.cat\/altpenedes\/wp-content\/uploads\/usu763\/2025\/05\/logo1-1-1024x973.png\" alt=\"\" width=\"1024\" height=\"973\" srcset=\"https:\/\/serveiseducatius.xtec.cat\/altpenedes\/wp-content\/uploads\/usu763\/2025\/05\/logo1-1-1024x973.png 1024w, https:\/\/serveiseducatius.xtec.cat\/altpenedes\/wp-content\/uploads\/usu763\/2025\/05\/logo1-1-300x285.png 300w, https:\/\/serveiseducatius.xtec.cat\/altpenedes\/wp-content\/uploads\/usu763\/2025\/05\/logo1-1-150x143.png 150w, https:\/\/serveiseducatius.xtec.cat\/altpenedes\/wp-content\/uploads\/usu763\/2025\/05\/logo1-1-768x730.png 768w, https:\/\/serveiseducatius.xtec.cat\/altpenedes\/wp-content\/uploads\/usu763\/2025\/05\/logo1-1-1536x1460.png 1536w, https:\/\/serveiseducatius.xtec.cat\/altpenedes\/wp-content\/uploads\/usu763\/2025\/05\/logo1-1.png 1747w\" sizes=\"auto, (max-width: 1024px) 100vw, 1024px\" \/><\/td>\n<td style=\"width: 75.3907%; height: 110px;\"><strong>Escola Guerau de Peguera<\/strong><\/p>\n<blockquote><p>C. Escoles, 1 08737 Torrelles de Foix<br \/>\nTel\u00e8fon\/Fax: 93 897 13 77<br \/>\nCorreu electr\u00f2nic: a8030637@xtec.cat<\/p><\/blockquote>\n<ul>\n<li>Nodes: <a href=\"https:\/\/agora.xtec.cat\/escgueraudepeguera\/\" target=\"_blank\" rel=\"noopener noreferrer\">https:\/\/agora.xtec.cat\/escgueraudepeguera\/<\/a> | Web: http:\/\/www.xtec.cat\/centres\/a8030637\/<\/li>\n<li>Moodle: <a href=\"http:\/\/educaciodigital.cat\/escgueraudepeguera\/moodle\" target=\"_blank\" rel=\"noopener noreferrer\">educaciodigital.cat\/escgueraudepeguera\/moodle<\/a><\/li>\n<\/ul>\n<\/td>\n<\/tr>\n<tr style=\"height: 110px;\">\n<td style=\"width: 2.73037%; height: 110px;\">34<\/td>\n<td style=\"width: 21.5377%; height: 110px;\"><img loading=\"lazy\" decoding=\"async\" class=\"aligncenter size-medium wp-image-9600\" src=\"https:\/\/serveiseducatius.xtec.cat\/altpenedes\/wp-content\/uploads\/usu763\/2020\/03\/34-Escola-Estalella-300x180.jpg\" alt=\"\" width=\"300\" height=\"180\" srcset=\"https:\/\/serveiseducatius.xtec.cat\/altpenedes\/wp-content\/uploads\/usu763\/2020\/03\/34-Escola-Estalella-300x180.jpg 300w, https:\/\/serveiseducatius.xtec.cat\/altpenedes\/wp-content\/uploads\/usu763\/2020\/03\/34-Escola-Estalella-150x90.jpg 150w, https:\/\/serveiseducatius.xtec.cat\/altpenedes\/wp-content\/uploads\/usu763\/2020\/03\/34-Escola-Estalella.jpg 305w\" sizes=\"auto, (max-width: 300px) 100vw, 300px\" \/><\/td>\n<td style=\"width: 75.3907%; height: 110px;\"><strong>Escola Estalella i Graells<\/strong><\/p>\n<blockquote><p>C. Carme, 1 08720 Vilafranca del Pened\u00e8s<br \/>\nTel\u00e8fon: 938920813<br \/>\nCorreu electr\u00f2nic: a8031320@xtec.cat<\/p><\/blockquote>\n<ul>\n<li>Nodes: <a href=\"http:\/\/agora.xtec.cat\/ceipestalella\/\" target=\"_blank\" rel=\"noopener noreferrer\">http:\/\/agora.xtec.cat\/ceipestalella\/<\/a><\/li>\n<li>Moodle: <a href=\"http:\/\/agora.xtec.cat\/ceipestalella\/moodle\" target=\"_blank\" rel=\"noopener noreferrer\">agora.xtec.cat\/ceipestalella\/moodle<\/a><\/li>\n<\/ul>\n<\/td>\n<\/tr>\n<tr style=\"height: 110px;\">\n<td style=\"width: 2.73037%; height: 110px;\">35<\/td>\n<td style=\"width: 21.5377%; height: 110px;\"><img loading=\"lazy\" decoding=\"async\" class=\"aligncenter size-medium wp-image-9601\" src=\"https:\/\/serveiseducatius.xtec.cat\/altpenedes\/wp-content\/uploads\/usu763\/2020\/03\/35-Escola-Balt\u00e0-i-Elias-300x154.png\" alt=\"\" width=\"300\" height=\"154\" srcset=\"https:\/\/serveiseducatius.xtec.cat\/altpenedes\/wp-content\/uploads\/usu763\/2020\/03\/35-Escola-Balt\u00e0-i-Elias-300x154.png 300w, https:\/\/serveiseducatius.xtec.cat\/altpenedes\/wp-content\/uploads\/usu763\/2020\/03\/35-Escola-Balt\u00e0-i-Elias-150x77.png 150w, https:\/\/serveiseducatius.xtec.cat\/altpenedes\/wp-content\/uploads\/usu763\/2020\/03\/35-Escola-Balt\u00e0-i-Elias.png 338w\" sizes=\"auto, (max-width: 300px) 100vw, 300px\" \/><\/td>\n<td style=\"width: 75.3907%; height: 110px;\"><strong>Escola Josep Balt\u00e0 i Elias<\/strong><\/p>\n<blockquote><p>C. Francesc de Paula Bov\u00e9, 1 08720 Vilafranca del Pened\u00e8s<br \/>\nTel\u00e8fon: 93 817 28 77 | Fax: 93 817 18 28<br \/>\nCorreu electr\u00f2nic: a8031332@xtec.cat<\/p><\/blockquote>\n<p>Web: <a style=\"font-family: inherit; font-size: 1em;\" href=\"http:\/\/www.jbaltaielias.cat\/\" target=\"_blank\" rel=\"noopener noreferrer\">http:\/\/www.jbaltaielias.cat\/<\/a>\u00a0| Bloc: http:\/\/escbaltaelias.blogspot.com.es\/<\/p>\n<ul>\n<li>Moodle: <a href=\"http:\/\/agora.xtec.cat\/ceip-balta-elias\/moodle\" target=\"_blank\" rel=\"noopener noreferrer\">agora.xtec.cat\/ceip-balta-elias\/moodle<\/a><\/li>\n<\/ul>\n<\/td>\n<\/tr>\n<tr style=\"height: 110px;\">\n<td style=\"width: 2.73037%; height: 110px;\">36<\/td>\n<td style=\"width: 21.5377%; height: 110px;\"><img loading=\"lazy\" decoding=\"async\" class=\"aligncenter size-medium wp-image-9602\" src=\"https:\/\/serveiseducatius.xtec.cat\/altpenedes\/wp-content\/uploads\/usu763\/2020\/03\/36-Escola-Pau-Boada-294x300.jpg\" alt=\"\" width=\"294\" height=\"300\" srcset=\"https:\/\/serveiseducatius.xtec.cat\/altpenedes\/wp-content\/uploads\/usu763\/2020\/03\/36-Escola-Pau-Boada-294x300.jpg 294w, https:\/\/serveiseducatius.xtec.cat\/altpenedes\/wp-content\/uploads\/usu763\/2020\/03\/36-Escola-Pau-Boada-147x150.jpg 147w, https:\/\/serveiseducatius.xtec.cat\/altpenedes\/wp-content\/uploads\/usu763\/2020\/03\/36-Escola-Pau-Boada.jpg 600w\" sizes=\"auto, (max-width: 294px) 100vw, 294px\" \/><\/td>\n<td style=\"width: 75.3907%; height: 110px;\"><strong>Escola Pau Boada<\/strong><\/p>\n<blockquote><p>C. L\u2019Espirall, s\/n 08720 Vilafranca del Pened\u00e8s<br \/>\nTel\u00e8fon: 93 892 14 03<br \/>\nCorreu electr\u00f2nic: a8034126@xtec.cat<\/p><\/blockquote>\n<ul>\n<li>Nodes: <a href=\"http:\/\/agora.xtec.cat\/escolapauboada\/\" target=\"_blank\" rel=\"noopener noreferrer\">http:\/\/agora.xtec.cat\/escolapauboada\/<\/a><\/li>\n<li>Moodle: <a href=\"http:\/\/agora.xtec.cat\/escolapauboada\/moodle\" target=\"_blank\" rel=\"noopener noreferrer\">agora.xtec.cat\/escolapauboada\/moodle<\/a><\/li>\n<\/ul>\n<\/td>\n<\/tr>\n<tr style=\"height: 126px;\">\n<td style=\"width: 2.73037%; height: 126px;\">37<\/td>\n<td style=\"width: 21.5377%; height: 126px;\"><img loading=\"lazy\" decoding=\"async\" class=\"aligncenter size-medium wp-image-9603\" src=\"https:\/\/serveiseducatius.xtec.cat\/altpenedes\/wp-content\/uploads\/usu763\/2020\/03\/37-Escola-Mas-i-Perera-300x182.jpg\" alt=\"\" width=\"300\" height=\"182\" srcset=\"https:\/\/serveiseducatius.xtec.cat\/altpenedes\/wp-content\/uploads\/usu763\/2020\/03\/37-Escola-Mas-i-Perera-300x182.jpg 300w, https:\/\/serveiseducatius.xtec.cat\/altpenedes\/wp-content\/uploads\/usu763\/2020\/03\/37-Escola-Mas-i-Perera-150x91.jpg 150w, https:\/\/serveiseducatius.xtec.cat\/altpenedes\/wp-content\/uploads\/usu763\/2020\/03\/37-Escola-Mas-i-Perera.jpg 425w\" sizes=\"auto, (max-width: 300px) 100vw, 300px\" \/><\/td>\n<td style=\"width: 75.3907%; height: 126px;\"><strong>Escola Mas i Perera<\/strong><\/p>\n<blockquote><p>Pl. Espirall, s\/n 08720 Vilafranca del Pened\u00e8s<br \/>\nTel\u00e8fon: 93 892 23 96<br \/>\nCorreu electr\u00f2nic: a8036111@xtec.cat<\/p><\/blockquote>\n<ul>\n<li>Nodes: <a href=\"http:\/\/agora.xtec.cat\/ceip-masiperera\/\" target=\"_blank\" rel=\"noopener noreferrer\">http:\/\/agora.xtec.cat\/ceip-masiperera\/<\/a><\/li>\n<li>Moodle: <a href=\"https:\/\/educaciodigital.cat\/ceip-masiperera\/moodle\/\" target=\"_blank\" rel=\"noopener noreferrer\">https:\/\/educaciodigital.cat\/ceip-masiperera\/moodle\/<\/a><\/li>\n<\/ul>\n<\/td>\n<\/tr>\n<tr style=\"height: 110px;\">\n<td style=\"width: 2.73037%; height: 110px;\">38<\/td>\n<td style=\"width: 21.5377%; height: 110px;\"><img loading=\"lazy\" decoding=\"async\" class=\"aligncenter size-full wp-image-9604\" src=\"https:\/\/serveiseducatius.xtec.cat\/altpenedes\/wp-content\/uploads\/usu763\/2020\/03\/38-Crist\u00f2for-Mestre.jpg\" alt=\"\" width=\"109\" height=\"128\" \/><\/td>\n<td style=\"width: 75.3907%; height: 110px;\"><strong>Escola Crist\u00f2for Mestre<\/strong><\/p>\n<blockquote><p>C. J.V. Foix, 8 08720 Vilafranca del Pened\u00e8s<br \/>\nTel\u00e8fon\/Fax: 93 890 45 82<br \/>\nCorreu electr\u00f2nic: a8039291@xtec.cat<\/p><\/blockquote>\n<ul>\n<li>Nodes:\u00a0<a href=\"http:\/\/agora.xtec.cat\/ceip-cristofor-mestre\/\" target=\"_blank\" rel=\"noopener noreferrer\">http:\/\/agora.xtec.cat\/ceip-cristofor-mestre\/<\/a> | Web: https:\/\/sites.google.com\/a\/xtec.cat\/escolacristoformestre\/actualitat<\/li>\n<li>Moodle: <a href=\"http:\/\/agora.xtec.cat\/ceip-cristofor-mestre\/moodle\" target=\"_blank\" rel=\"noopener noreferrer\">agora.xtec.cat\/ceip-cristofor-mestre\/moodle<\/a><\/li>\n<\/ul>\n<\/td>\n<\/tr>\n<tr style=\"height: 110px;\">\n<td style=\"width: 2.73037%; height: 110px;\">39<\/td>\n<td style=\"width: 21.5377%; height: 110px;\"><img loading=\"lazy\" decoding=\"async\" class=\"aligncenter size-full wp-image-9605\" src=\"https:\/\/serveiseducatius.xtec.cat\/altpenedes\/wp-content\/uploads\/usu763\/2020\/03\/39-Escola-Dolors-Piera.png\" alt=\"\" width=\"220\" height=\"222\" srcset=\"https:\/\/serveiseducatius.xtec.cat\/altpenedes\/wp-content\/uploads\/usu763\/2020\/03\/39-Escola-Dolors-Piera.png 220w, https:\/\/serveiseducatius.xtec.cat\/altpenedes\/wp-content\/uploads\/usu763\/2020\/03\/39-Escola-Dolors-Piera-150x150.png 150w\" sizes=\"auto, (max-width: 220px) 100vw, 220px\" \/><\/td>\n<td style=\"width: 75.3907%; height: 110px;\"><strong>Escola Dolors Piera<\/strong><\/p>\n<blockquote><p>Av. Europa 28 08720 Vilafranca del Pened\u00e8s<br \/>\nTel\u00e8fon\/Fax: 93 817 57 46 | Fax: 93 817 57 47<br \/>\nCorreu electr\u00f2nic: a8064738@xtec.cat<\/p><\/blockquote>\n<ul>\n<li>Nodes: <a href=\"https:\/\/agora.xtec.cat\/escoladolorspiera\/\" target=\"_blank\" rel=\"noopener noreferrer\">https:\/\/agora.xtec.cat\/escoladolorspiera\/<\/a> | Web: http:\/\/www.ceiplagirada.cat\/<\/li>\n<li>Moodle: <a href=\"http:\/\/educaciodigital.cat\/escoladolorspiera\/moodle\" target=\"_blank\" rel=\"noopener noreferrer\">educaciodigital.cat\/escoladolorspiera\/moodle<\/a><\/li>\n<\/ul>\n<\/td>\n<\/tr>\n<tr style=\"height: 110px;\">\n<td style=\"width: 2.73037%; height: 110px;\">40<\/td>\n<td style=\"width: 21.5377%; height: 110px;\"><img loading=\"lazy\" decoding=\"async\" class=\"aligncenter size-full wp-image-9607\" src=\"https:\/\/serveiseducatius.xtec.cat\/altpenedes\/wp-content\/uploads\/usu763\/2020\/03\/40-Escola-Llebeig.jpg\" alt=\"\" width=\"178\" height=\"192\" srcset=\"https:\/\/serveiseducatius.xtec.cat\/altpenedes\/wp-content\/uploads\/usu763\/2020\/03\/40-Escola-Llebeig.jpg 178w, https:\/\/serveiseducatius.xtec.cat\/altpenedes\/wp-content\/uploads\/usu763\/2020\/03\/40-Escola-Llebeig-139x150.jpg 139w\" sizes=\"auto, (max-width: 178px) 100vw, 178px\" \/><\/td>\n<td style=\"width: 75.3907%; height: 110px;\"><strong>Escola Llebeig<\/strong><\/p>\n<blockquote><p>Av. Generalitat, 7 08735 Vilob\u00ed del Pened\u00e8s<br \/>\nTel\u00e8fon\/Fax: 93 897 88 68<br \/>\nCorreu electr\u00f2nic: a8031319@xtec.cat<\/p><\/blockquote>\n<ul>\n<li>Nodes: <a href=\"https:\/\/agora.xtec.cat\/ceip-llebeig\/\" target=\"_blank\" rel=\"noopener noreferrer\">https:\/\/agora.xtec.cat\/ceip-llebeig\/<\/a> | Web: https:\/\/sites.google.com\/site\/escolallebeig\/<\/li>\n<\/ul>\n<\/td>\n<\/tr>\n<\/tbody>\n<\/table>\n","protected":false},"excerpt":{"rendered":"<p>01 Escola d&#8217;Avinyonet del Pened\u00e8s Pg. de la Grava, s\/n 08793 Aviny\u00f3 Nou (Avinyonet del Pened\u00e8s) Tel\u00e8fon\/Fax: 93 897 04 [&hellip;]<\/p>\n","protected":false},"author":1,"featured_media":0,"parent":338,"menu_order":20,"comment_status":"closed","ping_status":"closed","template":"","meta":{"site-sidebar-layout":"default","site-content-layout":"","ast-site-content-layout":"default","site-content-style":"default","site-sidebar-style":"default","ast-global-header-display":"","ast-banner-title-visibility":"","ast-main-header-display":"","ast-hfb-above-header-display":"","ast-hfb-below-header-display":"","ast-hfb-mobile-header-display":"","site-post-title":"","ast-breadcrumbs-content":"","ast-featured-img":"","footer-sml-layout":"","theme-transparent-header-meta":"","adv-header-id-meta":"","stick-header-meta":"","header-above-stick-meta":"","header-main-stick-meta":"","header-below-stick-meta":"","astra-migrate-meta-layouts":"set","ast-page-background-enabled":"default","ast-page-background-meta":{"desktop":{"background-color":"var(--ast-global-color-4)","background-image":"","background-repeat":"repeat","background-position":"center center","background-size":"auto","background-attachment":"scroll","background-type":"","background-media":"","overlay-type":"","overlay-color":"","overlay-opacity":"","overlay-gradient":""},"tablet":{"background-color":"","background-image":"","background-repeat":"repeat","background-position":"center center","background-size":"auto","background-attachment":"scroll","background-type":"","background-media":"","overlay-type":"","overlay-color":"","overlay-opacity":"","overlay-gradient":""},"mobile":{"background-color":"","background-image":"","background-repeat":"repeat","background-position":"center center","background-size":"auto","background-attachment":"scroll","background-type":"","background-media":"","overlay-type":"","overlay-color":"","overlay-opacity":"","overlay-gradient":""}},"ast-content-background-meta":{"desktop":{"background-color":"var(--ast-global-color-5)","background-image":"","background-repeat":"repeat","background-position":"center center","background-size":"auto","background-attachment":"scroll","background-type":"","background-media":"","overlay-type":"","overlay-color":"","overlay-opacity":"","overlay-gradient":""},"tablet":{"background-color":"var(--ast-global-color-5)","background-image":"","background-repeat":"repeat","background-position":"center center","background-size":"auto","background-attachment":"scroll","background-type":"","background-media":"","overlay-type":"","overlay-color":"","overlay-opacity":"","overlay-gradient":""},"mobile":{"background-color":"var(--ast-global-color-5)","background-image":"","background-repeat":"repeat","background-position":"center center","background-size":"auto","background-attachment":"scroll","background-type":"","background-media":"","overlay-type":"","overlay-color":"","overlay-opacity":"","overlay-gradient":""}},"footnotes":""},"class_list":["post-379","page","type-page","status-publish","hentry"],"post_mailing_queue_ids":[],"_links":{"self":[{"href":"https:\/\/serveiseducatius.xtec.cat\/altpenedes\/wp-json\/wp\/v2\/pages\/379","targetHints":{"allow":["GET"]}}],"collection":[{"href":"https:\/\/serveiseducatius.xtec.cat\/altpenedes\/wp-json\/wp\/v2\/pages"}],"about":[{"href":"https:\/\/serveiseducatius.xtec.cat\/altpenedes\/wp-json\/wp\/v2\/types\/page"}],"author":[{"embeddable":true,"href":"https:\/\/serveiseducatius.xtec.cat\/altpenedes\/wp-json\/wp\/v2\/users\/1"}],"replies":[{"embeddable":true,"href":"https:\/\/serveiseducatius.xtec.cat\/altpenedes\/wp-json\/wp\/v2\/comments?post=379"}],"version-history":[{"count":5,"href":"https:\/\/serveiseducatius.xtec.cat\/altpenedes\/wp-json\/wp\/v2\/pages\/379\/revisions"}],"predecessor-version":[{"id":15178,"href":"https:\/\/serveiseducatius.xtec.cat\/altpenedes\/wp-json\/wp\/v2\/pages\/379\/revisions\/15178"}],"up":[{"embeddable":true,"href":"https:\/\/serveiseducatius.xtec.cat\/altpenedes\/wp-json\/wp\/v2\/pages\/338"}],"wp:attachment":[{"href":"https:\/\/serveiseducatius.xtec.cat\/altpenedes\/wp-json\/wp\/v2\/media?parent=379"}],"curies":[{"name":"wp","href":"https:\/\/api.w.org\/{rel}","templated":true}]}}