{"id":10426,"date":"2017-12-04T09:29:12","date_gmt":"2017-12-04T08:29:12","guid":{"rendered":"http:\/\/serveiseducatius.xtec.cat\/altmaresme\/?page_id=10426"},"modified":"2022-05-31T10:50:34","modified_gmt":"2022-05-31T08:50:34","slug":"maletes-pedagogiques-dangles","status":"publish","type":"page","link":"https:\/\/serveiseducatius.xtec.cat\/altmaresme\/mediateca\/maletes-pedagogiques\/maletes-pedagogiques-dangles\/","title":{"rendered":"Maletes pedag\u00f2giques d&#8217;angl\u00e8s"},"content":{"rendered":"<table style=\"height: 973px; width: 771px;\">\n<tbody>\n<tr style=\"height: 16px;\">\n<td style=\"height: 16px; width: 362px; text-align: center;\"><strong>Maleta d&#8217;angl\u00e8s per a educaci\u00f3 infantil i cicle inicial\u00a0<\/strong><\/p>\n<p><a href=\"http:\/\/serveiseducatius.xtec.cat\/altmaresme\/wp-content\/uploads\/usu1140\/2017\/12\/IMG_20171215_112752.jpg\"><img loading=\"lazy\" decoding=\"async\" class=\"wp-image-10548 aligncenter\" src=\"http:\/\/serveiseducatius.xtec.cat\/altmaresme\/wp-content\/uploads\/usu1140\/2017\/12\/IMG_20171215_112752-1024x768.jpg\" alt=\"\" width=\"192\" height=\"144\" srcset=\"https:\/\/serveiseducatius.xtec.cat\/altmaresme\/wp-content\/uploads\/usu1140\/2017\/12\/IMG_20171215_112752-1024x768.jpg 1024w, https:\/\/serveiseducatius.xtec.cat\/altmaresme\/wp-content\/uploads\/usu1140\/2017\/12\/IMG_20171215_112752-300x225.jpg 300w, https:\/\/serveiseducatius.xtec.cat\/altmaresme\/wp-content\/uploads\/usu1140\/2017\/12\/IMG_20171215_112752-768x576.jpg 768w, https:\/\/serveiseducatius.xtec.cat\/altmaresme\/wp-content\/uploads\/usu1140\/2017\/12\/IMG_20171215_112752-200x150.jpg 200w\" sizes=\"auto, (max-width: 192px) 100vw, 192px\" \/><\/a><\/td>\n<td style=\"height: 16px; width: 401px;\">Maleta amb material per treballar la llengua anglesa.<\/p>\n<ul>\n<li>\u00a0<a href=\"http:\/\/serveiseducatius.xtec.cat\/altmaresme\/wp-content\/uploads\/usu1140\/2017\/12\/SIM-083000817121512131.pdf\" target=\"_blank\" rel=\"noopener noreferrer\">Contingut de la maleta<\/a><\/li>\n<\/ul>\n<\/td>\n<\/tr>\n<tr style=\"height: 16px;\">\n<td style=\"height: 16px; width: 362px; text-align: center;\"><strong> Maleta: Storytelling and traditions around the world<\/strong><\/p>\n<p><a href=\"http:\/\/serveiseducatius.xtec.cat\/altmaresme\/wp-content\/uploads\/usu1140\/2017\/12\/IMG_20171215_114810.jpg\"><img loading=\"lazy\" decoding=\"async\" class=\"wp-image-10545 alignnone\" src=\"http:\/\/serveiseducatius.xtec.cat\/altmaresme\/wp-content\/uploads\/usu1140\/2017\/12\/IMG_20171215_114810-1024x768.jpg\" alt=\"\" width=\"216\" height=\"162\" srcset=\"https:\/\/serveiseducatius.xtec.cat\/altmaresme\/wp-content\/uploads\/usu1140\/2017\/12\/IMG_20171215_114810-1024x768.jpg 1024w, https:\/\/serveiseducatius.xtec.cat\/altmaresme\/wp-content\/uploads\/usu1140\/2017\/12\/IMG_20171215_114810-300x225.jpg 300w, https:\/\/serveiseducatius.xtec.cat\/altmaresme\/wp-content\/uploads\/usu1140\/2017\/12\/IMG_20171215_114810-768x576.jpg 768w, https:\/\/serveiseducatius.xtec.cat\/altmaresme\/wp-content\/uploads\/usu1140\/2017\/12\/IMG_20171215_114810-200x150.jpg 200w\" sizes=\"auto, (max-width: 216px) 100vw, 216px\" \/><\/a><\/td>\n<td style=\"height: 16px; width: 401px;\">Recurs per treballar\u00a0l\u2019expressi\u00f3 oral en angl\u00e8s, a la vegada que es coneixen altres pa\u00efsos i cultures, dirigit a infantil i cicle inicial.<\/p>\n<p id=\"yui_3_17_2_1_1608292882027_2138\">S\u00f3n propostes de treball que inclouen una selecci\u00f3 de contes, jocs i diferents activitats per a treballar-los i fer-los aix\u00ed m\u00e9s significatius.<\/p>\n<p id=\"yui_3_17_2_1_1608292882027_5059\">La maleta inclou tot el material per a treballar el vocabulari i el relat aix\u00ed com un Kamishibai.<\/p>\n<p><a href=\"https:\/\/serveiseducatius.xtec.cat\/altmaresme\/wp-content\/uploads\/usu1140\/2017\/12\/SIM-083000817121512140.pdf\">Contingut de la maleta \u201cStorytelling and traditions around the word\u201d<\/a><\/td>\n<\/tr>\n<\/tbody>\n<\/table>\n<p>&nbsp;<\/p>\n","protected":false},"excerpt":{"rendered":"<p>Maleta d&#8217;angl\u00e8s per a educaci\u00f3 infantil i cicle inicial\u00a0<br \/>\n<a href=\"http:\/\/serveiseducatius.xtec.cat\/altmaresme\/wp-content\/uploads\/usu1140\/2017\/12\/IMG_20171215_112752.jpg\"><\/a><br \/>\nMaleta amb material per treballar la llengua anglesa.<\/p>\n<ul>\n<li>\u00a0<a href=\"http:\/\/serveiseducatius.xtec.cat\/altmaresme\/wp-content\/uploads\/usu1140\/2017\/12\/SIM-083000817121512131.pdf\" target=\"_blank\" rel=\"noopener noreferrer\">Contingut de la maleta<\/a><\/li>\n<\/ul>\n<p> Maleta: Storytelling and traditions around the world<br \/>\n<a href=\"http:\/\/serveiseducatius.xtec.cat\/altmaresme\/wp-content\/uploads\/usu1140\/2017\/12\/IMG_20171215_114810.jpg\"><\/a><br \/>\nRecurs per treballar\u00a0l\u2019expressi\u00f3 oral en angl\u00e8s, a la vegada que es coneixen altres pa\u00efsos&hellip;  <a href=\"https:\/\/serveiseducatius.xtec.cat\/altmaresme\/mediateca\/maletes-pedagogiques\/maletes-pedagogiques-dangles\/\" title=\"Read Maletes pedag\u00f2giques d&#8217;angl\u00e8s\">Llegeix m\u00e9s\u00bb<\/a><\/p>\n","protected":false},"author":1,"featured_media":0,"parent":541,"menu_order":0,"comment_status":"closed","ping_status":"closed","template":"","meta":{"_bbp_topic_count":0,"_bbp_reply_count":0,"_bbp_total_topic_count":0,"_bbp_total_reply_count":0,"_bbp_voice_count":0,"_bbp_anonymous_reply_count":0,"_bbp_topic_count_hidden":0,"_bbp_reply_count_hidden":0,"_bbp_forum_subforum_count":0,"footnotes":""},"class_list":["post-10426","page","type-page","status-publish","hentry"],"post_mailing_queue_ids":[],"_links":{"self":[{"href":"https:\/\/serveiseducatius.xtec.cat\/altmaresme\/wp-json\/wp\/v2\/pages\/10426","targetHints":{"allow":["GET"]}}],"collection":[{"href":"https:\/\/serveiseducatius.xtec.cat\/altmaresme\/wp-json\/wp\/v2\/pages"}],"about":[{"href":"https:\/\/serveiseducatius.xtec.cat\/altmaresme\/wp-json\/wp\/v2\/types\/page"}],"author":[{"embeddable":true,"href":"https:\/\/serveiseducatius.xtec.cat\/altmaresme\/wp-json\/wp\/v2\/users\/1"}],"replies":[{"embeddable":true,"href":"https:\/\/serveiseducatius.xtec.cat\/altmaresme\/wp-json\/wp\/v2\/comments?post=10426"}],"version-history":[{"count":5,"href":"https:\/\/serveiseducatius.xtec.cat\/altmaresme\/wp-json\/wp\/v2\/pages\/10426\/revisions"}],"predecessor-version":[{"id":16439,"href":"https:\/\/serveiseducatius.xtec.cat\/altmaresme\/wp-json\/wp\/v2\/pages\/10426\/revisions\/16439"}],"up":[{"embeddable":true,"href":"https:\/\/serveiseducatius.xtec.cat\/altmaresme\/wp-json\/wp\/v2\/pages\/541"}],"wp:attachment":[{"href":"https:\/\/serveiseducatius.xtec.cat\/altmaresme\/wp-json\/wp\/v2\/media?parent=10426"}],"curies":[{"name":"wp","href":"https:\/\/api.w.org\/{rel}","templated":true}]}}