{"id":24412,"date":"2024-12-16T13:27:34","date_gmt":"2024-12-16T12:27:34","guid":{"rendered":"https:\/\/serveiseducatius.xtec.cat\/altemporda\/?page_id=24412"},"modified":"2024-12-17T12:22:01","modified_gmt":"2024-12-17T11:22:01","slug":"la-relacio-entre-lescola-i-les-families-primaria","status":"publish","type":"page","link":"https:\/\/serveiseducatius.xtec.cat\/altemporda\/equips-directius\/la-relacio-entre-lescola-i-les-families\/la-relacio-entre-lescola-i-les-families-primaria\/","title":{"rendered":"La relaci\u00f3 entre l&#8217;escola i les fam\u00edlies PRIM\u00c0RIA"},"content":{"rendered":"<div id=\"sites-chrome-main-wrapper\">\n<p>Avui toca&#8230; Reuni\u00f3 amb les fam\u00edlies. <b>PRIM\u00c0RIA<\/b><\/p>\n<p><span style=\"font-size: small;\">Un cop iniciat el nou curs escolar \u00e9s molt important que, des del primer dia, fam\u00edlia i escola caminem en la mateixa direcci\u00f3. El di\u00e0leg i col\u00b7laboraci\u00f3 entre pares i mestres ha de ser permanent i cal que funcionem com un equip.<br \/>\nLa reuni\u00f3 d\u2019inici de curs \u00e9s la primera ocasi\u00f3 que tenim per reunir-nos amb les fam\u00edlies dels alumnes amb qui treballarem durant tot el curs. \u00c9s important poder fer un bon primer contacte i establir un clima de col\u00b7laboraci\u00f3 entre tots.<br \/>\nCom redissenyar les reunions amb les fam\u00edlies? Quin \u00e9s el prop\u00f2sit de la xerrada? Estem satisfets de les reunions de nivell que fem al nostre centre educatiu? Ens serveixen per compartir el projecte de centre amb les fam\u00edlies? Com passar de les reunions informatives a reunions amb contingut pedag\u00f2gic? Podem generar debat pedag\u00f2gic amb les fam\u00edlies? Les reunions de nivell ens poden ajudar a millorar la qualitat dels vincles entre els docents i les fam\u00edlies? Com fer que les fam\u00edlies en situacions m\u00e9s desafavorides participin en aquestes reunions i acompanyin els seus fills en la seva traject\u00f2ria educativa?<\/span><\/p>\n<div><\/div>\n<div>\n<div>\n<p dir=\"ltr\"><b><span lang=\"CA\"><span style=\"color: #cc0000; font-size: medium;\">\u00a0\u00a0\u00a0Ponent:\u00a0<\/span><\/span><\/b><b><span lang=\"CA\">ALBA CASTELLV\u00cd.<\/span><\/b><\/p>\n<\/div>\n<\/div>\n<p><a href=\"http:\/\/www.albacastellvi.cat\/wp-content\/uploads\/2016\/01\/foto-alba4-400x447.png\" rel=\"nofollow\"><img loading=\"lazy\" decoding=\"async\" class=\"alignleft\" src=\"http:\/\/www.albacastellvi.cat\/wp-content\/uploads\/2016\/01\/foto-alba4-400x447.png\" width=\"125\" height=\"150\" border=\"0\" \/><\/a><\/p>\n<p><span style=\"font-size: small;\"><span style=\"color: #000000;\">\u00c9s educadora, soci\u00f2loga i mediadora. Ha fet tallers, confer\u00e8ncies i sessions particulars sobre l\u2019assessorament de pares i mares. Ha treballat en equips d\u2019investigaci\u00f3 universitaris i ha impartit classes a les facultats d\u2019Educaci\u00f3 Social i de Sociologia. Est\u00e0 especialitzada en la gesti\u00f3 dialogada de conflictes i la mediaci\u00f3. Tamb\u00e9 es dedica a impartir l\u2019ensenyament de la mediaci\u00f3 a m\u00e0sters i postgraus. <\/span><\/span><span lang=\"CA\"><span style=\"color: #000000; font-size: small;\">Ha publicat els llibres Un cistell de cireres. Set contes petits perfer-nos grans (Estrella Polar) i Educar sense cridar. Acompanyant els fills d\u2019entre quatre i dotze anys en el cam\u00ed cap a l\u2019autonomia (Angle Editorial).<\/span><\/span><\/p>\n<p><span style=\"font-size: small;\">Per tal de fer una bona reuni\u00f3 d\u2019inici de curs, ens caldr\u00e0 primer disposar d\u2019una diagnosi del que fem.<\/span><\/p>\n<p><!--FILA 1--><\/p>\n<div class=\"fila;\" style=\"display: flex; align-items: center; justify-content: center;\">\n<div class=\"columna\" style=\"width: 20%;\"><a href=\"https:\/\/docs.google.com\/forms\/d\/e\/1FAIpQLSeTs0ULDhWXiCY_-IxgKU04h-OSIQWzUze_GPeDdGRr-qjsPA\/viewform\" target=\"_blank\" rel=\"noopener noreferrer\"><img decoding=\"async\" class=\" wp-image-24434 alignleft\" src=\"https:\/\/serveiseducatius.xtec.cat\/altemporda\/wp-content\/uploads\/usu1156\/2024\/12\/Formulari.png\" alt=\"Formulari\" width=\"90%\" \/><\/a><\/div>\n<div class=\"columna\" style=\"width: 20%;\"><a href=\"https:\/\/docs.google.com\/forms\/d\/e\/1FAIpQLSeuQf4R8XJF_5rpB7VLQZq-dn-UlbEGJ0npAnZrjJLkhDME4A\/viewform\" target=\"_blank\" rel=\"noopener noreferrer\"><img decoding=\"async\" class=\" wp-image-24434 alignleft\" src=\"https:\/\/serveiseducatius.xtec.cat\/altemporda\/wp-content\/uploads\/usu1156\/2024\/12\/Valoracio-conferencia.png\" alt=\"Valoraci\u00f3 de la confer\u00e8ncia\" width=\"90%\" srcset=\"https:\/\/serveiseducatius.xtec.cat\/altemporda\/wp-content\/uploads\/usu1156\/2024\/12\/Valoracio-conferencia.png 384w, https:\/\/serveiseducatius.xtec.cat\/altemporda\/wp-content\/uploads\/usu1156\/2024\/12\/Valoracio-conferencia-300x113.png 300w\" sizes=\"(max-width: 384px) 100vw, 384px\" \/><\/a><\/div>\n<\/div>\n<hr \/>\n<p><b style=\"font-size: medium; color: #cc0000; font-family: Tahoma;\">Redissenyem les reunions amb les fam\u00edlies amb la Fundaci\u00f3 Jaume Bofill<\/b><\/p>\n<p><!--FILA 1--><\/p>\n<div class=\"fila;\" style=\"display: flex; align-items: center; justify-content: center;\">\n<div class=\"columna\" style=\"width: 40%;\"><iframe loading=\"lazy\" title=\"Redissenyem la reuni\u00f3 amb les fam\u00edlies\" src=\"https:\/\/www.youtube.com\/embed\/HvL9FDnO5YU\" width=\"480\" height=\"270\" frameborder=\"0\" allowfullscreen=\"allowfullscreen\"><\/iframe><\/div>\n<div class=\"columna\" style=\"width: 40%;\"><iframe loading=\"lazy\" title=\"Les reunions amb fam\u00edlies, una palanca de canvi per millorar la relaci\u00f3 fam\u00edlia i escola? (resum)\" src=\"https:\/\/www.youtube.com\/embed\/zm3hvb9fs2A\" width=\"480\" height=\"270\" frameborder=\"0\" allowfullscreen=\"allowfullscreen\"><\/iframe><\/div>\n<\/div>\n<hr \/>\n<p><span style=\"color: #cc0000; font-family: Tahoma; font-size: medium;\"><b>Guia: Redissenyem les reunions amb les fam\u00edlies<\/b><\/span><\/p>\n<p>&nbsp;<\/p>\n<div style=\"display: flex; align-items: center; justify-content: center;\"><iframe loading=\"lazy\" style=\"border: 0px #ffffff none;\" src=\"https:\/\/drive.google.com\/file\/d\/1RvpgaW0ZGBvyYsDkt8UL4oBXKuZWwYx4\/preview\" name=\"myiFrame\" width=\"600px\" height=\"400px\" frameborder=\"1\" marginwidth=\"0px\" marginheight=\"0px\" scrolling=\"no\" allowfullscreen=\"allowfullscreen\"><\/iframe><\/div>\n<hr \/>\n<p><b style=\"color: #cc0000; font-family: Tahoma; font-size: medium;\">Fotografies del cicle de xerrades<\/b><\/p>\n<p><!--FILA 1--><\/p>\n<div class=\"fila;\" style=\"display: flex; align-items: center; justify-content: center;\">\n<div class=\"columna\" style=\"width: 30%;\"><img loading=\"lazy\" decoding=\"async\" class=\"aligncenter wp-image-24455\" src=\"https:\/\/serveiseducatius.xtec.cat\/altemporda\/wp-content\/uploads\/usu1156\/2024\/12\/IMG_8831_retocada.jpg\" alt=\"\" width=\"190\" height=\"253\" \/><\/div>\n<div class=\"columna\" style=\"width: 30%;\"><img loading=\"lazy\" decoding=\"async\" class=\"aligncenter wp-image-24451\" src=\"https:\/\/serveiseducatius.xtec.cat\/altemporda\/wp-content\/uploads\/usu1156\/2024\/12\/foto-2_retocada.jpg\" alt=\"\" width=\"274\" height=\"212\" \/><\/div>\n<div class=\"columna\" style=\"width: 30%;\"><img loading=\"lazy\" decoding=\"async\" class=\"aligncenter wp-image-24449\" src=\"https:\/\/serveiseducatius.xtec.cat\/altemporda\/wp-content\/uploads\/usu1156\/2024\/12\/foto-1_retocada.jpg\" alt=\"\" width=\"271\" height=\"203\" \/><\/div>\n<\/div>\n<p><!--FILA 2--><\/p>\n<div class=\"fila;\" style=\"display: flex; align-items: center; justify-content: center;\">\n<div class=\"columna\" style=\"width: 30%;\"><img loading=\"lazy\" decoding=\"async\" class=\"aligncenter wp-image-24459\" src=\"https:\/\/serveiseducatius.xtec.cat\/altemporda\/wp-content\/uploads\/usu1156\/2024\/12\/DSC_0426_retocada.jpg\" alt=\"\" width=\"279\" height=\"156\" \/><\/div>\n<div class=\"columna\" style=\"width: 30%;\"><img loading=\"lazy\" decoding=\"async\" class=\"aligncenter wp-image-24460\" src=\"https:\/\/serveiseducatius.xtec.cat\/altemporda\/wp-content\/uploads\/usu1156\/2024\/12\/DSC_0433_retocada.jpg\" alt=\"\" width=\"294\" height=\"165\" \/><\/div>\n<div class=\"columna\" style=\"width: 30%;\"><img loading=\"lazy\" decoding=\"async\" class=\"aligncenter wp-image-24461\" src=\"https:\/\/serveiseducatius.xtec.cat\/altemporda\/wp-content\/uploads\/usu1156\/2024\/12\/DSC_0539_retocada.jpg\" alt=\"\" width=\"273\" height=\"153\" \/><\/div>\n<\/div>\n<p><!--FILA 3--><\/p>\n<div class=\"fila;\" style=\"display: flex; align-items: center; justify-content: center;\">\n<div class=\"columna\" style=\"width: 30%;\"><img loading=\"lazy\" decoding=\"async\" class=\"aligncenter wp-image-24456\" src=\"https:\/\/serveiseducatius.xtec.cat\/altemporda\/wp-content\/uploads\/usu1156\/2024\/12\/IMG_8874_retocada.jpg\" alt=\"\" width=\"271\" height=\"203\" \/><\/div>\n<div class=\"columna\" style=\"width: 30%;\"><img loading=\"lazy\" decoding=\"async\" class=\"aligncenter wp-image-24453\" src=\"https:\/\/serveiseducatius.xtec.cat\/altemporda\/wp-content\/uploads\/usu1156\/2024\/12\/foto-3_retocada.jpg\" alt=\"\" width=\"281\" height=\"211\" \/><\/div>\n<div class=\"columna\" style=\"width: 30%;\"><img loading=\"lazy\" decoding=\"async\" class=\"aligncenter wp-image-24463\" src=\"https:\/\/serveiseducatius.xtec.cat\/altemporda\/wp-content\/uploads\/usu1156\/2024\/12\/foto-1-1_retocada.png\" alt=\"\" width=\"317\" height=\"178\" srcset=\"https:\/\/serveiseducatius.xtec.cat\/altemporda\/wp-content\/uploads\/usu1156\/2024\/12\/foto-1-1_retocada.png 713w, https:\/\/serveiseducatius.xtec.cat\/altemporda\/wp-content\/uploads\/usu1156\/2024\/12\/foto-1-1_retocada-300x168.png 300w\" sizes=\"auto, (max-width: 317px) 100vw, 317px\" \/><\/div>\n<\/div>\n<p><!--FILA 4--><\/p>\n<div class=\"fila;\" style=\"display: flex; align-items: center; justify-content: center;\">\n<div class=\"columna\" style=\"width: 30%;\"><img loading=\"lazy\" decoding=\"async\" class=\"aligncenter wp-image-24454\" src=\"https:\/\/serveiseducatius.xtec.cat\/altemporda\/wp-content\/uploads\/usu1156\/2024\/12\/foto_retocada.png\" alt=\"\" width=\"288\" height=\"216\" srcset=\"https:\/\/serveiseducatius.xtec.cat\/altemporda\/wp-content\/uploads\/usu1156\/2024\/12\/foto_retocada.png 533w, https:\/\/serveiseducatius.xtec.cat\/altemporda\/wp-content\/uploads\/usu1156\/2024\/12\/foto_retocada-300x225.png 300w, https:\/\/serveiseducatius.xtec.cat\/altemporda\/wp-content\/uploads\/usu1156\/2024\/12\/foto_retocada-200x150.png 200w\" sizes=\"auto, (max-width: 288px) 100vw, 288px\" \/><\/div>\n<div class=\"columna\" style=\"width: 30%;\"><img loading=\"lazy\" decoding=\"async\" class=\"aligncenter wp-image-24450\" src=\"https:\/\/serveiseducatius.xtec.cat\/altemporda\/wp-content\/uploads\/usu1156\/2024\/12\/foto-2-1_retocada.png\" alt=\"\" width=\"353\" height=\"198\" srcset=\"https:\/\/serveiseducatius.xtec.cat\/altemporda\/wp-content\/uploads\/usu1156\/2024\/12\/foto-2-1_retocada.png 713w, https:\/\/serveiseducatius.xtec.cat\/altemporda\/wp-content\/uploads\/usu1156\/2024\/12\/foto-2-1_retocada-300x168.png 300w\" sizes=\"auto, (max-width: 353px) 100vw, 353px\" \/><\/div>\n<div class=\"columna\" style=\"width: 30%;\"><img loading=\"lazy\" decoding=\"async\" class=\"aligncenter wp-image-24458\" src=\"https:\/\/serveiseducatius.xtec.cat\/altemporda\/wp-content\/uploads\/usu1156\/2024\/12\/20171218_181825_Placa-de-lEmporda_retocada.png\" alt=\"\" width=\"277\" height=\"208\" srcset=\"https:\/\/serveiseducatius.xtec.cat\/altemporda\/wp-content\/uploads\/usu1156\/2024\/12\/20171218_181825_Placa-de-lEmporda_retocada.png 533w, https:\/\/serveiseducatius.xtec.cat\/altemporda\/wp-content\/uploads\/usu1156\/2024\/12\/20171218_181825_Placa-de-lEmporda_retocada-300x225.png 300w, https:\/\/serveiseducatius.xtec.cat\/altemporda\/wp-content\/uploads\/usu1156\/2024\/12\/20171218_181825_Placa-de-lEmporda_retocada-200x150.png 200w\" sizes=\"auto, (max-width: 277px) 100vw, 277px\" \/><\/div>\n<\/div>\n<p><!--FILA 5--><\/p>\n<div class=\"fila;\" style=\"display: flex; align-items: center; justify-content: center;\">\n<div class=\"columna\" style=\"width: 30%;\"><img loading=\"lazy\" decoding=\"async\" class=\"aligncenter wp-image-24462\" src=\"https:\/\/serveiseducatius.xtec.cat\/altemporda\/wp-content\/uploads\/usu1156\/2024\/12\/DSC_0703_retocada.png\" alt=\"\" width=\"327\" height=\"184\" srcset=\"https:\/\/serveiseducatius.xtec.cat\/altemporda\/wp-content\/uploads\/usu1156\/2024\/12\/DSC_0703_retocada.png 711w, https:\/\/serveiseducatius.xtec.cat\/altemporda\/wp-content\/uploads\/usu1156\/2024\/12\/DSC_0703_retocada-300x169.png 300w\" sizes=\"auto, (max-width: 327px) 100vw, 327px\" \/><\/div>\n<div class=\"columna\" style=\"width: 30%;\"><img loading=\"lazy\" decoding=\"async\" class=\"aligncenter wp-image-24457\" src=\"https:\/\/serveiseducatius.xtec.cat\/altemporda\/wp-content\/uploads\/usu1156\/2024\/12\/2017-12-20-PHOTO-00000109_retocada.png\" alt=\"\" width=\"328\" height=\"184\" srcset=\"https:\/\/serveiseducatius.xtec.cat\/altemporda\/wp-content\/uploads\/usu1156\/2024\/12\/2017-12-20-PHOTO-00000109_retocada.png 713w, https:\/\/serveiseducatius.xtec.cat\/altemporda\/wp-content\/uploads\/usu1156\/2024\/12\/2017-12-20-PHOTO-00000109_retocada-300x168.png 300w\" sizes=\"auto, (max-width: 328px) 100vw, 328px\" \/><\/div>\n<div class=\"columna\" style=\"width: 30%;\"><\/div>\n<\/div>\n<p>&nbsp;<\/p>\n<div style=\"display: flex; align-items: center; justify-content: center;\"><iframe loading=\"lazy\" title=\"seae alba castellvi\" src=\"https:\/\/www.youtube.com\/embed\/ByO_Gvfo-GI\" width=\"560\" height=\"315\" frameborder=\"0\" allowfullscreen=\"allowfullscreen\"><\/iframe><\/div>\n<div><\/div>\n<div><\/div>\n<hr \/>\n<div><b><span style=\"color: #cc0000; font-family: Tahoma; font-size: medium;\">Resultat de l&#8217;actuaci\u00f3<\/span><\/b><\/div>\n<ul>\n<li><span style=\"font-size: medium;\">Participaci\u00f3 dels centres de la comarca\u00a0<\/span><span style=\"font-size: small;\">(<a href=\"https:\/\/drive.google.com\/file\/d\/1WNS2NbcYPsC6ucd6c_m7Nj-CCLU1hVe_\/preview\" target=\"_blank\" rel=\"noopener\">PDF<\/a>)<\/span><\/li>\n<li><span style=\"color: #000000; font-family: Tahoma;\"><span style=\"font-size: medium;\">Valoraci\u00f3 de la proposta formativa diapositiva 4 i 5 <\/span><span style=\"font-size: small;\">(<a href=\"https:\/\/drive.google.com\/file\/d\/1aKUhBGy3H3XyaULHrFnUqhc82RAyBDy1\/preview\" target=\"_blank\" rel=\"noopener\">PDF<\/a>)<\/span><\/span><\/li>\n<li>Buidatge enquesta equips directius <span style=\"font-size: small;\">(<a href=\"https:\/\/drive.google.com\/file\/d\/1aKUhBGy3H3XyaULHrFnUqhc82RAyBDy1\/preview\" target=\"_blank\" rel=\"noopener\">PDF<\/a>)<\/span><\/li>\n<\/ul>\n<div><span style=\"color: #cc0000; font-family: Tahoma; font-size: medium;\"><b> Articles d&#8217;inter\u00e8s<\/b><\/span><\/div>\n<div>\n<ul>\n<li><a href=\"http:\/\/www.fbofill.cat\/sites\/default\/files\/555.pdf\" target=\"_blank\" rel=\"nofollow noopener\"><span style=\"font-size: small;\">Collet, J., &amp; Tort, A. (2011).\u00a0<i>Fam\u00edlies, escola i \u00e8xit: millorar els vincles per millorar els resultats<\/i>. Fundaci\u00f3 Jaume Bofill.<\/span><\/a><\/li>\n<li><a href=\"http:\/\/revistas.um.es\/reifop\/article\/view\/199321\/182211\" target=\"_blank\" rel=\"nofollow noopener\"><span style=\"font-size: small;\">Grau, M. A. G., &amp; Barrio, B. P. (2015). La participaci\u00f3n de las familias en el sistema educativo: la percepci\u00f3n del profesorado en formaci\u00f3n.\u00a0<i>Revista Electr\u00f3nica Interuniversitaria de Formaci\u00f3n del Profesorado<\/i>,\u00a0<i>18 <\/i>(3), 99-112.<\/span><\/a><\/li>\n<li><a href=\"https:\/\/play.google.com\/store\/books\/details?id=FbT5FlC2j_8C&amp;rdid=book-FbT5FlC2j_8C&amp;rdot=1&amp;source=gbs_vpt_read&amp;pcampaignid=books_booksearch_viewport\" target=\"_blank\" rel=\"noopener\"><span style=\"font-size: small;\">Garreta, J. (2007).\u00a0<i>Relaci\u00f3n familia-escuela<\/i>. Universitat de Lleida.<\/span><\/a><\/li>\n<li><a href=\"http:\/\/debats.cat\/sites\/default\/files\/debats\/pdf\/kidder_1.pdf\" target=\"_blank\" rel=\"nofollow noopener\"><span style=\"font-size: small;\">Kidder, A. (2013).\u00a0<i>El Paper de les fam\u00edlies en la millora de l&#8217;escola i del sistema educatiu<\/i>. Fundaci\u00f3 Jaume Bofill.<\/span><\/a><\/li>\n<li><a href=\"http:\/\/www.fbofill.cat\/publicacions\/com-redissenyar-les-reunions-amb-les-families\" rel=\"nofollow\"><span style=\"font-size: small;\">http:\/\/www.fbofill.cat\/publicacions\/com-redissenyar-les-reunions-amb-les-families<\/span><\/a><\/li>\n<li><span style=\"font-size: small;\"><a href=\"http:\/\/bloc.edubcn.cat\/2016\/09\/com-millorar-les-reunions-amb-les-families\/#.WgLosWjWzcs\" rel=\"nofollow\">http:\/\/bloc.edubcn.cat\/2016\/09\/com-millorar-les-reunions-amb-les-families\/#.WgLosWjWzcs<\/a><\/span><\/li>\n<li><a href=\"http:\/\/www.educaciodema.cat\/crides\/Families\/guia-practica\" target=\"_blank\" rel=\"nofollow noopener\"><span style=\"font-size: small;\">Crida Fundaci\u00f3 Jaume Bofill<\/span><\/a><\/li>\n<\/ul>\n<\/div>\n<div><span style=\"color: #993300;\"><span style=\"color: #cc0000; font-family: Tahoma; font-size: medium;\"><b>Entrevista entre el tutor \/a i les fam\u00edlies<\/b><\/span><\/span><\/div>\n<div>\n<ul>\n<li><span style=\"font-size: small;\"><a href=\"http:\/\/www.educat.cat\/blog\/?p=1683\" target=\"_blank\" rel=\"nofollow noopener\">L&#8217;entrevista amb les fam\u00edlies des de l&#8217;enfocament de la\u00a0pedagogia sist\u00e8mica<\/a><\/span><\/li>\n<li><a href=\"http:\/\/xtec.gencat.cat\/web\/.content\/alfresco\/d\/d\/workspace\/SpacesStore\/0058\/82f09454-0824-4678-99f3-2fb103742b3c\/ENTREVISTA-INICIAL.pdf\" target=\"_blank\" rel=\"nofollow noopener\"><span style=\"font-size: small;\">L&#8217;entrevista inicial: una eina de comunicaci\u00f3 i informaci\u00f3<\/span><\/a><\/li>\n<li><a href=\"http:\/\/xtec.gencat.cat\/web\/.content\/alfresco\/d\/d\/workspace\/SpacesStore\/0041\/318076d6-2227-460b-be24-aae73606a4a1\/Accio-tutorial-compartida.pdf\" target=\"_blank\" rel=\"nofollow noopener\"><span style=\"font-size: small;\">L&#8217;acci\u00f3 tutorial compartida<\/span><\/a><\/li>\n<li><a href=\"http:\/\/www3.udg.edu\/ice\/novells\/secundaria\/Model%20d%27entrevista.pdf\" target=\"_blank\" rel=\"nofollow noopener\"><span style=\"font-size: small;\">Model d&#8217;entrevista del tutor\/a amb els pares<\/span><\/a><\/li>\n<li><a href=\"http:\/\/ferdemestres.blogspot.com.es\/2012\/11\/reflexions-sobre-les-entrevistes.html\" target=\"_blank\" rel=\"noopener\"><span style=\"font-size: small;\">Reflexions sobre les entrevistes<\/span><\/a><\/li>\n<\/ul>\n<\/div>\n<div>\n<div><span style=\"color: #cc0000; font-family: Tahoma; font-size: medium;\"><b> Calendari de les xerrades<\/b><\/span><\/div>\n<p>&nbsp;<\/p>\n<div class=\"fila;\" style=\"display: flex; align-items: center; justify-content: center;\"><iframe loading=\"lazy\" style=\"border: 0px #ffffff none;\" src=\"https:\/\/drive.google.com\/file\/d\/1VCFvn62hPDdOUuhj1BdiTavV9GtS49Kf\/preview\" name=\"myiFrame\" width=\"600px\" height=\"800px\" frameborder=\"1\" marginwidth=\"0px\" marginheight=\"0px\" scrolling=\"no\" allowfullscreen=\"allowfullscreen\"><\/iframe><\/div>\n<\/div>\n<\/div>\n","protected":false},"excerpt":{"rendered":"<p>Avui toca&#8230; Reuni\u00f3 amb les fam\u00edlies. PRIM\u00c0RIA Un cop iniciat el nou curs escolar \u00e9s molt important que, des del primer dia, fam\u00edlia i escola caminem en la mateixa direcci\u00f3. El di\u00e0leg i col\u00b7laboraci\u00f3 entre pares i mestres ha de ser permanent i cal que funcionem com un equip. La reuni\u00f3 d\u2019inici de curs \u00e9s [&hellip;]<\/p>\n","protected":false},"author":4,"featured_media":0,"parent":24407,"menu_order":0,"comment_status":"closed","ping_status":"closed","template":"page-templates\/side-menu.php","meta":{"_bbp_topic_count":0,"_bbp_reply_count":0,"_bbp_total_topic_count":0,"_bbp_total_reply_count":0,"_bbp_voice_count":0,"_bbp_anonymous_reply_count":0,"_bbp_topic_count_hidden":0,"_bbp_reply_count_hidden":0,"_bbp_forum_subforum_count":0,"site-sidebar-layout":"default","site-content-layout":"","ast-site-content-layout":"","site-content-style":"default","site-sidebar-style":"default","ast-global-header-display":"","ast-banner-title-visibility":"","ast-main-header-display":"","ast-hfb-above-header-display":"","ast-hfb-below-header-display":"","ast-hfb-mobile-header-display":"","site-post-title":"","ast-breadcrumbs-content":"","ast-featured-img":"","footer-sml-layout":"","theme-transparent-header-meta":"","adv-header-id-meta":"","stick-header-meta":"","header-above-stick-meta":"","header-main-stick-meta":"","header-below-stick-meta":"","astra-migrate-meta-layouts":"default","ast-page-background-enabled":"default","ast-page-background-meta":{"desktop":{"background-color":"var(--ast-global-color-4)","background-image":"","background-repeat":"repeat","background-position":"center center","background-size":"auto","background-attachment":"scroll","background-type":"","background-media":"","overlay-type":"","overlay-color":"","overlay-opacity":"","overlay-gradient":""},"tablet":{"background-color":"","background-image":"","background-repeat":"repeat","background-position":"center center","background-size":"auto","background-attachment":"scroll","background-type":"","background-media":"","overlay-type":"","overlay-color":"","overlay-opacity":"","overlay-gradient":""},"mobile":{"background-color":"","background-image":"","background-repeat":"repeat","background-position":"center center","background-size":"auto","background-attachment":"scroll","background-type":"","background-media":"","overlay-type":"","overlay-color":"","overlay-opacity":"","overlay-gradient":""}},"ast-content-background-meta":{"desktop":{"background-color":"var(--ast-global-color-5)","background-image":"","background-repeat":"repeat","background-position":"center center","background-size":"auto","background-attachment":"scroll","background-type":"","background-media":"","overlay-type":"","overlay-color":"","overlay-opacity":"","overlay-gradient":""},"tablet":{"background-color":"var(--ast-global-color-5)","background-image":"","background-repeat":"repeat","background-position":"center center","background-size":"auto","background-attachment":"scroll","background-type":"","background-media":"","overlay-type":"","overlay-color":"","overlay-opacity":"","overlay-gradient":""},"mobile":{"background-color":"var(--ast-global-color-5)","background-image":"","background-repeat":"repeat","background-position":"center center","background-size":"auto","background-attachment":"scroll","background-type":"","background-media":"","overlay-type":"","overlay-color":"","overlay-opacity":"","overlay-gradient":""}},"footnotes":""},"class_list":["post-24412","page","type-page","status-publish","hentry"],"post_mailing_queue_ids":[],"_links":{"self":[{"href":"https:\/\/serveiseducatius.xtec.cat\/altemporda\/wp-json\/wp\/v2\/pages\/24412","targetHints":{"allow":["GET"]}}],"collection":[{"href":"https:\/\/serveiseducatius.xtec.cat\/altemporda\/wp-json\/wp\/v2\/pages"}],"about":[{"href":"https:\/\/serveiseducatius.xtec.cat\/altemporda\/wp-json\/wp\/v2\/types\/page"}],"author":[{"embeddable":true,"href":"https:\/\/serveiseducatius.xtec.cat\/altemporda\/wp-json\/wp\/v2\/users\/4"}],"replies":[{"embeddable":true,"href":"https:\/\/serveiseducatius.xtec.cat\/altemporda\/wp-json\/wp\/v2\/comments?post=24412"}],"version-history":[{"count":6,"href":"https:\/\/serveiseducatius.xtec.cat\/altemporda\/wp-json\/wp\/v2\/pages\/24412\/revisions"}],"predecessor-version":[{"id":24467,"href":"https:\/\/serveiseducatius.xtec.cat\/altemporda\/wp-json\/wp\/v2\/pages\/24412\/revisions\/24467"}],"up":[{"embeddable":true,"href":"https:\/\/serveiseducatius.xtec.cat\/altemporda\/wp-json\/wp\/v2\/pages\/24407"}],"wp:attachment":[{"href":"https:\/\/serveiseducatius.xtec.cat\/altemporda\/wp-json\/wp\/v2\/media?parent=24412"}],"curies":[{"name":"wp","href":"https:\/\/api.w.org\/{rel}","templated":true}]}}