{"id":20785,"date":"2023-05-24T15:55:17","date_gmt":"2023-05-24T13:55:17","guid":{"rendered":"https:\/\/serveiseducatius.xtec.cat\/altemporda\/?page_id=20785"},"modified":"2025-09-08T12:24:04","modified_gmt":"2025-09-08T10:24:04","slug":"agenda-escolar-xepncc-2023-2024","status":"publish","type":"page","link":"https:\/\/serveiseducatius.xtec.cat\/altemporda\/xarxa-descoles-del-pn-cap-de-creus\/agenda-escolar\/agenda-escolar-xepncc-2023-2024\/","title":{"rendered":"Agenda escolar XEPNCC 2023-2024"},"content":{"rendered":"<p style=\"text-align: left;\"><a href=\"https:\/\/serveiseducatius.xtec.cat\/altemporda\/wp-content\/uploads\/usu1156\/2023\/05\/Tapa-agenda-23_24.png\"><img loading=\"lazy\" decoding=\"async\" class=\"wp-image-20786 alignleft\" src=\"https:\/\/serveiseducatius.xtec.cat\/altemporda\/wp-content\/uploads\/usu1156\/2023\/05\/Tapa-agenda-23_24.png\" alt=\"\" width=\"198\" height=\"271\" srcset=\"https:\/\/serveiseducatius.xtec.cat\/altemporda\/wp-content\/uploads\/usu1156\/2023\/05\/Tapa-agenda-23_24.png 538w, https:\/\/serveiseducatius.xtec.cat\/altemporda\/wp-content\/uploads\/usu1156\/2023\/05\/Tapa-agenda-23_24-219x300.png 219w\" sizes=\"auto, (max-width: 198px) 100vw, 198px\" \/><\/a>L&#8217;agenda escolar de Cap de Creus \u00e9s una iniciativa de la Xarxa d&#8217;escoles i instituts de Cap de creus , el Servei educatiu de l&#8217;Alt Empord\u00e0 i el parc Natural de Cap de Creus.<\/p>\n<p style=\"text-align: justify;\">L&#8217;agenda, adre\u00e7ada a l&#8217;alumnat de prim\u00e0ria i secund\u00e0ria, \u00e9s l&#8217;eina per acompanyar-vos en la descoberta dels valors naturals del nostre entorn, oferint-vos reptes i experi\u00e8ncies de Natura per a treballar a l&#8217;escola i tamb\u00e9 de de casa vostra. El Parc Natural de Cap de Creus \u00e9s divers, singular i apassionant, per\u00f2 alhora fr\u00e0gil i sensible, nom\u00e9s si el coneixem i l&#8217;estimem serem capa\u00e7os de preservar-lo com es mereix.<\/p>\n<p style=\"text-align: justify;\">Aprofiteu per gaudir, un cop m\u00e9s, de les propostes de l&#8217;agenda, el Correcull, la trobada SomparCC, les sortides al Parc i per a omplir d&#8217;experi\u00e8ncies el &#8220;Rac\u00f3 del parc&#8221; de la vostra escola.<\/p>\n<p>&nbsp;<\/p>\n<p style=\"background-color: #3fb7ab; color: white; font-size: 1em; text-align: center;\"><span style=\"font-size: 1.5em;\">Reptes<\/span><\/p>\n<div class=\"fila; style=\">\n<div class=\"columna\" style=\"width: 20%; text-align: center;\"><a class=\"boto_taula\" href=\"https:\/\/serveiseducatius.xtec.cat\/altemporda\/xarxa-descoles-del-pn-cap-de-creus\/agenda-escolar\/reptes-parc-natural-cap-de-creus-2023-2024\/repte-16\/\" target=\"_blank\" rel=\"noopener noreferrer\"><strong>Repte 16<\/strong><\/a><\/div>\n<div class=\"columna\" style=\"width: 20%; text-align: center;\"><a class=\"boto_taula\" href=\"https:\/\/serveiseducatius.xtec.cat\/altemporda\/xarxa-descoles-del-pn-cap-de-creus\/agenda-escolar\/reptes-parc-natural-cap-de-creus-2023-2024\/repte-17\/\" target=\"_blank\" rel=\"noopener noreferrer\"><strong>Repte 17<\/strong><\/a><\/div>\n<div class=\"columna\" style=\"width: 20%; text-align: center;\"><a class=\"boto_taula\" href=\"https:\/\/serveiseducatius.xtec.cat\/altemporda\/xarxa-descoles-del-pn-cap-de-creus\/agenda-escolar\/reptes-parc-natural-cap-de-creus-2023-2024\/repte-18\/\" target=\"_blank\" rel=\"noopener noreferrer\"><strong>Repte 18<\/strong><\/a><\/div>\n<div class=\"columna\" style=\"width: 20%; text-align: center;\"><a class=\"boto_taula\" href=\"https:\/\/serveiseducatius.xtec.cat\/altemporda\/xarxa-descoles-del-pn-cap-de-creus\/agenda-escolar\/reptes-parc-natural-cap-de-creus-2023-2024\/repte-19\/\" target=\"_blank\" rel=\"noopener noreferrer\"><strong>Repte 19<\/strong><\/a><\/div>\n<div class=\"columna\" style=\"width: 20%; text-align: center;\"><a class=\"boto_taula\" href=\"https:\/\/serveiseducatius.xtec.cat\/altemporda\/xarxa-descoles-del-pn-cap-de-creus\/agenda-escolar\/reptes-parc-natural-cap-de-creus-2023-2024\/repte-20\/\" target=\"_blank\" rel=\"noopener noreferrer\"><strong>Repte 20<\/strong><\/a><\/div>\n<\/div>\n<hr width=\"1px\" \/>\n<p style=\"background-color: #3fb7ab; color: white; font-size: 1em; text-align: center;\"><span style=\"font-size: 1.5em;\">Retalls de natura<\/span><\/p>\n<div style=\"display: flex; align-items: center; justify-content: center;\"><iframe loading=\"lazy\" src=\"https:\/\/drive.google.com\/file\/d\/1izr3DbMrPzRBKJNWwbGf2rGXZIkZJEJw\/preview\" width=\"400\" height=\"550\"><span data-mce-type=\"bookmark\" style=\"display: inline-block; width: 0px; overflow: hidden; line-height: 0;\" class=\"mce_SELRES_start\">\ufeff<\/span><\/iframe><\/div>\n<hr \/>\n<p style=\"background-color: #3fb7ab; color: white; font-size: 1em; text-align: center;\"><span style=\"font-size: 1.5em;\">Joc i solucionari<\/span><\/p>\n<p><strong>Jocs de lletres, jocs de natura,<\/strong><\/p>\n<p style=\"text-align: justify;\">Oferir entorns rics en est\u00edmuls, que afavoreixin la creativitat dels infants i que, a m\u00e9s, siguin saludables i sostenibles. Aquesta \u00e9s una de les grans preocupacions de cada cop m\u00e9s fam\u00edlies i de professionals del m\u00f3n de l\u2019educaci\u00f3. Alguns centres escolars donen molt protagonisme a la natura perqu\u00e8 entenen que t\u00e9 un paper determinant en el desenvolupament integral de l\u2019\u00e9sser hum\u00e0. La majoria d\u2019experts en educaci\u00f3 consideren que les metodologies amb car\u00e0cter l\u00fadic <b>faciliten la interioritzaci\u00f3 de coneixements<\/b>\u00a0d\u2019una manera molt m\u00e9s amena i divertida, generant\u00a0<b>experi\u00e8ncies molt agradables, positives i \u00faniques <\/b>a l&#8217;alumnat.<\/p>\n<p style=\"text-align: center;\"><em><strong>&#8220;Jugar per a un nen i nena \u00e9s la possibilitat de retallar un trosset de m\u00f3n i manipular-lo per entendre&#8217;l millor\u201d.\u00a0<\/strong><\/em> Francesco Tonucci<\/p>\n<p align=\"center\"><iframe loading=\"lazy\" src=\"https:\/\/drive.google.com\/file\/d\/1suF3Yl2DHRaXy1471rCAuJ-ba02pFLuV\/preview\" width=\"600\" height=\"700\"><span data-mce-type=\"bookmark\" style=\"display: inline-block; width: 0px; overflow: hidden; line-height: 0;\" class=\"mce_SELRES_start\">\ufeff<\/span><\/iframe><\/p>\n<p style=\"text-align: center;\">2023-2024<\/p>\n<hr \/>\n<p style=\"display: flex; align-items: center; justify-content: center;\"><strong>I\u2026 recordem, tots i totes SomparCC!<\/strong><\/p>\n","protected":false},"excerpt":{"rendered":"<p>L&#8217;agenda escolar de Cap de Creus \u00e9s una iniciativa de la Xarxa d&#8217;escoles i instituts de Cap de creus , el Servei educatiu de l&#8217;Alt Empord\u00e0 i el parc Natural de Cap de Creus. L&#8217;agenda, adre\u00e7ada a l&#8217;alumnat de prim\u00e0ria i secund\u00e0ria, \u00e9s l&#8217;eina per acompanyar-vos en la descoberta dels valors naturals del nostre entorn, [&hellip;]<\/p>\n","protected":false},"author":1,"featured_media":0,"parent":15727,"menu_order":0,"comment_status":"closed","ping_status":"closed","template":"","meta":{"_bbp_topic_count":0,"_bbp_reply_count":0,"_bbp_total_topic_count":0,"_bbp_total_reply_count":0,"_bbp_voice_count":0,"_bbp_anonymous_reply_count":0,"_bbp_topic_count_hidden":0,"_bbp_reply_count_hidden":0,"_bbp_forum_subforum_count":0,"site-sidebar-layout":"default","site-content-layout":"","ast-site-content-layout":"","site-content-style":"default","site-sidebar-style":"default","ast-global-header-display":"","ast-banner-title-visibility":"","ast-main-header-display":"","ast-hfb-above-header-display":"","ast-hfb-below-header-display":"","ast-hfb-mobile-header-display":"","site-post-title":"","ast-breadcrumbs-content":"","ast-featured-img":"","footer-sml-layout":"","theme-transparent-header-meta":"","adv-header-id-meta":"","stick-header-meta":"","header-above-stick-meta":"","header-main-stick-meta":"","header-below-stick-meta":"","astra-migrate-meta-layouts":"default","ast-page-background-enabled":"default","ast-page-background-meta":{"desktop":{"background-color":"var(--ast-global-color-4)","background-image":"","background-repeat":"repeat","background-position":"center center","background-size":"auto","background-attachment":"scroll","background-type":"","background-media":"","overlay-type":"","overlay-color":"","overlay-opacity":"","overlay-gradient":""},"tablet":{"background-color":"","background-image":"","background-repeat":"repeat","background-position":"center center","background-size":"auto","background-attachment":"scroll","background-type":"","background-media":"","overlay-type":"","overlay-color":"","overlay-opacity":"","overlay-gradient":""},"mobile":{"background-color":"","background-image":"","background-repeat":"repeat","background-position":"center center","background-size":"auto","background-attachment":"scroll","background-type":"","background-media":"","overlay-type":"","overlay-color":"","overlay-opacity":"","overlay-gradient":""}},"ast-content-background-meta":{"desktop":{"background-color":"var(--ast-global-color-5)","background-image":"","background-repeat":"repeat","background-position":"center center","background-size":"auto","background-attachment":"scroll","background-type":"","background-media":"","overlay-type":"","overlay-color":"","overlay-opacity":"","overlay-gradient":""},"tablet":{"background-color":"var(--ast-global-color-5)","background-image":"","background-repeat":"repeat","background-position":"center center","background-size":"auto","background-attachment":"scroll","background-type":"","background-media":"","overlay-type":"","overlay-color":"","overlay-opacity":"","overlay-gradient":""},"mobile":{"background-color":"var(--ast-global-color-5)","background-image":"","background-repeat":"repeat","background-position":"center center","background-size":"auto","background-attachment":"scroll","background-type":"","background-media":"","overlay-type":"","overlay-color":"","overlay-opacity":"","overlay-gradient":""}},"footnotes":""},"class_list":["post-20785","page","type-page","status-publish","hentry"],"post_mailing_queue_ids":[],"_links":{"self":[{"href":"https:\/\/serveiseducatius.xtec.cat\/altemporda\/wp-json\/wp\/v2\/pages\/20785","targetHints":{"allow":["GET"]}}],"collection":[{"href":"https:\/\/serveiseducatius.xtec.cat\/altemporda\/wp-json\/wp\/v2\/pages"}],"about":[{"href":"https:\/\/serveiseducatius.xtec.cat\/altemporda\/wp-json\/wp\/v2\/types\/page"}],"author":[{"embeddable":true,"href":"https:\/\/serveiseducatius.xtec.cat\/altemporda\/wp-json\/wp\/v2\/users\/1"}],"replies":[{"embeddable":true,"href":"https:\/\/serveiseducatius.xtec.cat\/altemporda\/wp-json\/wp\/v2\/comments?post=20785"}],"version-history":[{"count":7,"href":"https:\/\/serveiseducatius.xtec.cat\/altemporda\/wp-json\/wp\/v2\/pages\/20785\/revisions"}],"predecessor-version":[{"id":26078,"href":"https:\/\/serveiseducatius.xtec.cat\/altemporda\/wp-json\/wp\/v2\/pages\/20785\/revisions\/26078"}],"up":[{"embeddable":true,"href":"https:\/\/serveiseducatius.xtec.cat\/altemporda\/wp-json\/wp\/v2\/pages\/15727"}],"wp:attachment":[{"href":"https:\/\/serveiseducatius.xtec.cat\/altemporda\/wp-json\/wp\/v2\/media?parent=20785"}],"curies":[{"name":"wp","href":"https:\/\/api.w.org\/{rel}","templated":true}]}}