{"id":20653,"date":"2023-05-11T12:45:57","date_gmt":"2023-05-11T10:45:57","guid":{"rendered":"https:\/\/serveiseducatius.xtec.cat\/altemporda\/?page_id=20653"},"modified":"2023-05-11T12:50:23","modified_gmt":"2023-05-11T10:50:23","slug":"exposicio-museu-de-matematiques-visites-obertes-al-public-en-general","status":"publish","type":"page","link":"https:\/\/serveiseducatius.xtec.cat\/altemporda\/exposicio-itinerant-del-museu-de-les-matematiques-a-figueres\/exposicio-museu-de-matematiques-visites-obertes-al-public-en-general\/","title":{"rendered":"Exposici\u00f3 Museu de Matem\u00e0tiques: visites obertes al p\u00fablic en general"},"content":{"rendered":"<p><a href=\"https:\/\/serveiseducatius.xtec.cat\/altemporda\/wp-content\/uploads\/usu1156\/2023\/05\/WhatsApp-Image-2023-05-08-at-11.23.09.jpeg\"><img loading=\"lazy\" decoding=\"async\" class=\"wp-image-20666 alignleft\" src=\"https:\/\/serveiseducatius.xtec.cat\/altemporda\/wp-content\/uploads\/usu1156\/2023\/05\/WhatsApp-Image-2023-05-08-at-11.23.09-1024x768.jpeg\" alt=\"\" width=\"333\" height=\"250\" srcset=\"https:\/\/serveiseducatius.xtec.cat\/altemporda\/wp-content\/uploads\/usu1156\/2023\/05\/WhatsApp-Image-2023-05-08-at-11.23.09-1024x768.jpeg 1024w, https:\/\/serveiseducatius.xtec.cat\/altemporda\/wp-content\/uploads\/usu1156\/2023\/05\/WhatsApp-Image-2023-05-08-at-11.23.09-300x225.jpeg 300w, https:\/\/serveiseducatius.xtec.cat\/altemporda\/wp-content\/uploads\/usu1156\/2023\/05\/WhatsApp-Image-2023-05-08-at-11.23.09-768x576.jpeg 768w, https:\/\/serveiseducatius.xtec.cat\/altemporda\/wp-content\/uploads\/usu1156\/2023\/05\/WhatsApp-Image-2023-05-08-at-11.23.09-1536x1152.jpeg 1536w, https:\/\/serveiseducatius.xtec.cat\/altemporda\/wp-content\/uploads\/usu1156\/2023\/05\/WhatsApp-Image-2023-05-08-at-11.23.09-200x150.jpeg 200w, https:\/\/serveiseducatius.xtec.cat\/altemporda\/wp-content\/uploads\/usu1156\/2023\/05\/WhatsApp-Image-2023-05-08-at-11.23.09.jpeg 1600w\" sizes=\"auto, (max-width: 333px) 100vw, 333px\" \/><\/a><\/p>\n<p>L&#8217;exposici\u00f3 del Museu de Matem\u00e0tiques de Catalunya (MMACA) al Castell de Sant Ferran de Figueres s&#8217;obrir\u00e0 al p\u00fablic en general, els dies 1, 3 i 8 de juny de 2023.<\/p>\n<p>Horaris de visita:<\/p>\n<p>Dijous 1 i 8 de juny de 16h a 19h. Entrades a les 16h, 17h i 18h.<\/p>\n<p>Dissabte 3 de juny de 10h a 14h. Entrades a les 10h, 11h, 12h i 13h.<\/p>\n<p>Es pot reservar pla\u00e7a omplint <a href=\"https:\/\/docs.google.com\/forms\/d\/e\/1FAIpQLScKQNdhPyYmsS6fWGUy8CxjYmPIkOMslB5ZJpzKZJZ1WTyikw\/viewform\" target=\"_blank\" rel=\"noopener\">aquest formulari<\/a> o personant-se a les hores en punt indicades per entrades a la porta del castell. Una persona de l&#8217;exposici\u00f3 acompanyar\u00e0 el grup fins la sala d&#8217;exposicions.<\/p>\n<h3><a href=\"https:\/\/mmaca.cat\/exposicio-al-castell-de-sant-ferran-de-figueres\/\" target=\"_blank\" rel=\"noopener\">Qu\u00e8 podreu veure i TOCAR a l&#8217;exposici\u00f3<\/a><\/h3>\n<p><a href=\"https:\/\/serveiseducatius.xtec.cat\/altemporda\/wp-content\/uploads\/usu1156\/2023\/05\/expo_castell_figueres-1536x1152-1.jpg\"><img loading=\"lazy\" decoding=\"async\" class=\"size-large wp-image-20683 aligncenter\" src=\"https:\/\/serveiseducatius.xtec.cat\/altemporda\/wp-content\/uploads\/usu1156\/2023\/05\/expo_castell_figueres-1536x1152-1-1024x768.jpg\" alt=\"\" width=\"1024\" height=\"768\" srcset=\"https:\/\/serveiseducatius.xtec.cat\/altemporda\/wp-content\/uploads\/usu1156\/2023\/05\/expo_castell_figueres-1536x1152-1-1024x768.jpg 1024w, https:\/\/serveiseducatius.xtec.cat\/altemporda\/wp-content\/uploads\/usu1156\/2023\/05\/expo_castell_figueres-1536x1152-1-300x225.jpg 300w, https:\/\/serveiseducatius.xtec.cat\/altemporda\/wp-content\/uploads\/usu1156\/2023\/05\/expo_castell_figueres-1536x1152-1-768x576.jpg 768w, https:\/\/serveiseducatius.xtec.cat\/altemporda\/wp-content\/uploads\/usu1156\/2023\/05\/expo_castell_figueres-1536x1152-1-200x150.jpg 200w, https:\/\/serveiseducatius.xtec.cat\/altemporda\/wp-content\/uploads\/usu1156\/2023\/05\/expo_castell_figueres-1536x1152-1.jpg 1536w\" sizes=\"auto, (max-width: 1024px) 100vw, 1024px\" \/><\/a><\/p>\n<p><a href=\"https:\/\/serveiseducatius.xtec.cat\/altemporda\/wp-content\/uploads\/usu1156\/2023\/05\/WhatsApp-Image-2023-05-10-at-13.41.13.jpeg\"><img loading=\"lazy\" decoding=\"async\" class=\"alignnone  wp-image-20685\" src=\"https:\/\/serveiseducatius.xtec.cat\/altemporda\/wp-content\/uploads\/usu1156\/2023\/05\/WhatsApp-Image-2023-05-10-at-13.41.13-768x1024.jpeg\" alt=\"\" width=\"446\" height=\"594\" srcset=\"https:\/\/serveiseducatius.xtec.cat\/altemporda\/wp-content\/uploads\/usu1156\/2023\/05\/WhatsApp-Image-2023-05-10-at-13.41.13-768x1024.jpeg 768w, https:\/\/serveiseducatius.xtec.cat\/altemporda\/wp-content\/uploads\/usu1156\/2023\/05\/WhatsApp-Image-2023-05-10-at-13.41.13-225x300.jpeg 225w, https:\/\/serveiseducatius.xtec.cat\/altemporda\/wp-content\/uploads\/usu1156\/2023\/05\/WhatsApp-Image-2023-05-10-at-13.41.13-1152x1536.jpeg 1152w, https:\/\/serveiseducatius.xtec.cat\/altemporda\/wp-content\/uploads\/usu1156\/2023\/05\/WhatsApp-Image-2023-05-10-at-13.41.13.jpeg 1200w\" sizes=\"auto, (max-width: 446px) 100vw, 446px\" \/><\/a> <a href=\"https:\/\/serveiseducatius.xtec.cat\/altemporda\/wp-content\/uploads\/usu1156\/2023\/05\/WhatsApp-Image-2023-05-10-at-13.41.08.jpeg\"><img loading=\"lazy\" decoding=\"async\" class=\"alignnone  wp-image-20686\" src=\"https:\/\/serveiseducatius.xtec.cat\/altemporda\/wp-content\/uploads\/usu1156\/2023\/05\/WhatsApp-Image-2023-05-10-at-13.41.08-1024x768.jpeg\" alt=\"\" width=\"623\" height=\"467\" srcset=\"https:\/\/serveiseducatius.xtec.cat\/altemporda\/wp-content\/uploads\/usu1156\/2023\/05\/WhatsApp-Image-2023-05-10-at-13.41.08-1024x768.jpeg 1024w, https:\/\/serveiseducatius.xtec.cat\/altemporda\/wp-content\/uploads\/usu1156\/2023\/05\/WhatsApp-Image-2023-05-10-at-13.41.08-300x225.jpeg 300w, https:\/\/serveiseducatius.xtec.cat\/altemporda\/wp-content\/uploads\/usu1156\/2023\/05\/WhatsApp-Image-2023-05-10-at-13.41.08-768x576.jpeg 768w, https:\/\/serveiseducatius.xtec.cat\/altemporda\/wp-content\/uploads\/usu1156\/2023\/05\/WhatsApp-Image-2023-05-10-at-13.41.08-1536x1152.jpeg 1536w, https:\/\/serveiseducatius.xtec.cat\/altemporda\/wp-content\/uploads\/usu1156\/2023\/05\/WhatsApp-Image-2023-05-10-at-13.41.08-200x150.jpeg 200w, https:\/\/serveiseducatius.xtec.cat\/altemporda\/wp-content\/uploads\/usu1156\/2023\/05\/WhatsApp-Image-2023-05-10-at-13.41.08.jpeg 1600w\" sizes=\"auto, (max-width: 623px) 100vw, 623px\" \/><\/a> <a href=\"https:\/\/serveiseducatius.xtec.cat\/altemporda\/wp-content\/uploads\/usu1156\/2023\/05\/WhatsApp-Image-2023-05-10-at-13.37.56.jpeg\"><img loading=\"lazy\" decoding=\"async\" class=\"alignnone  wp-image-20687\" src=\"https:\/\/serveiseducatius.xtec.cat\/altemporda\/wp-content\/uploads\/usu1156\/2023\/05\/WhatsApp-Image-2023-05-10-at-13.37.56-1024x676.jpeg\" alt=\"\" width=\"760\" height=\"502\" srcset=\"https:\/\/serveiseducatius.xtec.cat\/altemporda\/wp-content\/uploads\/usu1156\/2023\/05\/WhatsApp-Image-2023-05-10-at-13.37.56-1024x676.jpeg 1024w, https:\/\/serveiseducatius.xtec.cat\/altemporda\/wp-content\/uploads\/usu1156\/2023\/05\/WhatsApp-Image-2023-05-10-at-13.37.56-300x198.jpeg 300w, https:\/\/serveiseducatius.xtec.cat\/altemporda\/wp-content\/uploads\/usu1156\/2023\/05\/WhatsApp-Image-2023-05-10-at-13.37.56-768x507.jpeg 768w, https:\/\/serveiseducatius.xtec.cat\/altemporda\/wp-content\/uploads\/usu1156\/2023\/05\/WhatsApp-Image-2023-05-10-at-13.37.56-1536x1014.jpeg 1536w, https:\/\/serveiseducatius.xtec.cat\/altemporda\/wp-content\/uploads\/usu1156\/2023\/05\/WhatsApp-Image-2023-05-10-at-13.37.56.jpeg 1600w\" sizes=\"auto, (max-width: 760px) 100vw, 760px\" \/><\/a><\/p>\n<p><a href=\"https:\/\/serveiseducatius.xtec.cat\/altemporda\/wp-content\/uploads\/usu1156\/2023\/05\/Kit-polydron-1-scaled-1.jpg\"><img loading=\"lazy\" decoding=\"async\" class=\"alignnone wp-image-20680\" src=\"https:\/\/serveiseducatius.xtec.cat\/altemporda\/wp-content\/uploads\/usu1156\/2023\/05\/Kit-polydron-1-scaled-1-1024x683.jpg\" alt=\"\" width=\"469\" height=\"313\" srcset=\"https:\/\/serveiseducatius.xtec.cat\/altemporda\/wp-content\/uploads\/usu1156\/2023\/05\/Kit-polydron-1-scaled-1-1024x683.jpg 1024w, https:\/\/serveiseducatius.xtec.cat\/altemporda\/wp-content\/uploads\/usu1156\/2023\/05\/Kit-polydron-1-scaled-1-300x200.jpg 300w, https:\/\/serveiseducatius.xtec.cat\/altemporda\/wp-content\/uploads\/usu1156\/2023\/05\/Kit-polydron-1-scaled-1-768x512.jpg 768w, https:\/\/serveiseducatius.xtec.cat\/altemporda\/wp-content\/uploads\/usu1156\/2023\/05\/Kit-polydron-1-scaled-1-1536x1024.jpg 1536w, https:\/\/serveiseducatius.xtec.cat\/altemporda\/wp-content\/uploads\/usu1156\/2023\/05\/Kit-polydron-1-scaled-1-2048x1366.jpg 2048w\" sizes=\"auto, (max-width: 469px) 100vw, 469px\" \/><\/a><a href=\"https:\/\/serveiseducatius.xtec.cat\/altemporda\/wp-content\/uploads\/usu1156\/2023\/05\/Pitagores_balanca_q.jpg\"><img loading=\"lazy\" decoding=\"async\" class=\"alignnone wp-image-20682\" src=\"https:\/\/serveiseducatius.xtec.cat\/altemporda\/wp-content\/uploads\/usu1156\/2023\/05\/Pitagores_balanca_q.jpg\" alt=\"\" width=\"309\" height=\"309\" srcset=\"https:\/\/serveiseducatius.xtec.cat\/altemporda\/wp-content\/uploads\/usu1156\/2023\/05\/Pitagores_balanca_q.jpg 800w, https:\/\/serveiseducatius.xtec.cat\/altemporda\/wp-content\/uploads\/usu1156\/2023\/05\/Pitagores_balanca_q-300x300.jpg 300w, https:\/\/serveiseducatius.xtec.cat\/altemporda\/wp-content\/uploads\/usu1156\/2023\/05\/Pitagores_balanca_q-150x150.jpg 150w, https:\/\/serveiseducatius.xtec.cat\/altemporda\/wp-content\/uploads\/usu1156\/2023\/05\/Pitagores_balanca_q-768x767.jpg 768w\" sizes=\"auto, (max-width: 309px) 100vw, 309px\" \/><\/a><a href=\"https:\/\/serveiseducatius.xtec.cat\/altemporda\/wp-content\/uploads\/usu1156\/2023\/05\/nus_boromeu_1_.jpg\"><img loading=\"lazy\" decoding=\"async\" class=\"alignnone wp-image-20681\" src=\"https:\/\/serveiseducatius.xtec.cat\/altemporda\/wp-content\/uploads\/usu1156\/2023\/05\/nus_boromeu_1_-1024x1024.jpg\" alt=\"\" width=\"309\" height=\"309\" srcset=\"https:\/\/serveiseducatius.xtec.cat\/altemporda\/wp-content\/uploads\/usu1156\/2023\/05\/nus_boromeu_1_-1024x1024.jpg 1024w, https:\/\/serveiseducatius.xtec.cat\/altemporda\/wp-content\/uploads\/usu1156\/2023\/05\/nus_boromeu_1_-300x300.jpg 300w, https:\/\/serveiseducatius.xtec.cat\/altemporda\/wp-content\/uploads\/usu1156\/2023\/05\/nus_boromeu_1_-150x150.jpg 150w, https:\/\/serveiseducatius.xtec.cat\/altemporda\/wp-content\/uploads\/usu1156\/2023\/05\/nus_boromeu_1_-768x768.jpg 768w, https:\/\/serveiseducatius.xtec.cat\/altemporda\/wp-content\/uploads\/usu1156\/2023\/05\/nus_boromeu_1_.jpg 1200w\" sizes=\"auto, (max-width: 309px) 100vw, 309px\" \/><\/a><\/p>\n","protected":false},"excerpt":{"rendered":"<p>L&#8217;exposici\u00f3 del Museu de Matem\u00e0tiques de Catalunya (MMACA) al Castell de Sant Ferran de Figueres s&#8217;obrir\u00e0 al p\u00fablic en general, els dies 1, 3 i 8 de juny de 2023. Horaris de visita: Dijous 1 i 8 de juny de 16h a 19h. Entrades a les 16h, 17h i 18h. Dissabte 3 de juny de [&hellip;]<\/p>\n","protected":false},"author":14,"featured_media":0,"parent":18455,"menu_order":0,"comment_status":"closed","ping_status":"closed","template":"","meta":{"_bbp_topic_count":0,"_bbp_reply_count":0,"_bbp_total_topic_count":0,"_bbp_total_reply_count":0,"_bbp_voice_count":0,"_bbp_anonymous_reply_count":0,"_bbp_topic_count_hidden":0,"_bbp_reply_count_hidden":0,"_bbp_forum_subforum_count":0,"site-sidebar-layout":"default","site-content-layout":"","ast-site-content-layout":"","site-content-style":"default","site-sidebar-style":"default","ast-global-header-display":"","ast-banner-title-visibility":"","ast-main-header-display":"","ast-hfb-above-header-display":"","ast-hfb-below-header-display":"","ast-hfb-mobile-header-display":"","site-post-title":"","ast-breadcrumbs-content":"","ast-featured-img":"","footer-sml-layout":"","theme-transparent-header-meta":"","adv-header-id-meta":"","stick-header-meta":"","header-above-stick-meta":"","header-main-stick-meta":"","header-below-stick-meta":"","astra-migrate-meta-layouts":"default","ast-page-background-enabled":"default","ast-page-background-meta":{"desktop":{"background-color":"var(--ast-global-color-4)","background-image":"","background-repeat":"repeat","background-position":"center center","background-size":"auto","background-attachment":"scroll","background-type":"","background-media":"","overlay-type":"","overlay-color":"","overlay-opacity":"","overlay-gradient":""},"tablet":{"background-color":"","background-image":"","background-repeat":"repeat","background-position":"center center","background-size":"auto","background-attachment":"scroll","background-type":"","background-media":"","overlay-type":"","overlay-color":"","overlay-opacity":"","overlay-gradient":""},"mobile":{"background-color":"","background-image":"","background-repeat":"repeat","background-position":"center center","background-size":"auto","background-attachment":"scroll","background-type":"","background-media":"","overlay-type":"","overlay-color":"","overlay-opacity":"","overlay-gradient":""}},"ast-content-background-meta":{"desktop":{"background-color":"var(--ast-global-color-5)","background-image":"","background-repeat":"repeat","background-position":"center center","background-size":"auto","background-attachment":"scroll","background-type":"","background-media":"","overlay-type":"","overlay-color":"","overlay-opacity":"","overlay-gradient":""},"tablet":{"background-color":"var(--ast-global-color-5)","background-image":"","background-repeat":"repeat","background-position":"center center","background-size":"auto","background-attachment":"scroll","background-type":"","background-media":"","overlay-type":"","overlay-color":"","overlay-opacity":"","overlay-gradient":""},"mobile":{"background-color":"var(--ast-global-color-5)","background-image":"","background-repeat":"repeat","background-position":"center center","background-size":"auto","background-attachment":"scroll","background-type":"","background-media":"","overlay-type":"","overlay-color":"","overlay-opacity":"","overlay-gradient":""}},"footnotes":""},"class_list":["post-20653","page","type-page","status-publish","hentry"],"post_mailing_queue_ids":[],"_links":{"self":[{"href":"https:\/\/serveiseducatius.xtec.cat\/altemporda\/wp-json\/wp\/v2\/pages\/20653","targetHints":{"allow":["GET"]}}],"collection":[{"href":"https:\/\/serveiseducatius.xtec.cat\/altemporda\/wp-json\/wp\/v2\/pages"}],"about":[{"href":"https:\/\/serveiseducatius.xtec.cat\/altemporda\/wp-json\/wp\/v2\/types\/page"}],"author":[{"embeddable":true,"href":"https:\/\/serveiseducatius.xtec.cat\/altemporda\/wp-json\/wp\/v2\/users\/14"}],"replies":[{"embeddable":true,"href":"https:\/\/serveiseducatius.xtec.cat\/altemporda\/wp-json\/wp\/v2\/comments?post=20653"}],"version-history":[{"count":3,"href":"https:\/\/serveiseducatius.xtec.cat\/altemporda\/wp-json\/wp\/v2\/pages\/20653\/revisions"}],"predecessor-version":[{"id":20688,"href":"https:\/\/serveiseducatius.xtec.cat\/altemporda\/wp-json\/wp\/v2\/pages\/20653\/revisions\/20688"}],"up":[{"embeddable":true,"href":"https:\/\/serveiseducatius.xtec.cat\/altemporda\/wp-json\/wp\/v2\/pages\/18455"}],"wp:attachment":[{"href":"https:\/\/serveiseducatius.xtec.cat\/altemporda\/wp-json\/wp\/v2\/media?parent=20653"}],"curies":[{"name":"wp","href":"https:\/\/api.w.org\/{rel}","templated":true}]}}