{"id":18458,"date":"2022-11-17T09:58:06","date_gmt":"2022-11-17T08:58:06","guid":{"rendered":"https:\/\/serveiseducatius.xtec.cat\/altemporda\/?page_id=18458"},"modified":"2022-11-28T13:57:03","modified_gmt":"2022-11-28T12:57:03","slug":"visites-a-lexposicio-itinerant-mmaca-al-castell-de-sant-ferran","status":"publish","type":"page","link":"https:\/\/serveiseducatius.xtec.cat\/altemporda\/exposicio-itinerant-del-museu-de-les-matematiques-a-figueres\/visites-a-lexposicio-itinerant-mmaca-al-castell-de-sant-ferran\/","title":{"rendered":"Visites a l&#8217;exposici\u00f3 itinerant MMACA al Castell de Sant Ferran"},"content":{"rendered":"<p><span style=\"font-size: 14pt;\"><strong><span style=\"color: #800000;\">Si voleu visitar l&#8217;exposici\u00f3 amb l&#8217;alumnat del vostre centre llegiu atentament les seg\u00fcents informacions abans de fer la reserva.<\/span><\/strong><\/span><\/p>\n<p><span style=\"font-weight: 400; color: #333300;\">L&#8217;exposici\u00f3 del Museu de Matem\u00e0tiques a Figueres s&#8217;ubicar\u00e0 al<\/span><a href=\"https:\/\/castellsantferran.com\/\"><span style=\"font-weight: 400;\"> Castell de Sant Ferran<\/span><\/a><span style=\"font-weight: 400;\">.<\/span><\/p>\n<p><span style=\"font-weight: 400; color: #333300;\">Les visites s\u00f3n gratu\u00eftes i s&#8217;han de fer amb grups\/classe o en grups de m\u00e0xim 30 alumnes. Si sou un centre amb r\u00e0tios baixes d&#8217;alumnat, us preguem que feu grups d&#8217;entre 20 i 30 alumnes per optimitzar l&#8217;horari.<\/span><\/p>\n<p><span style=\"font-weight: 400; color: #333300;\">La visita tindr\u00e0 una durada de 2h 15min, les quals es visitar\u00e0 l&#8217;exposici\u00f3 itinerant del MMACA (1h15min) i es far\u00e0 un taller (1h).<\/span><\/p>\n<p><span style=\"font-weight: 400; color: #333300;\">Els horaris s\u00f3n de dilluns a divendres, del 8 de maig al 16 de juny:<\/span><\/p>\n<p><span style=\"font-weight: 400; color: #333300;\">&#8211; de 9h a 11.15h<\/span><\/p>\n<p><span style=\"font-weight: 400; color: #333300;\">&#8211; de 11.30h a 13.45h<\/span><\/p>\n<p><span style=\"font-weight: 400; color: #333300;\">Es podran atendre fins a 3 grups simult\u00e0niament independentment que siguin de prim\u00e0ria o secund\u00e0ria. En cas d&#8217;assistir-hi amb m\u00e9s grups el mateix dia i mateixa hora es donar\u00e0 l&#8217;opci\u00f3 de fer una <a href=\"https:\/\/serveiseducatius.xtec.cat\/altemporda\/exposicio-itinerant-del-museu-de-les-matematiques-a-figueres\/gimcana-matematica-al-castell-de-sant-ferran-de-figueres\/\" target=\"_blank\" rel=\"noopener\">gimcana matem\u00e0tica<\/a> pel fossar de les cavallerisses a la resta de grups. Aquesta gimcana pot tenir una durada d&#8217;una hora i mitja, ser\u00e0 per un nivell aproximat de 2n d&#8217;ESO (adaptable) i no hi haur\u00e0 guies acompanyants. El professorat del centre \u00e9s qui l&#8217;haur\u00e0 de conduir i mantenir el grup reunit tota l&#8217;estona.<\/span><\/p>\n<p><span style=\"font-weight: 400; color: #333300;\">Cada grup classe tindr\u00e0 una persona externa que els guiar\u00e0, per\u00f2 \u00e9s obligatori que el professorat que acompanyi els grups faci la formaci\u00f3 espec\u00edfica per tal que la visita sigui del tot aprofitable. Si es ve amb un sol grup, nom\u00e9s cal que faci la formaci\u00f3 una persona. Si es ve amb dos grups o m\u00e9s, han de ser dues persones com a m\u00ednim que es formin.<\/span><\/p>\n<p><span style=\"font-weight: 400; color: #333300;\">Si es vol aprofitar per fer una visita al Castell de Sant Ferran s&#8217;ha de contactar directament amb l&#8217;empresa que gestiona les visites.<\/span><\/p>\n<p><span style=\"color: #800000;\"><strong>RESERVES:<\/strong><\/span><\/p>\n<p><span style=\"font-weight: 400; color: #333300;\">Els centres educatius podran fer la reserva de visites mitjan\u00e7ant<\/span><a href=\"https:\/\/docs.google.com\/forms\/d\/e\/1FAIpQLSdMJWRHLTXPTY_QNStv10UNxqr2Dsd-Gh5KCSqdUG86ysUStA\/viewform\" target=\"_blank\" rel=\"noopener\"><span style=\"font-weight: 400;\"> aquest formulari<\/span><\/a><span style=\"font-weight: 400;\">.<\/span><\/p>\n<p><span style=\"font-weight: 400; color: #333300;\">Les inscripcions s&#8217;obriran el 28 de novembre i s&#8217;aniran acceptant grups fins completar les franges hor\u00e0ries establertes.<\/span><\/p>\n<p><strong><span style=\"color: #800000;\">FORMACI\u00d3 OBLIGAT\u00d2RIA:<\/span><\/strong><\/p>\n<p><span style=\"font-weight: 400; color: #333300;\"><strong>\u00c9s obligatori que hi hagi alguna persona docent (preferiblement de matem\u00e0tiques) que faci la formaci\u00f3 espec\u00edfica per poder acompanyar els grups del seu centre<\/strong> per tal de donar suport a la persona que far\u00e0 de guia i aix\u00ed aconseguir que la visita sigui del tot aprofitable.<\/span><\/p>\n<p><span style=\"font-weight: 400; color: #333300;\">Si es ve amb un sol grup, nom\u00e9s cal que faci la formaci\u00f3 una persona. Si es ve amb dos grups o m\u00e9s, han de ser dues persones com a m\u00ednim que es formin. La formaci\u00f3 ser\u00e0 reconeguda amb un certificat de 5 hores.<\/span><\/p>\n<p><span style=\"font-weight: 400; color: #333300;\"><strong>Cal escollir un dels tres dies que s&#8217;ofereixen i sol\u00b7licitar pla\u00e7a mitjan\u00e7ant l&#8217;aplicatiu de formaci\u00f3 permanent.<\/strong> S&#8217;adjudicaran les places per ordre d&#8217;inscripci\u00f3.<\/span><\/p>\n<p><span style=\"font-weight: 400; color: #333300;\">Lloc de la formaci\u00f3: Castell de Sant Ferran<\/span><\/p>\n<p><span style=\"font-weight: 400; color: #333300;\">Horaris de la formaci\u00f3:<\/span><\/p>\n<p><span style=\"font-weight: 400; color: #333300;\">Dijous, 4 de maig de 2023, a les 17h &#8211; <a href=\"https:\/\/aplicacions.gestioeducativa.gencat.cat\/pls\/soloas\/pk_for_mod_ins.p_for_detall_activitat?p_codi=5011791501&amp;p_curs=2022-2023&amp;p_es_inscr=S\" target=\"_blank\" rel=\"noopener\">Enlla\u00e7 a la inscripci\u00f3<\/a><\/span><\/p>\n<p><span style=\"font-weight: 400; color: #333300;\">Divendres, 5 de maig de 2023 a les 17h &#8211; <a href=\"https:\/\/aplicacions.gestioeducativa.gencat.cat\/pls\/soloas\/pk_for_mod_ins.p_for_detall_activitat?p_codi=5011801501&amp;p_curs=2022-2023&amp;p_es_inscr=S\" target=\"_blank\" rel=\"noopener\">Enlla\u00e7 a la inscripci\u00f3<\/a><\/span><\/p>\n<p><span style=\"font-weight: 400; color: #333300;\">Dissabte, 6 de maig de 2023 a les 10h &#8211; <a href=\"https:\/\/aplicacions.gestioeducativa.gencat.cat\/pls\/soloas\/pk_for_mod_ins.p_for_detall_activitat?p_codi=5011811501&amp;p_curs=2022-2023&amp;p_es_inscr=S\" target=\"_blank\" rel=\"noopener\">Enlla\u00e7 a la inscripci\u00f3<\/a><\/span><\/p>\n<p><span style=\"font-weight: 400; color: #333300;\">Per qualsevol dubte o aclariment pots contactar amb el CRP de l&#8217;Alt Empord\u00e0: crp-altemporda@xtec.cat o trucant al 972 50 91 50.<\/span><\/p>\n","protected":false},"excerpt":{"rendered":"<p>Si voleu visitar l&#8217;exposici\u00f3 amb l&#8217;alumnat del vostre centre llegiu atentament les seg\u00fcents informacions abans de fer la reserva. L&#8217;exposici\u00f3 del Museu de Matem\u00e0tiques a Figueres s&#8217;ubicar\u00e0 al Castell de Sant Ferran. Les visites s\u00f3n gratu\u00eftes i s&#8217;han de fer amb grups\/classe o en grups de m\u00e0xim 30 alumnes. Si sou un centre amb r\u00e0tios [&hellip;]<\/p>\n","protected":false},"author":14,"featured_media":0,"parent":18455,"menu_order":0,"comment_status":"closed","ping_status":"closed","template":"","meta":{"_bbp_topic_count":0,"_bbp_reply_count":0,"_bbp_total_topic_count":0,"_bbp_total_reply_count":0,"_bbp_voice_count":0,"_bbp_anonymous_reply_count":0,"_bbp_topic_count_hidden":0,"_bbp_reply_count_hidden":0,"_bbp_forum_subforum_count":0,"site-sidebar-layout":"default","site-content-layout":"","ast-site-content-layout":"","site-content-style":"default","site-sidebar-style":"default","ast-global-header-display":"","ast-banner-title-visibility":"","ast-main-header-display":"","ast-hfb-above-header-display":"","ast-hfb-below-header-display":"","ast-hfb-mobile-header-display":"","site-post-title":"","ast-breadcrumbs-content":"","ast-featured-img":"","footer-sml-layout":"","theme-transparent-header-meta":"","adv-header-id-meta":"","stick-header-meta":"","header-above-stick-meta":"","header-main-stick-meta":"","header-below-stick-meta":"","astra-migrate-meta-layouts":"default","ast-page-background-enabled":"default","ast-page-background-meta":{"desktop":{"background-color":"var(--ast-global-color-4)","background-image":"","background-repeat":"repeat","background-position":"center center","background-size":"auto","background-attachment":"scroll","background-type":"","background-media":"","overlay-type":"","overlay-color":"","overlay-opacity":"","overlay-gradient":""},"tablet":{"background-color":"","background-image":"","background-repeat":"repeat","background-position":"center center","background-size":"auto","background-attachment":"scroll","background-type":"","background-media":"","overlay-type":"","overlay-color":"","overlay-opacity":"","overlay-gradient":""},"mobile":{"background-color":"","background-image":"","background-repeat":"repeat","background-position":"center center","background-size":"auto","background-attachment":"scroll","background-type":"","background-media":"","overlay-type":"","overlay-color":"","overlay-opacity":"","overlay-gradient":""}},"ast-content-background-meta":{"desktop":{"background-color":"var(--ast-global-color-5)","background-image":"","background-repeat":"repeat","background-position":"center center","background-size":"auto","background-attachment":"scroll","background-type":"","background-media":"","overlay-type":"","overlay-color":"","overlay-opacity":"","overlay-gradient":""},"tablet":{"background-color":"var(--ast-global-color-5)","background-image":"","background-repeat":"repeat","background-position":"center center","background-size":"auto","background-attachment":"scroll","background-type":"","background-media":"","overlay-type":"","overlay-color":"","overlay-opacity":"","overlay-gradient":""},"mobile":{"background-color":"var(--ast-global-color-5)","background-image":"","background-repeat":"repeat","background-position":"center center","background-size":"auto","background-attachment":"scroll","background-type":"","background-media":"","overlay-type":"","overlay-color":"","overlay-opacity":"","overlay-gradient":""}},"footnotes":""},"class_list":["post-18458","page","type-page","status-publish","hentry"],"post_mailing_queue_ids":[],"_links":{"self":[{"href":"https:\/\/serveiseducatius.xtec.cat\/altemporda\/wp-json\/wp\/v2\/pages\/18458","targetHints":{"allow":["GET"]}}],"collection":[{"href":"https:\/\/serveiseducatius.xtec.cat\/altemporda\/wp-json\/wp\/v2\/pages"}],"about":[{"href":"https:\/\/serveiseducatius.xtec.cat\/altemporda\/wp-json\/wp\/v2\/types\/page"}],"author":[{"embeddable":true,"href":"https:\/\/serveiseducatius.xtec.cat\/altemporda\/wp-json\/wp\/v2\/users\/14"}],"replies":[{"embeddable":true,"href":"https:\/\/serveiseducatius.xtec.cat\/altemporda\/wp-json\/wp\/v2\/comments?post=18458"}],"version-history":[{"count":4,"href":"https:\/\/serveiseducatius.xtec.cat\/altemporda\/wp-json\/wp\/v2\/pages\/18458\/revisions"}],"predecessor-version":[{"id":18665,"href":"https:\/\/serveiseducatius.xtec.cat\/altemporda\/wp-json\/wp\/v2\/pages\/18458\/revisions\/18665"}],"up":[{"embeddable":true,"href":"https:\/\/serveiseducatius.xtec.cat\/altemporda\/wp-json\/wp\/v2\/pages\/18455"}],"wp:attachment":[{"href":"https:\/\/serveiseducatius.xtec.cat\/altemporda\/wp-json\/wp\/v2\/media?parent=18458"}],"curies":[{"name":"wp","href":"https:\/\/api.w.org\/{rel}","templated":true}]}}