{"id":17666,"date":"2022-09-08T09:54:16","date_gmt":"2022-09-08T07:54:16","guid":{"rendered":"https:\/\/serveiseducatius.xtec.cat\/altemporda\/?page_id=17666"},"modified":"2024-10-18T13:31:30","modified_gmt":"2024-10-18T11:31:30","slug":"maleta-pedagogica-biolectures","status":"publish","type":"page","link":"https:\/\/serveiseducatius.xtec.cat\/altemporda\/xarxa-descoles-del-pn-cap-de-creus\/biolectures\/maleta-pedagogica-biolectures\/","title":{"rendered":"Maleta pedag\u00f2gica: biolectures"},"content":{"rendered":"<p style=\"text-align: justify;\"><span style=\"font-weight: 400;\"><img loading=\"lazy\" decoding=\"async\" class=\"wp-image-17657 alignleft\" src=\"https:\/\/serveiseducatius.xtec.cat\/altemporda\/wp-content\/uploads\/usu1156\/2022\/09\/1.png\" alt=\"\" width=\"229\" height=\"185\" srcset=\"https:\/\/serveiseducatius.xtec.cat\/altemporda\/wp-content\/uploads\/usu1156\/2022\/09\/1.png 425w, https:\/\/serveiseducatius.xtec.cat\/altemporda\/wp-content\/uploads\/usu1156\/2022\/09\/1-300x243.png 300w\" sizes=\"auto, (max-width: 229px) 100vw, 229px\" \/>Teniu disponibles dues maletes pedag\u00f2giques, una adre\u00e7ada als cicles d\u2019educaci\u00f3 infantil i cicle inicial i l\u2019altra, a cicle mitj\u00e0-cicle superior.<\/span><\/p>\n<p style=\"text-align: justify;\"><span style=\"font-weight: 400;\">Els llibres s\u2019han classificat en dos blocs de continguts: biodiversitat i emerg\u00e8ncia clim\u00e0tica. Aquesta classificaci\u00f3 \u00e9s orientativa i oberta, ja que l\u2019edat recomanada dependr\u00e0 tamb\u00e9 de l\u2019acompanyament que es faci de la lectura i del grau d\u2019aprofundiment del contingut que transmet. Alguns t\u00edtols adre\u00e7ats a CM-CS, tamb\u00e9 poden utilitzar-se a 1r cicle d\u2019ESO.\u00a0<\/span><\/p>\n<p style=\"text-align: justify;\"><span style=\"font-weight: 400;\">La gran majoria d\u2019aquest recull de t\u00edtols s\u00f3n llibres de coneixements, tamb\u00e9 anomenats llibres informatius o llibres de no ficci\u00f3, que presenten continguts fiables, adaptats per experts, que expliquen de manera senzilla temes complexos. Tamb\u00e9 podeu trobar contes, \u00e0lbums il\u00b7lustrats i llibres de poemes, especialment per a l\u2019etapa d\u2019educaci\u00f3 infantil i cicle inicial.<\/span><\/p>\n<hr \/>\n<div class=\"fila;\">\n<div class=\"columna\" style=\"width: 25%; text-align: center;\"><a href=\"https:\/\/serveiseducatius.xtec.cat\/altemporda\/wp-content\/uploads\/usu1156\/2022\/09\/Foto_2.png\"><img loading=\"lazy\" decoding=\"async\" class=\"wp-image-17732 aligncenter\" src=\"https:\/\/serveiseducatius.xtec.cat\/altemporda\/wp-content\/uploads\/usu1156\/2022\/09\/Foto_2.png\" alt=\"\" width=\"261\" height=\"211\" \/><\/a><\/div>\n<div class=\"columna\" style=\"width: 25%;\">\n<p><span style=\"font-weight: 400;\"><strong>Maleta EI-CI<\/strong><\/span><\/p>\n<p><span style=\"font-weight: 400;\">Cont\u00e9 29 t\u00edtols:<\/span><\/p>\n<p><span style=\"font-weight: 400;\">22 de biodiversitat<\/span><\/p>\n<p><span style=\"font-weight: 400;\"> 7 d\u2019emerg\u00e8ncia clim\u00e0tica.<\/span><\/p>\n<\/div>\n<div class=\"columna\" style=\"width: 25%; text-align: center;\"><a href=\"https:\/\/serveiseducatius.xtec.cat\/altemporda\/wp-content\/uploads\/usu1156\/2022\/09\/Foto_3.png\"><img loading=\"lazy\" decoding=\"async\" class=\"wp-image-17732 aligncenter\" src=\"https:\/\/serveiseducatius.xtec.cat\/altemporda\/wp-content\/uploads\/usu1156\/2022\/09\/Foto_3.png\" alt=\"\" width=\"261\" height=\"211\" \/><\/a><\/div>\n<div class=\"columna\" style=\"width: 25%;\">\n<p><span style=\"font-weight: 400;\"><strong>Maleta CM-CS<\/strong><\/span><\/p>\n<p><span style=\"font-weight: 400;\">Cont\u00e9 25 t\u00edtols:<\/span><\/p>\n<p><span style=\"font-weight: 400;\">17 de biodiversitat\u00a0<\/span><\/p>\n<p><span style=\"font-weight: 400;\"> 8 d\u2019emerg\u00e8ncia clim\u00e0tica<\/span><\/p>\n<p>8 miniguies de camp<\/p>\n<\/div>\n<\/div>\n<p>&nbsp;<\/p>\n<hr \/>\n<div class=\"fila;\" style=\"text-align: center;\">\n<div class=\"columna\" style=\"width: 10%; text-align: center;\"><\/div>\n<div class=\"columna\" style=\"width: 20%; text-align: center;\"><a class=\"boto_taula\" style=\"color: #000000; height: 55px; display: flex; align-items: center; justify-content: center;\" href=\"https:\/\/serveiseducatius.xtec.cat\/altemporda\/xarxa-descoles-del-pn-cap-de-creus\/biolectures\/biolectures-biodiversitat\/\" target=\"_blank\" rel=\"noopener noreferrer\"><span style=\"font-size: 1.25em;\"><strong>Biodiversitat<\/strong><\/span><\/a><\/div>\n<div class=\"columna\" style=\"width: 20%; text-align: center;\"><a class=\"boto_taula\" style=\"color: #000000; height: 55px; display: flex; align-items: center; justify-content: center;\" href=\"https:\/\/serveiseducatius.xtec.cat\/altemporda\/xarxa-descoles-del-pn-cap-de-creus\/biolectures\/biolectures-canvi-climatic\/\" target=\"_blank\" rel=\"noopener noreferrer\"><span style=\"font-size: 1.25em;\"><strong>Emerg\u00e8ncia clim\u00e0tica<\/strong><\/span><\/a><\/div>\n<div class=\"columna\" style=\"width: 20%; text-align: center;\"><a class=\"boto_taula\" style=\"color: #000000; height: 55px; display: flex; align-items: center; justify-content: center;\" href=\"https:\/\/serveiseducatius.xtec.cat\/altemporda\/xarxa-descoles-del-pn-cap-de-creus\/biolectures\/biolectures-colleccio-parcs-naturals\/\" target=\"_blank\" rel=\"noopener noreferrer\"><span style=\"font-size: 1.25em;\"><strong>Col\u00b7lecci\u00f3 Parcs<\/strong><\/span><\/a><\/div>\n<div class=\"columna\" style=\"width: 20%; text-align: center;\">\n<div><a class=\"boto_taula\" style=\"color: #000000; height: 55px; display: flex; align-items: center; justify-content: center;\" href=\"https:\/\/serveiseducatius.xtec.cat\/altemporda\/xarxa-descoles-del-pn-cap-de-creus\/biolectures\/biolectures-colleccio-tdr\/\" target=\"_blank\" rel=\"noopener noreferrer\"><span style=\"font-size: 1.25em;\"><strong>Col\u00b7lecci\u00f3 TdR Batxillerat<\/strong><\/span><\/a><\/div>\n<div class=\"columna\" style=\"width: 10%; text-align: center;\"><\/div>\n<\/div>\n<p>&nbsp;<\/p>\n<p>&nbsp;<\/p>\n<p><span style=\"font-weight: 400;\">Aquests llibres activen compet\u00e8ncies molt diverses, com les de cerca i \u00fas d\u2019informaci\u00f3, i tamb\u00e9 facilitaran a l\u2019alumnat l\u2019adquisici\u00f3 de compet\u00e8ncies per comprendre millor el m\u00f3n que els envolta, ser cr\u00edtics davant la informaci<\/span><span style=\"font-weight: 400;\">\u00f3 i <\/span><span style=\"font-weight: 400;\">prendre consci\u00e8ncia ecosocial des de la perspectiva de la cura i defensa de l\u2019entorn natural.\u00a0<\/span><\/p>\n<p><strong>Com podem dinamitzar la maleta?<\/strong><\/p>\n<p><a href=\"https:\/\/drive.google.com\/file\/d\/1iicM3tH6qWrxAP4syUCtaEQbLJN1wutp\/view?usp=sharing\">Dossier did\u00e0ctic Educaci\u00f3 infantil &#8211; Cicle inicial<\/a><\/p>\n<p><a href=\"https:\/\/drive.google.com\/file\/d\/1Ackh_qmq2OyGjnUxcgADfg4T6VYtZO_s\/view?usp=sharing\">Dossier did\u00e0ctic Cicle mitj\u00e0 &#8211; Cicle superior<\/a><\/p>\n<p>Acc\u00e9s al <span style=\"font-size: 18pt;\"><a href=\"https:\/\/altemporda.mediateca.cat\/recursos\/\" target=\"_blank\" rel=\"noopener\">pr\u00e9stec<\/a><\/span><\/p>\n<p>&nbsp;<\/p>\n<\/div>\n","protected":false},"excerpt":{"rendered":"<p>Teniu disponibles dues maletes pedag\u00f2giques, una adre\u00e7ada als cicles d\u2019educaci\u00f3 infantil i cicle inicial i l\u2019altra, a cicle mitj\u00e0-cicle superior. Els llibres s\u2019han classificat en dos blocs de continguts: biodiversitat i emerg\u00e8ncia clim\u00e0tica. Aquesta classificaci\u00f3 \u00e9s orientativa i oberta, ja que l\u2019edat recomanada dependr\u00e0 tamb\u00e9 de l\u2019acompanyament que es faci de la lectura i del [&hellip;]<\/p>\n","protected":false},"author":1,"featured_media":0,"parent":15967,"menu_order":0,"comment_status":"closed","ping_status":"closed","template":"","meta":{"_bbp_topic_count":0,"_bbp_reply_count":0,"_bbp_total_topic_count":0,"_bbp_total_reply_count":0,"_bbp_voice_count":0,"_bbp_anonymous_reply_count":0,"_bbp_topic_count_hidden":0,"_bbp_reply_count_hidden":0,"_bbp_forum_subforum_count":0,"site-sidebar-layout":"default","site-content-layout":"","ast-site-content-layout":"","site-content-style":"default","site-sidebar-style":"default","ast-global-header-display":"","ast-banner-title-visibility":"","ast-main-header-display":"","ast-hfb-above-header-display":"","ast-hfb-below-header-display":"","ast-hfb-mobile-header-display":"","site-post-title":"","ast-breadcrumbs-content":"","ast-featured-img":"","footer-sml-layout":"","theme-transparent-header-meta":"","adv-header-id-meta":"","stick-header-meta":"","header-above-stick-meta":"","header-main-stick-meta":"","header-below-stick-meta":"","astra-migrate-meta-layouts":"default","ast-page-background-enabled":"default","ast-page-background-meta":{"desktop":{"background-color":"var(--ast-global-color-4)","background-image":"","background-repeat":"repeat","background-position":"center center","background-size":"auto","background-attachment":"scroll","background-type":"","background-media":"","overlay-type":"","overlay-color":"","overlay-opacity":"","overlay-gradient":""},"tablet":{"background-color":"","background-image":"","background-repeat":"repeat","background-position":"center center","background-size":"auto","background-attachment":"scroll","background-type":"","background-media":"","overlay-type":"","overlay-color":"","overlay-opacity":"","overlay-gradient":""},"mobile":{"background-color":"","background-image":"","background-repeat":"repeat","background-position":"center center","background-size":"auto","background-attachment":"scroll","background-type":"","background-media":"","overlay-type":"","overlay-color":"","overlay-opacity":"","overlay-gradient":""}},"ast-content-background-meta":{"desktop":{"background-color":"var(--ast-global-color-5)","background-image":"","background-repeat":"repeat","background-position":"center center","background-size":"auto","background-attachment":"scroll","background-type":"","background-media":"","overlay-type":"","overlay-color":"","overlay-opacity":"","overlay-gradient":""},"tablet":{"background-color":"var(--ast-global-color-5)","background-image":"","background-repeat":"repeat","background-position":"center center","background-size":"auto","background-attachment":"scroll","background-type":"","background-media":"","overlay-type":"","overlay-color":"","overlay-opacity":"","overlay-gradient":""},"mobile":{"background-color":"var(--ast-global-color-5)","background-image":"","background-repeat":"repeat","background-position":"center center","background-size":"auto","background-attachment":"scroll","background-type":"","background-media":"","overlay-type":"","overlay-color":"","overlay-opacity":"","overlay-gradient":""}},"footnotes":""},"class_list":["post-17666","page","type-page","status-publish","hentry"],"post_mailing_queue_ids":[],"_links":{"self":[{"href":"https:\/\/serveiseducatius.xtec.cat\/altemporda\/wp-json\/wp\/v2\/pages\/17666","targetHints":{"allow":["GET"]}}],"collection":[{"href":"https:\/\/serveiseducatius.xtec.cat\/altemporda\/wp-json\/wp\/v2\/pages"}],"about":[{"href":"https:\/\/serveiseducatius.xtec.cat\/altemporda\/wp-json\/wp\/v2\/types\/page"}],"author":[{"embeddable":true,"href":"https:\/\/serveiseducatius.xtec.cat\/altemporda\/wp-json\/wp\/v2\/users\/1"}],"replies":[{"embeddable":true,"href":"https:\/\/serveiseducatius.xtec.cat\/altemporda\/wp-json\/wp\/v2\/comments?post=17666"}],"version-history":[{"count":6,"href":"https:\/\/serveiseducatius.xtec.cat\/altemporda\/wp-json\/wp\/v2\/pages\/17666\/revisions"}],"predecessor-version":[{"id":23990,"href":"https:\/\/serveiseducatius.xtec.cat\/altemporda\/wp-json\/wp\/v2\/pages\/17666\/revisions\/23990"}],"up":[{"embeddable":true,"href":"https:\/\/serveiseducatius.xtec.cat\/altemporda\/wp-json\/wp\/v2\/pages\/15967"}],"wp:attachment":[{"href":"https:\/\/serveiseducatius.xtec.cat\/altemporda\/wp-json\/wp\/v2\/media?parent=17666"}],"curies":[{"name":"wp","href":"https:\/\/api.w.org\/{rel}","templated":true}]}}