{"id":16456,"date":"2022-02-24T13:18:52","date_gmt":"2022-02-24T12:18:52","guid":{"rendered":"https:\/\/serveiseducatius.xtec.cat\/altemporda\/?page_id=16456"},"modified":"2024-12-17T09:36:44","modified_gmt":"2024-12-17T08:36:44","slug":"la-relacio-entre-lescola-i-les-families-secundaria","status":"publish","type":"page","link":"https:\/\/serveiseducatius.xtec.cat\/altemporda\/equips-directius\/la-relacio-entre-lescola-i-les-families\/la-relacio-entre-lescola-i-les-families-secundaria\/","title":{"rendered":"La relaci\u00f3 entre l&#8217;escola i les fam\u00edlies SECUND\u00c0RIA"},"content":{"rendered":"<h4><span style=\"background-color: transparent; color: #000000; font-family: Arial; font-weight: bold; white-space: pre-wrap; vertical-align: baseline; font-size: 14pt;\">Millors vincles, millors resultats? La relaci\u00f3 entre docents i fam\u00edlies per a l&#8217;\u00e8xit acad\u00e8mic de tot l&#8217;alumnat.<\/span><\/h4>\n<p><span style=\"font-size: 12pt; font-family: Verdana; color: #333333; background-color: transparent; vertical-align: baseline; white-space: pre-wrap;\">Dels resultats que ens ha proporcionat l\u2019informe PISA 2012 que, en termes de resultats globals s\u00f3n semblants als de les edicions anteriors, ens permeten destacar tres dades: que l&#8217;equitat empitjora, que el nombre d\u2019alumnes resilients baixa (fills\/es de contextos desafavorits que obtenen bona puntuaci\u00f3) i que hi ha m\u00e9s desigualtats en els resultats en funci\u00f3 dels capitals familiars. Aix\u00ed doncs, en un context de crisi de model socioecon\u00f2mic, sembla que els centres educatius de l\u2019etapa obligat\u00f2ria s\u00f3n menys capa\u00e7os de subvertir les desigualtats familiars i socials de partida. Unes desigualtats que esdevenen encara m\u00e9s determinants en els resultats acad\u00e8mics dels adolescents i joves.<\/span><\/p>\n<p><span style=\"font-size: 12pt; font-family: Verdana; color: #333333; background-color: transparent; vertical-align: baseline; white-space: pre-wrap;\">Aix\u00ed, davant d\u2019aquesta nova dutxa d\u2019aigua freda a la igualtat d\u2019oportunitats i de resultats, creiem que la nostra recerca t\u00e9 m\u00e9s sentit que mai. Una recerca que tant per tem\u00e0tica, com per metodologia, planteja uns interrogants, unes propostes i unes respostes provisionals als reptes del nostre sistema educatiu que creiem centrals. Respecte a<\/span><span style=\"font-size: 12pt; font-family: Verdana; color: #333333; background-color: transparent; vertical-align: baseline; white-space: pre-wrap;\">l qu\u00e8, veiem que totes les an\u00e0lisis al voltant dels resultats escolars assenyalen que cal una alian\u00e7a dels centres educatius amb les fam\u00edlies com a element clau en la seva millora.<\/span><\/p>\n<p><span style=\"font-size: 12pt; font-family: Verdana; color: #333333; background-color: transparent; vertical-align: baseline; white-space: pre-wrap;\">Informes com PISA, les proves de compet\u00e8ncies b\u00e0siques o les mateixes taxes de graduaci\u00f3 que correlacionen cada vegada m\u00e9s amb els capitals parentals, ens sembla que cal reivindicar aquells projectes entre docents, fam\u00edlies, alumnat i comunitat que treballen conjuntament per l&#8217;\u00e8xit acad\u00e8mic escolar de tothom. L&#8217;escola sola, com cap instituci\u00f3 educativa de manera a\u00efllada, no pot afrontar els actuals reptes educatius.<\/span><\/p>\n<p><span style=\"font-size: 12pt; font-family: Verdana; color: #333333; background-color: transparent; vertical-align: baseline; white-space: pre-wrap;\">Creiem que la nostra pista que relliga docents, fam\u00edlies i resultats acad\u00e8mics \u00e9s ben vigent i \u00e9s una via que cal explorar i desenvolupar de manera imprescindible si volem avan\u00e7ar cap a l&#8217;equitat i l&#8217;\u00e8xit acad\u00e8mic de tot l&#8217;alumnat. Pel que fa al com, tamb\u00e9 algunes de les dades de PISA a Catalunya i a l\u2019Estat Espanyol ens parlem que som dels pa\u00efsos on a menys centres educatius es donen processos d&#8217;acompanyament, suport i supervisi\u00f3 entre docents; on hi ha menys treball conjunt de programaci\u00f3 entre aquests; i on es donen menys projectes de millora globals sistem\u00e0tics a l&#8217;escola i l&#8217;institut. Davant d&#8217;aix\u00f2, creiem que propostes que transformen el com de les pr\u00e0ctiques docents en la l\u00ednia dels professionals reflexius, la recerca-acci\u00f3, els projectes globals de millora, el lideratge distribu\u00eft per l\u2019aprenentatge, etc. esdevenen m\u00e9s necessaris que mai.<\/span><\/p>\n<h5><span style=\"background-color: transparent; color: #000000; font-family: Arial; font-weight: bold; white-space: pre-wrap; font-size: 12pt; vertical-align: baseline;\"><b style=\"color: #444444; font-family: Arial, Verdana, sans-serif; white-space: normal;\"><span lang=\"CA\" style=\"line-height: 15.3333px; font-family: Helvetica,sans-serif; background-image: initial; background-position: initial; background-repeat: initial;\"><span style=\"color: #cc0000;\"><span style=\"background-color: #ff0000;\">\u00a0 \u00a0<\/span>\u00a0Ponents:\u00a0<\/span><\/span><\/b><b style=\"color: #444444; font-family: Arial, Verdana, sans-serif; white-space: normal; background-color: transparent;\"><span lang=\"CA\" style=\"line-height: 16.1px; font-family: Helvetica, sans-serif; color: black; background-image: initial; background-position: initial; background-repeat: initial;\">JORDI COLLET I ANTONI TORT.<\/span><\/b><\/span><\/h5>\n<p><img loading=\"lazy\" decoding=\"async\" class=\" wp-image-24428 alignleft\" src=\"https:\/\/serveiseducatius.xtec.cat\/altemporda\/wp-content\/uploads\/usu1156\/2024\/12\/collet-jordi.jpg\" alt=\"\" width=\"87\" height=\"87\" srcset=\"https:\/\/serveiseducatius.xtec.cat\/altemporda\/wp-content\/uploads\/usu1156\/2024\/12\/collet-jordi.jpg 220w, https:\/\/serveiseducatius.xtec.cat\/altemporda\/wp-content\/uploads\/usu1156\/2024\/12\/collet-jordi-150x150.jpg 150w\" sizes=\"auto, (max-width: 87px) 100vw, 87px\" \/><\/p>\n<p><span style=\"font-family: verdana, sans-serif; font-size: 12pt;\"><b>Jordi Collet: <\/b>Diplomat en Educaci\u00f3 social, llicenciat i doctor en sociologia. Professor de sociologia de l\u2019educaci\u00f3 de la UVic. Ha investigat i ha publicat sobre els canvis en els processos de socialitzaci\u00f3 familiar, sobre pol\u00edtiques educatives (projectes educatius de ciutat, plans d\u2019entorn, segregaci\u00f3, etc.) i sobre pol\u00edtiques familiars (projecte \u201cnoves fam\u00edlies, noves pol\u00edtiques\u201d, fam\u00edlies i m\u00f3n local, etc.)<b>\u00a0<\/b><\/span><\/p>\n<p><img loading=\"lazy\" decoding=\"async\" class=\"wp-image-24429 alignleft\" src=\"https:\/\/serveiseducatius.xtec.cat\/altemporda\/wp-content\/uploads\/usu1156\/2024\/12\/bki-foto-a-tort-scaled.jpg\" alt=\"\" width=\"94\" height=\"125\" srcset=\"https:\/\/serveiseducatius.xtec.cat\/altemporda\/wp-content\/uploads\/usu1156\/2024\/12\/bki-foto-a-tort-scaled.jpg 1921w, https:\/\/serveiseducatius.xtec.cat\/altemporda\/wp-content\/uploads\/usu1156\/2024\/12\/bki-foto-a-tort-225x300.jpg 225w, https:\/\/serveiseducatius.xtec.cat\/altemporda\/wp-content\/uploads\/usu1156\/2024\/12\/bki-foto-a-tort-768x1023.jpg 768w, https:\/\/serveiseducatius.xtec.cat\/altemporda\/wp-content\/uploads\/usu1156\/2024\/12\/bki-foto-a-tort-1153x1536.jpg 1153w, https:\/\/serveiseducatius.xtec.cat\/altemporda\/wp-content\/uploads\/usu1156\/2024\/12\/bki-foto-a-tort-1537x2048.jpg 1537w\" sizes=\"auto, (max-width: 94px) 100vw, 94px\" \/><\/p>\n<p><span style=\"font-size: 12pt;\"><span style=\"color: #000000; font-family: verdana, sans-serif;\"><b>Antoni Tort i Bardolet:<\/b> Llicenciat en Ci\u00e8ncies de l\u2019Educaci\u00f3 i doctor en Pedagogia. Ha exercit de director de l\u2019Escola Universit\u00e0ria de Formaci\u00f3 del Professorat \u201cJaume Blam\u201d de Vic, i de deg\u00e0 de la Facultat d\u2019Educaci\u00f3 de la UVic. Ha treballat de mestre d\u2019educaci\u00f3 prim\u00e0ria, d\u2019animador sociocultural i de pedagog en un EAP. Professor Titular de la Facultat d\u2019educaci\u00f3 de la UVic i director de l\u2019Escola de Doctora de la UVic. Exerceix la doc\u00e8ncia en els graus de Mestre, Ci\u00e8ncies de l\u2019Activitat F\u00edsica i de l\u2019Esport i en els diferents m\u00e0sters d\u2019educaci\u00f3 de la facultat.\u00a0<\/span><span style=\"font-family: verdana, sans-serif;\"><span style=\"color: #000000;\"><span style=\"text-align: justify; background-color: transparent;\">Participa en diverses investigacions que tracten de la relaci\u00f3 entre educaci\u00f3, cultura i territori, de la formaci\u00f3 del professorat, de l\u2019evoluci\u00f3 de les teories i corrents pedag\u00f2giques i de l\u2019educaci\u00f3 intercultural. Els treballs d\u2019aquestes investigacions han sigut publicades en les principals revistes <\/span><\/span><span style=\"color: black; text-align: justify; background-color: transparent;\">especialitzades.<\/span><\/span><\/span><\/p>\n<hr \/>\n<div><\/div>\n<div>\n<div style=\"display: block; text-align: center; margin-right: auto; margin-left: auto;\"><\/div>\n<\/div>\n<div>\n<div class=\"sites-embed-content sites-embed-type-punch\" style=\"text-align: center;\"><iframe loading=\"lazy\" id=\"338278598\" title=\"SSTT Alt Empord\u00e0.ppt\" src=\"https:\/\/docs.google.com\/presentation\/d\/1GzpdSLPoiWnXoRpYpCxd87tLrLc18ii2sBXcv2dMYAE\/embed?authuser=1&amp;hl=ca&amp;size=m\" width=\"555\" height=\"445\" frameborder=\"0\" allowfullscreen=\"allowfullscreen\" data-ruffle-polyfilled=\"\"><\/iframe><\/div>\n<div class=\"sites-embed-footer\" style=\"text-align: center;\">\n<div class=\"sites-embed-footer-icon sites-punch-icon\"><\/div>\n<p><a href=\"https:\/\/docs.google.com\/presentation\/d\/1GzpdSLPoiWnXoRpYpCxd87tLrLc18ii2sBXcv2dMYAE\/preview?slide=id.p3\" target=\"_blank\" rel=\"noopener\">Obre\u00a0<i>SE Alt Empord\u00e0.ppt<\/i><\/a><\/p>\n<\/div>\n<\/div>\n<div>\n<div><\/div>\n<hr \/>\n<\/div>\n<div style=\"text-align: left;\"><b style=\"color: #cc0000; font-family: Tahoma; font-size: medium; white-space: pre-wrap;\">Calendari de xerrades:<\/b><\/div>\n<div><\/div>\n<table class=\"aligncenter\" dir=\"ltr\" style=\"height: 344px; width: 54.9047%; table-layout: fixed; font-size: 10pt; font-family: arial, sans, sans-serif; border-collapse: collapse; border: none;\" border=\"1\" cellspacing=\"0\" cellpadding=\"0\">\n<colgroup>\n<col width=\"136\" \/>\n<col width=\"100\" \/>\n<col width=\"100\" \/>\n<col width=\"100\" \/><\/colgroup>\n<tbody>\n<tr style=\"height: 21px;\">\n<td style=\"overflow: hidden; padding: 2px 3px; vertical-align: middle; background-color: #cccccc; font-weight: bold; text-align: center; border: 1px solid #000000; width: 41.0495%; height: 25px;\">\n<pre><span style=\"font-size: 12pt;\">Seu<\/span><\/pre>\n<\/td>\n<td style=\"border-top: 1px solid #000000; border-right: 1px solid #000000; border-bottom: 1px solid #000000; overflow: hidden; padding: 2px 3px; vertical-align: middle; background-color: #cccccc; font-weight: bold; text-align: center; width: 12.9188%; height: 25px;\">\n<pre><span style=\"font-size: 12pt;\">Data<\/span><\/pre>\n<\/td>\n<td style=\"border-top: 1px solid #000000; border-right: 1px solid #000000; border-bottom: 1px solid #000000; overflow: hidden; padding: 2px 3px; vertical-align: middle; background-color: #cccccc; font-weight: bold; text-align: center; width: 26.0254%; height: 25px;\">\n<pre><span style=\"font-size: 12pt;\">Hora<\/span><\/pre>\n<\/td>\n<td style=\"border-top: 1px solid #000000; border-right: 1px solid #000000; border-bottom: 1px solid #000000; overflow: hidden; padding: 2px 3px; vertical-align: middle; background-color: #cccccc; font-weight: bold; text-align: center; width: 53.0952%; height: 25px;\">\n<pre><span style=\"font-size: 12pt;\">Ponent<\/span><\/pre>\n<\/td>\n<\/tr>\n<tr style=\"height: 21px;\">\n<td style=\"border-right: 1px solid #000000; border-bottom: 1px solid #000000; border-left: 1px solid #000000; overflow: hidden; padding: 2px 3px; vertical-align: middle; white-space: normal; overflow-wrap: break-word; width: 41.0495%; height: 21px;\">\n<pre><span style=\"font-size: 12pt;\">INS Llan\u00e7\u00e0<\/span><\/pre>\n<\/td>\n<td style=\"border-right: 1px solid #000000; border-bottom: 1px solid #000000; overflow: hidden; padding: 2px 3px; vertical-align: middle; background-color: #ffffff; font-family: Calibri; font-size: 11pt; font-weight: normal; text-align: center; width: 12.9188%; height: 21px;\">\n<pre><span style=\"font-size: 12pt;\">10\/1\/18<\/span><\/pre>\n<\/td>\n<td style=\"border-right: 1px solid #000000; border-bottom: 1px solid #000000; overflow: hidden; padding: 2px 3px; vertical-align: middle; text-align: center; width: 26.0254%; height: 21px;\">\n<pre><span style=\"font-size: 12pt;\">16.00 h<\/span><\/pre>\n<\/td>\n<td style=\"border-right: 1px solid #000000; border-bottom: 1px solid #000000; overflow: hidden; padding: 2px 3px; vertical-align: middle; text-align: center; width: 53.0952%; height: 21px;\">\n<pre><span style=\"font-size: 12pt;\">Antoni Tort<\/span><\/pre>\n<\/td>\n<\/tr>\n<tr style=\"height: 21px;\">\n<td style=\"border-right: 1px solid #000000; border-bottom: 1px solid #000000; border-left: 1px solid #000000; overflow: hidden; padding: 2px 3px; vertical-align: middle; white-space: normal; overflow-wrap: break-word; width: 41.0495%; height: 21px;\">\n<pre><span style=\"font-size: 12pt;\">INS Empuriabrava<\/span><\/pre>\n<\/td>\n<td style=\"border-right: 1px solid #000000; border-bottom: 1px solid #000000; overflow: hidden; padding: 2px 3px; vertical-align: middle; font-family: Calibri; font-size: 11pt; font-weight: normal; text-align: center; width: 12.9188%; height: 21px;\">\n<pre><span style=\"font-size: 12pt;\">14\/2\/18<\/span><\/pre>\n<\/td>\n<td style=\"border-right: 1px solid #000000; border-bottom: 1px solid #000000; overflow: hidden; padding: 2px 3px; vertical-align: middle; text-align: center; width: 26.0254%; height: 21px;\">\n<pre><span style=\"font-size: 12pt;\">16.00 h<\/span><\/pre>\n<\/td>\n<td style=\"border-right: 1px solid #000000; border-bottom: 1px solid #000000; overflow: hidden; padding: 2px 3px; vertical-align: middle; text-align: center; width: 53.0952%; height: 21px;\">\n<pre><span style=\"font-size: 12pt;\">Jordi Collet<\/span><\/pre>\n<\/td>\n<\/tr>\n<tr style=\"height: 21px;\">\n<td style=\"border-right: 1px solid #000000; border-bottom: 1px solid #000000; border-left: 1px solid #000000; overflow: hidden; padding: 2px 3px; vertical-align: middle; white-space: normal; overflow-wrap: break-word; width: 41.0495%; height: 33px;\">\n<pre><span style=\"font-size: 12pt;\">INS Nar\u00edcs Monturiol -Figueres<\/span><\/pre>\n<\/td>\n<td style=\"border-right: 1px solid #000000; border-bottom: 1px solid #000000; overflow: hidden; padding: 2px 3px; vertical-align: middle; font-family: Arial; font-size: 11pt; font-weight: normal; color: #000000; text-align: center; width: 12.9188%; height: 33px;\">\n<pre><span style=\"font-size: 12pt;\">28\/11\/17<\/span><\/pre>\n<\/td>\n<td style=\"border-right: 1px solid #000000; border-bottom: 1px solid #000000; overflow: hidden; padding: 2px 3px; vertical-align: middle; text-align: center; width: 26.0254%; height: 33px;\">\n<pre><span style=\"font-size: 12pt;\">16.00 h<\/span><\/pre>\n<\/td>\n<td style=\"border-right: 1px solid #000000; border-bottom: 1px solid #000000; overflow: hidden; padding: 2px 3px; vertical-align: middle; text-align: center; width: 53.0952%; height: 33px;\">\n<pre><span style=\"font-size: 12pt;\">Antoni Tort<\/span><\/pre>\n<\/td>\n<\/tr>\n<tr style=\"height: 21px;\">\n<td style=\"border-right: 1px solid #000000; border-bottom: 1px solid #000000; border-left: 1px solid #000000; overflow: hidden; padding: 2px 3px; vertical-align: middle; white-space: normal; overflow-wrap: break-word; width: 41.0495%; height: 33px;\">\n<pre><span style=\"font-size: 12pt;\">INS Olivar Gran -Figueres<\/span><\/pre>\n<\/td>\n<td style=\"border-right: 1px solid #000000; border-bottom: 1px solid #000000; overflow: hidden; padding: 2px 3px; vertical-align: middle; font-family: Arial; font-size: 11pt; font-weight: normal; text-align: center; width: 12.9188%; height: 33px;\">\n<pre><span style=\"font-size: 12pt;\">28\/2\/18<\/span><\/pre>\n<\/td>\n<td style=\"border-right: 1px solid #000000; border-bottom: 1px solid #000000; overflow: hidden; padding: 2px 3px; vertical-align: middle; text-align: center; width: 26.0254%; height: 33px;\">\n<pre><span style=\"font-size: 12pt;\">15.30 h<\/span><\/pre>\n<\/td>\n<td style=\"border-right: 1px solid #000000; border-bottom: 1px solid #000000; overflow: hidden; padding: 2px 3px; vertical-align: middle; text-align: center; width: 53.0952%; height: 33px;\">\n<pre><span style=\"font-size: 12pt;\">Jordi Collet<\/span><\/pre>\n<\/td>\n<\/tr>\n<tr style=\"height: 21px;\">\n<td style=\"border-right: 1px solid #000000; border-bottom: 1px solid #000000; border-left: 1px solid #000000; overflow: hidden; padding: 2px 3px; vertical-align: middle; white-space: normal; overflow-wrap: break-word; width: 41.0495%; height: 33px;\">\n<pre><span style=\"font-size: 12pt;\">INS Ramon Muntaner -Figueres<\/span><\/pre>\n<\/td>\n<td style=\"border-right: 1px solid #000000; border-bottom: 1px solid #000000; overflow: hidden; padding: 2px 3px; vertical-align: middle; font-family: Calibri; font-size: 11pt; font-weight: normal; text-align: center; width: 12.9188%; height: 33px;\">\n<pre><span style=\"font-size: 12pt;\">15\/1\/18<\/span><\/pre>\n<\/td>\n<td style=\"border-right: 1px solid #000000; border-bottom: 1px solid #000000; overflow: hidden; padding: 2px 3px; vertical-align: middle; text-align: center; width: 26.0254%; height: 33px;\">\n<pre><span style=\"font-size: 12pt;\">15.30 h<\/span><\/pre>\n<\/td>\n<td style=\"border-right: 1px solid #000000; border-bottom: 1px solid #000000; overflow: hidden; padding: 2px 3px; vertical-align: middle; text-align: center; width: 53.0952%; height: 33px;\">\n<pre><span style=\"font-size: 12pt;\">Jordi Collet<\/span><\/pre>\n<\/td>\n<\/tr>\n<tr style=\"height: 21px;\">\n<td style=\"border-right: 1px solid #000000; border-bottom: 1px solid #000000; border-left: 1px solid #000000; overflow: hidden; padding: 2px 3px; vertical-align: middle; white-space: normal; overflow-wrap: break-word; width: 41.0495%; height: 27px;\">\n<pre><span style=\"font-size: 12pt;\">INS La Jonquera<\/span><\/pre>\n<\/td>\n<td style=\"border-right: 1px solid #000000; border-bottom: 1px solid #000000; overflow: hidden; padding: 2px 3px; vertical-align: middle; font-family: Arial; font-size: 9pt; font-weight: normal; color: #000000; text-align: center; width: 12.9188%; height: 27px;\">\n<pre><span style=\"font-size: 12pt;\">06\/02\/18<\/span><\/pre>\n<\/td>\n<td style=\"border-right: 1px solid #000000; border-bottom: 1px solid #000000; overflow: hidden; padding: 2px 3px; vertical-align: middle; text-align: center; width: 26.0254%; height: 27px;\">\n<pre><span style=\"font-size: 12pt;\">15.30 h<\/span><\/pre>\n<\/td>\n<td style=\"border-right: 1px solid #000000; border-bottom: 1px solid #000000; overflow: hidden; padding: 2px 3px; vertical-align: middle; text-align: center; width: 53.0952%; height: 27px;\">\n<pre><span style=\"font-size: 12pt;\">Antoni Tort<\/span><\/pre>\n<\/td>\n<\/tr>\n<tr style=\"height: 21px;\">\n<td style=\"border-right: 1px solid #000000; border-bottom: 1px solid #000000; border-left: 1px solid #000000; overflow: hidden; padding: 2px 3px; vertical-align: middle; white-space: normal; overflow-wrap: break-word; width: 41.0495%; height: 26px;\">\n<pre><span style=\"font-size: 12pt;\">INS El Pedr\u00f3<\/span><\/pre>\n<\/td>\n<td style=\"border-right: 1px solid #000000; border-bottom: 1px solid #000000; overflow: hidden; padding: 2px 3px; vertical-align: middle; font-family: Calibri; font-size: 11pt; font-weight: normal; text-align: center; width: 12.9188%; height: 26px;\">\n<pre><span style=\"font-size: 12pt;\">31\/1\/18<\/span><\/pre>\n<\/td>\n<td style=\"border-right: 1px solid #000000; border-bottom: 1px solid #000000; overflow: hidden; padding: 2px 3px; vertical-align: middle; text-align: center; width: 26.0254%; height: 26px;\">\n<pre><span style=\"font-size: 12pt;\">16.00 h<\/span><\/pre>\n<\/td>\n<td style=\"border-right: 1px solid #000000; border-bottom: 1px solid #000000; overflow: hidden; padding: 2px 3px; vertical-align: middle; text-align: center; width: 53.0952%; height: 26px;\">\n<pre><span style=\"font-size: 12pt;\">Jordi Collet<\/span><\/pre>\n<\/td>\n<\/tr>\n<tr style=\"height: 21px;\">\n<td style=\"border-right: 1px solid #000000; border-bottom: 1px solid #000000; border-left: 1px solid #000000; overflow: hidden; padding: 2px 3px; vertical-align: middle; white-space: normal; overflow-wrap: break-word; width: 41.0495%; height: 24px;\">\n<pre><span style=\"font-size: 12pt;\">INS Cap Norfeu<\/span><\/pre>\n<\/td>\n<td style=\"border-right: 1px solid #000000; border-bottom: 1px solid #000000; overflow: hidden; padding: 2px 3px; vertical-align: middle; font-family: Calibri; font-size: 11pt; font-weight: normal; text-align: center; width: 12.9188%; height: 24px;\">\n<pre><span style=\"font-size: 12pt;\">24\/1\/18<\/span><\/pre>\n<\/td>\n<td style=\"border-right: 1px solid #000000; border-bottom: 1px solid #000000; overflow: hidden; padding: 2px 3px; vertical-align: middle; text-align: center; width: 26.0254%; height: 24px;\">\n<pre><span style=\"font-size: 12pt;\">16:15 h<\/span><\/pre>\n<\/td>\n<td style=\"border-right: 1px solid #000000; border-bottom: 1px solid #000000; overflow: hidden; padding: 2px 3px; vertical-align: middle; text-align: center; width: 53.0952%; height: 24px;\">\n<pre><span style=\"font-size: 12pt;\">Antoni Tort<\/span><\/pre>\n<\/td>\n<\/tr>\n<tr style=\"height: 21px;\">\n<td style=\"border-right: 1px solid #000000; border-bottom: 1px solid #000000; border-left: 1px solid #000000; overflow: hidden; padding: 2px 3px; vertical-align: middle; white-space: normal; overflow-wrap: break-word; width: 41.0495%; height: 32px;\">\n<pre><span style=\"font-size: 12pt;\">INS Illa de Rodes<\/span><\/pre>\n<\/td>\n<td style=\"border-right: 1px solid #000000; border-bottom: 1px solid #000000; overflow: hidden; padding: 2px 3px; vertical-align: middle; font-family: Calibri; font-size: 11pt; font-weight: normal; text-align: center; width: 12.9188%; height: 32px;\">\n<pre><span style=\"font-size: 12pt;\">17\/1\/18<\/span><\/pre>\n<\/td>\n<td style=\"border-right: 1px solid #000000; border-bottom: 1px solid #000000; overflow: hidden; padding: 2px 3px; vertical-align: middle; text-align: center; width: 26.0254%; height: 32px;\">\n<pre><span style=\"font-size: 12pt;\">16.00 h<\/span><\/pre>\n<\/td>\n<td style=\"border-right: 1px solid #000000; border-bottom: 1px solid #000000; overflow: hidden; padding: 2px 3px; vertical-align: middle; text-align: center; width: 53.0952%; height: 32px;\">\n<pre><span style=\"font-size: 12pt;\">Jordi Collet<\/span><\/pre>\n<\/td>\n<\/tr>\n<\/tbody>\n<\/table>\n<div style=\"text-align: center;\"><\/div>\n<div><\/div>\n<div>\n<hr \/>\n<\/div>\n<div style=\"text-align: left;\"><b style=\"color: #cc0000; font-family: Tahoma; font-size: medium; white-space: pre-wrap;\"> Altres recursos<\/b><\/div>\n<div style=\"text-align: left;\"><span style=\"font-size: 13.3333px; background-color: transparent;\">\u00a0<\/span><\/div>\n<ul>\n<li style=\"text-align: left;\"><span style=\"font-size: 12pt;\"><a style=\"background-color: transparent;\" href=\"http:\/\/www.fbofill.cat\/sites\/default\/files\/555.pdf\" target=\"_blank\" rel=\"noopener\"><span style=\"color: #222222; font-family: Arial, sans-serif;\">Collet, J., &amp; Tort, A. (2011). <\/span><i style=\"color: #222222; font-family: Arial, sans-serif;\">Fam\u00edlies, escola i \u00e8xit: millorar els vincles per millorar els resultats<\/i><span style=\"color: #222222; font-family: Arial, sans-serif;\">. Fundaci\u00f3 Jaume Bofill.<\/span><\/a><\/span><\/li>\n<li style=\"text-align: left;\">\n<div style=\"font-size: 13.3333px;\"><span style=\"font-size: 12pt;\"><a href=\"http:\/\/revistas.um.es\/reifop\/article\/view\/199321\/182211\" target=\"_blank\" rel=\"noopener\"><span style=\"color: #222222; font-family: Arial, sans-serif;\">Grau, M. A. G., &amp; Barrio, B. P. (2015). La participaci\u00f3n de las familias en el sistema educativo: la percepci\u00f3n del profesorado en formaci\u00f3n. <\/span><i style=\"color: #222222; font-family: Arial, sans-serif;\">Revista Electr\u00f3nica Interuniversitaria de Formaci\u00f3n del Profesorado<\/i><span style=\"color: #222222; font-family: Arial, sans-serif;\">,\u00a0<\/span><i style=\"color: #222222; font-family: Arial, sans-serif;\">18<\/i><span style=\"color: #222222; font-family: Arial, sans-serif;\">(3), 99-112.<\/span><\/a><\/span><\/div>\n<\/li>\n<li style=\"text-align: left;\">\n<div style=\"font-size: 13.3333px;\"><span style=\"font-size: 12pt;\"><a href=\"https:\/\/play.google.com\/store\/books\/details?id=FbT5FlC2j_8C&amp;rdid=book-FbT5FlC2j_8C&amp;rdot=1&amp;source=gbs_vpt_read&amp;pcampaignid=books_booksearch_viewport\" target=\"_blank\" rel=\"noopener\"><span style=\"background-color: transparent; color: #222222; font-family: Arial, sans-serif;\">Garreta, J. (2007). <\/span><i style=\"background-color: transparent; color: #222222; font-family: Arial, sans-serif;\">Relaci\u00f3n familia-escuela<\/i><span style=\"background-color: transparent; color: #222222; font-family: Arial, sans-serif;\">. Universitat de Lleida.<\/span><\/a><\/span><\/div>\n<\/li>\n<li style=\"text-align: left;\">\n<div style=\"font-size: 13.3333px;\"><span style=\"font-size: 12pt;\"><a href=\"http:\/\/debats.cat\/sites\/default\/files\/debats\/pdf\/kidder_1.pdf\" target=\"_blank\" rel=\"noopener\"><span style=\"background-color: transparent; color: #222222; font-family: Arial, sans-serif;\">Kidder, A. (2013). <\/span><i style=\"background-color: transparent; color: #222222; font-family: Arial, sans-serif;\">El Paper de les fam\u00edlies en la millora de l&#8217;escola i del sistema educatiu<\/i><span style=\"background-color: transparent; color: #222222; font-family: Arial, sans-serif;\">. Fundaci\u00f3 Jaume Bofill.<\/span><\/a><\/span><\/div>\n<\/li>\n<li style=\"text-align: left;\">\n<div style=\"font-size: 13.3333px;\"><span style=\"background-color: transparent; vertical-align: baseline; font-size: 12pt;\"><span style=\"color: #000000;\"><a style=\"font-family: Arial; white-space: pre-wrap; background-color: transparent;\" href=\"http:\/\/www.fbofill.cat\/publicacions\/com-redissenyar-les-reunions-amb-les-families\">http:\/\/www.fbofill.cat\/publicacions\/com-redissenyar-les-reunions-amb-les-families<\/a><\/span><\/span><\/div>\n<\/li>\n<li style=\"text-align: left;\">\n<div style=\"font-size: 13.3333px;\"><span style=\"background-color: transparent; font-family: Arial; font-size: 12pt; vertical-align: baseline; white-space: pre-wrap;\"><span style=\"color: #000000;\"><a style=\"background-color: transparent; font-family: Arial;\" href=\"http:\/\/bloc.edubcn.cat\/2016\/09\/com-millorar-les-reunions-amb-les-families\/#.WgLosWjWzcs\">http:\/\/bloc.edubcn.cat\/2016\/09\/com-millorar-les-reunions-amb-les-families\/#.WgLosWjWzcs<\/a><\/span><\/span><\/div>\n<div><\/div>\n<div><\/div>\n<div><\/div>\n<\/li>\n<\/ul>\n<p><!--FILA 1--><\/p>\n<div class=\"fila;\" style=\"display: flex; align-items: center; justify-content: center;\">\n<div class=\"columna\" style=\"width: 40%; text-align: center;\"><iframe loading=\"lazy\" style=\"border: 0px #ffffff none;\" src=\"https:\/\/drive.google.com\/file\/d\/1J6vXQ2XVqM1lqcN8knpzhcs4BGREvEpz\/preview\" name=\"myiFrame\" width=\"600px\" height=\"570px\" frameborder=\"1\" marginwidth=\"0px\" marginheight=\"0px\" scrolling=\"no\" allowfullscreen=\"allowfullscreen\"><\/iframe><\/div>\n<div class=\"columna\" style=\"width: 40%; text-align: center;\"><iframe loading=\"lazy\" style=\"border: 0px #ffffff none;\" src=\"https:\/\/drive.google.com\/file\/d\/1Vt4Vd7Lm-rtYLw1G84PHsp5rLxN6CRo4\/preview\" name=\"myiFrame\" width=\"600px\" height=\"570px\" frameborder=\"1\" marginwidth=\"0px\" marginheight=\"0px\" scrolling=\"no\" allowfullscreen=\"allowfullscreen\"><\/iframe><\/div>\n<\/div>\n","protected":false},"excerpt":{"rendered":"<p>Millors vincles, millors resultats? La relaci\u00f3 entre docents i fam\u00edlies per a l&#8217;\u00e8xit acad\u00e8mic de tot l&#8217;alumnat. Dels resultats que ens ha proporcionat l\u2019informe PISA 2012 que, en termes de resultats globals s\u00f3n semblants als de les edicions anteriors, ens permeten destacar tres dades: que l&#8217;equitat empitjora, que el nombre d\u2019alumnes resilients baixa (fills\/es de [&hellip;]<\/p>\n","protected":false},"author":4,"featured_media":0,"parent":24407,"menu_order":0,"comment_status":"closed","ping_status":"closed","template":"page-templates\/side-menu.php","meta":{"_bbp_topic_count":0,"_bbp_reply_count":0,"_bbp_total_topic_count":0,"_bbp_total_reply_count":0,"_bbp_voice_count":0,"_bbp_anonymous_reply_count":0,"_bbp_topic_count_hidden":0,"_bbp_reply_count_hidden":0,"_bbp_forum_subforum_count":0,"site-sidebar-layout":"default","site-content-layout":"","ast-site-content-layout":"","site-content-style":"default","site-sidebar-style":"default","ast-global-header-display":"","ast-banner-title-visibility":"","ast-main-header-display":"","ast-hfb-above-header-display":"","ast-hfb-below-header-display":"","ast-hfb-mobile-header-display":"","site-post-title":"","ast-breadcrumbs-content":"","ast-featured-img":"","footer-sml-layout":"","theme-transparent-header-meta":"","adv-header-id-meta":"","stick-header-meta":"","header-above-stick-meta":"","header-main-stick-meta":"","header-below-stick-meta":"","astra-migrate-meta-layouts":"default","ast-page-background-enabled":"default","ast-page-background-meta":{"desktop":{"background-color":"var(--ast-global-color-4)","background-image":"","background-repeat":"repeat","background-position":"center center","background-size":"auto","background-attachment":"scroll","background-type":"","background-media":"","overlay-type":"","overlay-color":"","overlay-opacity":"","overlay-gradient":""},"tablet":{"background-color":"","background-image":"","background-repeat":"repeat","background-position":"center center","background-size":"auto","background-attachment":"scroll","background-type":"","background-media":"","overlay-type":"","overlay-color":"","overlay-opacity":"","overlay-gradient":""},"mobile":{"background-color":"","background-image":"","background-repeat":"repeat","background-position":"center center","background-size":"auto","background-attachment":"scroll","background-type":"","background-media":"","overlay-type":"","overlay-color":"","overlay-opacity":"","overlay-gradient":""}},"ast-content-background-meta":{"desktop":{"background-color":"var(--ast-global-color-5)","background-image":"","background-repeat":"repeat","background-position":"center center","background-size":"auto","background-attachment":"scroll","background-type":"","background-media":"","overlay-type":"","overlay-color":"","overlay-opacity":"","overlay-gradient":""},"tablet":{"background-color":"var(--ast-global-color-5)","background-image":"","background-repeat":"repeat","background-position":"center center","background-size":"auto","background-attachment":"scroll","background-type":"","background-media":"","overlay-type":"","overlay-color":"","overlay-opacity":"","overlay-gradient":""},"mobile":{"background-color":"var(--ast-global-color-5)","background-image":"","background-repeat":"repeat","background-position":"center center","background-size":"auto","background-attachment":"scroll","background-type":"","background-media":"","overlay-type":"","overlay-color":"","overlay-opacity":"","overlay-gradient":""}},"footnotes":""},"class_list":["post-16456","page","type-page","status-publish","hentry"],"post_mailing_queue_ids":[],"_links":{"self":[{"href":"https:\/\/serveiseducatius.xtec.cat\/altemporda\/wp-json\/wp\/v2\/pages\/16456","targetHints":{"allow":["GET"]}}],"collection":[{"href":"https:\/\/serveiseducatius.xtec.cat\/altemporda\/wp-json\/wp\/v2\/pages"}],"about":[{"href":"https:\/\/serveiseducatius.xtec.cat\/altemporda\/wp-json\/wp\/v2\/types\/page"}],"author":[{"embeddable":true,"href":"https:\/\/serveiseducatius.xtec.cat\/altemporda\/wp-json\/wp\/v2\/users\/4"}],"replies":[{"embeddable":true,"href":"https:\/\/serveiseducatius.xtec.cat\/altemporda\/wp-json\/wp\/v2\/comments?post=16456"}],"version-history":[{"count":6,"href":"https:\/\/serveiseducatius.xtec.cat\/altemporda\/wp-json\/wp\/v2\/pages\/16456\/revisions"}],"predecessor-version":[{"id":24433,"href":"https:\/\/serveiseducatius.xtec.cat\/altemporda\/wp-json\/wp\/v2\/pages\/16456\/revisions\/24433"}],"up":[{"embeddable":true,"href":"https:\/\/serveiseducatius.xtec.cat\/altemporda\/wp-json\/wp\/v2\/pages\/24407"}],"wp:attachment":[{"href":"https:\/\/serveiseducatius.xtec.cat\/altemporda\/wp-json\/wp\/v2\/media?parent=16456"}],"curies":[{"name":"wp","href":"https:\/\/api.w.org\/{rel}","templated":true}]}}