{"id":14642,"date":"2021-11-03T15:53:13","date_gmt":"2021-11-03T14:53:13","guid":{"rendered":"https:\/\/serveiseducatius.xtec.cat\/altemporda\/?page_id=14642"},"modified":"2021-11-03T16:08:41","modified_gmt":"2021-11-03T15:08:41","slug":"12-lus-de-suport-audiovisual","status":"publish","type":"page","link":"https:\/\/serveiseducatius.xtec.cat\/altemporda\/concurs-oratoria-alt-emporda\/lart-de-parlar\/12-lus-de-suport-audiovisual\/","title":{"rendered":"12. L&#8217;\u00fas de suport audiovisual"},"content":{"rendered":"<p><span style=\"font-size: 13.6000003814697px; line-height: 17.0666656494141px;\">[<\/span><a style=\"font-size: 13.6000003814697px; line-height: 17.0666656494141px;\" href=\"https:\/\/sites.google.com\/a\/xtec.cat\/concurs-d-oratoria-juvenil-de-l-alt-emporda\/l-art-de-parlar\" target=\"_blank\" rel=\"noopener\">Torna a l&#8217;\u00edndex<\/a><span style=\"font-size: 13.6000003814697px; line-height: 17.0666656494141px;\">]<\/span><\/p>\n<div style=\"line-height: 17.0666656494141px;\">\n<p style=\"text-align: justify;\"><b style=\"font-size: 10pt; line-height: 17.0666656494141px; text-align: left; background-color: transparent;\"><span lang=\"CA\" style=\"font-family: Verdana,sans-serif; color: white; background-color: #990000;\">Fitxa 12: L&#8217;\u00fas de suport audiovisual \u00a0\u00a0<\/span><\/b><\/p>\n<\/div>\n<div>\n<div style=\"line-height: 17.0666656494141px;\">\n<p style=\"background: #c0504d;\"><b><span lang=\"CA\" style=\"font-family: Verdana,sans-serif; color: white;\">Descriptor<\/span><\/b><\/p>\n<div style=\"border: solid windowtext 1.0pt; padding: 1.0pt 4.0pt 1.0pt 4.0pt;\">\n<div style=\"line-height: 17.0666656494141px;\">\n<p style=\"font-size: 13.6px; line-height: 17.0667px; text-align: center;\"><span lang=\"CA\"><span style=\"font-family: verdana, sans-serif; font-size: small;\"><b><span style=\"color: #000000;\">L&#8217;h\u00e0bit no fa el monjo (o s\u00ed)<\/span>.<br \/>\n<\/b><\/span><\/span><\/p>\n<p style=\"font-size: 13.6px; line-height: 17.0667px; text-align: center;\"><span lang=\"CA\"><span style=\"font-family: verdana, sans-serif; font-size: small;\">\u00a0<\/span><\/span><\/p>\n<p style=\"font-size: 13.6000003814697px; line-height: 17.0666656494141px; text-align: justify;\"><span lang=\"CA\"><span style=\"font-family: verdana, sans-serif; font-size: small;\">Un discurs o presentaci\u00f3 oral es pot enriquir utilitzant suport visual. Actualment \u00e9s molt com\u00fa assistir a una confer\u00e8ncia i que l\u2019orador s\u2019ajudi de mitjans audiovisuals, per\u00f2 no sempre ha estat aix\u00ed.<\/span><\/span><\/p>\n<p style=\"font-size: 13.6000003814697px; line-height: 17.0666656494141px; text-align: justify;\"><span lang=\"CA\"><span style=\"font-family: verdana, sans-serif; font-size: small;\">Una de les arts m\u00e9s importants durant l\u2019\u00e8poca cl\u00e0ssica va ser l\u2019orat\u00f2ria. Els grans fil\u00f2sofs grecs eren experts en l\u2019art del discurs per\u00f2 no empraven cap suport audiovisual, tal com entenem avui dia. No obstant, no hem d\u2019oblidar que s\u00ed s\u2019ajudaven dels moviments corporals per copsar l\u2019atenci\u00f3 del seu p\u00fablic. Avui dia \u00e9s freq\u00fcent utilitzar diferents programes inform\u00e0tics de presentaci\u00f3 com \u201cPowerpoint\u201d o \u201cPrezzi\u201d. Fa uns anys, en qu\u00e8 encara no existien els ordinadors, els oradors tamb\u00e9 utilitzaven alguns recursos visuals com el rotafolis o\u00a0<i>flip chart<\/i>\u00a0(tr\u00edpode que suportava un taulell amb fulls grans DIN A0 o DIN A1) o el retroprojector (aparell que servia per projectar sobre una pantalla o paret blanca el contingut d\u2019unes transpar\u00e8ncies).\u00a0\u00a0<\/span><\/span><\/p>\n<p style=\"font-size: 13.6000003814697px; line-height: 17.0666656494141px; text-align: justify;\"><span lang=\"CA\"><span style=\"font-family: verdana, sans-serif; font-size: small;\">Les persones assimilen les idees que com a oradors volem transmetre a trav\u00e9s de diferents sentits. El m\u00e9s important \u00e9s l\u2019o\u00efda, per\u00f2 no hem de desestimar-ne d\u2019altres com la vista, ja que la nostra societat \u00e9s molt visual. Per tant, el recolzament audiovisual \u00e9s un complement ideal tot i que \u00e9s prescindible.<\/span><\/span><\/p>\n<p style=\"font-size: 13.6000003814697px; line-height: 17.0666656494141px; text-align: justify;\"><span lang=\"CA\"><span style=\"font-family: verdana, sans-serif; font-size: small;\">Cal tenir clar que un dels objectius del suport audiovisual \u00e9s el d\u2019ajudar l\u2019orador; \u00e9s a dir, ha de servir per captar l\u2019atenci\u00f3 del p\u00fablic i perqu\u00e8 el discurs sigui m\u00e9s am\u00e8.<\/span><\/span><\/p>\n<\/div>\n<div style=\"font-size: 13.6000003814697px; line-height: 17.0666656494141px;\"><\/div>\n<\/div>\n<p style=\"background: #c0504d;\"><b><span lang=\"CA\" style=\"font-family: Verdana,sans-serif; color: white;\">Idees clau<\/span><span lang=\"CA\" style=\"font-family: Verdana,sans-serif;\"><span style=\"color: #ffffff; font-size: xx-small;\">\u00a0<\/span><\/span><\/b><\/p>\n<div style=\"border: solid windowtext 1.0pt; padding: 1.0pt 4.0pt 1.0pt 4.0pt;\">\n<p style=\"border: none; padding: 0cm;\"><span lang=\"CA\" style=\"font-family: Verdana,sans-serif;\">\u00a0<\/span><span lang=\"CA\" style=\"line-height: 17.0666656494141px; text-align: justify; font-family: verdana,sans-serif; font-size: small; background-color: transparent;\">b)<span style=\"font-stretch: normal; line-height: normal;\">\u00a0\u00a0<\/span><\/span><span lang=\"CA\" style=\"line-height: 17.0666656494141px; text-align: justify; font-family: verdana,sans-serif; font-size: small; background-color: transparent;\">Consells<\/span><\/p>\n<p style=\"font-size: 13.6000003814697px; line-height: 17.0666656494141px; text-align: justify;\"><span lang=\"CA\"><span style=\"font-family: verdana, sans-serif; font-size: small;\">\u00b7 No s\u2019ha de basar el discurs nom\u00e9s en all\u00f2 que es projecta.<\/span><\/span><\/p>\n<p style=\"font-size: 13.6000003814697px; line-height: 17.0666656494141px; text-align: justify;\"><span lang=\"CA\"><span style=\"font-family: verdana, sans-serif; font-size: small;\">\u00b7 Quan es prepara la presentaci\u00f3, s\u2019ha d\u2019estar segur que es dominen els mitjans t\u00e8cnics, de manera que, si sorgissin imprevistos, no impossibilitarien realitzar-la amb \u00e8xit.<\/span><\/span><\/p>\n<p style=\"font-size: 13.6000003814697px; line-height: 17.0666656494141px; text-align: justify;\"><span lang=\"CA\"><span style=\"font-family: verdana, sans-serif; font-size: small;\">\u00b7 S\u2019ha de tenir en compte el camp de visi\u00f3 des de tots els punts.<\/span><\/span><\/p>\n<p style=\"font-size: 13.6000003814697px; line-height: 17.0666656494141px; text-align: justify;\"><span lang=\"CA\"><span style=\"font-family: verdana, sans-serif; font-size: small;\">\u00b7 Utilitzar imatges senzilles i atractives.<\/span><\/span><span lang=\"CA\" style=\"font-family: Verdana,sans-serif;\">\u00a0<\/span><\/p>\n<\/div>\n<p style=\"background: #c0504d;\"><b><span lang=\"CA\" style=\"font-family: Verdana,sans-serif; color: white;\">Pr\u00e0ctica\u00a0<\/span><\/b><span style=\"color: #ffffff; font-family: verdana,sans-serif; font-size: x-small; line-height: 17.0666656494141px;\">(exercici pr\u00e0ctic que ha de fer l&#8217;alumnat en refer\u00e8ncia al cap\u00edtol)<\/span><\/p>\n<div style=\"border: solid windowtext 1.0pt; padding: 1.0pt 4.0pt 1.0pt 4.0pt;\"><center><iframe loading=\"lazy\" src=\"https:\/\/docs.google.com\/file\/d\/0B0zHBF5nyE_QMHBWVUpZSnRwS1E\/preview?resourcekey=0-bDPLH9obOEwURgIgDlTlTQ\" width=\"680\" height=\"450\"><\/iframe><\/center>&nbsp;<\/p>\n<p><center><iframe loading=\"lazy\" src=\"https:\/\/docs.google.com\/file\/d\/0B0zHBF5nyE_Qb3k5TF9ZdEJPUWs\/preview?resourcekey=0-Ye3Hkzrl3rnOD_dbJxzcbQ\" width=\"680\" height=\"400\"><\/iframe><\/center>&nbsp;<\/p>\n<p style=\"border: none; padding: 0cm;\"><span lang=\"CA\" style=\"font-family: Verdana,sans-serif;\"><b><u><span style=\"color: #660000;\">Activitat 1<\/span><\/u><\/b><\/span><\/p>\n<p style=\"font-size: 13.3333330154419px; line-height: 17.0666656494141px; border: none; padding: 0cm;\"><span lang=\"CA\" style=\"font-family: Verdana,sans-serif;\">Visualitza les dues presentacions que hi ha a l&#8217;apartat de recursos i respon les seg\u00fcents preguntes:<\/span><\/p>\n<p style=\"font-size: 13.3333330154419px; line-height: 17.0666656494141px; border: none; padding: 0cm;\"><span lang=\"CA\" style=\"font-family: Verdana,sans-serif;\">\u00b7 Tenint en compte que la presentaci\u00f3 va ser pensada per recolzar una exposici\u00f3 oral, quina creus que \u00e9s m\u00e9s adient? Justifica la teva resposta.<\/span><\/p>\n<p style=\"font-size: 13.3333330154419px; line-height: 17.0666656494141px; border: none; padding: 0cm;\"><span lang=\"CA\" style=\"font-family: Verdana,sans-serif;\">\u00b7 T&#8217;has fixat en tot all\u00f2 escrit a la presentaci\u00f3 de &#8220;La ciutat&#8221;? Detecta-hi les errades.\u00a0<\/span><\/p>\n<\/div>\n<\/div>\n<div style=\"font-size: 13.6000003814697px; line-height: 17.0666656494141px;\">\n<div style=\"font-size: 13.6000003814697px; line-height: 17.0666656494141px;\"><\/div>\n<div style=\"font-size: 13.6000003814697px; line-height: 17.0666656494141px;\"><span style=\"font-family: verdana, sans-serif; font-size: small;\">\u00a0<\/span><\/div>\n<div style=\"font-size: 13.6000003814697px; line-height: 17.0666656494141px;\"><span style=\"font-family: verdana, sans-serif; font-size: small;\">\u00a0<\/span><\/div>\n<\/div>\n<\/div>\n","protected":false},"excerpt":{"rendered":"<p>[Torna a l&#8217;\u00edndex] Fitxa 12: L&#8217;\u00fas de suport audiovisual \u00a0\u00a0 Descriptor L&#8217;h\u00e0bit no fa el monjo (o s\u00ed). \u00a0 Un discurs o presentaci\u00f3 oral es pot enriquir utilitzant suport visual. Actualment \u00e9s molt com\u00fa assistir a una confer\u00e8ncia i que l\u2019orador s\u2019ajudi de mitjans audiovisuals, per\u00f2 no sempre ha estat aix\u00ed. Una de les arts [&hellip;]<\/p>\n","protected":false},"author":71,"featured_media":0,"parent":14322,"menu_order":12,"comment_status":"closed","ping_status":"closed","template":"","meta":{"_bbp_topic_count":0,"_bbp_reply_count":0,"_bbp_total_topic_count":0,"_bbp_total_reply_count":0,"_bbp_voice_count":0,"_bbp_anonymous_reply_count":0,"_bbp_topic_count_hidden":0,"_bbp_reply_count_hidden":0,"_bbp_forum_subforum_count":0,"site-sidebar-layout":"default","site-content-layout":"","ast-site-content-layout":"","site-content-style":"default","site-sidebar-style":"default","ast-global-header-display":"","ast-banner-title-visibility":"","ast-main-header-display":"","ast-hfb-above-header-display":"","ast-hfb-below-header-display":"","ast-hfb-mobile-header-display":"","site-post-title":"","ast-breadcrumbs-content":"","ast-featured-img":"","footer-sml-layout":"","theme-transparent-header-meta":"","adv-header-id-meta":"","stick-header-meta":"","header-above-stick-meta":"","header-main-stick-meta":"","header-below-stick-meta":"","astra-migrate-meta-layouts":"default","ast-page-background-enabled":"default","ast-page-background-meta":{"desktop":{"background-color":"var(--ast-global-color-4)","background-image":"","background-repeat":"repeat","background-position":"center center","background-size":"auto","background-attachment":"scroll","background-type":"","background-media":"","overlay-type":"","overlay-color":"","overlay-opacity":"","overlay-gradient":""},"tablet":{"background-color":"","background-image":"","background-repeat":"repeat","background-position":"center center","background-size":"auto","background-attachment":"scroll","background-type":"","background-media":"","overlay-type":"","overlay-color":"","overlay-opacity":"","overlay-gradient":""},"mobile":{"background-color":"","background-image":"","background-repeat":"repeat","background-position":"center center","background-size":"auto","background-attachment":"scroll","background-type":"","background-media":"","overlay-type":"","overlay-color":"","overlay-opacity":"","overlay-gradient":""}},"ast-content-background-meta":{"desktop":{"background-color":"var(--ast-global-color-5)","background-image":"","background-repeat":"repeat","background-position":"center center","background-size":"auto","background-attachment":"scroll","background-type":"","background-media":"","overlay-type":"","overlay-color":"","overlay-opacity":"","overlay-gradient":""},"tablet":{"background-color":"var(--ast-global-color-5)","background-image":"","background-repeat":"repeat","background-position":"center center","background-size":"auto","background-attachment":"scroll","background-type":"","background-media":"","overlay-type":"","overlay-color":"","overlay-opacity":"","overlay-gradient":""},"mobile":{"background-color":"var(--ast-global-color-5)","background-image":"","background-repeat":"repeat","background-position":"center center","background-size":"auto","background-attachment":"scroll","background-type":"","background-media":"","overlay-type":"","overlay-color":"","overlay-opacity":"","overlay-gradient":""}},"footnotes":""},"class_list":["post-14642","page","type-page","status-publish","hentry"],"post_mailing_queue_ids":[],"_links":{"self":[{"href":"https:\/\/serveiseducatius.xtec.cat\/altemporda\/wp-json\/wp\/v2\/pages\/14642","targetHints":{"allow":["GET"]}}],"collection":[{"href":"https:\/\/serveiseducatius.xtec.cat\/altemporda\/wp-json\/wp\/v2\/pages"}],"about":[{"href":"https:\/\/serveiseducatius.xtec.cat\/altemporda\/wp-json\/wp\/v2\/types\/page"}],"author":[{"embeddable":true,"href":"https:\/\/serveiseducatius.xtec.cat\/altemporda\/wp-json\/wp\/v2\/users\/71"}],"replies":[{"embeddable":true,"href":"https:\/\/serveiseducatius.xtec.cat\/altemporda\/wp-json\/wp\/v2\/comments?post=14642"}],"version-history":[{"count":3,"href":"https:\/\/serveiseducatius.xtec.cat\/altemporda\/wp-json\/wp\/v2\/pages\/14642\/revisions"}],"predecessor-version":[{"id":14650,"href":"https:\/\/serveiseducatius.xtec.cat\/altemporda\/wp-json\/wp\/v2\/pages\/14642\/revisions\/14650"}],"up":[{"embeddable":true,"href":"https:\/\/serveiseducatius.xtec.cat\/altemporda\/wp-json\/wp\/v2\/pages\/14322"}],"wp:attachment":[{"href":"https:\/\/serveiseducatius.xtec.cat\/altemporda\/wp-json\/wp\/v2\/media?parent=14642"}],"curies":[{"name":"wp","href":"https:\/\/api.w.org\/{rel}","templated":true}]}}