{"id":14425,"date":"2021-10-28T12:43:56","date_gmt":"2021-10-28T10:43:56","guid":{"rendered":"https:\/\/serveiseducatius.xtec.cat\/altemporda\/?page_id=14425"},"modified":"2021-11-03T17:50:18","modified_gmt":"2021-11-03T16:50:18","slug":"els-millors-discursos-de-la-historia","status":"publish","type":"page","link":"https:\/\/serveiseducatius.xtec.cat\/altemporda\/concurs-oratoria-alt-emporda\/recursos-educatius\/els-millors-discursos-de-la-historia\/","title":{"rendered":"Els millors discursos de la hist\u00f2ria"},"content":{"rendered":"<h3 id=\"sites-page-title-header\" align=\"left\"><span id=\"sites-page-title\" dir=\"ltr\" tabindex=\"-1\">Els millors discursos de la hist\u00f2ria<\/span><\/h3>\n<div id=\"sites-canvas-main\" class=\"sites-canvas-main\">\n<div id=\"sites-canvas-main-content\">\n<div dir=\"ltr\">\n<div>\n<div>\n<div>\n<div>\n<p><span style=\"font-family: verdana, sans-serif; font-size: 12pt;\"><span style=\"font-family: verdana, sans-serif; font-size: 12pt;\">En aquest apartat trobareu diferents registres de discursos que podreu visualitzar i analitzar a classe per preparar les vostres exposicions.<\/span><\/span><\/p>\n<hr \/>\n<h4 style=\"text-align: left;\"><strong><span style=\"font-family: verdana, sans-serif; font-size: 12pt;\">\u00a0<\/span><span style=\"font-size: 12pt;\"><span style=\"color: #993300;\">0.\u00a0<\/span>Estudiants i mestres.<\/span><\/strong><\/h4>\n<\/div>\n<\/div>\n<div class=\"sites-embed-align-center-wrapping-off\" style=\"text-align: center;\">\n<div class=\"sites-embed-border-off sites-embed\">\n<div class=\"sites-embed-content sites-embed-type-youtube\">\n<p><iframe loading=\"lazy\" class=\"youtube-player\" title=\"YouTube video player\" src=\"https:\/\/www.youtube.com\/embed\/tkfHi5t5RAk?rel=0&amp;wmode=opaque\" width=\"480\" height=\"270\" frameborder=\"0\" allowfullscreen=\"allowfullscreen\" data-mce-fragment=\"1\"><\/iframe><\/p>\n<hr \/>\n<\/div>\n<\/div>\n<\/div>\n<\/div>\n<\/div>\n<h4 style=\"text-align: left;\"><span style=\"font-family: verdana, sans-serif; font-size: 12pt;\"><span style=\"color: #993300;\"><b>1.<\/b> <\/span><b>Discurso de Malala Yousafzai a les Nacions Unides.<\/b><\/span><\/h4>\n<p style=\"text-align: left;\"><span style=\"font-family: verdana, sans-serif; font-size: 12pt;\">Malala Yousafzai, la joven a qui\u00e9n un Talib\u00e1n dispar\u00f3 en 2012 por defender el derecho de las ni\u00f1as a la educaci\u00f3n, habla en las Naciones Unidas: &#8220;El talib\u00e1n fall\u00f3&#8221;.<\/span><\/p>\n<div style=\"text-align: center;\"><\/div>\n<div class=\"sites-embed-align-center-wrapping-off\">\n<div class=\"sites-embed-border-off sites-embed\">\n<div class=\"sites-embed-content sites-embed-type-youtube\" style=\"text-align: center;\"><iframe loading=\"lazy\" class=\"youtube-player\" title=\"YouTube video player\" src=\"https:\/\/www.youtube.com\/embed\/UJZHFlao88Y?rel=0&amp;wmode=opaque\" width=\"480\" height=\"270\" frameborder=\"0\" allowfullscreen=\"allowfullscreen\" data-mce-fragment=\"1\"><\/iframe><\/div>\n<\/div>\n<\/div>\n<div>\n<div>\n<hr \/>\n<\/div>\n<div>\n<h4><span style=\"font-family: verdana, sans-serif; font-size: 12pt;\"><span style=\"color: #000000;\"><span style=\"color: #993300;\">2.<\/span> <\/span>Malala Yousafzai 2014 Nobel Peace Prize Speech<\/span><\/h4>\n<\/div>\n<div>\n<p style=\"text-align: justify;\"><span style=\"font-size: 12pt;\">El comit\u00e8 del Premi Nobel de la Pau acaba de fer p\u00fablic, a Oslo, els noms dels guanyadors de l&#8217;edici\u00f3 d&#8217;aquest any, amb els quals premia la lluita a favor de l&#8217;educaci\u00f3 dels infants. Es tracta de la noia pakistanesa Malala Yousafzai, tirotejada pels talibans, i de l&#8217;activista indi pels drets dels infants Kailash Satyarthi, president de la Xarxa Global contra el Treball Infantil.<\/span><\/p>\n<p style=\"text-align: justify;\"><span style=\"font-size: 12pt;\">El comit\u00e8 els ha atorgat el premi &#8220;per la seva lluita contra la repressi\u00f3 dels nens i els joves i pel dret de tots els nens a l&#8217;educaci\u00f3&#8221;.<\/span><\/p>\n<p style=\"text-align: justify;\"><span style=\"font-size: 12pt;\">Amb un premi conjunt a un indi i una pakistanesa, de religions hind\u00fa i musulmana, el comit\u00e8 del Nobel aposta per una lluita conjunta a favor de l&#8217;educaci\u00f3 i contra els extremismes.<\/span><\/p>\n<p style=\"text-align: justify;\"><span style=\"font-size: 12pt;\">El Nobel de la Pau d&#8217;aquest any ha estat l&#8217;edici\u00f3 que aplegava m\u00e9s candidats: concretament hi havia 278 candidatures proposades per persones o entitats que optaven al premi.<\/span><\/p>\n<p><strong><span style=\"font-size: 12pt;\">Objectiu dels talibans<\/span><\/strong><\/p>\n<p style=\"text-align: justify;\"><span style=\"font-size: 12pt;\">Malala Yousafzai, de disset anys, \u00e9s una jove coneguda per la seva f\u00e8rria defensa al dret a l&#8217;educaci\u00f3 de les nenes i joves al seu pa\u00eds, el Pakistan i s&#8217;ha convertit a persona m\u00e9s jove que ha estat premiada amb el Nobel.<\/span><\/p>\n<p style=\"text-align: justify;\"><span style=\"font-size: 12pt;\">Nascuda el 12 de juliol de 1997 a la ciutat de Mingora, va comen\u00e7ar a ser coneguda per escriure un blog per a la BBC on denunciava les atrocitats del r\u00e8gim talib\u00e0 a la vall del riu Swat, la repressi\u00f3 sobre els seus habitants i la prohibici\u00f3 de l&#8217;educaci\u00f3 a les nenes.<\/span><\/p>\n<p style=\"text-align: justify;\"><span style=\"font-size: 12pt;\">El 9 d&#8217;octubre de 2012 un grup vinculat als talibans va atemptar contra ella quan anava a un autob\u00fas escolar. Li van disparar al cap i al coll i la van deixar ferida de molta gravetat. A l&#8217;hospital de Rawalpindi, prop d&#8217;Islamabad, la van operar per extreure-li la bala que tenia molt a prop de la medul\u00b7la. Sis dies despr\u00e9s la van traslladar a un hospital de Birmingham, al Regne Unit, per continuar amb la seva recuperaci\u00f3 i per fer-li la cirurgia reconstructiva de la cara, el crani i altres parts del cos.<\/span><\/p>\n<p style=\"text-align: justify;\"><span style=\"font-size: 12pt;\">Malala es va recuperar i des d&#8217;aleshores no ha fet m\u00e9s que defensar els drets dels infants i de les dones per tot el m\u00f3n i rebre premis de tota mena. A m\u00e9s, despr\u00e9s d&#8217;haver presentat un llibre on explica la seva vida i les seves idees sobre com canviar el m\u00f3n.<\/span><\/p>\n<p style=\"text-align: justify;\"><span style=\"font-size: 12pt;\">La jove pakistanesa ha rebut nombrosos premis per la seva defensa al dret a l&#8217;educaci\u00f3 femenina. L&#8217;any 2013 li van concedir tres premis: el mes de gener el premi Simone de Beauvoir a Par\u00eds, i el mes de maig va guanyar el XXV Premi Internacional Catalunya que concedeix la Generalitat i el premi Unicef a Espanya. El mes d&#8217;octubre passat se li va concedir el premi Sajarov a la Llibertat de Consci\u00e8ncia, que atorguen els presidents dels grups pol\u00edtics al Parlament Europeu.<\/span><\/p>\n<p style=\"text-align: justify;\"><span style=\"font-size: 12pt;\">Ara la jove estudia al Regne Unit perqu\u00e8 continua amena\u00e7ada de mort al seu pa\u00eds.<\/span><\/p>\n<p><strong><span style=\"font-size: 12pt;\">La jove Malala ha declarat:<\/span><\/strong><\/p>\n<p style=\"text-align: left;\"><span style=\"font-size: 12pt;\">&#8220;He rebut aquest premi, per\u00f2 aix\u00f2 no \u00e9s el final de res. De cap manera \u00e9s el final de la campanya que he comen\u00e7at. Aix\u00f2 \u00e9s el comen\u00e7ament. Vull que tots els infants vagin a l&#8217;escola. Hi ha 57 milions de nens i nenes que no reben cap mena d&#8217;educaci\u00f3, que no tenen acc\u00e9s ni a l&#8217;educaci\u00f3 prim\u00e0ria.&#8221;<\/span><\/p>\n<\/div>\n<div class=\"sites-embed-align-center-wrapping-off\" style=\"text-align: center;\">\n<div class=\"sites-embed-border-off sites-embed\">\n<div class=\"sites-embed-content sites-embed-type-youtube\"><iframe loading=\"lazy\" class=\"youtube-player\" title=\"YouTube video player\" src=\"https:\/\/www.youtube.com\/embed\/yF6HlDolATE?rel=0&amp;wmode=opaque\" width=\"480\" height=\"270\" frameborder=\"0\" allowfullscreen=\"allowfullscreen\" data-mce-fragment=\"1\"><\/iframe><\/div>\n<\/div>\n<\/div>\n<div style=\"text-align: center;\"><\/div>\n<\/div>\n<hr \/>\n<h4 style=\"text-align: left;\"><span style=\"font-family: verdana, sans-serif; font-size: 12pt;\"><b><span style=\"color: #993300;\">3.<\/span> Logan Laplante. Qu\u00e8 \u00e9s l&#8217;educaci\u00f3?<br \/>\n<\/b><\/span><\/h4>\n<p><center><iframe loading=\"lazy\" title=\"YouTube video player\" src=\"https:\/\/www.youtube.com\/embed\/5dOEr1tOe9o\" width=\"560\" height=\"315\" frameborder=\"0\" allowfullscreen=\"allowfullscreen\"><\/iframe><\/center><\/p>\n<div>\n<div class=\"sites-embed-align-center-wrapping-off\">\n<div class=\"sites-embed-border-off sites-embed\">\n<div class=\"sites-embed-content sites-embed-type-youtube\" style=\"text-align: center;\"><\/div>\n<\/div>\n<\/div>\n<div>\n<div>\n<div>\n<hr \/>\n<\/div>\n<h4><span style=\"font-size: 12pt;\"><b><span style=\"font-family: verdana, sans-serif;\"><span style=\"color: #993300;\">4. <\/span>El discurs de Joan Maria Pou en record de Tatiana Sisquella.<\/span><\/b><\/span><\/h4>\n<p style=\"text-align: left;\"><span style=\"font-family: verdana, sans-serif; font-size: 12pt;\">En l&#8217;acte d&#8217;entrega dels <b>Premis Nacionals de Comunicaci\u00f3<\/b> s&#8217;ha atorgat una Menci\u00f3 d&#8217;Honor a t\u00edtol p\u00f2stum a la periodista Tatiana Sisquella, que va morir al febrer. El seu marit, Joan Maria Pou, ha recordat en un emotiu discurs la relaci\u00f3 de Sisquella amb la comunicaci\u00f3: &#8220;Feia una r\u00e0dio espl\u00e8ndida en una situaci\u00f3 que no us la podeu ni imaginar&#8221;, ha dit.<\/span><\/p>\n<p><a href=\"https:\/\/www.ccma.cat\/tv3\/alacarta\/nom-programa\/El-discurs-de-Joan-Maria-Pou-en-record-de-Tatiana-Sisquella\/video\/5300371\/\"><img loading=\"lazy\" decoding=\"async\" class=\"aligncenter wp-image-14692\" src=\"https:\/\/serveiseducatius.xtec.cat\/altemporda\/wp-content\/uploads\/usu1156\/2021\/11\/video.png\" alt=\"\" width=\"589\" height=\"293\" srcset=\"https:\/\/serveiseducatius.xtec.cat\/altemporda\/wp-content\/uploads\/usu1156\/2021\/11\/video.png 858w, https:\/\/serveiseducatius.xtec.cat\/altemporda\/wp-content\/uploads\/usu1156\/2021\/11\/video-300x149.png 300w, https:\/\/serveiseducatius.xtec.cat\/altemporda\/wp-content\/uploads\/usu1156\/2021\/11\/video-768x382.png 768w\" sizes=\"auto, (max-width: 589px) 100vw, 589px\" \/><\/a><\/p>\n<\/div>\n<div>\n<p>&nbsp;<\/p>\n<\/div>\n<div>\n<hr \/>\n<\/div>\n<h4><span style=\"font-family: verdana, sans-serif; font-size: 12pt;\"><span style=\"color: #993300;\">5.<\/span><strong> Discurs de Pau Casals a les Nacions Unides.\u00a0<\/strong><\/span><\/h4>\n<p style=\"text-align: left;\"><span style=\"font-size: 12pt;\">En reconeixement a l&#8217;actitud de Pau Casals en defensa de la pau, els Drets humans i la identitat dels pobles, el 1971 el secretari general de les Nacions Unides, Uthant, li va lliurar la Medalla de la Pau. El discurs que Pau Casals va fer en agra\u00efment a aquesta distinci\u00f3 consta com un dels testimonis m\u00e9s emotius de la hist\u00f2ria.<\/span><\/p>\n<div class=\"sites-embed-align-center-wrapping-off\">\n<div class=\"sites-embed-border-off sites-embed\">\n<div class=\"sites-embed-content sites-embed-type-youtube\" style=\"text-align: center;\"><iframe loading=\"lazy\" class=\"youtube-player\" title=\"YouTube video player\" src=\"https:\/\/www.youtube.com\/embed\/CMWZEjERlwQ?rel=0&amp;wmode=opaque\" width=\"480\" height=\"270\" frameborder=\"0\" allowfullscreen=\"allowfullscreen\" data-mce-fragment=\"1\"><\/iframe><\/div>\n<\/div>\n<\/div>\n<\/div>\n<\/div>\n<div>\n<hr \/>\n<\/div>\n<h4><span style=\"font-family: verdana, sans-serif; font-size: 12pt;\"><span style=\"color: #993300;\"><b>6.<\/b><\/span>\u00a0<b>Discursos per a la hist\u00f2ria: John Fitzgerald Kennedy<\/b><\/span><\/h4>\n<p style=\"text-align: left;\"><span style=\"font-family: verdana, sans-serif; font-size: 12pt;\">John Fitzgerald Kennedy, Berlin Occidental, 26 de juny de 1963. Davant de 400.000 berlinesos, el president nord-americ\u00e0 pronuncia el que es considera un dels millors discursos de la hist\u00f2ria.<\/span><\/p>\n<p><a href=\"https:\/\/www.ccma.cat\/catradio\/alacarta\/nom-programa\/Discursos-per-a-la-historia-John-Fitzgerald-Kennedy\/audio\/829272\/\"><img loading=\"lazy\" decoding=\"async\" class=\" wp-image-14696 aligncenter\" src=\"https:\/\/serveiseducatius.xtec.cat\/altemporda\/wp-content\/uploads\/usu1156\/2021\/11\/Captura2-1024x488.png\" alt=\"\" width=\"508\" height=\"242\" srcset=\"https:\/\/serveiseducatius.xtec.cat\/altemporda\/wp-content\/uploads\/usu1156\/2021\/11\/Captura2-1024x488.png 1024w, https:\/\/serveiseducatius.xtec.cat\/altemporda\/wp-content\/uploads\/usu1156\/2021\/11\/Captura2-300x143.png 300w, https:\/\/serveiseducatius.xtec.cat\/altemporda\/wp-content\/uploads\/usu1156\/2021\/11\/Captura2-768x366.png 768w, https:\/\/serveiseducatius.xtec.cat\/altemporda\/wp-content\/uploads\/usu1156\/2021\/11\/Captura2-1536x732.png 1536w, https:\/\/serveiseducatius.xtec.cat\/altemporda\/wp-content\/uploads\/usu1156\/2021\/11\/Captura2.png 1858w\" sizes=\"auto, (max-width: 508px) 100vw, 508px\" \/><\/a><\/p>\n<div>\n<div><\/div>\n<hr \/>\n<\/div>\n<h4><span style=\"font-family: verdana, sans-serif; font-size: 12pt;\"><span style=\"color: #993300;\"><b>7.<\/b> <\/span><b>Emma Watson: El discurso por el que fue ovacionada en las ONU.<\/b><\/span><\/h4>\n<p style=\"text-align: left;\"><span style=\"font-family: verdana, sans-serif; font-size: 12pt;\">Emma Watson fue ovacionada el domingo en la sede central de la ONU en Nueva York tras pronunciar un discurso en favor de la igualdad de derechos entre los hombres y las mujeres en el marco de la campa\u00f1a HeForShe (&#8220;Ellos por ellas&#8221;) de la citada entidad.<\/span><\/p>\n<div style=\"text-align: center;\"><\/div>\n<div>\n<div class=\"sites-embed-align-center-wrapping-off\">\n<div class=\"sites-embed-border-off sites-embed\">\n<div class=\"sites-embed-content sites-embed-type-youtube\" style=\"text-align: center;\"><iframe loading=\"lazy\" class=\"youtube-player\" title=\"YouTube video player\" src=\"https:\/\/www.youtube.com\/embed\/rymHYhlbBmw?rel=0&amp;wmode=opaque\" width=\"433\" height=\"315\" frameborder=\"0\" allowfullscreen=\"allowfullscreen\" data-mce-fragment=\"1\"><\/iframe><\/div>\n<div>\n<hr \/>\n<\/div>\n<\/div>\n<\/div>\n<h4><span style=\"font-family: verdana, sans-serif; font-size: 12pt;\"><span style=\"color: #993300;\"><b>\u00a08. <\/b><\/span><b>Ante la ONU una ni\u00f1a que dejo en silencio a todo el mundo<\/b>.<\/span><\/h4>\n<p style=\"text-align: left;\"><span style=\"font-family: verdana, sans-serif; font-size: 12pt;\">Ante las Naciones Unidas esta ni\u00f1a dice la verdad a los mayores y les dice todo lo que tienen que oir para que se les caiga la cara de verg\u00fcenza, si lleva casi dos a\u00f1os este video colgado y tiene poco mas de 2 millones de visitas, nos demuestra que aun estamos sordos y ciegos. Hace ya casi dos a\u00f1os que sucedi\u00f3 esto, casi 2 a\u00f1os y aun no vemos ninguna reacci\u00f3n.<\/span><\/p>\n<div>\n<div class=\"sites-embed-align-center-wrapping-off\">\n<div class=\"sites-embed-border-off sites-embed\">\n<div class=\"sites-embed-content sites-embed-type-youtube\" style=\"text-align: center;\"><iframe loading=\"lazy\" class=\"youtube-player\" title=\"YouTube video player\" src=\"https:\/\/www.youtube.com\/embed\/x9ZiI6Y0CpA?rel=0&amp;wmode=opaque\" width=\"480\" height=\"270\" frameborder=\"0\" allowfullscreen=\"allowfullscreen\" data-mce-fragment=\"1\"><\/iframe><\/div>\n<\/div>\n<\/div>\n<\/div>\n<p>&nbsp;<\/p>\n<hr \/>\n<p><span style=\"font-size: 12pt;\"><strong><span dir=\"ltr\" title=\"Elevator Pitch Winner\"><span style=\"font-family: verdana, sans-serif;\"><span style=\"color: #993300;\"> 9.<\/span><span style=\"color: #222222;\"> Elevator Pitch Winner<\/span><\/span><\/span><\/strong><\/span><\/p>\n<div class=\"sites-embed-align-center-wrapping-off\">\n<div class=\"sites-embed-border-off sites-embed\">\n<div class=\"sites-embed-content sites-embed-type-youtube\" style=\"text-align: center;\"><iframe loading=\"lazy\" class=\"youtube-player\" title=\"YouTube video player\" src=\"https:\/\/www.youtube.com\/embed\/i6O98o2FRHw?rel=0&amp;wmode=opaque\" width=\"480\" height=\"270\" frameborder=\"0\" allowfullscreen=\"allowfullscreen\" data-mce-fragment=\"1\"><\/iframe><\/div>\n<\/div>\n<\/div>\n<div>\n<hr \/>\n<\/div>\n<p><span style=\"font-family: verdana, sans-serif; font-size: 12pt;\"><b><span style=\"color: #993300;\">10.<\/span>\u00a0Imagine Cup 2012 &#8211; CapStreet Elevator Pitch<\/b><\/span><\/p>\n<div class=\"sites-embed-align-center-wrapping-off\">\n<div class=\"sites-embed-border-off sites-embed\">\n<div class=\"sites-embed-content sites-embed-type-youtube\" style=\"text-align: center;\"><iframe loading=\"lazy\" class=\"youtube-player\" title=\"YouTube video player\" src=\"https:\/\/www.youtube.com\/embed\/PUzr-z03cQ0?rel=0&amp;wmode=opaque\" width=\"480\" height=\"270\" frameborder=\"0\" allowfullscreen=\"allowfullscreen\" data-mce-fragment=\"1\"><\/iframe><\/div>\n<\/div>\n<\/div>\n<div>\n<hr \/>\n<h4 style=\"text-align: left;\"><span style=\"font-family: verdana, sans-serif; font-size: 12pt;\"><span style=\"color: #993300;\"><b>11.<\/b>\u00a0<\/span><b>Elevator Pitch &#8211; Genevieve Catalano<\/b><\/span><\/h4>\n<\/div>\n<div style=\"text-align: center;\"><\/div>\n<div class=\"sites-embed-align-center-wrapping-off\">\n<div class=\"sites-embed-border-off sites-embed\">\n<div class=\"sites-embed-content sites-embed-type-youtube\" style=\"text-align: center;\"><iframe loading=\"lazy\" class=\"youtube-player\" title=\"YouTube video player\" src=\"https:\/\/www.youtube.com\/embed\/Vv1V7xn8mx8?rel=0&amp;wmode=opaque\" width=\"480\" height=\"270\" frameborder=\"0\" allowfullscreen=\"allowfullscreen\" data-mce-fragment=\"1\"><\/iframe><\/div>\n<\/div>\n<\/div>\n<div><\/div>\n<div>\n<hr \/>\n<\/div>\n<h4><span style=\"color: #993300; font-family: verdana, sans-serif; font-size: 12pt;\">Altres discursos<\/span><\/h4>\n<p><span style=\"font-family: verdana, sans-serif; font-size: 12pt;\">.\u00a0<a href=\"http:\/\/www.beersandpolitics.com\/discursos\/\" target=\"_blank\" rel=\"nofollow noopener\">La hist\u00f2ria a trav\u00e9s dels discursos dels seus liders pol\u00edtics<\/a><\/span><\/p>\n<p><span style=\"font-size: 12pt;\">. <\/span><a href=\"http:\/\/www.albertmedran.com\/2013\/01\/14\/els-millors-discursos-inaugurals-de-la-historia\/\" target=\"_blank\" rel=\"nofollow noopener\"><span style=\"font-size: 12pt;\">Els millors discursos inaugurals de la hist\u00f2ria<\/span><\/a><\/p>\n<\/div>\n<\/div>\n<\/div>\n<\/div>\n","protected":false},"excerpt":{"rendered":"<p>Els millors discursos de la hist\u00f2ria En aquest apartat trobareu diferents registres de discursos que podreu visualitzar i analitzar a classe per preparar les vostres exposicions. \u00a00.\u00a0Estudiants i mestres. 1. Discurso de Malala Yousafzai a les Nacions Unides. Malala Yousafzai, la joven a qui\u00e9n un Talib\u00e1n dispar\u00f3 en 2012 por defender el derecho de las [&hellip;]<\/p>\n","protected":false},"author":4,"featured_media":0,"parent":14327,"menu_order":0,"comment_status":"closed","ping_status":"closed","template":"","meta":{"_bbp_topic_count":0,"_bbp_reply_count":0,"_bbp_total_topic_count":0,"_bbp_total_reply_count":0,"_bbp_voice_count":0,"_bbp_anonymous_reply_count":0,"_bbp_topic_count_hidden":0,"_bbp_reply_count_hidden":0,"_bbp_forum_subforum_count":0,"site-sidebar-layout":"default","site-content-layout":"","ast-site-content-layout":"","site-content-style":"default","site-sidebar-style":"default","ast-global-header-display":"","ast-banner-title-visibility":"","ast-main-header-display":"","ast-hfb-above-header-display":"","ast-hfb-below-header-display":"","ast-hfb-mobile-header-display":"","site-post-title":"","ast-breadcrumbs-content":"","ast-featured-img":"","footer-sml-layout":"","theme-transparent-header-meta":"","adv-header-id-meta":"","stick-header-meta":"","header-above-stick-meta":"","header-main-stick-meta":"","header-below-stick-meta":"","astra-migrate-meta-layouts":"default","ast-page-background-enabled":"default","ast-page-background-meta":{"desktop":{"background-color":"var(--ast-global-color-4)","background-image":"","background-repeat":"repeat","background-position":"center center","background-size":"auto","background-attachment":"scroll","background-type":"","background-media":"","overlay-type":"","overlay-color":"","overlay-opacity":"","overlay-gradient":""},"tablet":{"background-color":"","background-image":"","background-repeat":"repeat","background-position":"center center","background-size":"auto","background-attachment":"scroll","background-type":"","background-media":"","overlay-type":"","overlay-color":"","overlay-opacity":"","overlay-gradient":""},"mobile":{"background-color":"","background-image":"","background-repeat":"repeat","background-position":"center center","background-size":"auto","background-attachment":"scroll","background-type":"","background-media":"","overlay-type":"","overlay-color":"","overlay-opacity":"","overlay-gradient":""}},"ast-content-background-meta":{"desktop":{"background-color":"var(--ast-global-color-5)","background-image":"","background-repeat":"repeat","background-position":"center center","background-size":"auto","background-attachment":"scroll","background-type":"","background-media":"","overlay-type":"","overlay-color":"","overlay-opacity":"","overlay-gradient":""},"tablet":{"background-color":"var(--ast-global-color-5)","background-image":"","background-repeat":"repeat","background-position":"center center","background-size":"auto","background-attachment":"scroll","background-type":"","background-media":"","overlay-type":"","overlay-color":"","overlay-opacity":"","overlay-gradient":""},"mobile":{"background-color":"var(--ast-global-color-5)","background-image":"","background-repeat":"repeat","background-position":"center center","background-size":"auto","background-attachment":"scroll","background-type":"","background-media":"","overlay-type":"","overlay-color":"","overlay-opacity":"","overlay-gradient":""}},"footnotes":""},"class_list":["post-14425","page","type-page","status-publish","hentry"],"post_mailing_queue_ids":[],"_links":{"self":[{"href":"https:\/\/serveiseducatius.xtec.cat\/altemporda\/wp-json\/wp\/v2\/pages\/14425","targetHints":{"allow":["GET"]}}],"collection":[{"href":"https:\/\/serveiseducatius.xtec.cat\/altemporda\/wp-json\/wp\/v2\/pages"}],"about":[{"href":"https:\/\/serveiseducatius.xtec.cat\/altemporda\/wp-json\/wp\/v2\/types\/page"}],"author":[{"embeddable":true,"href":"https:\/\/serveiseducatius.xtec.cat\/altemporda\/wp-json\/wp\/v2\/users\/4"}],"replies":[{"embeddable":true,"href":"https:\/\/serveiseducatius.xtec.cat\/altemporda\/wp-json\/wp\/v2\/comments?post=14425"}],"version-history":[{"count":5,"href":"https:\/\/serveiseducatius.xtec.cat\/altemporda\/wp-json\/wp\/v2\/pages\/14425\/revisions"}],"predecessor-version":[{"id":14698,"href":"https:\/\/serveiseducatius.xtec.cat\/altemporda\/wp-json\/wp\/v2\/pages\/14425\/revisions\/14698"}],"up":[{"embeddable":true,"href":"https:\/\/serveiseducatius.xtec.cat\/altemporda\/wp-json\/wp\/v2\/pages\/14327"}],"wp:attachment":[{"href":"https:\/\/serveiseducatius.xtec.cat\/altemporda\/wp-json\/wp\/v2\/media?parent=14425"}],"curies":[{"name":"wp","href":"https:\/\/api.w.org\/{rel}","templated":true}]}}